{"id":24757,"date":"2022-02-15T16:20:19","date_gmt":"2022-02-15T16:20:19","guid":{"rendered":"https:\/\/www.mfwa.org\/?post_type=publication&#038;p=24757"},"modified":"2022-03-11T16:23:26","modified_gmt":"2022-03-11T16:23:26","slug":"la-crise-du-journalisme-et-de-la-liberte-des-medias-au-ghana-1ere-partie","status":"publish","type":"publication","link":"https:\/\/mfwa.org\/fr\/publication\/la-crise-du-journalisme-et-de-la-liberte-des-medias-au-ghana-1ere-partie\/","title":{"rendered":"La crise du journalisme et de la libert\u00e9 des m\u00e9dias au Ghana (1\u00e8re partie)"},"content":{"rendered":"<p style=\"text-align: justify;\">Au cours des deux derni\u00e8res semaines, le paysage de la presse et de la libert\u00e9 d\u2019expression au Ghana a \u00e9t\u00e9 aux prises de <a href=\"https:\/\/www.mfwa.org\/ghana-jailing-of-broadcast-journalist-oheneba-boamah-bennie-unfortunate\/\">incidents majeurs<\/a>. Un certain nombre de <a href=\"https:\/\/www.mfwa.org\/issues-in-focus\/ghana-radio-presenter-risks-losing-hearing-after-brutal-police-assault\/\">pr\u00e9sentateurs radio<\/a> et militants des droits civiques ont \u00e9t\u00e9 arr\u00eat\u00e9s et traduits devant les tribunaux, principalement pour avoir publi\u00e9 ce qui est consid\u00e9r\u00e9 comme de fausses informations ou des informations susceptibles de porter atteinte \u00e0 la paix dans le pays.<\/p>\n<p style=\"text-align: justify;\">Un pr\u00e9sentateur radio a \u00e9t\u00e9 emprisonn\u00e9 pour outrage \u00e0 magistrat. Parall\u00e8lement, un journaliste a \u00e9t\u00e9 impitoyablement battu par des policiers dans l\u2019ouest du Ghana.<\/p>\n<p style=\"text-align: justify;\">Les incidents r\u00e9cents ne sont pas uniques. Ils ne sont que l\u2019amplification du d\u00e9clin progressif mais pr\u00e9cipit\u00e9 du Ghana vers une crise du journalisme, une oppression de la libert\u00e9 de la presse et le musellement de la libert\u00e9 d\u2019expression.<\/p>\n<p style=\"text-align: justify;\">La crise apparente actuelle repr\u00e9sente un m\u00e9lange toxique susceptible de nuire \u00e0 la libert\u00e9 de la presse et \u00e0 la libert\u00e9 d\u2019expression au Ghana.\u00a0 Elle est \u00e9galement susceptible de r\u00e9duire \u00e0 n\u00e9ant les modestes progr\u00e8s r\u00e9alis\u00e9s par le Ghana en mati\u00e8re de consolidation de la d\u00e9mocratie, de paix et de s\u00e9curit\u00e9. Car, si des propos imprudents peuvent porter atteinte \u00e0 la paix du pays, toute tentative mal men\u00e9e pour faire face \u00e0 de tels propos par le biais des pouvoirs de l\u2019\u00c9tat peut engendrer des tensions et des ranc\u0153urs excessives qui sont \u00e0 leur tour susceptibles de porter atteinte \u00e0 la paix du pays.<\/p>\n<p style=\"text-align: justify;\">La situation \u00e0 laquelle le pays est en butte doit de ce fait \u00eatre trait\u00e9e de toute urgence afin de restaurer pleinement le r\u00f4le et la valeur des m\u00e9dias et de la libert\u00e9 d\u2019expression au sein de la d\u00e9mocratie ghan\u00e9enne.<\/p>\n<p style=\"text-align: justify;\">Ce dont nous sommes t\u00e9moins est sans aucun doute la cons\u00e9quence de la combinaison des trois facteurs critiques et g\u00e9n\u00e9raux ci-apr\u00e8s mentionn\u00e9s dans l\u2019\u00e9conomie politique de l\u2019environnement de la presse et de la libert\u00e9 d\u2019expression au Ghana :<\/p>\n<ol style=\"text-align: justify;\">\n<li>Une vague de pratiques malavis\u00e9es et non professionnelles dans les m\u00e9dias et par les m\u00e9dias ;<\/li>\n<li>L\u2019absence d\u2019institutions et de m\u00e9canismes de r\u00e9glementation efficaces ;<\/li>\n<li>Une pouss\u00e9e ph\u00e9nom\u00e9nale des cas de r\u00e9pression, d\u2019oppression et d\u2019intimidation par un gouvernement qui devient progressivement despotique plut\u00f4t que d\u00e9mocratique.<\/li>\n<\/ol>\n<p style=\"text-align: justify;\">Dans cette premi\u00e8re partie de ce qui sera une s\u00e9rie d\u2019analyses, j\u2019examinerai le premier point, c\u2019est-\u00e0-dire le ph\u00e9nom\u00e8ne des pratiques malavis\u00e9es et non professionnelles dans et par la presse.<\/p>\n<p style=\"text-align: justify;\"><strong>Comportements irresponsables dans et par la presse<\/strong><\/p>\n<p style=\"text-align: justify;\">Tout comme ailleurs dans le monde, le journalisme ou la pratique du journalisme au Ghana n\u2019a jamais \u00e9t\u00e9 parfaite. \u00a0Le m\u00e9tier, en tant qu\u2019activit\u00e9 humaine, pr\u00e9sentera toujours des erreurs ou des imperfections. Toutefois, au fil du temps, il semble que le respect des normes et de l\u2019\u00e9thique par les professionnels des m\u00e9dias et les organisations m\u00e9diatiques soit en chute libre.<\/p>\n<p style=\"text-align: justify;\">Au nom de la libert\u00e9 de la presse, il est d\u00e9sormais monnaie courante d\u2019entendre ou de voir des personnes injurier sans fondement d\u2019autres personnes \u00e0 la radio, \u00e0 la t\u00e9l\u00e9vision ou en ligne. Des affabulations, des mensonges purs et simples ainsi que des all\u00e9gations infond\u00e9es sont perp\u00e9tr\u00e9s avec d\u00e9dain dans certaines sections des m\u00e9dias. Ces actes sugg\u00e8rent parfois que les lois du Ghana garantissent \u00e0 la fois la libert\u00e9 de la presse et son irresponsabilit\u00e9.<\/p>\n<p style=\"text-align: justify;\">En effet, la quasi-totalit\u00e9 des <a href=\"https:\/\/thefourthestategh.com\/2022\/02\/14\/manassehs-folder-gutter-journalism-and-akufo-addos-criminal-libel-regime\/\">conduites malavis\u00e9es dans la presse<\/a> et par la presse se produit sur certains types de plateformes m\u00e9diatiques, plus pr\u00e9cis\u00e9ment les plateformes qui sont ouvertement partisanes et dont les propri\u00e9taires sont partisans de partis politiques. Ces organes de presse existent souvent, non pas pour faire du journalisme, mais pour servir les int\u00e9r\u00eats du New Patriotic Party (Nouveau parti patriotique &#8211; NPP) au pouvoir ou du National Democratic Congress (Congr\u00e8s d\u00e9mocratique national &#8211; NDC), le principal parti d\u2019opposition. Le plus important pour ces organes de presse, c\u2019est l\u2019int\u00e9r\u00eat partisan et non l\u2019\u00e9thique journalistique.<\/p>\n<p style=\"text-align: justify;\"><img fetchpriority=\"high\" decoding=\"async\" class=\"alignnone size-medium wp-image-24758\" src=\"https:\/\/www.mfwa.org\/wp-content\/uploads\/2022\/02\/trio-600x600.jpg\" alt=\"\" width=\"600\" height=\"600\" srcset=\"https:\/\/mfwa.org\/wp-content\/uploads\/2022\/02\/trio-600x600.jpg 600w, https:\/\/mfwa.org\/wp-content\/uploads\/2022\/02\/trio.jpg 1024w, https:\/\/mfwa.org\/wp-content\/uploads\/2022\/02\/trio-150x150.jpg 150w, https:\/\/mfwa.org\/wp-content\/uploads\/2022\/02\/trio-768x768.jpg 768w, https:\/\/mfwa.org\/wp-content\/uploads\/2022\/02\/trio-300x300.jpg 300w, https:\/\/mfwa.org\/wp-content\/uploads\/2022\/02\/trio-696x696.jpg 696w\" sizes=\"(max-width: 600px) 100vw, 600px\" \/><\/p>\n<p style=\"text-align: justify;\">Pour le compte du NPP, parmi les m\u00e9dias au langage outrancier figurent Oman FM, Womtumi Radio et leurs stations de Television affili\u00e9es.<\/p>\n<p style=\"text-align: justify;\">Au Ghana, du c\u00f4t\u00e9 du NPP, Oman FM, Womtumi Radio et leurs stations de t\u00e9l\u00e9vision affili\u00e9es (NET2 TV et Wontumi TV respectivement) font entre autres partie de ces m\u00e9dias aux propos jug\u00e9s outranciers. Quant au NDC, il s\u2019agit de Power FM et d\u2019Accra FM (et avant la d\u00e9cision du gouvernement Akufo-Addo de fermer de mani\u00e8re s\u00e9lective les stations de radio de l\u2019opposition avant les derni\u00e8res \u00e9lections, il s\u2019agissait de Radio Gold et Radio XYZ), et de plusieurs autres organes de presse dans le pays.<\/p>\n<p style=\"text-align: justify;\">Pour nombre de ces organes de presse partisans, la situation rel\u00e8ve litt\u00e9ralement du &#8220;tout est permis&#8221;, pour autant que cela serve les int\u00e9r\u00eats du parti politique des propri\u00e9taires. Le professionnalisme importe peu.\u00a0 Les pr\u00e9sentateurs de plusieurs de ces stations agissent comme si l\u2019\u00e9valuation de leur performance \u00e9tait bas\u00e9e sur leur degr\u00e9 d\u2019abus envers les membres du parti politique adverse.<\/p>\n<p style=\"text-align: justify;\">Les dirigeants et les membres du parti au pouvoir, le NPP, y compris le pr\u00e9sident de la R\u00e9publique, ont exprim\u00e9 leurs pr\u00e9occupations quant au manque de professionnalisme et \u00e0 la conduite malavis\u00e9e des m\u00e9dias. Il semble toutefois qu\u2019ils ne s\u2019inqui\u00e8tent que lorsque ces comportements non professionnels se produisent sur les plateformes m\u00e9diatiques de l\u2019opposition. Lorsque les organes de presse, tels que Oman FM ou Wontumi Radio, qui leur sont alli\u00e9s agissent de mani\u00e8re similaire, tout semble aller bien. Ils ex\u00e8crent le manque de professionnalisme des m\u00e9dias de l\u2019opposition, mais l\u2019appr\u00e9cient tout autant de la part des m\u00e9dias partisans qui leur sont alli\u00e9s.<\/p>\n<p style=\"text-align: justify;\">La situation n\u2019\u00e9tait pas diff\u00e9rente lorsque le NDC, le principal parti d\u2019opposition \u00e9tait au pouvoir, except\u00e9 que le gouvernement de John Mahama \u00e9tait, il faut le reconna\u00eetre, plus tol\u00e9rant \u00e0 l\u2019endroit des voix dissidentes.<\/p>\n<p style=\"text-align: justify;\"><strong>Quelques Illustrations<\/strong><\/p>\n<p style=\"text-align: justify;\">De juin 2020 \u00e0 mai 2021 par exemple, la Fondation des m\u00e9dias pour l\u2019Afrique de l\u2019Ouest (MFWA) a fait le suivi des incidents de violations \u00e9thiques sur 10 stations de radio en langue locale bas\u00e9es \u00e0 Accra. Au cours de cette p\u00e9riode, un total de 1 754 incidents de violations des r\u00e8gles \u00e9thiques des m\u00e9dias a \u00e9t\u00e9 enregistr\u00e9 sur les 10 stations de radio.<\/p>\n<p style=\"text-align: justify;\">Comme le montre le graphique ci-dessous, 3 stations ont \u00e9t\u00e9 \u00e0 l\u2019origine de 1 463 de ces violations, soit 83,4% des violations \u00e9thiques, il s\u2019agit de Power FM, Oman FM et Accra FM.<\/p>\n<p style=\"text-align: justify;\"><img decoding=\"async\" class=\"alignnone size-medium wp-image-24760\" src=\"https:\/\/www.mfwa.org\/wp-content\/uploads\/2022\/02\/provocative-1024x451-1-600x264.jpg\" alt=\"\" width=\"600\" height=\"264\" srcset=\"https:\/\/mfwa.org\/wp-content\/uploads\/2022\/02\/provocative-1024x451-1-600x264.jpg 600w, https:\/\/mfwa.org\/wp-content\/uploads\/2022\/02\/provocative-1024x451-1-768x338.jpg 768w, https:\/\/mfwa.org\/wp-content\/uploads\/2022\/02\/provocative-1024x451-1-150x66.jpg 150w, https:\/\/mfwa.org\/wp-content\/uploads\/2022\/02\/provocative-1024x451-1-300x132.jpg 300w, https:\/\/mfwa.org\/wp-content\/uploads\/2022\/02\/provocative-1024x451-1-696x307.jpg 696w, https:\/\/mfwa.org\/wp-content\/uploads\/2022\/02\/provocative-1024x451-1.jpg 1024w\" sizes=\"(max-width: 600px) 100vw, 600px\" \/><\/p>\n<p style=\"text-align: justify;\">Des rapports mensuels ont \u00e9t\u00e9 publi\u00e9s, mettant en \u00e9vidence la fr\u00e9quence \u00e9lev\u00e9e des violations des r\u00e8gles \u00e9thiques, en particulier sur les trois stations de radio. Des recommandations ont \u00e9galement \u00e9t\u00e9 formul\u00e9es chaque mois sur les mesures \u00e9ventuelles \u00e0 adopter pour palier ou rem\u00e9dier \u00e0 la situation, mais personne n\u2019en a tenu compte. Les directeurs des stations ne s\u2019en souciaient pas, les organismes de r\u00e9glementation non plus.\u00a0 Les violations des r\u00e8gles \u00e9thiques se sont poursuivies sans rel\u00e2che.<\/p>\n<p style=\"text-align: justify;\">Un fois de plus, avant les \u00e9lections de 2020, <a href=\"https:\/\/www.mfwa.org\/publication\/ghana-2020-elections-monitoring-of-indecent-language-on-radio-june-2020-january-2021\/\">la MFWA a fait le suivi<\/a> des contenus outrageux sur 60 stations de radio \u00e0 travers le pays. 582 incidents de propos injurieux ou ind\u00e9cents ont \u00e9t\u00e9 recens\u00e9s et document\u00e9s. Les principaux types d\u2019abus \u00e9taient les commentaires insultants et offensants, ainsi que les all\u00e9gations non fond\u00e9es.\u00a0 Pri\u00e8re de vous r\u00e9f\u00e9rer au graphique ci-dessous pour la tendance sur les types de violations<\/p>\n<p style=\"text-align: justify;\"><img decoding=\"async\" class=\"alignnone size-medium wp-image-24762\" src=\"https:\/\/www.mfwa.org\/wp-content\/uploads\/2022\/02\/grapgh-picture-1024x585-1-600x343.jpg\" alt=\"\" width=\"600\" height=\"343\" srcset=\"https:\/\/mfwa.org\/wp-content\/uploads\/2022\/02\/grapgh-picture-1024x585-1-600x343.jpg 600w, https:\/\/mfwa.org\/wp-content\/uploads\/2022\/02\/grapgh-picture-1024x585-1-768x439.jpg 768w, https:\/\/mfwa.org\/wp-content\/uploads\/2022\/02\/grapgh-picture-1024x585-1-150x86.jpg 150w, https:\/\/mfwa.org\/wp-content\/uploads\/2022\/02\/grapgh-picture-1024x585-1-300x171.jpg 300w, https:\/\/mfwa.org\/wp-content\/uploads\/2022\/02\/grapgh-picture-1024x585-1-696x398.jpg 696w, https:\/\/mfwa.org\/wp-content\/uploads\/2022\/02\/grapgh-picture-1024x585-1.jpg 1024w\" sizes=\"(max-width: 600px) 100vw, 600px\" \/><\/p>\n<p style=\"text-align: justify;\">De plus, les principaux auteurs de contenus abusifs sont les m\u00eames stations de radio partisanes. A vrai dire, cinq des 60 stations de radio suivies, notamment Oman FM, Wontumi Radio, Ash FM, Power FM et Accra FM, sont \u00e0 elles seules responsables de 432 (74%) sur 582 des incidents de violations. Le tableau ci-dessous illustre le nombre de violations enregistr\u00e9es sur chacune des cinq stations de radio partisanes.<\/p>\n<table width=\"690\">\n<tbody>\n<tr>\n<td width=\"226\"><strong>Oman FM<\/strong><\/td>\n<td width=\"146\"><strong>Wontumi Radio<\/strong><\/td>\n<td width=\"86\"><strong>Ash FM<\/strong><\/td>\n<td width=\"116\"><strong>Power FM<\/strong><\/td>\n<td width=\"116\"><strong>Accra FM<\/strong><\/td>\n<\/tr>\n<tr>\n<td width=\"226\">126<\/td>\n<td width=\"146\">99<\/td>\n<td width=\"86\">87<\/td>\n<td width=\"116\">85<\/td>\n<td width=\"116\">32<\/td>\n<\/tr>\n<\/tbody>\n<\/table>\n<p style=\"text-align: justify;\">La MFWA avait \u00e9galement identifi\u00e9 \u00e0 l\u2019\u00e9poque les principaux auteurs de propos injurieux sur les r\u00e9seaux. Parmi ces personnes figuraient les propri\u00e9taires des deux stations de radio les plus injurieuses (Oman FM et Wontumi Radio). En tant que pays, nous sommes rest\u00e9s les bras crois\u00e9s malgr\u00e9 la pr\u00e9sentation mensuelle de faits et de preuves issus du travail de suivi des m\u00e9dias.<\/p>\n<p style=\"text-align: justify;\">Les trois stations les plus abusives appartenaient \u00e0 des membres importants du NPP au pouvoir. Mais les dirigeants et les membres du parti et du gouvernement n\u2019ont pas \u00e9t\u00e9 perturb\u00e9s. Ils ont vraisemblablement appr\u00e9ci\u00e9 les \u00e9panchements malavis\u00e9s, les fausses d\u00e9clarations et les abus parce que les victimes de ces derniers \u00e9taient des membres du NDC.<\/p>\n<p style=\"text-align: justify;\">\u00c0 l\u2019\u00e9poque, les dirigeants et les membres du NDC ont \u00e9galement appr\u00e9ci\u00e9 la conduite irr\u00e9fl\u00e9chie de leurs stations de radio partisanes. Les pr\u00e9sentateurs les plus violents, dont Mugabe Maase et Oheneba Boamah Bennie, faisaient partie des personnes les plus populaires et les plus aim\u00e9es des loyalistes et des fanatiques du NDC.<\/p>\n<p style=\"text-align: justify;\">En tant que pays, nous avons ferm\u00e9 les yeux pendant que tous ces actes de manque de professionnalisme et d\u2019abus \u00e9taient perp\u00e9tr\u00e9s, comme si de tels comportements n\u2019avaient aucune importance pour notre d\u00e9mocratie, pour notre paix et notre s\u00e9curit\u00e9, et pour la moralit\u00e9 de notre soci\u00e9t\u00e9.<\/p>\n<p style=\"text-align: justify;\">Mais comment et par quelles actions en sommes-nous arriv\u00e9s l\u00e0? Qui peut et doit agir pour aider \u00e0 corriger la situation ? Une tentative de r\u00e9ponse \u00e0 ces questions essentielles fera l\u2019objet de la deuxi\u00e8me partie de cette s\u00e9rie tandis que la troisi\u00e8me partie se concentrera sur l\u2019intol\u00e9rance et les tendances despotiques du gouvernement en mati\u00e8re de libert\u00e9 de la presse.<\/p>\n<p style=\"text-align: justify;\">Par Sulemana Braimah, directeur ex\u00e9cutif de la MFWA<\/p>\n","protected":false},"author":6,"featured_media":19825,"template":"","publication-type":[234],"class_list":["post-24757","publication","type-publication","status-publish","has-post-thumbnail","hentry","publication-type-blog-fr"],"yoast_head":"<!-- This site is optimized with the Yoast SEO plugin v27.4 - https:\/\/yoast.com\/product\/yoast-seo-wordpress\/ -->\n<title>La crise du journalisme et de la libert\u00e9 des m\u00e9dias au Ghana (1\u00e8re partie) - Media Foundation For West Africa<\/title>\n<meta name=\"robots\" content=\"index, follow, max-snippet:-1, max-image-preview:large, max-video-preview:-1\" \/>\n<link rel=\"canonical\" href=\"https:\/\/mfwa.org\/fr\/publication\/la-crise-du-journalisme-et-de-la-liberte-des-medias-au-ghana-1ere-partie\/\" \/>\n<meta property=\"og:locale\" content=\"fr_FR\" \/>\n<meta property=\"og:type\" content=\"article\" \/>\n<meta property=\"og:title\" content=\"La crise du journalisme et de la libert\u00e9 des m\u00e9dias au Ghana (1\u00e8re partie) - Media Foundation For West Africa\" \/>\n<meta property=\"og:description\" content=\"Au cours des deux derni\u00e8res semaines, le paysage de la presse et de la libert\u00e9 d\u2019expression au Ghana\" \/>\n<meta property=\"og:url\" content=\"https:\/\/mfwa.org\/fr\/publication\/la-crise-du-journalisme-et-de-la-liberte-des-medias-au-ghana-1ere-partie\/\" \/>\n<meta property=\"og:site_name\" content=\"Media Foundation For West Africa\" \/>\n<meta property=\"article:publisher\" content=\"https:\/\/www.facebook.com\/themfwa\" \/>\n<meta property=\"article:modified_time\" content=\"2022-03-11T16:23:26+00:00\" \/>\n<meta property=\"og:image\" content=\"https:\/\/mfwa.org\/wp-content\/uploads\/2020\/09\/too-no.png\" \/>\n\t<meta property=\"og:image:width\" content=\"957\" \/>\n\t<meta property=\"og:image:height\" content=\"675\" \/>\n\t<meta property=\"og:image:type\" content=\"image\/png\" \/>\n<meta name=\"twitter:card\" content=\"summary_large_image\" \/>\n<meta name=\"twitter:site\" content=\"@TheMFWA\" \/>\n<meta name=\"twitter:label1\" content=\"Est. reading time\" \/>\n\t<meta name=\"twitter:data1\" content=\"9 minutes\" \/>\n<script type=\"application\/ld+json\" class=\"yoast-schema-graph\">{\"@context\":\"https:\\\/\\\/schema.org\",\"@graph\":[{\"@type\":\"WebPage\",\"@id\":\"https:\\\/\\\/mfwa.org\\\/fr\\\/publication\\\/la-crise-du-journalisme-et-de-la-liberte-des-medias-au-ghana-1ere-partie\\\/\",\"url\":\"https:\\\/\\\/mfwa.org\\\/fr\\\/publication\\\/la-crise-du-journalisme-et-de-la-liberte-des-medias-au-ghana-1ere-partie\\\/\",\"name\":\"La crise du journalisme et de la libert\u00e9 des m\u00e9dias au Ghana (1\u00e8re partie) - Media Foundation For West Africa\",\"isPartOf\":{\"@id\":\"https:\\\/\\\/mfwa.org\\\/#website\"},\"primaryImageOfPage\":{\"@id\":\"https:\\\/\\\/mfwa.org\\\/fr\\\/publication\\\/la-crise-du-journalisme-et-de-la-liberte-des-medias-au-ghana-1ere-partie\\\/#primaryimage\"},\"image\":{\"@id\":\"https:\\\/\\\/mfwa.org\\\/fr\\\/publication\\\/la-crise-du-journalisme-et-de-la-liberte-des-medias-au-ghana-1ere-partie\\\/#primaryimage\"},\"thumbnailUrl\":\"https:\\\/\\\/mfwa.org\\\/wp-content\\\/uploads\\\/2020\\\/09\\\/too-no.png\",\"datePublished\":\"2022-02-15T16:20:19+00:00\",\"dateModified\":\"2022-03-11T16:23:26+00:00\",\"breadcrumb\":{\"@id\":\"https:\\\/\\\/mfwa.org\\\/fr\\\/publication\\\/la-crise-du-journalisme-et-de-la-liberte-des-medias-au-ghana-1ere-partie\\\/#breadcrumb\"},\"inLanguage\":\"fr-FR\",\"potentialAction\":[{\"@type\":\"ReadAction\",\"target\":[\"https:\\\/\\\/mfwa.org\\\/fr\\\/publication\\\/la-crise-du-journalisme-et-de-la-liberte-des-medias-au-ghana-1ere-partie\\\/\"]}]},{\"@type\":\"ImageObject\",\"inLanguage\":\"fr-FR\",\"@id\":\"https:\\\/\\\/mfwa.org\\\/fr\\\/publication\\\/la-crise-du-journalisme-et-de-la-liberte-des-medias-au-ghana-1ere-partie\\\/#primaryimage\",\"url\":\"https:\\\/\\\/mfwa.org\\\/wp-content\\\/uploads\\\/2020\\\/09\\\/too-no.png\",\"contentUrl\":\"https:\\\/\\\/mfwa.org\\\/wp-content\\\/uploads\\\/2020\\\/09\\\/too-no.png\",\"width\":957,\"height\":675,\"caption\":\"Sulemana Braimah , Executive Director of MFWA\"},{\"@type\":\"BreadcrumbList\",\"@id\":\"https:\\\/\\\/mfwa.org\\\/fr\\\/publication\\\/la-crise-du-journalisme-et-de-la-liberte-des-medias-au-ghana-1ere-partie\\\/#breadcrumb\",\"itemListElement\":[{\"@type\":\"ListItem\",\"position\":1,\"name\":\"Home\",\"item\":\"https:\\\/\\\/mfwa.org\\\/fr\\\/\"},{\"@type\":\"ListItem\",\"position\":2,\"name\":\"Publications\",\"item\":\"https:\\\/\\\/mfwa.org\\\/publication\\\/\"},{\"@type\":\"ListItem\",\"position\":3,\"name\":\"La crise du journalisme et de la libert\u00e9 des m\u00e9dias au Ghana (1\u00e8re partie)\"}]},{\"@type\":\"WebSite\",\"@id\":\"https:\\\/\\\/mfwa.org\\\/#website\",\"url\":\"https:\\\/\\\/mfwa.org\\\/\",\"name\":\"Media Foundation For West Africa\",\"description\":\"Promoting Freedom of Expression and Democracy in West Africa\",\"publisher\":{\"@id\":\"https:\\\/\\\/mfwa.org\\\/#organization\"},\"potentialAction\":[{\"@type\":\"SearchAction\",\"target\":{\"@type\":\"EntryPoint\",\"urlTemplate\":\"https:\\\/\\\/mfwa.org\\\/?s={search_term_string}\"},\"query-input\":{\"@type\":\"PropertyValueSpecification\",\"valueRequired\":true,\"valueName\":\"search_term_string\"}}],\"inLanguage\":\"fr-FR\"},{\"@type\":\"Organization\",\"@id\":\"https:\\\/\\\/mfwa.org\\\/#organization\",\"name\":\"Media Foundation for West Africa\",\"url\":\"https:\\\/\\\/mfwa.org\\\/\",\"logo\":{\"@type\":\"ImageObject\",\"inLanguage\":\"fr-FR\",\"@id\":\"https:\\\/\\\/mfwa.org\\\/#\\\/schema\\\/logo\\\/image\\\/\",\"url\":\"https:\\\/\\\/www.mfwa.org\\\/wp-content\\\/uploads\\\/2016\\\/06\\\/MFWA-LOGO.png\",\"contentUrl\":\"https:\\\/\\\/www.mfwa.org\\\/wp-content\\\/uploads\\\/2016\\\/06\\\/MFWA-LOGO.png\",\"width\":180,\"height\":180,\"caption\":\"Media Foundation for West Africa\"},\"image\":{\"@id\":\"https:\\\/\\\/mfwa.org\\\/#\\\/schema\\\/logo\\\/image\\\/\"},\"sameAs\":[\"https:\\\/\\\/www.facebook.com\\\/themfwa\",\"https:\\\/\\\/x.com\\\/TheMFWA\",\"https:\\\/\\\/www.youtube.com\\\/channel\\\/UCF6HrPuXcV1K1Ed8AAq4Rdw\"]}]}<\/script>\n<!-- \/ Yoast SEO plugin. -->","yoast_head_json":{"title":"La crise du journalisme et de la libert\u00e9 des m\u00e9dias au Ghana (1\u00e8re partie) - Media Foundation For West Africa","robots":{"index":"index","follow":"follow","max-snippet":"max-snippet:-1","max-image-preview":"max-image-preview:large","max-video-preview":"max-video-preview:-1"},"canonical":"https:\/\/mfwa.org\/fr\/publication\/la-crise-du-journalisme-et-de-la-liberte-des-medias-au-ghana-1ere-partie\/","og_locale":"fr_FR","og_type":"article","og_title":"La crise du journalisme et de la libert\u00e9 des m\u00e9dias au Ghana (1\u00e8re partie) - Media Foundation For West Africa","og_description":"Au cours des deux derni\u00e8res semaines, le paysage de la presse et de la libert\u00e9 d\u2019expression au Ghana","og_url":"https:\/\/mfwa.org\/fr\/publication\/la-crise-du-journalisme-et-de-la-liberte-des-medias-au-ghana-1ere-partie\/","og_site_name":"Media Foundation For West Africa","article_publisher":"https:\/\/www.facebook.com\/themfwa","article_modified_time":"2022-03-11T16:23:26+00:00","og_image":[{"width":957,"height":675,"url":"https:\/\/mfwa.org\/wp-content\/uploads\/2020\/09\/too-no.png","type":"image\/png"}],"twitter_card":"summary_large_image","twitter_site":"@TheMFWA","twitter_misc":{"Est. reading time":"9 minutes"},"schema":{"@context":"https:\/\/schema.org","@graph":[{"@type":"WebPage","@id":"https:\/\/mfwa.org\/fr\/publication\/la-crise-du-journalisme-et-de-la-liberte-des-medias-au-ghana-1ere-partie\/","url":"https:\/\/mfwa.org\/fr\/publication\/la-crise-du-journalisme-et-de-la-liberte-des-medias-au-ghana-1ere-partie\/","name":"La crise du journalisme et de la libert\u00e9 des m\u00e9dias au Ghana (1\u00e8re partie) - Media Foundation For West Africa","isPartOf":{"@id":"https:\/\/mfwa.org\/#website"},"primaryImageOfPage":{"@id":"https:\/\/mfwa.org\/fr\/publication\/la-crise-du-journalisme-et-de-la-liberte-des-medias-au-ghana-1ere-partie\/#primaryimage"},"image":{"@id":"https:\/\/mfwa.org\/fr\/publication\/la-crise-du-journalisme-et-de-la-liberte-des-medias-au-ghana-1ere-partie\/#primaryimage"},"thumbnailUrl":"https:\/\/mfwa.org\/wp-content\/uploads\/2020\/09\/too-no.png","datePublished":"2022-02-15T16:20:19+00:00","dateModified":"2022-03-11T16:23:26+00:00","breadcrumb":{"@id":"https:\/\/mfwa.org\/fr\/publication\/la-crise-du-journalisme-et-de-la-liberte-des-medias-au-ghana-1ere-partie\/#breadcrumb"},"inLanguage":"fr-FR","potentialAction":[{"@type":"ReadAction","target":["https:\/\/mfwa.org\/fr\/publication\/la-crise-du-journalisme-et-de-la-liberte-des-medias-au-ghana-1ere-partie\/"]}]},{"@type":"ImageObject","inLanguage":"fr-FR","@id":"https:\/\/mfwa.org\/fr\/publication\/la-crise-du-journalisme-et-de-la-liberte-des-medias-au-ghana-1ere-partie\/#primaryimage","url":"https:\/\/mfwa.org\/wp-content\/uploads\/2020\/09\/too-no.png","contentUrl":"https:\/\/mfwa.org\/wp-content\/uploads\/2020\/09\/too-no.png","width":957,"height":675,"caption":"Sulemana Braimah , Executive Director of MFWA"},{"@type":"BreadcrumbList","@id":"https:\/\/mfwa.org\/fr\/publication\/la-crise-du-journalisme-et-de-la-liberte-des-medias-au-ghana-1ere-partie\/#breadcrumb","itemListElement":[{"@type":"ListItem","position":1,"name":"Home","item":"https:\/\/mfwa.org\/fr\/"},{"@type":"ListItem","position":2,"name":"Publications","item":"https:\/\/mfwa.org\/publication\/"},{"@type":"ListItem","position":3,"name":"La crise du journalisme et de la libert\u00e9 des m\u00e9dias au Ghana (1\u00e8re partie)"}]},{"@type":"WebSite","@id":"https:\/\/mfwa.org\/#website","url":"https:\/\/mfwa.org\/","name":"Media Foundation For West Africa","description":"Promoting Freedom of Expression and Democracy in West Africa","publisher":{"@id":"https:\/\/mfwa.org\/#organization"},"potentialAction":[{"@type":"SearchAction","target":{"@type":"EntryPoint","urlTemplate":"https:\/\/mfwa.org\/?s={search_term_string}"},"query-input":{"@type":"PropertyValueSpecification","valueRequired":true,"valueName":"search_term_string"}}],"inLanguage":"fr-FR"},{"@type":"Organization","@id":"https:\/\/mfwa.org\/#organization","name":"Media Foundation for West Africa","url":"https:\/\/mfwa.org\/","logo":{"@type":"ImageObject","inLanguage":"fr-FR","@id":"https:\/\/mfwa.org\/#\/schema\/logo\/image\/","url":"https:\/\/www.mfwa.org\/wp-content\/uploads\/2016\/06\/MFWA-LOGO.png","contentUrl":"https:\/\/www.mfwa.org\/wp-content\/uploads\/2016\/06\/MFWA-LOGO.png","width":180,"height":180,"caption":"Media Foundation for West Africa"},"image":{"@id":"https:\/\/mfwa.org\/#\/schema\/logo\/image\/"},"sameAs":["https:\/\/www.facebook.com\/themfwa","https:\/\/x.com\/TheMFWA","https:\/\/www.youtube.com\/channel\/UCF6HrPuXcV1K1Ed8AAq4Rdw"]}]}},"_links":{"self":[{"href":"https:\/\/mfwa.org\/fr\/wp-json\/wp\/v2\/publication\/24757","targetHints":{"allow":["GET"]}}],"collection":[{"href":"https:\/\/mfwa.org\/fr\/wp-json\/wp\/v2\/publication"}],"about":[{"href":"https:\/\/mfwa.org\/fr\/wp-json\/wp\/v2\/types\/publication"}],"author":[{"embeddable":true,"href":"https:\/\/mfwa.org\/fr\/wp-json\/wp\/v2\/users\/6"}],"wp:featuredmedia":[{"embeddable":true,"href":"https:\/\/mfwa.org\/fr\/wp-json\/wp\/v2\/media\/19825"}],"wp:attachment":[{"href":"https:\/\/mfwa.org\/fr\/wp-json\/wp\/v2\/media?parent=24757"}],"wp:term":[{"taxonomy":"publication-type","embeddable":true,"href":"https:\/\/mfwa.org\/fr\/wp-json\/wp\/v2\/publication-type?post=24757"}],"curies":[{"name":"wp","href":"https:\/\/api.w.org\/{rel}","templated":true}]}}