{"id":20146,"date":"2020-08-06T10:55:24","date_gmt":"2020-08-06T10:55:24","guid":{"rendered":"https:\/\/www.mfwa.org\/?post_type=publication&#038;p=20146"},"modified":"2020-11-27T17:02:21","modified_gmt":"2020-11-27T17:02:21","slug":"les-medias-et-la-covid-19-en-afrique-de-louest-cas-de-la-cote-divoire-avril-mai-juin","status":"publish","type":"publication","link":"https:\/\/mfwa.org\/fr\/publication\/les-medias-et-la-covid-19-en-afrique-de-louest-cas-de-la-cote-divoire-avril-mai-juin\/","title":{"rendered":"Les M\u00e9dias et la COVID-19 en Afrique de l\u2019Ouest \u2013 Cas de la C\u00f4te d\u2019Ivoire (Avril \u2013 Mai \u2013 Juin)"},"content":{"rendered":"<p style=\"text-align: justify;\">Le premier cas de COVID-19 a \u00e9t\u00e9 diagnostiqu\u00e9 en C\u00f4te d&#8217;Ivoire le 11 mars 2020. Pour \u00e9viter une propagation du virus et faire face \u00e0 une \u00e9ventuelle crise sanitaire li\u00e9e \u00e0 la maladie \u00e0 Coronavirus, le gouvernement a adopt\u00e9 plusieurs mesures. Ces mesures portent sur l&#8217;instauration d&#8217;un couvre-feu, la fermeture de tous les maquis, restaurants, bars, bo\u00eetes de nuit, cin\u00e9mas et lieux de spectacle; et le confinement progressif des populations par aire g\u00e9ographique, en fonction de l&#8217;\u00e9volution de la pand\u00e9mie.<\/p>\n<p style=\"text-align: justify;\">Cependant, la mise en \u0153uvre de ces mesures a des impacts n\u00e9gatifs non seulement sur les populations mais \u00e9galement sur les entreprises. Les m\u00e9dias ivoiriens n&#8217;\u00e9chappent malheureusement pas \u00e0 cette crise. D\u00e9j\u00e0 confront\u00e9s \u00e0 des difficult\u00e9s de tous genres, ils assistent impuissamment \u00e0 la d\u00e9t\u00e9rioration de leur situation \u00e9conomique durant cette p\u00e9riode.<\/p>\n<p style=\"text-align: justify;\">Le pr\u00e9sent rapport se veut une analyse de la situation des m\u00e9dias ivoiriens face \u00e0 la pand\u00e9mie de COVID-19 et aux mesures anti-COVID-19 en prenant en consid\u00e9ration les axes majeurs susceptibles d\u2019influencer la survie des m\u00e9dias. Ces axes majeurs sont entre autres la disponibilit\u00e9 et l&#8217;accessibilit\u00e9 de l&#8217;information relatives \u00e0 la COVID-19; le contexte juridique et politique; la s\u00e9curit\u00e9 des journalistes; la viabilit\u00e9 \u00e9conomique; et l&#8217;appui aux m\u00e9dias.<\/p>\n<p style=\"text-align: justify;\">Cliquez <strong><a href=\"https:\/\/www.mfwa.org\/wp-content\/uploads\/2020\/11\/Ivory-Coast-April-May-June-f.pdf\">ici<\/a><\/strong> pour lire la version compl\u00e8te du rapport<\/p>\n","protected":false},"author":6,"featured_media":20147,"template":"","publication-type":[236],"class_list":["post-20146","publication","type-publication","status-publish","has-post-thumbnail","hentry","publication-type-reports-fr"],"yoast_head":"<!-- This site is optimized with the Yoast SEO plugin v27.5 - https:\/\/yoast.com\/product\/yoast-seo-wordpress\/ -->\n<title>Les M\u00e9dias et la COVID-19 en Afrique de l\u2019Ouest \u2013 Cas de la C\u00f4te d\u2019Ivoire (Avril \u2013 Mai \u2013 Juin) - Media Foundation For West Africa<\/title>\n<meta name=\"robots\" content=\"index, follow, max-snippet:-1, max-image-preview:large, max-video-preview:-1\" \/>\n<link rel=\"canonical\" href=\"https:\/\/mfwa.org\/fr\/publication\/les-medias-et-la-covid-19-en-afrique-de-louest-cas-de-la-cote-divoire-avril-mai-juin\/\" \/>\n<meta property=\"og:locale\" content=\"fr_FR\" \/>\n<meta property=\"og:type\" content=\"article\" \/>\n<meta property=\"og:title\" content=\"Les M\u00e9dias et la COVID-19 en Afrique de l\u2019Ouest \u2013 Cas de la C\u00f4te d\u2019Ivoire (Avril \u2013 Mai \u2013 Juin) - Media Foundation For West Africa\" \/>\n<meta property=\"og:description\" content=\"Le premier cas de COVID-19 a \u00e9t\u00e9 diagnostiqu\u00e9 en C\u00f4te d&#8217;Ivoire le 11 mars 2020. Pour \u00e9viter une\" \/>\n<meta property=\"og:url\" content=\"https:\/\/mfwa.org\/fr\/publication\/les-medias-et-la-covid-19-en-afrique-de-louest-cas-de-la-cote-divoire-avril-mai-juin\/\" \/>\n<meta property=\"og:site_name\" content=\"Media Foundation For West Africa\" \/>\n<meta property=\"article:publisher\" content=\"https:\/\/www.facebook.com\/themfwa\" \/>\n<meta property=\"article:modified_time\" content=\"2020-11-27T17:02:21+00:00\" \/>\n<meta property=\"og:image\" content=\"https:\/\/mfwa.org\/wp-content\/uploads\/2020\/10\/xhiJWVHGDHAjilkwtf.png\" \/>\n\t<meta property=\"og:image:width\" content=\"1182\" \/>\n\t<meta property=\"og:image:height\" content=\"596\" \/>\n\t<meta property=\"og:image:type\" content=\"image\/png\" \/>\n<meta name=\"twitter:card\" content=\"summary_large_image\" \/>\n<meta name=\"twitter:site\" content=\"@TheMFWA\" \/>\n<meta name=\"twitter:label1\" content=\"Est. reading time\" \/>\n\t<meta name=\"twitter:data1\" content=\"1 minute\" \/>\n<script type=\"application\/ld+json\" class=\"yoast-schema-graph\">{\"@context\":\"https:\\\/\\\/schema.org\",\"@graph\":[{\"@type\":\"WebPage\",\"@id\":\"https:\\\/\\\/mfwa.org\\\/fr\\\/publication\\\/les-medias-et-la-covid-19-en-afrique-de-louest-cas-de-la-cote-divoire-avril-mai-juin\\\/\",\"url\":\"https:\\\/\\\/mfwa.org\\\/fr\\\/publication\\\/les-medias-et-la-covid-19-en-afrique-de-louest-cas-de-la-cote-divoire-avril-mai-juin\\\/\",\"name\":\"Les M\u00e9dias et la COVID-19 en Afrique de l\u2019Ouest \u2013 Cas de la C\u00f4te d\u2019Ivoire (Avril \u2013 Mai \u2013 Juin) - Media Foundation For West Africa\",\"isPartOf\":{\"@id\":\"https:\\\/\\\/mfwa.org\\\/#website\"},\"primaryImageOfPage\":{\"@id\":\"https:\\\/\\\/mfwa.org\\\/fr\\\/publication\\\/les-medias-et-la-covid-19-en-afrique-de-louest-cas-de-la-cote-divoire-avril-mai-juin\\\/#primaryimage\"},\"image\":{\"@id\":\"https:\\\/\\\/mfwa.org\\\/fr\\\/publication\\\/les-medias-et-la-covid-19-en-afrique-de-louest-cas-de-la-cote-divoire-avril-mai-juin\\\/#primaryimage\"},\"thumbnailUrl\":\"https:\\\/\\\/mfwa.org\\\/wp-content\\\/uploads\\\/2020\\\/10\\\/xhiJWVHGDHAjilkwtf.png\",\"datePublished\":\"2020-08-06T10:55:24+00:00\",\"dateModified\":\"2020-11-27T17:02:21+00:00\",\"breadcrumb\":{\"@id\":\"https:\\\/\\\/mfwa.org\\\/fr\\\/publication\\\/les-medias-et-la-covid-19-en-afrique-de-louest-cas-de-la-cote-divoire-avril-mai-juin\\\/#breadcrumb\"},\"inLanguage\":\"fr-FR\",\"potentialAction\":[{\"@type\":\"ReadAction\",\"target\":[\"https:\\\/\\\/mfwa.org\\\/fr\\\/publication\\\/les-medias-et-la-covid-19-en-afrique-de-louest-cas-de-la-cote-divoire-avril-mai-juin\\\/\"]}]},{\"@type\":\"ImageObject\",\"inLanguage\":\"fr-FR\",\"@id\":\"https:\\\/\\\/mfwa.org\\\/fr\\\/publication\\\/les-medias-et-la-covid-19-en-afrique-de-louest-cas-de-la-cote-divoire-avril-mai-juin\\\/#primaryimage\",\"url\":\"https:\\\/\\\/mfwa.org\\\/wp-content\\\/uploads\\\/2020\\\/10\\\/xhiJWVHGDHAjilkwtf.png\",\"contentUrl\":\"https:\\\/\\\/mfwa.org\\\/wp-content\\\/uploads\\\/2020\\\/10\\\/xhiJWVHGDHAjilkwtf.png\",\"width\":1182,\"height\":596},{\"@type\":\"BreadcrumbList\",\"@id\":\"https:\\\/\\\/mfwa.org\\\/fr\\\/publication\\\/les-medias-et-la-covid-19-en-afrique-de-louest-cas-de-la-cote-divoire-avril-mai-juin\\\/#breadcrumb\",\"itemListElement\":[{\"@type\":\"ListItem\",\"position\":1,\"name\":\"Home\",\"item\":\"https:\\\/\\\/mfwa.org\\\/fr\\\/\"},{\"@type\":\"ListItem\",\"position\":2,\"name\":\"Publications\",\"item\":\"https:\\\/\\\/mfwa.org\\\/publication\\\/\"},{\"@type\":\"ListItem\",\"position\":3,\"name\":\"Les M\u00e9dias et la COVID-19 en Afrique de l\u2019Ouest \u2013 Cas de la C\u00f4te d\u2019Ivoire (Avril \u2013 Mai \u2013 Juin)\"}]},{\"@type\":\"WebSite\",\"@id\":\"https:\\\/\\\/mfwa.org\\\/#website\",\"url\":\"https:\\\/\\\/mfwa.org\\\/\",\"name\":\"Media Foundation For West Africa\",\"description\":\"Promoting Freedom of Expression and Democracy in West Africa\",\"publisher\":{\"@id\":\"https:\\\/\\\/mfwa.org\\\/#organization\"},\"potentialAction\":[{\"@type\":\"SearchAction\",\"target\":{\"@type\":\"EntryPoint\",\"urlTemplate\":\"https:\\\/\\\/mfwa.org\\\/?s={search_term_string}\"},\"query-input\":{\"@type\":\"PropertyValueSpecification\",\"valueRequired\":true,\"valueName\":\"search_term_string\"}}],\"inLanguage\":\"fr-FR\"},{\"@type\":\"Organization\",\"@id\":\"https:\\\/\\\/mfwa.org\\\/#organization\",\"name\":\"Media Foundation for West Africa\",\"url\":\"https:\\\/\\\/mfwa.org\\\/\",\"logo\":{\"@type\":\"ImageObject\",\"inLanguage\":\"fr-FR\",\"@id\":\"https:\\\/\\\/mfwa.org\\\/#\\\/schema\\\/logo\\\/image\\\/\",\"url\":\"https:\\\/\\\/www.mfwa.org\\\/wp-content\\\/uploads\\\/2016\\\/06\\\/MFWA-LOGO.png\",\"contentUrl\":\"https:\\\/\\\/www.mfwa.org\\\/wp-content\\\/uploads\\\/2016\\\/06\\\/MFWA-LOGO.png\",\"width\":180,\"height\":180,\"caption\":\"Media Foundation for West Africa\"},\"image\":{\"@id\":\"https:\\\/\\\/mfwa.org\\\/#\\\/schema\\\/logo\\\/image\\\/\"},\"sameAs\":[\"https:\\\/\\\/www.facebook.com\\\/themfwa\",\"https:\\\/\\\/x.com\\\/TheMFWA\",\"https:\\\/\\\/www.youtube.com\\\/channel\\\/UCF6HrPuXcV1K1Ed8AAq4Rdw\"]}]}<\/script>\n<!-- \/ Yoast SEO plugin. -->","yoast_head_json":{"title":"Les M\u00e9dias et la COVID-19 en Afrique de l\u2019Ouest \u2013 Cas de la C\u00f4te d\u2019Ivoire (Avril \u2013 Mai \u2013 Juin) - Media Foundation For West Africa","robots":{"index":"index","follow":"follow","max-snippet":"max-snippet:-1","max-image-preview":"max-image-preview:large","max-video-preview":"max-video-preview:-1"},"canonical":"https:\/\/mfwa.org\/fr\/publication\/les-medias-et-la-covid-19-en-afrique-de-louest-cas-de-la-cote-divoire-avril-mai-juin\/","og_locale":"fr_FR","og_type":"article","og_title":"Les M\u00e9dias et la COVID-19 en Afrique de l\u2019Ouest \u2013 Cas de la C\u00f4te d\u2019Ivoire (Avril \u2013 Mai \u2013 Juin) - Media Foundation For West Africa","og_description":"Le premier cas de COVID-19 a \u00e9t\u00e9 diagnostiqu\u00e9 en C\u00f4te d&#8217;Ivoire le 11 mars 2020. Pour \u00e9viter une","og_url":"https:\/\/mfwa.org\/fr\/publication\/les-medias-et-la-covid-19-en-afrique-de-louest-cas-de-la-cote-divoire-avril-mai-juin\/","og_site_name":"Media Foundation For West Africa","article_publisher":"https:\/\/www.facebook.com\/themfwa","article_modified_time":"2020-11-27T17:02:21+00:00","og_image":[{"width":1182,"height":596,"url":"https:\/\/mfwa.org\/wp-content\/uploads\/2020\/10\/xhiJWVHGDHAjilkwtf.png","type":"image\/png"}],"twitter_card":"summary_large_image","twitter_site":"@TheMFWA","twitter_misc":{"Est. reading time":"1 minute"},"schema":{"@context":"https:\/\/schema.org","@graph":[{"@type":"WebPage","@id":"https:\/\/mfwa.org\/fr\/publication\/les-medias-et-la-covid-19-en-afrique-de-louest-cas-de-la-cote-divoire-avril-mai-juin\/","url":"https:\/\/mfwa.org\/fr\/publication\/les-medias-et-la-covid-19-en-afrique-de-louest-cas-de-la-cote-divoire-avril-mai-juin\/","name":"Les M\u00e9dias et la COVID-19 en Afrique de l\u2019Ouest \u2013 Cas de la C\u00f4te d\u2019Ivoire (Avril \u2013 Mai \u2013 Juin) - Media Foundation For West Africa","isPartOf":{"@id":"https:\/\/mfwa.org\/#website"},"primaryImageOfPage":{"@id":"https:\/\/mfwa.org\/fr\/publication\/les-medias-et-la-covid-19-en-afrique-de-louest-cas-de-la-cote-divoire-avril-mai-juin\/#primaryimage"},"image":{"@id":"https:\/\/mfwa.org\/fr\/publication\/les-medias-et-la-covid-19-en-afrique-de-louest-cas-de-la-cote-divoire-avril-mai-juin\/#primaryimage"},"thumbnailUrl":"https:\/\/mfwa.org\/wp-content\/uploads\/2020\/10\/xhiJWVHGDHAjilkwtf.png","datePublished":"2020-08-06T10:55:24+00:00","dateModified":"2020-11-27T17:02:21+00:00","breadcrumb":{"@id":"https:\/\/mfwa.org\/fr\/publication\/les-medias-et-la-covid-19-en-afrique-de-louest-cas-de-la-cote-divoire-avril-mai-juin\/#breadcrumb"},"inLanguage":"fr-FR","potentialAction":[{"@type":"ReadAction","target":["https:\/\/mfwa.org\/fr\/publication\/les-medias-et-la-covid-19-en-afrique-de-louest-cas-de-la-cote-divoire-avril-mai-juin\/"]}]},{"@type":"ImageObject","inLanguage":"fr-FR","@id":"https:\/\/mfwa.org\/fr\/publication\/les-medias-et-la-covid-19-en-afrique-de-louest-cas-de-la-cote-divoire-avril-mai-juin\/#primaryimage","url":"https:\/\/mfwa.org\/wp-content\/uploads\/2020\/10\/xhiJWVHGDHAjilkwtf.png","contentUrl":"https:\/\/mfwa.org\/wp-content\/uploads\/2020\/10\/xhiJWVHGDHAjilkwtf.png","width":1182,"height":596},{"@type":"BreadcrumbList","@id":"https:\/\/mfwa.org\/fr\/publication\/les-medias-et-la-covid-19-en-afrique-de-louest-cas-de-la-cote-divoire-avril-mai-juin\/#breadcrumb","itemListElement":[{"@type":"ListItem","position":1,"name":"Home","item":"https:\/\/mfwa.org\/fr\/"},{"@type":"ListItem","position":2,"name":"Publications","item":"https:\/\/mfwa.org\/publication\/"},{"@type":"ListItem","position":3,"name":"Les M\u00e9dias et la COVID-19 en Afrique de l\u2019Ouest \u2013 Cas de la C\u00f4te d\u2019Ivoire (Avril \u2013 Mai \u2013 Juin)"}]},{"@type":"WebSite","@id":"https:\/\/mfwa.org\/#website","url":"https:\/\/mfwa.org\/","name":"Media Foundation For West Africa","description":"Promoting Freedom of Expression and Democracy in West Africa","publisher":{"@id":"https:\/\/mfwa.org\/#organization"},"potentialAction":[{"@type":"SearchAction","target":{"@type":"EntryPoint","urlTemplate":"https:\/\/mfwa.org\/?s={search_term_string}"},"query-input":{"@type":"PropertyValueSpecification","valueRequired":true,"valueName":"search_term_string"}}],"inLanguage":"fr-FR"},{"@type":"Organization","@id":"https:\/\/mfwa.org\/#organization","name":"Media Foundation for West Africa","url":"https:\/\/mfwa.org\/","logo":{"@type":"ImageObject","inLanguage":"fr-FR","@id":"https:\/\/mfwa.org\/#\/schema\/logo\/image\/","url":"https:\/\/www.mfwa.org\/wp-content\/uploads\/2016\/06\/MFWA-LOGO.png","contentUrl":"https:\/\/www.mfwa.org\/wp-content\/uploads\/2016\/06\/MFWA-LOGO.png","width":180,"height":180,"caption":"Media Foundation for West Africa"},"image":{"@id":"https:\/\/mfwa.org\/#\/schema\/logo\/image\/"},"sameAs":["https:\/\/www.facebook.com\/themfwa","https:\/\/x.com\/TheMFWA","https:\/\/www.youtube.com\/channel\/UCF6HrPuXcV1K1Ed8AAq4Rdw"]}]}},"_links":{"self":[{"href":"https:\/\/mfwa.org\/fr\/wp-json\/wp\/v2\/publication\/20146","targetHints":{"allow":["GET"]}}],"collection":[{"href":"https:\/\/mfwa.org\/fr\/wp-json\/wp\/v2\/publication"}],"about":[{"href":"https:\/\/mfwa.org\/fr\/wp-json\/wp\/v2\/types\/publication"}],"author":[{"embeddable":true,"href":"https:\/\/mfwa.org\/fr\/wp-json\/wp\/v2\/users\/6"}],"wp:featuredmedia":[{"embeddable":true,"href":"https:\/\/mfwa.org\/fr\/wp-json\/wp\/v2\/media\/20147"}],"wp:attachment":[{"href":"https:\/\/mfwa.org\/fr\/wp-json\/wp\/v2\/media?parent=20146"}],"wp:term":[{"taxonomy":"publication-type","embeddable":true,"href":"https:\/\/mfwa.org\/fr\/wp-json\/wp\/v2\/publication-type?post=20146"}],"curies":[{"name":"wp","href":"https:\/\/api.w.org\/{rel}","templated":true}]}}