{"id":4371,"date":"2015-03-20T13:34:19","date_gmt":"2015-03-20T13:34:19","guid":{"rendered":"http:\/\/www.mfwa.org\/?post_type=partner-highlights&#038;p=4371"},"modified":"2015-12-17T16:15:08","modified_gmt":"2015-12-17T16:15:08","slug":"le-cemesp-osiwa-entame-le-projet-sur-la-decentralisation-au-liberia","status":"publish","type":"partner-highlights","link":"https:\/\/mfwa.org\/fr\/partner-highlights\/le-cemesp-osiwa-entame-le-projet-sur-la-decentralisation-au-liberia\/","title":{"rendered":"Le CEMESP-OSIWA\u00a0 entame le Projet sur la D\u00e9centralisation au Liberia"},"content":{"rendered":"<p style=\"text-align: justify;\">Le Centre for Media Studies and Peace-building (CEMESP), avec l\u2019appui financier de Open Society for West \u00a0Africa, OSIWA, a commenc\u00e9 les activit\u00e9s d\u2019un projet qui \u00e0 pour but l\u2019am\u00e9lioration de la participation \u00e0 la gouvernance locale au Liberia. Le projet s\u2019inscrit\u00a0 dans le cadre de l\u2019Initiative de l\u2019Espace de Dialogue Ouvert\u00a0 du CEMESP, partenaire de MFWA au Liberia.<\/p>\n<p style=\"text-align: justify;\">D\u00e9nomm\u00e9 \u2018\u2019Inspiration d\u2019Actions des Citoyens pour une Participation Effective \u00e0 la Gouvernance Local et la D\u00e9centralisation au Liberia\u00a0\u2018\u2019le projet cherche \u00e0 engager \u00a0et rassembler les contributions des citoyens dans des processus de\u00a0 reformes conduisant \u00e0 promulguer une loi sur la d\u00e9centration au Liberia. Un plan d\u2019action est en attente d\u2019\u00eatre \u00e9labor\u00e9 avec les implications des groupes d\u2019Observatoire sur la Gouvernance local et la D\u00e9centralisation \u00e9tablis dans toutes les r\u00e9gions pour suivre les dispositifs dans le plan d\u2019action.<\/p>\n<p style=\"text-align: justify;\">Dans le cadre des activit\u00e9s sous le projet, le CEMESP a tenu le 18 Mars 2015, sa premi\u00e8re session pr\u00e9paratoire d\u2019informations avec les d\u00e9l\u00e9gu\u00e9s centraux\u00a0 lors d\u2019une r\u00e9union \u00e0 \u00a0Moravia. La r\u00e9union a rassembl\u00e9 \u00a025 d\u00e9l\u00e9gu\u00e9s venus de cinq r\u00e9gions du pays -Montserrado, Grand Cape, Boni, Gbarpolu and Margibi. Les d\u00e9l\u00e9gu\u00e9s centraux\u00a0 constituent \u00a0la premi\u00e8re formation de \u00a0regroupement du pays.<\/p>\n<p style=\"text-align: justify;\">Le Directeur Ex\u00e9cutif de CEMESP, Malcolm Joseph, a entretenu les d\u00e9l\u00e9gu\u00e9s sur le projet, les objectifs, les r\u00e9sultats attendus et les r\u00f4les et responsabilit\u00e9s des d\u00e9l\u00e9gu\u00e9s dans le processus. \u2018\u2019Le projet de D\u00e9centralisation et de Gouvernance Locale vise un total de trois cents d\u00e9l\u00e9gu\u00e9s avec leurs contributions qui seront\u00a0 inf\u00e9od\u00e9es dans la formulation \u00a0des propositions\u00a0 dans les processus \u00a0de reforme conduisant \u00e0 la promulgation de la Loi sur la D\u00e9centralisation dans le pays. Les 25 principaux d\u00e9l\u00e9gu\u00e9s s\u00e9lectionn\u00e9s aideront dans le recrutement des autres d\u00e9l\u00e9gu\u00e9s restant\u2019\u2019 a dit Malclom Joseph, Directeur Ex\u00e9cutif de CEMESP.<\/p>\n<p style=\"text-align: justify;\">Et d\u2019ajouter que l\u2019organisation est en phase de conclure\u00a0 le recrutement d\u2019un consultant international de l\u2019Allemagne pour faciliter un dialogue de politique de base vers le sommet dans l\u2019initiative d\u00e9nomm\u00e9e Espace Ouvert con\u00e7u pour couvrir tous le pays sur la base de \u00a03 regroupement r\u00e9gional.<\/p>\n<p style=\"text-align: justify;\">De\u00a0 telles sessions\u00a0 pr\u00e9paratoires\u00a0 de d\u00e9briefing\u00a0 seront organis\u00e9es\u00a0 dans la\u00a0 r\u00e9gion de Gbarnga Bong pour le\u00a0 groupe de Two et pour la r\u00e9gion de\u00a0 Zwedru Grand Gedh\u00a0 pour trois groupes.<\/p>\n<p style=\"text-align: justify;\">\n","protected":false},"author":2,"featured_media":2730,"template":"","categories":[],"country":[246],"class_list":["post-4371","partner-highlights","type-partner-highlights","status-publish","has-post-thumbnail","hentry","country-liberia-fr"],"yoast_head":"<!-- This site is optimized with the Yoast SEO plugin v27.4 - https:\/\/yoast.com\/product\/yoast-seo-wordpress\/ -->\n<title>Le CEMESP-OSIWA\u00a0 entame le Projet sur la D\u00e9centralisation au Liberia - Media Foundation For West Africa<\/title>\n<meta name=\"robots\" content=\"index, follow, max-snippet:-1, max-image-preview:large, max-video-preview:-1\" \/>\n<link rel=\"canonical\" href=\"https:\/\/mfwa.org\/fr\/partner-highlights\/le-cemesp-osiwa-entame-le-projet-sur-la-decentralisation-au-liberia\/\" \/>\n<meta property=\"og:locale\" content=\"fr_FR\" \/>\n<meta property=\"og:type\" content=\"article\" \/>\n<meta property=\"og:title\" content=\"Le CEMESP-OSIWA\u00a0 entame le Projet sur la D\u00e9centralisation au Liberia - Media Foundation For West Africa\" \/>\n<meta property=\"og:description\" content=\"Le Centre for Media Studies and Peace-building (CEMESP), avec l\u2019appui financier de Open Society for West \u00a0Africa, OSIWA,\" \/>\n<meta property=\"og:url\" content=\"https:\/\/mfwa.org\/fr\/partner-highlights\/le-cemesp-osiwa-entame-le-projet-sur-la-decentralisation-au-liberia\/\" \/>\n<meta property=\"og:site_name\" content=\"Media Foundation For West Africa\" \/>\n<meta property=\"article:publisher\" content=\"https:\/\/www.facebook.com\/themfwa\" \/>\n<meta property=\"article:modified_time\" content=\"2015-12-17T16:15:08+00:00\" \/>\n<meta property=\"og:image\" content=\"https:\/\/mfwa.org\/wp-content\/uploads\/2015\/11\/cemesp-osiwa.jpg\" \/>\n\t<meta property=\"og:image:width\" content=\"900\" \/>\n\t<meta property=\"og:image:height\" content=\"600\" \/>\n\t<meta property=\"og:image:type\" content=\"image\/jpeg\" \/>\n<meta name=\"twitter:card\" content=\"summary_large_image\" \/>\n<meta name=\"twitter:site\" content=\"@TheMFWA\" \/>\n<meta name=\"twitter:label1\" content=\"Est. reading time\" \/>\n\t<meta name=\"twitter:data1\" content=\"2 minutes\" \/>\n<script type=\"application\/ld+json\" class=\"yoast-schema-graph\">{\"@context\":\"https:\\\/\\\/schema.org\",\"@graph\":[{\"@type\":\"WebPage\",\"@id\":\"https:\\\/\\\/mfwa.org\\\/fr\\\/partner-highlights\\\/le-cemesp-osiwa-entame-le-projet-sur-la-decentralisation-au-liberia\\\/\",\"url\":\"https:\\\/\\\/mfwa.org\\\/fr\\\/partner-highlights\\\/le-cemesp-osiwa-entame-le-projet-sur-la-decentralisation-au-liberia\\\/\",\"name\":\"Le CEMESP-OSIWA\u00a0 entame le Projet sur la D\u00e9centralisation au Liberia - Media Foundation For West Africa\",\"isPartOf\":{\"@id\":\"https:\\\/\\\/mfwa.org\\\/#website\"},\"primaryImageOfPage\":{\"@id\":\"https:\\\/\\\/mfwa.org\\\/fr\\\/partner-highlights\\\/le-cemesp-osiwa-entame-le-projet-sur-la-decentralisation-au-liberia\\\/#primaryimage\"},\"image\":{\"@id\":\"https:\\\/\\\/mfwa.org\\\/fr\\\/partner-highlights\\\/le-cemesp-osiwa-entame-le-projet-sur-la-decentralisation-au-liberia\\\/#primaryimage\"},\"thumbnailUrl\":\"https:\\\/\\\/mfwa.org\\\/wp-content\\\/uploads\\\/2015\\\/11\\\/cemesp-osiwa.jpg\",\"datePublished\":\"2015-03-20T13:34:19+00:00\",\"dateModified\":\"2015-12-17T16:15:08+00:00\",\"breadcrumb\":{\"@id\":\"https:\\\/\\\/mfwa.org\\\/fr\\\/partner-highlights\\\/le-cemesp-osiwa-entame-le-projet-sur-la-decentralisation-au-liberia\\\/#breadcrumb\"},\"inLanguage\":\"fr-FR\",\"potentialAction\":[{\"@type\":\"ReadAction\",\"target\":[\"https:\\\/\\\/mfwa.org\\\/fr\\\/partner-highlights\\\/le-cemesp-osiwa-entame-le-projet-sur-la-decentralisation-au-liberia\\\/\"]}]},{\"@type\":\"ImageObject\",\"inLanguage\":\"fr-FR\",\"@id\":\"https:\\\/\\\/mfwa.org\\\/fr\\\/partner-highlights\\\/le-cemesp-osiwa-entame-le-projet-sur-la-decentralisation-au-liberia\\\/#primaryimage\",\"url\":\"https:\\\/\\\/mfwa.org\\\/wp-content\\\/uploads\\\/2015\\\/11\\\/cemesp-osiwa.jpg\",\"contentUrl\":\"https:\\\/\\\/mfwa.org\\\/wp-content\\\/uploads\\\/2015\\\/11\\\/cemesp-osiwa.jpg\",\"width\":900,\"height\":600},{\"@type\":\"BreadcrumbList\",\"@id\":\"https:\\\/\\\/mfwa.org\\\/fr\\\/partner-highlights\\\/le-cemesp-osiwa-entame-le-projet-sur-la-decentralisation-au-liberia\\\/#breadcrumb\",\"itemListElement\":[{\"@type\":\"ListItem\",\"position\":1,\"name\":\"Home\",\"item\":\"https:\\\/\\\/mfwa.org\\\/fr\\\/\"},{\"@type\":\"ListItem\",\"position\":2,\"name\":\"Partner Highlights\",\"item\":\"https:\\\/\\\/mfwa.org\\\/fr\\\/partner-highlights\\\/\"},{\"@type\":\"ListItem\",\"position\":3,\"name\":\"Le CEMESP-OSIWA\u00a0 entame le Projet sur la D\u00e9centralisation au Liberia\"}]},{\"@type\":\"WebSite\",\"@id\":\"https:\\\/\\\/mfwa.org\\\/#website\",\"url\":\"https:\\\/\\\/mfwa.org\\\/\",\"name\":\"Media Foundation For West Africa\",\"description\":\"Promoting Freedom of Expression and Democracy in West Africa\",\"publisher\":{\"@id\":\"https:\\\/\\\/mfwa.org\\\/#organization\"},\"potentialAction\":[{\"@type\":\"SearchAction\",\"target\":{\"@type\":\"EntryPoint\",\"urlTemplate\":\"https:\\\/\\\/mfwa.org\\\/?s={search_term_string}\"},\"query-input\":{\"@type\":\"PropertyValueSpecification\",\"valueRequired\":true,\"valueName\":\"search_term_string\"}}],\"inLanguage\":\"fr-FR\"},{\"@type\":\"Organization\",\"@id\":\"https:\\\/\\\/mfwa.org\\\/#organization\",\"name\":\"Media Foundation for West Africa\",\"url\":\"https:\\\/\\\/mfwa.org\\\/\",\"logo\":{\"@type\":\"ImageObject\",\"inLanguage\":\"fr-FR\",\"@id\":\"https:\\\/\\\/mfwa.org\\\/#\\\/schema\\\/logo\\\/image\\\/\",\"url\":\"https:\\\/\\\/www.mfwa.org\\\/wp-content\\\/uploads\\\/2016\\\/06\\\/MFWA-LOGO.png\",\"contentUrl\":\"https:\\\/\\\/www.mfwa.org\\\/wp-content\\\/uploads\\\/2016\\\/06\\\/MFWA-LOGO.png\",\"width\":180,\"height\":180,\"caption\":\"Media Foundation for West Africa\"},\"image\":{\"@id\":\"https:\\\/\\\/mfwa.org\\\/#\\\/schema\\\/logo\\\/image\\\/\"},\"sameAs\":[\"https:\\\/\\\/www.facebook.com\\\/themfwa\",\"https:\\\/\\\/x.com\\\/TheMFWA\",\"https:\\\/\\\/www.youtube.com\\\/channel\\\/UCF6HrPuXcV1K1Ed8AAq4Rdw\"]}]}<\/script>\n<!-- \/ Yoast SEO plugin. -->","yoast_head_json":{"title":"Le CEMESP-OSIWA\u00a0 entame le Projet sur la D\u00e9centralisation au Liberia - Media Foundation For West Africa","robots":{"index":"index","follow":"follow","max-snippet":"max-snippet:-1","max-image-preview":"max-image-preview:large","max-video-preview":"max-video-preview:-1"},"canonical":"https:\/\/mfwa.org\/fr\/partner-highlights\/le-cemesp-osiwa-entame-le-projet-sur-la-decentralisation-au-liberia\/","og_locale":"fr_FR","og_type":"article","og_title":"Le CEMESP-OSIWA\u00a0 entame le Projet sur la D\u00e9centralisation au Liberia - Media Foundation For West Africa","og_description":"Le Centre for Media Studies and Peace-building (CEMESP), avec l\u2019appui financier de Open Society for West \u00a0Africa, OSIWA,","og_url":"https:\/\/mfwa.org\/fr\/partner-highlights\/le-cemesp-osiwa-entame-le-projet-sur-la-decentralisation-au-liberia\/","og_site_name":"Media Foundation For West Africa","article_publisher":"https:\/\/www.facebook.com\/themfwa","article_modified_time":"2015-12-17T16:15:08+00:00","og_image":[{"width":900,"height":600,"url":"https:\/\/mfwa.org\/wp-content\/uploads\/2015\/11\/cemesp-osiwa.jpg","type":"image\/jpeg"}],"twitter_card":"summary_large_image","twitter_site":"@TheMFWA","twitter_misc":{"Est. reading time":"2 minutes"},"schema":{"@context":"https:\/\/schema.org","@graph":[{"@type":"WebPage","@id":"https:\/\/mfwa.org\/fr\/partner-highlights\/le-cemesp-osiwa-entame-le-projet-sur-la-decentralisation-au-liberia\/","url":"https:\/\/mfwa.org\/fr\/partner-highlights\/le-cemesp-osiwa-entame-le-projet-sur-la-decentralisation-au-liberia\/","name":"Le CEMESP-OSIWA\u00a0 entame le Projet sur la D\u00e9centralisation au Liberia - Media Foundation For West Africa","isPartOf":{"@id":"https:\/\/mfwa.org\/#website"},"primaryImageOfPage":{"@id":"https:\/\/mfwa.org\/fr\/partner-highlights\/le-cemesp-osiwa-entame-le-projet-sur-la-decentralisation-au-liberia\/#primaryimage"},"image":{"@id":"https:\/\/mfwa.org\/fr\/partner-highlights\/le-cemesp-osiwa-entame-le-projet-sur-la-decentralisation-au-liberia\/#primaryimage"},"thumbnailUrl":"https:\/\/mfwa.org\/wp-content\/uploads\/2015\/11\/cemesp-osiwa.jpg","datePublished":"2015-03-20T13:34:19+00:00","dateModified":"2015-12-17T16:15:08+00:00","breadcrumb":{"@id":"https:\/\/mfwa.org\/fr\/partner-highlights\/le-cemesp-osiwa-entame-le-projet-sur-la-decentralisation-au-liberia\/#breadcrumb"},"inLanguage":"fr-FR","potentialAction":[{"@type":"ReadAction","target":["https:\/\/mfwa.org\/fr\/partner-highlights\/le-cemesp-osiwa-entame-le-projet-sur-la-decentralisation-au-liberia\/"]}]},{"@type":"ImageObject","inLanguage":"fr-FR","@id":"https:\/\/mfwa.org\/fr\/partner-highlights\/le-cemesp-osiwa-entame-le-projet-sur-la-decentralisation-au-liberia\/#primaryimage","url":"https:\/\/mfwa.org\/wp-content\/uploads\/2015\/11\/cemesp-osiwa.jpg","contentUrl":"https:\/\/mfwa.org\/wp-content\/uploads\/2015\/11\/cemesp-osiwa.jpg","width":900,"height":600},{"@type":"BreadcrumbList","@id":"https:\/\/mfwa.org\/fr\/partner-highlights\/le-cemesp-osiwa-entame-le-projet-sur-la-decentralisation-au-liberia\/#breadcrumb","itemListElement":[{"@type":"ListItem","position":1,"name":"Home","item":"https:\/\/mfwa.org\/fr\/"},{"@type":"ListItem","position":2,"name":"Partner Highlights","item":"https:\/\/mfwa.org\/fr\/partner-highlights\/"},{"@type":"ListItem","position":3,"name":"Le CEMESP-OSIWA\u00a0 entame le Projet sur la D\u00e9centralisation au Liberia"}]},{"@type":"WebSite","@id":"https:\/\/mfwa.org\/#website","url":"https:\/\/mfwa.org\/","name":"Media Foundation For West Africa","description":"Promoting Freedom of Expression and Democracy in West Africa","publisher":{"@id":"https:\/\/mfwa.org\/#organization"},"potentialAction":[{"@type":"SearchAction","target":{"@type":"EntryPoint","urlTemplate":"https:\/\/mfwa.org\/?s={search_term_string}"},"query-input":{"@type":"PropertyValueSpecification","valueRequired":true,"valueName":"search_term_string"}}],"inLanguage":"fr-FR"},{"@type":"Organization","@id":"https:\/\/mfwa.org\/#organization","name":"Media Foundation for West Africa","url":"https:\/\/mfwa.org\/","logo":{"@type":"ImageObject","inLanguage":"fr-FR","@id":"https:\/\/mfwa.org\/#\/schema\/logo\/image\/","url":"https:\/\/www.mfwa.org\/wp-content\/uploads\/2016\/06\/MFWA-LOGO.png","contentUrl":"https:\/\/www.mfwa.org\/wp-content\/uploads\/2016\/06\/MFWA-LOGO.png","width":180,"height":180,"caption":"Media Foundation for West Africa"},"image":{"@id":"https:\/\/mfwa.org\/#\/schema\/logo\/image\/"},"sameAs":["https:\/\/www.facebook.com\/themfwa","https:\/\/x.com\/TheMFWA","https:\/\/www.youtube.com\/channel\/UCF6HrPuXcV1K1Ed8AAq4Rdw"]}]}},"_links":{"self":[{"href":"https:\/\/mfwa.org\/fr\/wp-json\/wp\/v2\/partner-highlights\/4371","targetHints":{"allow":["GET"]}}],"collection":[{"href":"https:\/\/mfwa.org\/fr\/wp-json\/wp\/v2\/partner-highlights"}],"about":[{"href":"https:\/\/mfwa.org\/fr\/wp-json\/wp\/v2\/types\/partner-highlights"}],"author":[{"embeddable":true,"href":"https:\/\/mfwa.org\/fr\/wp-json\/wp\/v2\/users\/2"}],"wp:featuredmedia":[{"embeddable":true,"href":"https:\/\/mfwa.org\/fr\/wp-json\/wp\/v2\/media\/2730"}],"wp:attachment":[{"href":"https:\/\/mfwa.org\/fr\/wp-json\/wp\/v2\/media?parent=4371"}],"wp:term":[{"taxonomy":"category","embeddable":true,"href":"https:\/\/mfwa.org\/fr\/wp-json\/wp\/v2\/categories?post=4371"},{"taxonomy":"country","embeddable":true,"href":"https:\/\/mfwa.org\/fr\/wp-json\/wp\/v2\/country?post=4371"}],"curies":[{"name":"wp","href":"https:\/\/api.w.org\/{rel}","templated":true}]}}