{"id":18379,"date":"2020-04-23T11:43:43","date_gmt":"2020-04-23T11:43:43","guid":{"rendered":"https:\/\/www.mfwa.org\/?post_type=partner-highlights&#038;p=18379"},"modified":"2020-04-30T08:20:10","modified_gmt":"2020-04-30T08:20:10","slug":"la-condamnation-a-perpetuite-du-meurtrier-du-journaliste-tyron-brown-est-salutaire-cemesp","status":"publish","type":"partner-highlights","link":"https:\/\/mfwa.org\/fr\/partner-highlights\/la-condamnation-a-perpetuite-du-meurtrier-du-journaliste-tyron-brown-est-salutaire-cemesp\/","title":{"rendered":"La Condamnation \u00e0 Perp\u00e9tuit\u00e9 du Meurtrier du Journaliste Tyron Brown est Salutaire &#8211; CEMESP"},"content":{"rendered":"<p style=\"text-align: justify;\">Plusieurs ont salu\u00e9 la condamnation a perp\u00e9tuit\u00e9 de Jonathan Williams, 52 ans, pour le meurtre du journaliste Tyron Brown, de Super FM, subvenu le 15 Avril, 2018 \u00e0 Paynesville, \u00e0 Monrovia.<\/p>\n<p style=\"text-align: justify;\">Le verdict de sa condamnation a \u00e9t\u00e9 prononc\u00e9 le 26 Mars, 2020, \u00e0 la 11<sup>e<\/sup> Cour de Justice (Judicial Circuit Court) dans le comt\u00e9 de Bomi, situ\u00e9 hors de la capital Monrovia.<\/p>\n<p style=\"text-align: justify;\">En 2018, Jonathan Williams a indiqu\u00e9 aux enqu\u00eateurs \u00e0 Monrovia que le meurtre du journaliste \u00e9tait pour des raisons de \u00ab&nbsp;l\u00e9gitime d\u00e9fense&nbsp;\u00bb. Il a ajout\u00e9 que le journaliste, Tyson Brown, avait refus\u00e9 de quitter sa r\u00e9sidence le Dimanche soir du 15 Avril 2018. Ce refus de la part du journaliste a selon lui, provoqu\u00e9 sa col\u00e8re.<\/p>\n<p style=\"text-align: justify;\">Jonathan a aussi admis avoir \u00ab&nbsp;poignard\u00e9&nbsp;\u00bb Brown \u00ab&nbsp;\u00e0 plusieurs reprises&nbsp;\u00bb avant de jeter son corps sans vie dans la Communaut\u00e9 de Duport Road, une des banlieues de Monrovia.<\/p>\n<p style=\"text-align: justify;\">Suite au verdict du tribunal, Williams a accept\u00e9 toutes responsabilit\u00e9s pour son acte et pr\u00e9sent\u00e9 ses excuses \u00e0 la cour.<\/p>\n<p style=\"text-align: justify;\">En r\u00e9ponse au verdict du tribunal, le Directeur Ex\u00e9cutif du CEMESP, Malcom Joseph, a salu\u00e9 la condamnation \u00e0 perp\u00e9tuit\u00e9 de Williams.<\/p>\n<p style=\"text-align: justify;\">Mr. Joseph a f\u00e9licit\u00e9 le system judiciaire pour avoir organis\u00e9 un proc\u00e8s transparent, et avoir inflig\u00e9 la peine maximale. Il a d\u00e9crit tout le processus comme \u00e9tant une \u00ab&nbsp;victoire pour l\u2019Etat de Droit&nbsp;\u00bb.<\/p>\n<p style=\"text-align: justify;\">&nbsp;<\/p>\n<p style=\"text-align: justify;\">&nbsp;<\/p>\n","protected":false},"author":6,"featured_media":18302,"template":"","categories":[311],"country":[246],"class_list":["post-18379","partner-highlights","type-partner-highlights","status-publish","has-post-thumbnail","hentry","category-securite-des-journalistes","country-liberia-fr"],"yoast_head":"<!-- This site is optimized with the Yoast SEO plugin v27.5 - https:\/\/yoast.com\/product\/yoast-seo-wordpress\/ -->\n<title>La Condamnation \u00e0 Perp\u00e9tuit\u00e9 du Meurtrier du Journaliste Tyron Brown est Salutaire - CEMESP - Media Foundation For West Africa<\/title>\n<meta name=\"robots\" content=\"index, follow, max-snippet:-1, max-image-preview:large, max-video-preview:-1\" \/>\n<link rel=\"canonical\" href=\"https:\/\/mfwa.org\/partner-highlights\/journalists-murderer-sentenced-to-life-imprisonment-laudable-cemesp\/\" \/>\n<meta property=\"og:locale\" content=\"fr_FR\" \/>\n<meta property=\"og:type\" content=\"article\" \/>\n<meta property=\"og:title\" content=\"La Condamnation \u00e0 Perp\u00e9tuit\u00e9 du Meurtrier du Journaliste Tyron Brown est Salutaire - CEMESP - Media Foundation For West Africa\" \/>\n<meta property=\"og:description\" content=\"Plusieurs ont salu\u00e9 la condamnation a perp\u00e9tuit\u00e9 de Jonathan Williams, 52 ans, pour le meurtre du journaliste Tyron\" \/>\n<meta property=\"og:url\" content=\"https:\/\/mfwa.org\/partner-highlights\/journalists-murderer-sentenced-to-life-imprisonment-laudable-cemesp\/\" \/>\n<meta property=\"og:site_name\" content=\"Media Foundation For West Africa\" \/>\n<meta property=\"article:publisher\" content=\"https:\/\/www.facebook.com\/themfwa\" \/>\n<meta property=\"article:modified_time\" content=\"2020-04-30T08:20:10+00:00\" \/>\n<meta property=\"og:image\" content=\"https:\/\/mfwa.org\/wp-content\/uploads\/2020\/04\/TYRON.png\" \/>\n\t<meta property=\"og:image:width\" content=\"684\" \/>\n\t<meta property=\"og:image:height\" content=\"419\" \/>\n\t<meta property=\"og:image:type\" content=\"image\/png\" \/>\n<meta name=\"twitter:card\" content=\"summary_large_image\" \/>\n<meta name=\"twitter:site\" content=\"@TheMFWA\" \/>\n<meta name=\"twitter:label1\" content=\"Est. reading time\" \/>\n\t<meta name=\"twitter:data1\" content=\"1 minute\" \/>\n<script type=\"application\/ld+json\" class=\"yoast-schema-graph\">{\"@context\":\"https:\\\/\\\/schema.org\",\"@graph\":[{\"@type\":\"WebPage\",\"@id\":\"https:\\\/\\\/mfwa.org\\\/partner-highlights\\\/journalists-murderer-sentenced-to-life-imprisonment-laudable-cemesp\\\/\",\"url\":\"https:\\\/\\\/mfwa.org\\\/partner-highlights\\\/journalists-murderer-sentenced-to-life-imprisonment-laudable-cemesp\\\/\",\"name\":\"La Condamnation \u00e0 Perp\u00e9tuit\u00e9 du Meurtrier du Journaliste Tyron Brown est Salutaire - CEMESP - Media Foundation For West Africa\",\"isPartOf\":{\"@id\":\"https:\\\/\\\/mfwa.org\\\/#website\"},\"primaryImageOfPage\":{\"@id\":\"https:\\\/\\\/mfwa.org\\\/partner-highlights\\\/journalists-murderer-sentenced-to-life-imprisonment-laudable-cemesp\\\/#primaryimage\"},\"image\":{\"@id\":\"https:\\\/\\\/mfwa.org\\\/partner-highlights\\\/journalists-murderer-sentenced-to-life-imprisonment-laudable-cemesp\\\/#primaryimage\"},\"thumbnailUrl\":\"https:\\\/\\\/mfwa.org\\\/wp-content\\\/uploads\\\/2020\\\/04\\\/TYRON.png\",\"datePublished\":\"2020-04-23T11:43:43+00:00\",\"dateModified\":\"2020-04-30T08:20:10+00:00\",\"breadcrumb\":{\"@id\":\"https:\\\/\\\/mfwa.org\\\/partner-highlights\\\/journalists-murderer-sentenced-to-life-imprisonment-laudable-cemesp\\\/#breadcrumb\"},\"inLanguage\":\"fr-FR\",\"potentialAction\":[{\"@type\":\"ReadAction\",\"target\":[\"https:\\\/\\\/mfwa.org\\\/partner-highlights\\\/journalists-murderer-sentenced-to-life-imprisonment-laudable-cemesp\\\/\"]}]},{\"@type\":\"ImageObject\",\"inLanguage\":\"fr-FR\",\"@id\":\"https:\\\/\\\/mfwa.org\\\/partner-highlights\\\/journalists-murderer-sentenced-to-life-imprisonment-laudable-cemesp\\\/#primaryimage\",\"url\":\"https:\\\/\\\/mfwa.org\\\/wp-content\\\/uploads\\\/2020\\\/04\\\/TYRON.png\",\"contentUrl\":\"https:\\\/\\\/mfwa.org\\\/wp-content\\\/uploads\\\/2020\\\/04\\\/TYRON.png\",\"width\":684,\"height\":419,\"caption\":\"Tyron A. Browne, Journaliste Assassin\u00e9\"},{\"@type\":\"BreadcrumbList\",\"@id\":\"https:\\\/\\\/mfwa.org\\\/partner-highlights\\\/journalists-murderer-sentenced-to-life-imprisonment-laudable-cemesp\\\/#breadcrumb\",\"itemListElement\":[{\"@type\":\"ListItem\",\"position\":1,\"name\":\"Home\",\"item\":\"https:\\\/\\\/mfwa.org\\\/fr\\\/\"},{\"@type\":\"ListItem\",\"position\":2,\"name\":\"Partner Highlights\",\"item\":\"https:\\\/\\\/mfwa.org\\\/fr\\\/partner-highlights\\\/\"},{\"@type\":\"ListItem\",\"position\":3,\"name\":\"La Condamnation \u00e0 Perp\u00e9tuit\u00e9 du Meurtrier du Journaliste Tyron Brown est Salutaire &#8211; CEMESP\"}]},{\"@type\":\"WebSite\",\"@id\":\"https:\\\/\\\/mfwa.org\\\/#website\",\"url\":\"https:\\\/\\\/mfwa.org\\\/\",\"name\":\"Media Foundation For West Africa\",\"description\":\"Promoting Freedom of Expression and Democracy in West Africa\",\"publisher\":{\"@id\":\"https:\\\/\\\/mfwa.org\\\/#organization\"},\"potentialAction\":[{\"@type\":\"SearchAction\",\"target\":{\"@type\":\"EntryPoint\",\"urlTemplate\":\"https:\\\/\\\/mfwa.org\\\/?s={search_term_string}\"},\"query-input\":{\"@type\":\"PropertyValueSpecification\",\"valueRequired\":true,\"valueName\":\"search_term_string\"}}],\"inLanguage\":\"fr-FR\"},{\"@type\":\"Organization\",\"@id\":\"https:\\\/\\\/mfwa.org\\\/#organization\",\"name\":\"Media Foundation for West Africa\",\"url\":\"https:\\\/\\\/mfwa.org\\\/\",\"logo\":{\"@type\":\"ImageObject\",\"inLanguage\":\"fr-FR\",\"@id\":\"https:\\\/\\\/mfwa.org\\\/#\\\/schema\\\/logo\\\/image\\\/\",\"url\":\"https:\\\/\\\/www.mfwa.org\\\/wp-content\\\/uploads\\\/2016\\\/06\\\/MFWA-LOGO.png\",\"contentUrl\":\"https:\\\/\\\/www.mfwa.org\\\/wp-content\\\/uploads\\\/2016\\\/06\\\/MFWA-LOGO.png\",\"width\":180,\"height\":180,\"caption\":\"Media Foundation for West Africa\"},\"image\":{\"@id\":\"https:\\\/\\\/mfwa.org\\\/#\\\/schema\\\/logo\\\/image\\\/\"},\"sameAs\":[\"https:\\\/\\\/www.facebook.com\\\/themfwa\",\"https:\\\/\\\/x.com\\\/TheMFWA\",\"https:\\\/\\\/www.youtube.com\\\/channel\\\/UCF6HrPuXcV1K1Ed8AAq4Rdw\"]}]}<\/script>\n<!-- \/ Yoast SEO plugin. -->","yoast_head_json":{"title":"La Condamnation \u00e0 Perp\u00e9tuit\u00e9 du Meurtrier du Journaliste Tyron Brown est Salutaire - CEMESP - Media Foundation For West Africa","robots":{"index":"index","follow":"follow","max-snippet":"max-snippet:-1","max-image-preview":"max-image-preview:large","max-video-preview":"max-video-preview:-1"},"canonical":"https:\/\/mfwa.org\/partner-highlights\/journalists-murderer-sentenced-to-life-imprisonment-laudable-cemesp\/","og_locale":"fr_FR","og_type":"article","og_title":"La Condamnation \u00e0 Perp\u00e9tuit\u00e9 du Meurtrier du Journaliste Tyron Brown est Salutaire - CEMESP - Media Foundation For West Africa","og_description":"Plusieurs ont salu\u00e9 la condamnation a perp\u00e9tuit\u00e9 de Jonathan Williams, 52 ans, pour le meurtre du journaliste Tyron","og_url":"https:\/\/mfwa.org\/partner-highlights\/journalists-murderer-sentenced-to-life-imprisonment-laudable-cemesp\/","og_site_name":"Media Foundation For West Africa","article_publisher":"https:\/\/www.facebook.com\/themfwa","article_modified_time":"2020-04-30T08:20:10+00:00","og_image":[{"width":684,"height":419,"url":"https:\/\/mfwa.org\/wp-content\/uploads\/2020\/04\/TYRON.png","type":"image\/png"}],"twitter_card":"summary_large_image","twitter_site":"@TheMFWA","twitter_misc":{"Est. reading time":"1 minute"},"schema":{"@context":"https:\/\/schema.org","@graph":[{"@type":"WebPage","@id":"https:\/\/mfwa.org\/partner-highlights\/journalists-murderer-sentenced-to-life-imprisonment-laudable-cemesp\/","url":"https:\/\/mfwa.org\/partner-highlights\/journalists-murderer-sentenced-to-life-imprisonment-laudable-cemesp\/","name":"La Condamnation \u00e0 Perp\u00e9tuit\u00e9 du Meurtrier du Journaliste Tyron Brown est Salutaire - CEMESP - Media Foundation For West Africa","isPartOf":{"@id":"https:\/\/mfwa.org\/#website"},"primaryImageOfPage":{"@id":"https:\/\/mfwa.org\/partner-highlights\/journalists-murderer-sentenced-to-life-imprisonment-laudable-cemesp\/#primaryimage"},"image":{"@id":"https:\/\/mfwa.org\/partner-highlights\/journalists-murderer-sentenced-to-life-imprisonment-laudable-cemesp\/#primaryimage"},"thumbnailUrl":"https:\/\/mfwa.org\/wp-content\/uploads\/2020\/04\/TYRON.png","datePublished":"2020-04-23T11:43:43+00:00","dateModified":"2020-04-30T08:20:10+00:00","breadcrumb":{"@id":"https:\/\/mfwa.org\/partner-highlights\/journalists-murderer-sentenced-to-life-imprisonment-laudable-cemesp\/#breadcrumb"},"inLanguage":"fr-FR","potentialAction":[{"@type":"ReadAction","target":["https:\/\/mfwa.org\/partner-highlights\/journalists-murderer-sentenced-to-life-imprisonment-laudable-cemesp\/"]}]},{"@type":"ImageObject","inLanguage":"fr-FR","@id":"https:\/\/mfwa.org\/partner-highlights\/journalists-murderer-sentenced-to-life-imprisonment-laudable-cemesp\/#primaryimage","url":"https:\/\/mfwa.org\/wp-content\/uploads\/2020\/04\/TYRON.png","contentUrl":"https:\/\/mfwa.org\/wp-content\/uploads\/2020\/04\/TYRON.png","width":684,"height":419,"caption":"Tyron A. Browne, Journaliste Assassin\u00e9"},{"@type":"BreadcrumbList","@id":"https:\/\/mfwa.org\/partner-highlights\/journalists-murderer-sentenced-to-life-imprisonment-laudable-cemesp\/#breadcrumb","itemListElement":[{"@type":"ListItem","position":1,"name":"Home","item":"https:\/\/mfwa.org\/fr\/"},{"@type":"ListItem","position":2,"name":"Partner Highlights","item":"https:\/\/mfwa.org\/fr\/partner-highlights\/"},{"@type":"ListItem","position":3,"name":"La Condamnation \u00e0 Perp\u00e9tuit\u00e9 du Meurtrier du Journaliste Tyron Brown est Salutaire &#8211; CEMESP"}]},{"@type":"WebSite","@id":"https:\/\/mfwa.org\/#website","url":"https:\/\/mfwa.org\/","name":"Media Foundation For West Africa","description":"Promoting Freedom of Expression and Democracy in West Africa","publisher":{"@id":"https:\/\/mfwa.org\/#organization"},"potentialAction":[{"@type":"SearchAction","target":{"@type":"EntryPoint","urlTemplate":"https:\/\/mfwa.org\/?s={search_term_string}"},"query-input":{"@type":"PropertyValueSpecification","valueRequired":true,"valueName":"search_term_string"}}],"inLanguage":"fr-FR"},{"@type":"Organization","@id":"https:\/\/mfwa.org\/#organization","name":"Media Foundation for West Africa","url":"https:\/\/mfwa.org\/","logo":{"@type":"ImageObject","inLanguage":"fr-FR","@id":"https:\/\/mfwa.org\/#\/schema\/logo\/image\/","url":"https:\/\/www.mfwa.org\/wp-content\/uploads\/2016\/06\/MFWA-LOGO.png","contentUrl":"https:\/\/www.mfwa.org\/wp-content\/uploads\/2016\/06\/MFWA-LOGO.png","width":180,"height":180,"caption":"Media Foundation for West Africa"},"image":{"@id":"https:\/\/mfwa.org\/#\/schema\/logo\/image\/"},"sameAs":["https:\/\/www.facebook.com\/themfwa","https:\/\/x.com\/TheMFWA","https:\/\/www.youtube.com\/channel\/UCF6HrPuXcV1K1Ed8AAq4Rdw"]}]}},"_links":{"self":[{"href":"https:\/\/mfwa.org\/fr\/wp-json\/wp\/v2\/partner-highlights\/18379","targetHints":{"allow":["GET"]}}],"collection":[{"href":"https:\/\/mfwa.org\/fr\/wp-json\/wp\/v2\/partner-highlights"}],"about":[{"href":"https:\/\/mfwa.org\/fr\/wp-json\/wp\/v2\/types\/partner-highlights"}],"author":[{"embeddable":true,"href":"https:\/\/mfwa.org\/fr\/wp-json\/wp\/v2\/users\/6"}],"wp:featuredmedia":[{"embeddable":true,"href":"https:\/\/mfwa.org\/fr\/wp-json\/wp\/v2\/media\/18302"}],"wp:attachment":[{"href":"https:\/\/mfwa.org\/fr\/wp-json\/wp\/v2\/media?parent=18379"}],"wp:term":[{"taxonomy":"category","embeddable":true,"href":"https:\/\/mfwa.org\/fr\/wp-json\/wp\/v2\/categories?post=18379"},{"taxonomy":"country","embeddable":true,"href":"https:\/\/mfwa.org\/fr\/wp-json\/wp\/v2\/country?post=18379"}],"curies":[{"name":"wp","href":"https:\/\/api.w.org\/{rel}","templated":true}]}}