{"id":48803,"date":"2025-09-24T18:43:10","date_gmt":"2025-09-24T18:43:10","guid":{"rendered":"https:\/\/mfwa.org\/?page_id=48803"},"modified":"2026-04-15T16:46:44","modified_gmt":"2026-04-15T16:46:44","slug":"accueil-2","status":"publish","type":"page","link":"https:\/\/mfwa.org\/fr\/","title":{"rendered":"Accueil 2"},"content":{"rendered":"\t\t<div data-elementor-type=\"wp-page\" data-elementor-id=\"48803\" class=\"elementor elementor-48803\" data-elementor-post-type=\"page\">\n\t\t\t\t\t\t<section class=\"elementor-section elementor-top-section elementor-element elementor-element-c8ff3c3 elementor-section-full_width elementor-section-stretched elementor-section-height-default elementor-section-height-default sc_fly_static\" data-id=\"c8ff3c3\" data-element_type=\"section\" data-e-type=\"section\" data-settings=\"{&quot;stretch_section&quot;:&quot;section-stretched&quot;}\">\n\t\t\t\t\t\t<div class=\"elementor-container elementor-column-gap-no\">\n\t\t\t\t\t<div class=\"elementor-column elementor-col-33 elementor-top-column elementor-element elementor-element-6ba9775 sc_content_align_inherit sc_layouts_column_icons_position_left sc_fly_static\" data-id=\"6ba9775\" data-element_type=\"column\" data-e-type=\"column\">\n\t\t\t<div class=\"elementor-widget-wrap elementor-element-populated\">\n\t\t\t\t\t\t<div class=\"elementor-element elementor-element-fcc246f sc_fly_static elementor-widget elementor-widget-trx_sc_title\" data-id=\"fcc246f\" data-element_type=\"widget\" data-e-type=\"widget\" data-widget_type=\"trx_sc_title.default\">\n\t\t\t\t<div class=\"elementor-widget-container\">\n\t\t\t\t\t<div\t\tclass=\"sc_title sc_title_default\" ><h2 class=\"sc_item_title sc_title_title sc_item_title_style_default\"\n\t\t\t><span class=\"sc_item_title_text\">Renforcer les m\u00e9dias et les voix pour le bien public<\/span><\/h2><\/div>\t\t\t\t<\/div>\n\t\t\t\t<\/div>\n\t\t\t\t\t<\/div>\n\t\t<\/div>\n\t\t\t\t<div class=\"elementor-column elementor-col-66 elementor-top-column elementor-element elementor-element-6bb095e sc_content_align_inherit sc_layouts_column_icons_position_left sc_fly_static\" data-id=\"6bb095e\" data-element_type=\"column\" data-e-type=\"column\">\n\t\t\t<div class=\"elementor-widget-wrap elementor-element-populated\">\n\t\t\t\t\t\t<div class=\"elementor-element elementor-element-f9b25b4 sc_fly_static elementor-widget elementor-widget-shortcode\" data-id=\"f9b25b4\" data-element_type=\"widget\" data-e-type=\"widget\" data-widget_type=\"shortcode.default\">\n\t\t\t\t<div class=\"elementor-widget-container\">\n\t\t\t\t\t\t\t<div class=\"elementor-shortcode\">        <script src=\"https:\/\/cdn.tailwindcss.com\"><\/script>\n        <style>\n            .slide-fr.active { opacity: 1; z-index: 20; pointer-events: auto; }\n            .slide-fr { pointer-events: none; }\n            .fr-gradient-overlay {\n                position: absolute; top: 0; left: 0; width: 100%; height: 100%;\n                background: linear-gradient(to bottom, rgba(0,0,0,0.3) 0%, rgba(0,0,0,0.8) 100%);\n                z-index: 5; pointer-events: none;\n            }\n            @media (min-width: 768px) {\n                .fr-gradient-overlay {\n                    background: linear-gradient(90deg, rgba(0,0,0,0.85) 0%, rgba(0,0,0,0.4) 50%, transparent 100%);\n                }\n            }\n            .slide-background-fr {\n                position: absolute; top: 0; left: 0; width: 100%; height: 100%;\n                background-size: cover; background-position: center;\n                opacity: 0; transition: opacity 1000ms ease-in-out; z-index: 1;\n            }\n            .slide-background-fr.active { opacity: 1; }\n            .slider-desc-fr p { margin-bottom: 0.75rem; }\n            .slider-desc-fr a { text-decoration: underline; color: inherit; }\n        <\/style>\n\n        <div id=\"slider-container-fr\" class=\"group relative w-full h-[85vh] md:h-[70vh] min-h-[550px] overflow-hidden flex flex-col bg-[#1a1a1a] text-white font-sans antialiased touch-pan-y\">\n            <div class=\"fr-gradient-overlay\"><\/div>\n\n            <div id=\"slider-backgrounds-fr\" class=\"absolute top-0 left-0 w-full h-full\">\n                                    <div class=\"slide-background-fr\" style=\"background-image: url('https:\/\/mfwa.org\/wp-content\/uploads\/2026\/04\/mfwa-bg-fr.jpg')\"><\/div>\n                            <\/div>\n\n            <div id=\"slider-content-fr\" class=\"relative w-full h-full z-20 pointer-events-none\">\n                                <div class=\"slide-fr absolute top-0 left-0 w-full h-full opacity-0 transition-opacity duration-1000 ease-in-out flex items-center p-6 sm:p-10 md:p-16 lg:px-24\">\n                    <div class=\"w-full lg:max-w-4xl -mt-16 md:mt-0\">\n                        <h2 class=\"text-3xl sm:text-4xl md:text-6xl lg:text-7xl font-bold mb-3 md:mb-6 leading-tight drop-shadow-2xl text-white\">\n                            La Fondation des M\u00e9dias pour l\u2019Afrique de l\u2019Ouest (FMAO)                        <\/h2>\n                        <div class=\"slider-desc-fr text-base sm:text-lg md:text-xl lg:text-2xl mb-6 md:mb-10 max-w-2xl drop-shadow-lg text-gray-100 leading-snug md:leading-relaxed overflow-visible\">\n                            <p data-path-to-node=\"1\">Nous sommes une organisation non gouvernementale r\u00e9gionale ind\u00e9pendante, disposant d'un r\u00e9seau d'organisations partenaires nationales dans les 16 pays d'Afrique de l'Ouest. Notre mission est de renforcer, promouvoir et d\u00e9fendre les m\u00e9dias et les voix citoyennes pour la bonne gouvernance et le d\u00e9veloppement d\u00e9mocratique en Afrique de l'Ouest.<\/p>\n<p data-path-to-node=\"2\">Au-del\u00e0 de nos 16 partenaires dans la r\u00e9gion, nous collaborons avec les agences des Nations Unies gr\u00e2ce \u00e0 notre statut consultatif aupr\u00e8s de l'ECOSOC et avec la CEDEAO via notre accord de partenariat formel. Au niveau de l'Union africaine, nous b\u00e9n\u00e9ficions du statut d'observateur aupr\u00e8s de la Commission africaine des droits de l'homme et des peuples (CADHP). Nous appartenons \u00e9galement \u00e0 d'autres r\u00e9seaux mondiaux et continentaux tels que l'IFEX, l'AFIC, l'AFEX, le GFMD et l'IATI.<\/p>\n<p>&nbsp;<\/p>\n                        <\/div>\n                                                <a href=\"#\" class=\"pointer-events-auto inline-flex items-center bg-[#c00] text-white font-bold py-3 px-8 md:py-4 md:px-10 text-sm md:text-lg hover:bg-red-800 transition-all transform active:scale-95 shadow-2xl rounded\">\n                            Lire la suite                            <svg xmlns=\"http:\/\/www.w3.org\/2000\/svg\" class=\"h-4 w-4 md:h-5 md:w-5 ml-2 md:ml-3\" fill=\"none\" viewBox=\"0 0 24 24\" stroke=\"currentColor\" stroke-width=\"3\">\n                                <path stroke-linecap=\"round\" stroke-linejoin=\"round\" d=\"M9 5l7 7-7 7\" \/>\n                            <\/svg>\n                        <\/a>\n                                            <\/div>\n                <\/div>\n                            <\/div>\n        <\/div>\n\n        <script>\n        document.addEventListener('DOMContentLoaded', function () {\n            const AUTOPLAY_DELAY_FR = 7000; \n            const containerFr = document.getElementById('slider-container-fr');\n            const contentSlidesFr = document.querySelectorAll('#slider-content-fr .slide-fr');\n            const bgSlidesFr = document.querySelectorAll('#slider-backgrounds-fr .slide-background-fr');\n\n            if(contentSlidesFr.length === 0) return;\n            let currentSlideFr = 0;\n            let autoplayIntervalFr;\n\n            function goToSlideFr(index) {\n                currentSlideFr = (index + contentSlidesFr.length) % contentSlidesFr.length;\n                contentSlidesFr.forEach((s, i) => s.classList.toggle('active', i === currentSlideFr));\n                bgSlidesFr.forEach((s, i) => s.classList.toggle('active', i === currentSlideFr));\n            }\n            \n            function startAutoplayFr() { autoplayIntervalFr = setInterval(() => goToSlideFr(currentSlideFr + 1), AUTOPLAY_DELAY_FR); }\n            function resetAutoplayFr() { clearInterval(autoplayIntervalFr); startAutoplayFr(); }\n\n            let touchStartXFr = 0;\n            let touchEndXFr = 0;\n            containerFr.addEventListener('touchstart', e => { touchStartXFr = e.changedTouches[0].screenX; }, {passive: true});\n            containerFr.addEventListener('touchend', e => {\n                touchEndXFr = e.changedTouches[0].screenX;\n                if (touchStartXFr - touchEndXFr > 50) { goToSlideFr(currentSlideFr + 1); resetAutoplayFr(); }\n                if (touchEndXFr - touchStartXFr > 50) { goToSlideFr(currentSlideFr - 1); resetAutoplayFr(); }\n            }, {passive: true});\n            \n            goToSlideFr(0);\n            startAutoplayFr();\n        });\n        <\/script>\n        <\/div>\n\t\t\t\t\t\t<\/div>\n\t\t\t\t<\/div>\n\t\t\t\t\t<\/div>\n\t\t<\/div>\n\t\t\t\t\t<\/div>\n\t\t<\/section>\n\t\t\t\t<section class=\"elementor-section elementor-top-section elementor-element elementor-element-9b17101 elementor-section-full_width elementor-section-stretched elementor-section-height-default elementor-section-height-default sc_fly_static\" data-id=\"9b17101\" data-element_type=\"section\" data-e-type=\"section\" data-settings=\"{&quot;background_background&quot;:&quot;classic&quot;,&quot;stretch_section&quot;:&quot;section-stretched&quot;}\">\n\t\t\t\t\t\t<div class=\"elementor-container elementor-column-gap-extended\">\n\t\t\t\t\t<div class=\"elementor-column elementor-col-100 elementor-top-column elementor-element elementor-element-17b29e7 sc_content_align_inherit sc_layouts_column_icons_position_left sc_fly_static\" data-id=\"17b29e7\" data-element_type=\"column\" data-e-type=\"column\">\n\t\t\t<div class=\"elementor-widget-wrap elementor-element-populated\">\n\t\t\t\t\t\t<div class=\"elementor-element elementor-element-8553b31 scheme_dark sc_fly_static elementor-widget elementor-widget-trx_sc_title\" data-id=\"8553b31\" data-element_type=\"widget\" data-e-type=\"widget\" data-widget_type=\"trx_sc_title.default\">\n\t\t\t\t<div class=\"elementor-widget-container\">\n\t\t\t\t\t<div\t\tclass=\"sc_title scheme_dark sc_title_default\" ><h2 class=\"sc_item_title sc_title_title sc_align_center sc_item_title_style_default trx_addons_inline_896689649\"\n\t\t\t><span class=\"sc_item_title_text\">Nos domaines d\u2019expertises<\/span><\/h2><\/div>\t\t\t\t<\/div>\n\t\t\t\t<\/div>\n\t\t\t\t<div class=\"elementor-element elementor-element-2933762 sc_fly_static elementor-widget elementor-widget-trx_sc_services\" data-id=\"2933762\" data-element_type=\"widget\" data-e-type=\"widget\" data-widget_type=\"trx_sc_services.default\">\n\t\t\t\t<div class=\"elementor-widget-container\">\n\t\t\t\t\t<div class=\"sc_services sc_services_qw-plaque sc_services_featured_top\"><div class=\"sc_services_columns_wrap sc_item_columns sc_item_posts_container sc_item_columns_4 trx_addons_columns_wrap columns_padding_bottom columns_in_single_row\"><div class=\"trx_addons_column-1_4 \"><div data-post-id=\"47526\" class=\"sc_services_item sc_item_container post_container with_more with_content with_image sc_services_item_featured_none post-47526 page type-page status-publish has-post-thumbnail hentry\">\n\t\t<div class=\"sc_services_item_content \" style=\"background-image: url(https:\/\/mfwa.org\/wp-content\/uploads\/2026\/03\/freedom-2-840x982.png);\">\n\t\t\t\t<div class=\"sc_services_item_content_inner\"><div class=\"sc_services_item_content_inner_bottom\"><div class=\"sc_services_item_info_wrap\">\n                    <div class=\"sc_services_item_title_wrap\"><h5 class=\"sc_services_item_title\"><a href=\"https:\/\/mfwa.org\/fr\/freedom-of-expression\/\">Plaidoyer Pour la Libert\u00e9 d\u2019Expression<\/a><\/h5>\n                        <\/div><div class=\"sc_services_item_button sc_item_button\">\n                        <a href=\"https:\/\/mfwa.org\/fr\/freedom-of-expression\/\" class=\"sc_services_item_more_link\">\n                            <span class=\"link_text\">Read more<\/span><span class=\"link_icon\"><\/span>\n                        <\/a>\n                        <\/div><\/div><div class=\"sc_services_item_text\"><p>&nbsp; Acc\u00e8s Rapide Nos Activit\u00e9s &amp; Projets L&#8217;Equipe R\u00e9cits de succ\u00e8s Faire un don &nbsp; Page (post) title<\/p>\n<\/div><\/div><\/div><a class=\"sc_services_item_link\" href=\"https:\/\/mfwa.org\/fr\/freedom-of-expression\/\"><\/a><\/div><\/div><\/div><div class=\"trx_addons_column-1_4 \"><div data-post-id=\"47690\" class=\"sc_services_item sc_item_container post_container with_more with_content with_image sc_services_item_featured_none post-47690 page type-page status-publish has-post-thumbnail hentry\">\n\t\t<div class=\"sc_services_item_content \" style=\"background-image: url(https:\/\/mfwa.org\/wp-content\/uploads\/2026\/03\/digitalright-840x612.jpg);\">\n\t\t\t\t<div class=\"sc_services_item_content_inner\"><div class=\"sc_services_item_content_inner_bottom\"><div class=\"sc_services_item_info_wrap\">\n                    <div class=\"sc_services_item_title_wrap\"><h5 class=\"sc_services_item_title\"><a href=\"https:\/\/mfwa.org\/fr\/digital-rights\/\">Droits Num\u00e9riques<\/a><\/h5>\n                        <\/div><div class=\"sc_services_item_button sc_item_button\">\n                        <a href=\"https:\/\/mfwa.org\/fr\/digital-rights\/\" class=\"sc_services_item_more_link\">\n                            <span class=\"link_text\">Read more<\/span><span class=\"link_icon\"><\/span>\n                        <\/a>\n                        <\/div><\/div><div class=\"sc_services_item_text\"><p>&nbsp; Acc\u00e8s Rapide Nos Activit\u00e9s &amp; Projets L&#8217;Equipe R\u00e9cits de Succ\u00e8s Faire un Don &nbsp; Page (post) title<\/p>\n<\/div><\/div><\/div><a class=\"sc_services_item_link\" href=\"https:\/\/mfwa.org\/fr\/digital-rights\/\"><\/a><\/div><\/div><\/div><div class=\"trx_addons_column-1_4 \"><div data-post-id=\"47611\" class=\"sc_services_item sc_item_container post_container with_more with_content with_image sc_services_item_featured_none post-47611 page type-page status-publish has-post-thumbnail hentry\">\n\t\t<div class=\"sc_services_item_content \" style=\"background-image: url(https:\/\/mfwa.org\/wp-content\/uploads\/2024\/10\/governance.jpg);\">\n\t\t\t\t<div class=\"sc_services_item_content_inner\"><div class=\"sc_services_item_content_inner_bottom\"><div class=\"sc_services_item_info_wrap\">\n                    <div class=\"sc_services_item_title_wrap\"><h5 class=\"sc_services_item_title\"><a href=\"https:\/\/mfwa.org\/fr\/media-good-governance\/\">M\u00e9dias et Bonne Gouvernance<\/a><\/h5>\n                        <\/div><div class=\"sc_services_item_button sc_item_button\">\n                        <a href=\"https:\/\/mfwa.org\/fr\/media-good-governance\/\" class=\"sc_services_item_more_link\">\n                            <span class=\"link_text\">Read more<\/span><span class=\"link_icon\"><\/span>\n                        <\/a>\n                        <\/div><\/div><div class=\"sc_services_item_text\"><p>&nbsp; Acc\u00e8s Rapide Nos Activit\u00e9s &amp; Projets Le stage de formation de la nouvelle generation de journalistes d&#8217;investigation<\/p>\n<\/div><\/div><\/div><a class=\"sc_services_item_link\" href=\"https:\/\/mfwa.org\/fr\/media-good-governance\/\"><\/a><\/div><\/div><\/div><div class=\"trx_addons_column-1_4 \"><div data-post-id=\"47713\" class=\"sc_services_item sc_item_container post_container with_more with_content with_image sc_services_item_featured_none post-47713 page type-page status-publish has-post-thumbnail hentry\">\n\t\t<div class=\"sc_services_item_content \" style=\"background-image: url(https:\/\/mfwa.org\/wp-content\/uploads\/2024\/10\/peace.jpg);\">\n\t\t\t\t<div class=\"sc_services_item_content_inner\"><div class=\"sc_services_item_content_inner_bottom\"><div class=\"sc_services_item_info_wrap\">\n                    <div class=\"sc_services_item_title_wrap\"><h5 class=\"sc_services_item_title\"><a href=\"https:\/\/mfwa.org\/fr\/journalism-for-change\/\">Journalisme pour le Changement<\/a><\/h5>\n                        <\/div><div class=\"sc_services_item_button sc_item_button\">\n                        <a href=\"https:\/\/mfwa.org\/fr\/journalism-for-change\/\" class=\"sc_services_item_more_link\">\n                            <span class=\"link_text\">Read more<\/span><span class=\"link_icon\"><\/span>\n                        <\/a>\n                        <\/div><\/div><div class=\"sc_services_item_text\"><p>&nbsp; Quick Links Our Activities &amp; Projects Meet The Team Success Stories Donate &nbsp; Page (post) title HomePage<\/p>\n<\/div><\/div><\/div><a class=\"sc_services_item_link\" href=\"https:\/\/mfwa.org\/fr\/journalism-for-change\/\"><\/a><\/div><\/div><\/div><\/div><\/div>\t\t\t\t<\/div>\n\t\t\t\t<\/div>\n\t\t\t\t\t<\/div>\n\t\t<\/div>\n\t\t\t\t\t<\/div>\n\t\t<\/section>\n\t\t\t\t<section class=\"elementor-section elementor-top-section elementor-element elementor-element-a899196 elementor-section-full_width elementor-section-stretched elementor-section-height-default elementor-section-height-default sc_fly_static\" data-id=\"a899196\" data-element_type=\"section\" data-e-type=\"section\" data-settings=\"{&quot;background_background&quot;:&quot;classic&quot;,&quot;stretch_section&quot;:&quot;section-stretched&quot;}\">\n\t\t\t\t\t\t<div class=\"elementor-container elementor-column-gap-default\">\n\t\t\t\t\t<div class=\"elementor-column elementor-col-100 elementor-top-column elementor-element elementor-element-8e92fdc sc_content_align_inherit sc_layouts_column_icons_position_left sc_fly_static\" data-id=\"8e92fdc\" data-element_type=\"column\" data-e-type=\"column\">\n\t\t\t<div class=\"elementor-widget-wrap elementor-element-populated\">\n\t\t\t\t\t\t<div class=\"elementor-element elementor-element-ae3b216 sc_fly_static elementor-widget elementor-widget-trx_sc_title\" data-id=\"ae3b216\" data-element_type=\"widget\" data-e-type=\"widget\" data-widget_type=\"trx_sc_title.default\">\n\t\t\t\t<div class=\"elementor-widget-container\">\n\t\t\t\t\t<div\t\tclass=\"sc_title sc_title_default\" ><h2 class=\"sc_item_title sc_title_title sc_align_center sc_item_title_style_default\"\n\t\t\t><span class=\"sc_item_title_text\">Notre Impact<\/span><\/h2><\/div>\t\t\t\t<\/div>\n\t\t\t\t<\/div>\n\t\t\t\t<div class=\"elementor-element elementor-element-1a54f96 elementor-widget-divider--view-line sc_fly_static elementor-widget elementor-widget-divider\" data-id=\"1a54f96\" data-element_type=\"widget\" data-e-type=\"widget\" data-widget_type=\"divider.default\">\n\t\t\t\t<div class=\"elementor-widget-container\">\n\t\t\t\t\t\t\t<div class=\"elementor-divider\">\n\t\t\t<span class=\"elementor-divider-separator\">\n\t\t\t\t\t\t<\/span>\n\t\t<\/div>\n\t\t\t\t\t\t<\/div>\n\t\t\t\t<\/div>\n\t\t\t\t<div class=\"elementor-element elementor-element-09ea6fa sc_fly_static elementor-widget elementor-widget-shortcode\" data-id=\"09ea6fa\" data-element_type=\"widget\" data-e-type=\"widget\" data-widget_type=\"shortcode.default\">\n\t\t\t\t<div class=\"elementor-widget-container\">\n\t\t\t\t\t\t\t<div class=\"elementor-shortcode\"><div class=\"mfwa-pro-wrapper mfwa-type-our_impact\">\n    <div class=\"mfwa-pro-grid cols-4\">\n                <article class=\"mfwa-pro-card\">\n                            <div class=\"mfwa-pro-media\">\n                    <a href=\"https:\/\/mfwa.org\/fr\/impact-stories\/la-denonciation-dune-sage-femme-charlatane-par-le-fourth-estate-donne-lieu-a-des-actions-punitives-et-a-des-reformes\/\"><img fetchpriority=\"high\" decoding=\"async\" width=\"768\" height=\"454\" src=\"https:\/\/mfwa.org\/wp-content\/uploads\/2023\/12\/Quack-midwife_Screenshot-from-The-Fourth-Estate-website_2023-12-15-at-3.54.22-PM_copy-768x454.png\" class=\"attachment-medium_large size-medium_large wp-post-image\" alt=\"\" srcset=\"https:\/\/mfwa.org\/wp-content\/uploads\/2023\/12\/Quack-midwife_Screenshot-from-The-Fourth-Estate-website_2023-12-15-at-3.54.22-PM_copy-768x454.png 768w, https:\/\/mfwa.org\/wp-content\/uploads\/2023\/12\/Quack-midwife_Screenshot-from-The-Fourth-Estate-website_2023-12-15-at-3.54.22-PM_copy-600x355.png 600w, https:\/\/mfwa.org\/wp-content\/uploads\/2023\/12\/Quack-midwife_Screenshot-from-The-Fourth-Estate-website_2023-12-15-at-3.54.22-PM_copy-1024x605.png 1024w, https:\/\/mfwa.org\/wp-content\/uploads\/2023\/12\/Quack-midwife_Screenshot-from-The-Fourth-Estate-website_2023-12-15-at-3.54.22-PM_copy-1536x908.png 1536w, https:\/\/mfwa.org\/wp-content\/uploads\/2023\/12\/Quack-midwife_Screenshot-from-The-Fourth-Estate-website_2023-12-15-at-3.54.22-PM_copy-150x89.png 150w, https:\/\/mfwa.org\/wp-content\/uploads\/2023\/12\/Quack-midwife_Screenshot-from-The-Fourth-Estate-website_2023-12-15-at-3.54.22-PM_copy-300x177.png 300w, https:\/\/mfwa.org\/wp-content\/uploads\/2023\/12\/Quack-midwife_Screenshot-from-The-Fourth-Estate-website_2023-12-15-at-3.54.22-PM_copy-696x411.png 696w, https:\/\/mfwa.org\/wp-content\/uploads\/2023\/12\/Quack-midwife_Screenshot-from-The-Fourth-Estate-website_2023-12-15-at-3.54.22-PM_copy-1068x631.png 1068w, https:\/\/mfwa.org\/wp-content\/uploads\/2023\/12\/Quack-midwife_Screenshot-from-The-Fourth-Estate-website_2023-12-15-at-3.54.22-PM_copy.png 1776w\" sizes=\"(max-width: 768px) 100vw, 768px\" \/><\/a>\n                <\/div>\n                        \n            <div class=\"mfwa-pro-body\">\n                <div class=\"mfwa-order-1\"><a href=\"https:\/\/mfwa.org\/fr\/country\/ghana-fr\/\" class=\"mfwa-pro-label\">Ghana<\/a><\/div>\n                <div class=\"mfwa-order-2\">\n                    <h3 class=\"mfwa-pro-title\">\n                        <a href=\"https:\/\/mfwa.org\/fr\/impact-stories\/la-denonciation-dune-sage-femme-charlatane-par-le-fourth-estate-donne-lieu-a-des-actions-punitives-et-a-des-reformes\/\">La d\u00e9nonciation d&#8217;une sage-femme charlatane par le Fourth Estate donne lieu \u00e0 des actions punitives et \u00e0 des r\u00e9formes<\/a>\n                    <\/h3>\n                <\/div>\n                                    <div class=\"mfwa-order-3 mfwa-pro-excerpt\">\n                        Deux \u00e9tablissements de sant\u00e9 d&#8217;Accra, le New Generation Medical Centre et l&#8217;Adams Family Specialist Clinic, ont \u00e9t\u00e9 condamn\u00e9s                    <\/div>\n                            <\/div>\n        <\/article>\n                <article class=\"mfwa-pro-card\">\n                            <div class=\"mfwa-pro-media\">\n                    <a href=\"https:\/\/mfwa.org\/fr\/impact-stories\/notre-directeur-executif-laureat-de-limpact-award-2023-prix-decerne-par-une-organisation-americaine-de-renom\/\"><img decoding=\"async\" width=\"768\" height=\"512\" src=\"https:\/\/mfwa.org\/wp-content\/uploads\/2023\/05\/Main-accompanying-pic--768x512.jpg\" class=\"attachment-medium_large size-medium_large wp-post-image\" alt=\"\" srcset=\"https:\/\/mfwa.org\/wp-content\/uploads\/2023\/05\/Main-accompanying-pic--768x512.jpg 768w, https:\/\/mfwa.org\/wp-content\/uploads\/2023\/05\/Main-accompanying-pic--600x400.jpg 600w, https:\/\/mfwa.org\/wp-content\/uploads\/2023\/05\/Main-accompanying-pic--1024x683.jpg 1024w, https:\/\/mfwa.org\/wp-content\/uploads\/2023\/05\/Main-accompanying-pic--150x100.jpg 150w, https:\/\/mfwa.org\/wp-content\/uploads\/2023\/05\/Main-accompanying-pic--300x200.jpg 300w, https:\/\/mfwa.org\/wp-content\/uploads\/2023\/05\/Main-accompanying-pic--696x464.jpg 696w, https:\/\/mfwa.org\/wp-content\/uploads\/2023\/05\/Main-accompanying-pic--1068x712.jpg 1068w, https:\/\/mfwa.org\/wp-content\/uploads\/2023\/05\/Main-accompanying-pic-.jpg 1080w\" sizes=\"(max-width: 768px) 100vw, 768px\" \/><\/a>\n                <\/div>\n                        \n            <div class=\"mfwa-pro-body\">\n                <div class=\"mfwa-order-1\"><a href=\"https:\/\/mfwa.org\/fr\/country\/afrique-de-louest\/\" class=\"mfwa-pro-label\">Afrique de l&#039;Ouest<\/a><\/div>\n                <div class=\"mfwa-order-2\">\n                    <h3 class=\"mfwa-pro-title\">\n                        <a href=\"https:\/\/mfwa.org\/fr\/impact-stories\/notre-directeur-executif-laureat-de-limpact-award-2023-prix-decerne-par-une-organisation-americaine-de-renom\/\">Notre directeur ex\u00e9cutif, laur\u00e9at de l\u2019Impact Award 2023, prix d\u00e9cern\u00e9 par une organisation am\u00e9ricaine de renom<\/a>\n                    <\/h3>\n                <\/div>\n                            <\/div>\n        <\/article>\n                <article class=\"mfwa-pro-card\">\n                            <div class=\"mfwa-pro-media\">\n                    <a href=\"https:\/\/mfwa.org\/fr\/impact-stories\/le-journalisme-de-redevabilite-oblige-plus-de-200-fonctionnaires-a-declarer-leurs-avoirs\/\"><img decoding=\"async\" width=\"696\" height=\"464\" src=\"https:\/\/mfwa.org\/wp-content\/uploads\/2023\/02\/mmdces.jpg\" class=\"attachment-medium_large size-medium_large wp-post-image\" alt=\"\" srcset=\"https:\/\/mfwa.org\/wp-content\/uploads\/2023\/02\/mmdces.jpg 696w, https:\/\/mfwa.org\/wp-content\/uploads\/2023\/02\/mmdces-600x400.jpg 600w, https:\/\/mfwa.org\/wp-content\/uploads\/2023\/02\/mmdces-150x100.jpg 150w, https:\/\/mfwa.org\/wp-content\/uploads\/2023\/02\/mmdces-300x200.jpg 300w\" sizes=\"(max-width: 696px) 100vw, 696px\" \/><\/a>\n                <\/div>\n                        \n            <div class=\"mfwa-pro-body\">\n                <div class=\"mfwa-order-1\"><a href=\"https:\/\/mfwa.org\/fr\/country\/ghana-fr\/\" class=\"mfwa-pro-label\">Ghana<\/a><\/div>\n                <div class=\"mfwa-order-2\">\n                    <h3 class=\"mfwa-pro-title\">\n                        <a href=\"https:\/\/mfwa.org\/fr\/impact-stories\/le-journalisme-de-redevabilite-oblige-plus-de-200-fonctionnaires-a-declarer-leurs-avoirs\/\">Le journalisme de redevabilit\u00e9 oblige plus de 200 fonctionnaires \u00e0 d\u00e9clarer leurs avoirs<\/a>\n                    <\/h3>\n                <\/div>\n                            <\/div>\n        <\/article>\n                <article class=\"mfwa-pro-card\">\n                            <div class=\"mfwa-pro-media\">\n                    <a href=\"https:\/\/mfwa.org\/fr\/impact-stories\/les-juges-et-les-deputes-ghaneens-a-declarer-leurs-biens-grace-au-journalisme\/\"><img loading=\"lazy\" decoding=\"async\" width=\"600\" height=\"362\" src=\"https:\/\/mfwa.org\/wp-content\/uploads\/2022\/10\/judges.jpg\" class=\"attachment-medium_large size-medium_large wp-post-image\" alt=\"\" srcset=\"https:\/\/mfwa.org\/wp-content\/uploads\/2022\/10\/judges.jpg 600w, https:\/\/mfwa.org\/wp-content\/uploads\/2022\/10\/judges-150x91.jpg 150w, https:\/\/mfwa.org\/wp-content\/uploads\/2022\/10\/judges-300x181.jpg 300w\" sizes=\"(max-width: 600px) 100vw, 600px\" \/><\/a>\n                <\/div>\n                        \n            <div class=\"mfwa-pro-body\">\n                <div class=\"mfwa-order-1\"><a href=\"https:\/\/mfwa.org\/fr\/country\/ghana-fr\/\" class=\"mfwa-pro-label\">Ghana<\/a><\/div>\n                <div class=\"mfwa-order-2\">\n                    <h3 class=\"mfwa-pro-title\">\n                        <a href=\"https:\/\/mfwa.org\/fr\/impact-stories\/les-juges-et-les-deputes-ghaneens-a-declarer-leurs-biens-grace-au-journalisme\/\">Les juges et les d\u00e9put\u00e9s ghan\u00e9ens \u00e0 d\u00e9clarer leurs biens gr\u00e2ce au journalisme<\/a>\n                    <\/h3>\n                <\/div>\n                            <\/div>\n        <\/article>\n                <article class=\"mfwa-pro-card\">\n                            <div class=\"mfwa-pro-media\">\n                    <a href=\"https:\/\/mfwa.org\/fr\/impact-stories\/la-commission-de-linformation-honore-la-mfwa-pour-son-role-de-cador-de-lacces-a-linformation\/\"><img loading=\"lazy\" decoding=\"async\" width=\"768\" height=\"512\" src=\"https:\/\/mfwa.org\/wp-content\/uploads\/2022\/09\/IMG_0065-768x512.jpg\" class=\"attachment-medium_large size-medium_large wp-post-image\" alt=\"\" srcset=\"https:\/\/mfwa.org\/wp-content\/uploads\/2022\/09\/IMG_0065-768x512.jpg 768w, https:\/\/mfwa.org\/wp-content\/uploads\/2022\/09\/IMG_0065-600x400.jpg 600w, https:\/\/mfwa.org\/wp-content\/uploads\/2022\/09\/IMG_0065-1024x683.jpg 1024w, https:\/\/mfwa.org\/wp-content\/uploads\/2022\/09\/IMG_0065-1536x1024.jpg 1536w, https:\/\/mfwa.org\/wp-content\/uploads\/2022\/09\/IMG_0065-2048x1365.jpg 2048w, https:\/\/mfwa.org\/wp-content\/uploads\/2022\/09\/IMG_0065-150x100.jpg 150w, https:\/\/mfwa.org\/wp-content\/uploads\/2022\/09\/IMG_0065-300x200.jpg 300w, https:\/\/mfwa.org\/wp-content\/uploads\/2022\/09\/IMG_0065-696x464.jpg 696w, https:\/\/mfwa.org\/wp-content\/uploads\/2022\/09\/IMG_0065-1068x712.jpg 1068w, https:\/\/mfwa.org\/wp-content\/uploads\/2022\/09\/IMG_0065-1920x1280.jpg 1920w\" sizes=\"(max-width: 768px) 100vw, 768px\" \/><\/a>\n                <\/div>\n                        \n            <div class=\"mfwa-pro-body\">\n                <div class=\"mfwa-order-1\"><a href=\"https:\/\/mfwa.org\/fr\/country\/ghana-fr\/\" class=\"mfwa-pro-label\">Ghana<\/a><\/div>\n                <div class=\"mfwa-order-2\">\n                    <h3 class=\"mfwa-pro-title\">\n                        <a href=\"https:\/\/mfwa.org\/fr\/impact-stories\/la-commission-de-linformation-honore-la-mfwa-pour-son-role-de-cador-de-lacces-a-linformation\/\">La Commission de l&#8217;information honore la MFWA pour son r\u00f4le de cador de l&#8217;Acc\u00e8s \u00e0 l&#8217;Information<\/a>\n                    <\/h3>\n                <\/div>\n                            <\/div>\n        <\/article>\n                <article class=\"mfwa-pro-card\">\n                            <div class=\"mfwa-pro-media\">\n                    <a href=\"https:\/\/mfwa.org\/fr\/impact-stories\/acces-a-linformation-le-ministre-de-linformation-du-ghana-salue-le-travail-de-la-mfwa\/\"><img loading=\"lazy\" decoding=\"async\" width=\"768\" height=\"511\" src=\"https:\/\/mfwa.org\/wp-content\/uploads\/2022\/03\/KON-768x511.jpg\" class=\"attachment-medium_large size-medium_large wp-post-image\" alt=\"\" srcset=\"https:\/\/mfwa.org\/wp-content\/uploads\/2022\/03\/KON-768x511.jpg 768w, https:\/\/mfwa.org\/wp-content\/uploads\/2022\/03\/KON-600x400.jpg 600w, https:\/\/mfwa.org\/wp-content\/uploads\/2022\/03\/KON-150x100.jpg 150w, https:\/\/mfwa.org\/wp-content\/uploads\/2022\/03\/KON-300x200.jpg 300w, https:\/\/mfwa.org\/wp-content\/uploads\/2022\/03\/KON-696x464.jpg 696w, https:\/\/mfwa.org\/wp-content\/uploads\/2022\/03\/KON.jpg 979w\" sizes=\"(max-width: 768px) 100vw, 768px\" \/><\/a>\n                <\/div>\n                        \n            <div class=\"mfwa-pro-body\">\n                <div class=\"mfwa-order-1\"><a href=\"https:\/\/mfwa.org\/fr\/country\/ghana-fr\/\" class=\"mfwa-pro-label\">Ghana<\/a><\/div>\n                <div class=\"mfwa-order-2\">\n                    <h3 class=\"mfwa-pro-title\">\n                        <a href=\"https:\/\/mfwa.org\/fr\/impact-stories\/acces-a-linformation-le-ministre-de-linformation-du-ghana-salue-le-travail-de-la-mfwa\/\">Acc\u00e8s \u00e0 l\u2019information : Le ministre de l\u2019information du Ghana salue le travail de la MFWA<\/a>\n                    <\/h3>\n                <\/div>\n                            <\/div>\n        <\/article>\n                <article class=\"mfwa-pro-card\">\n                            <div class=\"mfwa-pro-media\">\n                    <a href=\"https:\/\/mfwa.org\/fr\/impact-stories\/un-journaliste-beninois-libere-de-detention-rend-visite-a-la-mfwa-a-accra-pour-exprimer-sa-reconnaissance\/\"><img loading=\"lazy\" decoding=\"async\" width=\"768\" height=\"408\" src=\"https:\/\/mfwa.org\/wp-content\/uploads\/2021\/02\/ignacemat-MFWA-768x408.jpg\" class=\"attachment-medium_large size-medium_large wp-post-image\" alt=\"\" srcset=\"https:\/\/mfwa.org\/wp-content\/uploads\/2021\/02\/ignacemat-MFWA-768x408.jpg 768w, https:\/\/mfwa.org\/wp-content\/uploads\/2021\/02\/ignacemat-MFWA-600x319.jpg 600w, https:\/\/mfwa.org\/wp-content\/uploads\/2021\/02\/ignacemat-MFWA-1024x544.jpg 1024w, https:\/\/mfwa.org\/wp-content\/uploads\/2021\/02\/ignacemat-MFWA-1536x817.jpg 1536w, https:\/\/mfwa.org\/wp-content\/uploads\/2021\/02\/ignacemat-MFWA-2048x1089.jpg 2048w, https:\/\/mfwa.org\/wp-content\/uploads\/2021\/02\/ignacemat-MFWA-370x197.jpg 370w, https:\/\/mfwa.org\/wp-content\/uploads\/2021\/02\/ignacemat-MFWA-570x303.jpg 570w, https:\/\/mfwa.org\/wp-content\/uploads\/2021\/02\/ignacemat-MFWA-770x409.jpg 770w, https:\/\/mfwa.org\/wp-content\/uploads\/2021\/02\/ignacemat-MFWA-1170x622.jpg 1170w, https:\/\/mfwa.org\/wp-content\/uploads\/2021\/02\/ignacemat-MFWA-1091x580.jpg 1091w, https:\/\/mfwa.org\/wp-content\/uploads\/2021\/02\/ignacemat-MFWA-470x250.jpg 470w\" sizes=\"(max-width: 768px) 100vw, 768px\" \/><\/a>\n                <\/div>\n                        \n            <div class=\"mfwa-pro-body\">\n                <div class=\"mfwa-order-1\"><a href=\"https:\/\/mfwa.org\/fr\/country\/benin-fr\/\" class=\"mfwa-pro-label\">B\u00e9nin<\/a><\/div>\n                <div class=\"mfwa-order-2\">\n                    <h3 class=\"mfwa-pro-title\">\n                        <a href=\"https:\/\/mfwa.org\/fr\/impact-stories\/un-journaliste-beninois-libere-de-detention-rend-visite-a-la-mfwa-a-accra-pour-exprimer-sa-reconnaissance\/\">Un journaliste B\u00e9ninois Lib\u00e9r\u00e9 de D\u00e9tention rend Visite \u00e0 la MFWA \u00e0 Accra pour Exprimer sa Reconnaissance<\/a>\n                    <\/h3>\n                <\/div>\n                            <\/div>\n        <\/article>\n                <article class=\"mfwa-pro-card\">\n                            <div class=\"mfwa-pro-media\">\n                    <a href=\"https:\/\/mfwa.org\/fr\/impact-stories\/impact-de-la-mfwa-en-2019-des-vies-sauvees-la-responsabilisation-encouragee-les-journalistes-soutenus-et-inspires\/\"><img loading=\"lazy\" decoding=\"async\" width=\"768\" height=\"493\" src=\"https:\/\/mfwa.org\/wp-content\/uploads\/2019\/12\/Screenshot-2019-12-17-at-12.32.28-PM-768x493.png\" class=\"attachment-medium_large size-medium_large wp-post-image\" alt=\"\" srcset=\"https:\/\/mfwa.org\/wp-content\/uploads\/2019\/12\/Screenshot-2019-12-17-at-12.32.28-PM-768x493.png 768w, https:\/\/mfwa.org\/wp-content\/uploads\/2019\/12\/Screenshot-2019-12-17-at-12.32.28-PM-600x385.png 600w, https:\/\/mfwa.org\/wp-content\/uploads\/2019\/12\/Screenshot-2019-12-17-at-12.32.28-PM-1024x657.png 1024w, https:\/\/mfwa.org\/wp-content\/uploads\/2019\/12\/Screenshot-2019-12-17-at-12.32.28-PM-250x160.png 250w, https:\/\/mfwa.org\/wp-content\/uploads\/2019\/12\/Screenshot-2019-12-17-at-12.32.28-PM-370x238.png 370w, https:\/\/mfwa.org\/wp-content\/uploads\/2019\/12\/Screenshot-2019-12-17-at-12.32.28-PM-570x366.png 570w, https:\/\/mfwa.org\/wp-content\/uploads\/2019\/12\/Screenshot-2019-12-17-at-12.32.28-PM-770x494.png 770w, https:\/\/mfwa.org\/wp-content\/uploads\/2019\/12\/Screenshot-2019-12-17-at-12.32.28-PM-1170x751.png 1170w, https:\/\/mfwa.org\/wp-content\/uploads\/2019\/12\/Screenshot-2019-12-17-at-12.32.28-PM-904x580.png 904w, https:\/\/mfwa.org\/wp-content\/uploads\/2019\/12\/Screenshot-2019-12-17-at-12.32.28-PM-389x250.png 389w, https:\/\/mfwa.org\/wp-content\/uploads\/2019\/12\/Screenshot-2019-12-17-at-12.32.28-PM-580x372.png 580w, https:\/\/mfwa.org\/wp-content\/uploads\/2019\/12\/Screenshot-2019-12-17-at-12.32.28-PM.png 1402w\" sizes=\"(max-width: 768px) 100vw, 768px\" \/><\/a>\n                <\/div>\n                        \n            <div class=\"mfwa-pro-body\">\n                <div class=\"mfwa-order-1\"><a href=\"https:\/\/mfwa.org\/fr\/country\/afrique-de-louest\/\" class=\"mfwa-pro-label\">Afrique de l&#039;Ouest<\/a><\/div>\n                <div class=\"mfwa-order-2\">\n                    <h3 class=\"mfwa-pro-title\">\n                        <a href=\"https:\/\/mfwa.org\/fr\/impact-stories\/impact-de-la-mfwa-en-2019-des-vies-sauvees-la-responsabilisation-encouragee-les-journalistes-soutenus-et-inspires\/\">Impact de la MFWA en 2019 : des Vies Sauv\u00e9es, la Responsabilisation Encourag\u00e9e, les Journalistes Soutenus et Inspir\u00e9s<\/a>\n                    <\/h3>\n                <\/div>\n                            <\/div>\n        <\/article>\n                <article class=\"mfwa-pro-card\">\n                            <div class=\"mfwa-pro-media\">\n                    <a href=\"https:\/\/mfwa.org\/fr\/impact-stories\/le-senegal-durcit-les-mesures-de-securite-routiere-suite-a-lintervention-de-la-mfwa\/\"><img loading=\"lazy\" decoding=\"async\" width=\"680\" height=\"400\" src=\"https:\/\/mfwa.org\/wp-content\/uploads\/2019\/10\/DAKAR_DIAMNADIO_SUCESS-STORIE2.jpg\" class=\"attachment-medium_large size-medium_large wp-post-image\" alt=\"\" srcset=\"https:\/\/mfwa.org\/wp-content\/uploads\/2019\/10\/DAKAR_DIAMNADIO_SUCESS-STORIE2.jpg 680w, https:\/\/mfwa.org\/wp-content\/uploads\/2019\/10\/DAKAR_DIAMNADIO_SUCESS-STORIE2-600x353.jpg 600w, https:\/\/mfwa.org\/wp-content\/uploads\/2019\/10\/DAKAR_DIAMNADIO_SUCESS-STORIE2-370x218.jpg 370w, https:\/\/mfwa.org\/wp-content\/uploads\/2019\/10\/DAKAR_DIAMNADIO_SUCESS-STORIE2-570x335.jpg 570w, https:\/\/mfwa.org\/wp-content\/uploads\/2019\/10\/DAKAR_DIAMNADIO_SUCESS-STORIE2-425x250.jpg 425w\" sizes=\"(max-width: 680px) 100vw, 680px\" \/><\/a>\n                <\/div>\n                        \n            <div class=\"mfwa-pro-body\">\n                <div class=\"mfwa-order-1\"><a href=\"https:\/\/mfwa.org\/fr\/country\/senegal-fr\/\" class=\"mfwa-pro-label\">S\u00e9n\u00e9gal<\/a><\/div>\n                <div class=\"mfwa-order-2\">\n                    <h3 class=\"mfwa-pro-title\">\n                        <a href=\"https:\/\/mfwa.org\/fr\/impact-stories\/le-senegal-durcit-les-mesures-de-securite-routiere-suite-a-lintervention-de-la-mfwa\/\">Le S\u00e9n\u00e9gal Durcit les Mesures de S\u00e9curit\u00e9 Routi\u00e8re Suite \u00e0 l\u2019Intervention de la MFWA<\/a>\n                    <\/h3>\n                <\/div>\n                            <\/div>\n        <\/article>\n            <\/div>\n<\/div>\n<\/div>\n\t\t\t\t\t\t<\/div>\n\t\t\t\t<\/div>\n\t\t\t\t<div class=\"elementor-element elementor-element-1d86651 sc_fly_static elementor-widget elementor-widget-trx_sc_button\" data-id=\"1d86651\" data-element_type=\"widget\" data-e-type=\"widget\" data-widget_type=\"trx_sc_button.default\">\n\t\t\t\t<div class=\"elementor-widget-container\">\n\t\t\t\t\t<div\tclass=\"sc_item_button sc_button_wrap sc_align_center\" ><a href=\"https:\/\/mfwa.org\/fr\/impact-stories\/\" class=\"sc_button sc_button_bordered sc_button_size_small sc_button_icon_left\" ><span class=\"sc_button_text\"><span class=\"sc_button_title\">More Impact Stories<\/span><\/span><\/a><\/div>\t\t\t\t<\/div>\n\t\t\t\t<\/div>\n\t\t\t\t\t<\/div>\n\t\t<\/div>\n\t\t\t\t\t<\/div>\n\t\t<\/section>\n\t\t\t\t<section class=\"elementor-section elementor-top-section elementor-element elementor-element-b873d70 elementor-section-full_width elementor-section-stretched elementor-section-height-default elementor-section-height-default sc_fly_static\" data-id=\"b873d70\" data-element_type=\"section\" data-e-type=\"section\" data-settings=\"{&quot;background_background&quot;:&quot;classic&quot;,&quot;stretch_section&quot;:&quot;section-stretched&quot;}\">\n\t\t\t\t\t\t<div class=\"elementor-container elementor-column-gap-default\">\n\t\t\t\t\t<div class=\"elementor-column elementor-col-100 elementor-top-column elementor-element elementor-element-58a9b69 sc_content_align_inherit sc_layouts_column_icons_position_left sc_fly_static\" data-id=\"58a9b69\" data-element_type=\"column\" data-e-type=\"column\">\n\t\t\t<div class=\"elementor-widget-wrap elementor-element-populated\">\n\t\t\t\t\t\t<div class=\"elementor-element elementor-element-1f6d4e9 sc_fly_static elementor-widget elementor-widget-trx_sc_title\" data-id=\"1f6d4e9\" data-element_type=\"widget\" data-e-type=\"widget\" data-widget_type=\"trx_sc_title.default\">\n\t\t\t\t<div class=\"elementor-widget-container\">\n\t\t\t\t\t<div\t\tclass=\"sc_title sc_title_default\" ><h2 class=\"sc_item_title sc_title_title sc_align_center sc_item_title_style_default\"\n\t\t\t><span class=\"sc_item_title_text\">Actualit\u00e9<\/span><\/h2><\/div>\t\t\t\t<\/div>\n\t\t\t\t<\/div>\n\t\t\t\t<div class=\"elementor-element elementor-element-4264566 elementor-widget-divider--view-line sc_fly_static elementor-widget elementor-widget-divider\" data-id=\"4264566\" data-element_type=\"widget\" data-e-type=\"widget\" data-widget_type=\"divider.default\">\n\t\t\t\t<div class=\"elementor-widget-container\">\n\t\t\t\t\t\t\t<div class=\"elementor-divider\">\n\t\t\t<span class=\"elementor-divider-separator\">\n\t\t\t\t\t\t<\/span>\n\t\t<\/div>\n\t\t\t\t\t\t<\/div>\n\t\t\t\t<\/div>\n\t\t\t\t<div class=\"elementor-element elementor-element-8d25af0 sc_fly_static elementor-widget elementor-widget-shortcode\" data-id=\"8d25af0\" data-element_type=\"widget\" data-e-type=\"widget\" data-widget_type=\"shortcode.default\">\n\t\t\t\t<div class=\"elementor-widget-container\">\n\t\t\t\t\t\t\t<div class=\"elementor-shortcode\"><div class=\"mfwa-pro-wrapper mfwa-type-issues_in_focus\">\n    <div class=\"mfwa-pro-grid cols-4\">\n                <article class=\"mfwa-pro-card\">\n                            <div class=\"mfwa-pro-media\">\n                    <a href=\"https:\/\/mfwa.org\/fr\/issues-in-focus\/la-mfwa-lance-un-reseau-regional-de-journalistes-dinvestigation\/\"><img loading=\"lazy\" decoding=\"async\" width=\"768\" height=\"512\" src=\"https:\/\/mfwa.org\/wp-content\/uploads\/2026\/03\/NIPIJ-GROUP-1-768x512.jpg\" class=\"attachment-medium_large size-medium_large wp-post-image\" alt=\"\" srcset=\"https:\/\/mfwa.org\/wp-content\/uploads\/2026\/03\/NIPIJ-GROUP-1-768x512.jpg 768w, https:\/\/mfwa.org\/wp-content\/uploads\/2026\/03\/NIPIJ-GROUP-1-600x400.jpg 600w, https:\/\/mfwa.org\/wp-content\/uploads\/2026\/03\/NIPIJ-GROUP-1-1024x683.jpg 1024w, https:\/\/mfwa.org\/wp-content\/uploads\/2026\/03\/NIPIJ-GROUP-1-1536x1024.jpg 1536w, https:\/\/mfwa.org\/wp-content\/uploads\/2026\/03\/NIPIJ-GROUP-1-2048x1365.jpg 2048w, https:\/\/mfwa.org\/wp-content\/uploads\/2026\/03\/NIPIJ-GROUP-1-370x247.jpg 370w, https:\/\/mfwa.org\/wp-content\/uploads\/2026\/03\/NIPIJ-GROUP-1-840x560.jpg 840w, https:\/\/mfwa.org\/wp-content\/uploads\/2026\/03\/NIPIJ-GROUP-1-410x273.jpg 410w\" sizes=\"(max-width: 768px) 100vw, 768px\" \/><\/a>\n                <\/div>\n                        \n            <div class=\"mfwa-pro-body\">\n                <div class=\"mfwa-order-1\"><a href=\"https:\/\/mfwa.org\/fr\/country\/afrique-de-louest\/\" class=\"mfwa-pro-label\">Afrique de l&#039;Ouest<\/a><\/div>\n                <div class=\"mfwa-order-2\">\n                    <h3 class=\"mfwa-pro-title\">\n                        <a href=\"https:\/\/mfwa.org\/fr\/issues-in-focus\/la-mfwa-lance-un-reseau-regional-de-journalistes-dinvestigation\/\">La MFWA lance un R\u00e9seau R\u00e9gional de Journalistes d\u2019Investigation<\/a>\n                    <\/h3>\n                <\/div>\n                                    <div class=\"mfwa-order-3 mfwa-pro-excerpt\">\n                        La Fondation des m\u00e9dias pour l\u2019Afrique de l\u2019Ouest (MFWA) a lanc\u00e9 le R\u00e9seau de journalistes d\u2019investigation (NIPIJ), une                    <\/div>\n                            <\/div>\n        <\/article>\n                <article class=\"mfwa-pro-card\">\n                            <div class=\"mfwa-pro-media\">\n                    <a href=\"https:\/\/mfwa.org\/fr\/issues-in-focus\/journee-internationale-des-femmes-proteger-les-femmes-contre-les-violences-sexistes-une-obligation-qui-ne-souffre-aucun-compromis\/\"><img loading=\"lazy\" decoding=\"async\" width=\"768\" height=\"499\" src=\"https:\/\/mfwa.org\/wp-content\/uploads\/2026\/03\/Covers-NEW-2-768x499.png\" class=\"attachment-medium_large size-medium_large wp-post-image\" alt=\"\" srcset=\"https:\/\/mfwa.org\/wp-content\/uploads\/2026\/03\/Covers-NEW-2-768x499.png 768w, https:\/\/mfwa.org\/wp-content\/uploads\/2026\/03\/Covers-NEW-2-600x390.png 600w, https:\/\/mfwa.org\/wp-content\/uploads\/2026\/03\/Covers-NEW-2-370x241.png 370w, https:\/\/mfwa.org\/wp-content\/uploads\/2026\/03\/Covers-NEW-2-840x546.png 840w, https:\/\/mfwa.org\/wp-content\/uploads\/2026\/03\/Covers-NEW-2-410x267.png 410w, https:\/\/mfwa.org\/wp-content\/uploads\/2026\/03\/Covers-NEW-2.png 960w\" sizes=\"(max-width: 768px) 100vw, 768px\" \/><\/a>\n                <\/div>\n                        \n            <div class=\"mfwa-pro-body\">\n                <div class=\"mfwa-order-1\"><a href=\"https:\/\/mfwa.org\/fr\/country\/afrique-de-louest\/\" class=\"mfwa-pro-label\">Afrique de l&#039;Ouest<\/a><\/div>\n                <div class=\"mfwa-order-2\">\n                    <h3 class=\"mfwa-pro-title\">\n                        <a href=\"https:\/\/mfwa.org\/fr\/issues-in-focus\/journee-internationale-des-femmes-proteger-les-femmes-contre-les-violences-sexistes-une-obligation-qui-ne-souffre-aucun-compromis\/\">Journ\u00e9e Internationale des Femmes : Prot\u00e9ger les femmes contre les violences sexistes, une obligation qui ne souffre aucun compromis<\/a>\n                    <\/h3>\n                <\/div>\n                            <\/div>\n        <\/article>\n                <article class=\"mfwa-pro-card\">\n                            <div class=\"mfwa-pro-media\">\n                    <a href=\"https:\/\/mfwa.org\/fr\/issues-in-focus\/journee-mondiale-de-la-radio-2026-lia-doit-renforcer-la-credibilite-de-la-radio-pas-laffaiblir\/\"><img loading=\"lazy\" decoding=\"async\" width=\"768\" height=\"499\" src=\"https:\/\/mfwa.org\/wp-content\/uploads\/2026\/02\/10-2-768x499.jpg\" class=\"attachment-medium_large size-medium_large wp-post-image\" alt=\"\" srcset=\"https:\/\/mfwa.org\/wp-content\/uploads\/2026\/02\/10-2-768x499.jpg 768w, https:\/\/mfwa.org\/wp-content\/uploads\/2026\/02\/10-2-600x390.jpg 600w, https:\/\/mfwa.org\/wp-content\/uploads\/2026\/02\/10-2-1024x666.jpg 1024w, https:\/\/mfwa.org\/wp-content\/uploads\/2026\/02\/10-2-1536x998.jpg 1536w, https:\/\/mfwa.org\/wp-content\/uploads\/2026\/02\/10-2-2048x1331.jpg 2048w, https:\/\/mfwa.org\/wp-content\/uploads\/2026\/02\/10-2-370x241.jpg 370w, https:\/\/mfwa.org\/wp-content\/uploads\/2026\/02\/10-2-840x546.jpg 840w, https:\/\/mfwa.org\/wp-content\/uploads\/2026\/02\/10-2-410x267.jpg 410w\" sizes=\"(max-width: 768px) 100vw, 768px\" \/><\/a>\n                <\/div>\n                        \n            <div class=\"mfwa-pro-body\">\n                <div class=\"mfwa-order-1\"><a href=\"https:\/\/mfwa.org\/fr\/country\/afrique-de-louest\/\" class=\"mfwa-pro-label\">Afrique de l&#039;Ouest<\/a><\/div>\n                <div class=\"mfwa-order-2\">\n                    <h3 class=\"mfwa-pro-title\">\n                        <a href=\"https:\/\/mfwa.org\/fr\/issues-in-focus\/journee-mondiale-de-la-radio-2026-lia-doit-renforcer-la-credibilite-de-la-radio-pas-laffaiblir\/\">Journ\u00e9e mondiale de la radio 2026 : l&#8217;IA doit renforcer la cr\u00e9dibilit\u00e9 de la radio, pas l&#8217;affaiblir<\/a>\n                    <\/h3>\n                <\/div>\n                            <\/div>\n        <\/article>\n                <article class=\"mfwa-pro-card\">\n                            <div class=\"mfwa-pro-media\">\n                    <a href=\"https:\/\/mfwa.org\/fr\/issues-in-focus\/safer-internet-day-2026-une-utilisation-responsable-de-lia-est-essentielle-pour-des-espaces-numeriques-plus-surs\/\"><img loading=\"lazy\" decoding=\"async\" width=\"768\" height=\"499\" src=\"https:\/\/mfwa.org\/wp-content\/uploads\/2026\/02\/Covers-NEW.jpg-768x499.jpeg\" class=\"attachment-medium_large size-medium_large wp-post-image\" alt=\"\" srcset=\"https:\/\/mfwa.org\/wp-content\/uploads\/2026\/02\/Covers-NEW.jpg-768x499.jpeg 768w, https:\/\/mfwa.org\/wp-content\/uploads\/2026\/02\/Covers-NEW.jpg-600x390.jpeg 600w, https:\/\/mfwa.org\/wp-content\/uploads\/2026\/02\/Covers-NEW.jpg-1024x666.jpeg 1024w, https:\/\/mfwa.org\/wp-content\/uploads\/2026\/02\/Covers-NEW.jpg-1536x998.jpeg 1536w, https:\/\/mfwa.org\/wp-content\/uploads\/2026\/02\/Covers-NEW.jpg-2048x1331.jpeg 2048w, https:\/\/mfwa.org\/wp-content\/uploads\/2026\/02\/Covers-NEW.jpg-370x241.jpeg 370w, https:\/\/mfwa.org\/wp-content\/uploads\/2026\/02\/Covers-NEW.jpg-840x546.jpeg 840w, https:\/\/mfwa.org\/wp-content\/uploads\/2026\/02\/Covers-NEW.jpg-410x267.jpeg 410w\" sizes=\"(max-width: 768px) 100vw, 768px\" \/><\/a>\n                <\/div>\n                        \n            <div class=\"mfwa-pro-body\">\n                <div class=\"mfwa-order-1\"><a href=\"https:\/\/mfwa.org\/fr\/country\/afrique-de-louest\/\" class=\"mfwa-pro-label\">Afrique de l&#039;Ouest<\/a><\/div>\n                <div class=\"mfwa-order-2\">\n                    <h3 class=\"mfwa-pro-title\">\n                        <a href=\"https:\/\/mfwa.org\/fr\/issues-in-focus\/safer-internet-day-2026-une-utilisation-responsable-de-lia-est-essentielle-pour-des-espaces-numeriques-plus-surs\/\">Safer Internet Day 2026: une utilisation responsable de l&#8217;IA est essentielle pour des espaces num\u00e9riques plus s\u00fbrs<\/a>\n                    <\/h3>\n                <\/div>\n                            <\/div>\n        <\/article>\n                <article class=\"mfwa-pro-card\">\n                            <div class=\"mfwa-pro-media\">\n                    <a href=\"https:\/\/mfwa.org\/fr\/issues-in-focus\/togo-les-autorites-appelees-a-garantir-une-manifestation-pacifique-le-8-decembre-et-a-proteger-les-droits-des-citoyens\/\"><img loading=\"lazy\" decoding=\"async\" width=\"768\" height=\"461\" src=\"https:\/\/mfwa.org\/wp-content\/uploads\/2025\/12\/Marche-des-femmes-de-lopposition-au-Togo-20-janv-2018-999x600-1-768x461.jpg\" class=\"attachment-medium_large size-medium_large wp-post-image\" alt=\"\" srcset=\"https:\/\/mfwa.org\/wp-content\/uploads\/2025\/12\/Marche-des-femmes-de-lopposition-au-Togo-20-janv-2018-999x600-1-768x461.jpg 768w, https:\/\/mfwa.org\/wp-content\/uploads\/2025\/12\/Marche-des-femmes-de-lopposition-au-Togo-20-janv-2018-999x600-1-600x360.jpg 600w, https:\/\/mfwa.org\/wp-content\/uploads\/2025\/12\/Marche-des-femmes-de-lopposition-au-Togo-20-janv-2018-999x600-1-370x222.jpg 370w, https:\/\/mfwa.org\/wp-content\/uploads\/2025\/12\/Marche-des-femmes-de-lopposition-au-Togo-20-janv-2018-999x600-1-840x505.jpg 840w, https:\/\/mfwa.org\/wp-content\/uploads\/2025\/12\/Marche-des-femmes-de-lopposition-au-Togo-20-janv-2018-999x600-1-410x246.jpg 410w, https:\/\/mfwa.org\/wp-content\/uploads\/2025\/12\/Marche-des-femmes-de-lopposition-au-Togo-20-janv-2018-999x600-1.jpg 999w\" sizes=\"(max-width: 768px) 100vw, 768px\" \/><\/a>\n                <\/div>\n                        \n            <div class=\"mfwa-pro-body\">\n                <div class=\"mfwa-order-1\"><a href=\"https:\/\/mfwa.org\/fr\/country\/togo-fr\/\" class=\"mfwa-pro-label\">Togo<\/a><\/div>\n                <div class=\"mfwa-order-2\">\n                    <h3 class=\"mfwa-pro-title\">\n                        <a href=\"https:\/\/mfwa.org\/fr\/issues-in-focus\/togo-les-autorites-appelees-a-garantir-une-manifestation-pacifique-le-8-decembre-et-a-proteger-les-droits-des-citoyens\/\">Togo : Les autorit\u00e9s appel\u00e9es \u00e0 garantir une manifestation pacifique le 8 d\u00e9cembre et \u00e0 prot\u00e9ger les droits des citoyens<\/a>\n                    <\/h3>\n                <\/div>\n                            <\/div>\n        <\/article>\n                <article class=\"mfwa-pro-card\">\n                            <div class=\"mfwa-pro-media\">\n                    <a href=\"https:\/\/mfwa.org\/fr\/issues-in-focus\/wameca-2025-la-mfwa-retire-le-prix-decerne-dans-la-categorie-telecommunications-et-tic\/\"><img loading=\"lazy\" decoding=\"async\" width=\"768\" height=\"566\" src=\"https:\/\/mfwa.org\/wp-content\/uploads\/2025\/04\/wameca-logo-bg-768x566.jpg\" class=\"attachment-medium_large size-medium_large wp-post-image\" alt=\"\" srcset=\"https:\/\/mfwa.org\/wp-content\/uploads\/2025\/04\/wameca-logo-bg-768x566.jpg 768w, https:\/\/mfwa.org\/wp-content\/uploads\/2025\/04\/wameca-logo-bg-600x442.jpg 600w, https:\/\/mfwa.org\/wp-content\/uploads\/2025\/04\/wameca-logo-bg-1024x754.jpg 1024w, https:\/\/mfwa.org\/wp-content\/uploads\/2025\/04\/wameca-logo-bg-150x110.jpg 150w, https:\/\/mfwa.org\/wp-content\/uploads\/2025\/04\/wameca-logo-bg-300x221.jpg 300w, https:\/\/mfwa.org\/wp-content\/uploads\/2025\/04\/wameca-logo-bg-696x512.jpg 696w, https:\/\/mfwa.org\/wp-content\/uploads\/2025\/04\/wameca-logo-bg-1068x786.jpg 1068w, https:\/\/mfwa.org\/wp-content\/uploads\/2025\/04\/wameca-logo-bg.jpg 1244w\" sizes=\"(max-width: 768px) 100vw, 768px\" \/><\/a>\n                <\/div>\n                        \n            <div class=\"mfwa-pro-body\">\n                <div class=\"mfwa-order-1\"><a href=\"https:\/\/mfwa.org\/fr\/country\/afrique-de-louest\/\" class=\"mfwa-pro-label\">Afrique de l&#039;Ouest<\/a><\/div>\n                <div class=\"mfwa-order-2\">\n                    <h3 class=\"mfwa-pro-title\">\n                        <a href=\"https:\/\/mfwa.org\/fr\/issues-in-focus\/wameca-2025-la-mfwa-retire-le-prix-decerne-dans-la-categorie-telecommunications-et-tic\/\">WAMECA 2025: La MFWA retire le prix d\u00e9cern\u00e9 dans la cat\u00e9gorie T\u00e9l\u00e9communications et TIC<\/a>\n                    <\/h3>\n                <\/div>\n                            <\/div>\n        <\/article>\n                <article class=\"mfwa-pro-card\">\n                            <div class=\"mfwa-pro-media\">\n                    <a href=\"https:\/\/mfwa.org\/fr\/issues-in-focus\/elections-en-cote-divoire-la-fondation-des-medias-pour-lafrique-de-louest-mfwa-appelle-les-journalistes-a-faire-preuve-de-courage-et-de-professionnalisme\/\"><img loading=\"lazy\" decoding=\"async\" width=\"284\" height=\"177\" src=\"https:\/\/mfwa.org\/wp-content\/uploads\/2025\/10\/CIV-elections.jpg\" class=\"attachment-medium_large size-medium_large wp-post-image\" alt=\"\" \/><\/a>\n                <\/div>\n                        \n            <div class=\"mfwa-pro-body\">\n                <div class=\"mfwa-order-1\"><a href=\"https:\/\/mfwa.org\/fr\/country\/cote-divoire-fr\/\" class=\"mfwa-pro-label\">C\u00f4te d\u2019Ivoire<\/a><\/div>\n                <div class=\"mfwa-order-2\">\n                    <h3 class=\"mfwa-pro-title\">\n                        <a href=\"https:\/\/mfwa.org\/fr\/issues-in-focus\/elections-en-cote-divoire-la-fondation-des-medias-pour-lafrique-de-louest-mfwa-appelle-les-journalistes-a-faire-preuve-de-courage-et-de-professionnalisme\/\">Elections en C\u00f4te d\u2019Ivoire: La Fondation des M\u00e9dias pour l\u2019Afrique de l\u2019Ouest (MFWA) appelle les journalistes \u00e0 faire preuve de courage et de professionnalisme<\/a>\n                    <\/h3>\n                <\/div>\n                            <\/div>\n        <\/article>\n                <article class=\"mfwa-pro-card\">\n                            <div class=\"mfwa-pro-media\">\n                    <a href=\"https:\/\/mfwa.org\/fr\/issues-in-focus\/wameca-2025-liste-des-finalistes\/\"><img loading=\"lazy\" decoding=\"async\" width=\"768\" height=\"789\" src=\"https:\/\/mfwa.org\/wp-content\/uploads\/2025\/10\/finalists-All-WAMECA-2025-french-01-768x789.jpg\" class=\"attachment-medium_large size-medium_large wp-post-image\" alt=\"\" srcset=\"https:\/\/mfwa.org\/wp-content\/uploads\/2025\/10\/finalists-All-WAMECA-2025-french-01-768x789.jpg 768w, https:\/\/mfwa.org\/wp-content\/uploads\/2025\/10\/finalists-All-WAMECA-2025-french-01-584x600.jpg 584w, https:\/\/mfwa.org\/wp-content\/uploads\/2025\/10\/finalists-All-WAMECA-2025-french-01-997x1024.jpg 997w, https:\/\/mfwa.org\/wp-content\/uploads\/2025\/10\/finalists-All-WAMECA-2025-french-01-1495x1536.jpg 1495w, https:\/\/mfwa.org\/wp-content\/uploads\/2025\/10\/finalists-All-WAMECA-2025-french-01-1993x2048.jpg 1993w, https:\/\/mfwa.org\/wp-content\/uploads\/2025\/10\/finalists-All-WAMECA-2025-french-01-370x380.jpg 370w, https:\/\/mfwa.org\/wp-content\/uploads\/2025\/10\/finalists-All-WAMECA-2025-french-01-840x863.jpg 840w, https:\/\/mfwa.org\/wp-content\/uploads\/2025\/10\/finalists-All-WAMECA-2025-french-01-410x421.jpg 410w\" sizes=\"(max-width: 768px) 100vw, 768px\" \/><\/a>\n                <\/div>\n                        \n            <div class=\"mfwa-pro-body\">\n                <div class=\"mfwa-order-1\"><a href=\"https:\/\/mfwa.org\/fr\/country\/afrique-de-louest\/\" class=\"mfwa-pro-label\">Afrique de l&#039;Ouest<\/a><\/div>\n                <div class=\"mfwa-order-2\">\n                    <h3 class=\"mfwa-pro-title\">\n                        <a href=\"https:\/\/mfwa.org\/fr\/issues-in-focus\/wameca-2025-liste-des-finalistes\/\">WAMECA 2025: Liste des finalistes<\/a>\n                    <\/h3>\n                <\/div>\n                            <\/div>\n        <\/article>\n                <article class=\"mfwa-pro-card\">\n                            <div class=\"mfwa-pro-media\">\n                    <a href=\"https:\/\/mfwa.org\/fr\/issues-in-focus\/ledition-2025-de-wameca-a-enregistre-793-candidatures-provenant-de-toute-lafrique-de-louest\/\"><img loading=\"lazy\" decoding=\"async\" width=\"768\" height=\"384\" src=\"https:\/\/mfwa.org\/wp-content\/uploads\/2025\/06\/past-winners-of-wameca-scaled-1-768x384.png\" class=\"attachment-medium_large size-medium_large wp-post-image\" alt=\"\" srcset=\"https:\/\/mfwa.org\/wp-content\/uploads\/2025\/06\/past-winners-of-wameca-scaled-1-768x384.png 768w, https:\/\/mfwa.org\/wp-content\/uploads\/2025\/06\/past-winners-of-wameca-scaled-1-600x300.png 600w, https:\/\/mfwa.org\/wp-content\/uploads\/2025\/06\/past-winners-of-wameca-scaled-1-1024x512.png 1024w, https:\/\/mfwa.org\/wp-content\/uploads\/2025\/06\/past-winners-of-wameca-scaled-1-1536x768.png 1536w, https:\/\/mfwa.org\/wp-content\/uploads\/2025\/06\/past-winners-of-wameca-scaled-1-2048x1024.png 2048w, https:\/\/mfwa.org\/wp-content\/uploads\/2025\/06\/past-winners-of-wameca-scaled-1-370x185.png 370w, https:\/\/mfwa.org\/wp-content\/uploads\/2025\/06\/past-winners-of-wameca-scaled-1-840x420.png 840w, https:\/\/mfwa.org\/wp-content\/uploads\/2025\/06\/past-winners-of-wameca-scaled-1-410x205.png 410w\" sizes=\"(max-width: 768px) 100vw, 768px\" \/><\/a>\n                <\/div>\n                        \n            <div class=\"mfwa-pro-body\">\n                <div class=\"mfwa-order-1\"><a href=\"https:\/\/mfwa.org\/fr\/country\/afrique-de-louest\/\" class=\"mfwa-pro-label\">Afrique de l&#039;Ouest<\/a><\/div>\n                <div class=\"mfwa-order-2\">\n                    <h3 class=\"mfwa-pro-title\">\n                        <a href=\"https:\/\/mfwa.org\/fr\/issues-in-focus\/ledition-2025-de-wameca-a-enregistre-793-candidatures-provenant-de-toute-lafrique-de-louest\/\">L\u2019\u00e9dition 2025 de WAMECA a enregistr\u00e9 793 candidatures provenant de toute l\u2019Afrique de l\u2019Ouest<\/a>\n                    <\/h3>\n                <\/div>\n                            <\/div>\n        <\/article>\n                <article class=\"mfwa-pro-card\">\n                            <div class=\"mfwa-pro-media\">\n                    <a href=\"https:\/\/mfwa.org\/fr\/issues-in-focus\/classement-rsf-2025-sur-la-liberte-de-la-presse-la-guinee-en-tete-dune-forte-regression-en-afrique-de-louest\/\"><img loading=\"lazy\" decoding=\"async\" width=\"768\" height=\"543\" src=\"https:\/\/mfwa.org\/wp-content\/uploads\/2025\/05\/Guinea-RSF-Ranking-Decline-French-01-2-scaled-2-768x543.jpg\" class=\"attachment-medium_large size-medium_large wp-post-image\" alt=\"\" srcset=\"https:\/\/mfwa.org\/wp-content\/uploads\/2025\/05\/Guinea-RSF-Ranking-Decline-French-01-2-scaled-2-768x543.jpg 768w, https:\/\/mfwa.org\/wp-content\/uploads\/2025\/05\/Guinea-RSF-Ranking-Decline-French-01-2-scaled-2-600x424.jpg 600w, https:\/\/mfwa.org\/wp-content\/uploads\/2025\/05\/Guinea-RSF-Ranking-Decline-French-01-2-scaled-2-1024x724.jpg 1024w, https:\/\/mfwa.org\/wp-content\/uploads\/2025\/05\/Guinea-RSF-Ranking-Decline-French-01-2-scaled-2-1536x1086.jpg 1536w, https:\/\/mfwa.org\/wp-content\/uploads\/2025\/05\/Guinea-RSF-Ranking-Decline-French-01-2-scaled-2-2048x1448.jpg 2048w, https:\/\/mfwa.org\/wp-content\/uploads\/2025\/05\/Guinea-RSF-Ranking-Decline-French-01-2-scaled-2-370x262.jpg 370w, https:\/\/mfwa.org\/wp-content\/uploads\/2025\/05\/Guinea-RSF-Ranking-Decline-French-01-2-scaled-2-840x594.jpg 840w, https:\/\/mfwa.org\/wp-content\/uploads\/2025\/05\/Guinea-RSF-Ranking-Decline-French-01-2-scaled-2-410x290.jpg 410w\" sizes=\"(max-width: 768px) 100vw, 768px\" \/><\/a>\n                <\/div>\n                        \n            <div class=\"mfwa-pro-body\">\n                <div class=\"mfwa-order-1\"><a href=\"https:\/\/mfwa.org\/fr\/country\/afrique-de-louest\/\" class=\"mfwa-pro-label\">Afrique de l&#039;Ouest<\/a><\/div>\n                <div class=\"mfwa-order-2\">\n                    <h3 class=\"mfwa-pro-title\">\n                        <a href=\"https:\/\/mfwa.org\/fr\/issues-in-focus\/classement-rsf-2025-sur-la-liberte-de-la-presse-la-guinee-en-tete-dune-forte-regression-en-afrique-de-louest\/\">Classement RSF 2025 sur la libert\u00e9 de la presse: la Guin\u00e9e en t\u00eate d&#8217;une forte r\u00e9gression en Afrique de l\u2019Ouest<\/a>\n                    <\/h3>\n                <\/div>\n                            <\/div>\n        <\/article>\n                <article class=\"mfwa-pro-card\">\n                            <div class=\"mfwa-pro-media\">\n                    <a href=\"https:\/\/mfwa.org\/fr\/issues-in-focus\/absence-regulation-ia-journalistes-afrique-ouest-liberte-presse\/\"><img loading=\"lazy\" decoding=\"async\" width=\"768\" height=\"432\" src=\"https:\/\/mfwa.org\/wp-content\/uploads\/2025\/05\/4-4-2-768x432.jpg\" class=\"attachment-medium_large size-medium_large wp-post-image\" alt=\"\" srcset=\"https:\/\/mfwa.org\/wp-content\/uploads\/2025\/05\/4-4-2-768x432.jpg 768w, https:\/\/mfwa.org\/wp-content\/uploads\/2025\/05\/4-4-2-600x337.jpg 600w, https:\/\/mfwa.org\/wp-content\/uploads\/2025\/05\/4-4-2-1024x576.jpg 1024w, https:\/\/mfwa.org\/wp-content\/uploads\/2025\/05\/4-4-2-370x208.jpg 370w, https:\/\/mfwa.org\/wp-content\/uploads\/2025\/05\/4-4-2-1290x725.jpg 1290w, https:\/\/mfwa.org\/wp-content\/uploads\/2025\/05\/4-4-2-840x472.jpg 840w, https:\/\/mfwa.org\/wp-content\/uploads\/2025\/05\/4-4-2-410x231.jpg 410w, https:\/\/mfwa.org\/wp-content\/uploads\/2025\/05\/4-4-2-270x152.jpg 270w, https:\/\/mfwa.org\/wp-content\/uploads\/2025\/05\/4-4-2.jpg 1366w\" sizes=\"(max-width: 768px) 100vw, 768px\" \/><\/a>\n                <\/div>\n                        \n            <div class=\"mfwa-pro-body\">\n                <div class=\"mfwa-order-1\"><a href=\"https:\/\/mfwa.org\/fr\/country\/afrique-de-louest\/\" class=\"mfwa-pro-label\">Afrique de l&#039;Ouest<\/a><\/div>\n                <div class=\"mfwa-order-2\">\n                    <h3 class=\"mfwa-pro-title\">\n                        <a href=\"https:\/\/mfwa.org\/fr\/issues-in-focus\/absence-regulation-ia-journalistes-afrique-ouest-liberte-presse\/\">L\u2019absence de r\u00e9gulation freine l\u2019adoption de l\u2019IA par les journalistes en Afrique de l\u2019Ouest et met en p\u00e9ril la libert\u00e9 de la presse<\/a>\n                    <\/h3>\n                <\/div>\n                            <\/div>\n        <\/article>\n                <article class=\"mfwa-pro-card\">\n                            <div class=\"mfwa-pro-media\">\n                    <a href=\"https:\/\/mfwa.org\/fr\/issues-in-focus\/fete-du-travail-2025-la-mfwa-appelle-a-une-action-urgente-face-aux-defis-economiques-des-journalistes\/\"><img loading=\"lazy\" decoding=\"async\" width=\"768\" height=\"432\" src=\"https:\/\/mfwa.org\/wp-content\/uploads\/2025\/04\/2-5-2-768x432.jpg\" class=\"attachment-medium_large size-medium_large wp-post-image\" alt=\"\" srcset=\"https:\/\/mfwa.org\/wp-content\/uploads\/2025\/04\/2-5-2-768x432.jpg 768w, https:\/\/mfwa.org\/wp-content\/uploads\/2025\/04\/2-5-2-600x338.jpg 600w, https:\/\/mfwa.org\/wp-content\/uploads\/2025\/04\/2-5-2-1024x576.jpg 1024w, https:\/\/mfwa.org\/wp-content\/uploads\/2025\/04\/2-5-2-1536x864.jpg 1536w, https:\/\/mfwa.org\/wp-content\/uploads\/2025\/04\/2-5-2-2048x1152.jpg 2048w, https:\/\/mfwa.org\/wp-content\/uploads\/2025\/04\/2-5-2-370x208.jpg 370w, https:\/\/mfwa.org\/wp-content\/uploads\/2025\/04\/2-5-2-1290x725.jpg 1290w, https:\/\/mfwa.org\/wp-content\/uploads\/2025\/04\/2-5-2-840x473.jpg 840w, https:\/\/mfwa.org\/wp-content\/uploads\/2025\/04\/2-5-2-410x231.jpg 410w, https:\/\/mfwa.org\/wp-content\/uploads\/2025\/04\/2-5-2-270x152.jpg 270w\" sizes=\"(max-width: 768px) 100vw, 768px\" \/><\/a>\n                <\/div>\n                        \n            <div class=\"mfwa-pro-body\">\n                <div class=\"mfwa-order-1\"><a href=\"https:\/\/mfwa.org\/fr\/country\/afrique-de-louest\/\" class=\"mfwa-pro-label\">Afrique de l&#039;Ouest<\/a><\/div>\n                <div class=\"mfwa-order-2\">\n                    <h3 class=\"mfwa-pro-title\">\n                        <a href=\"https:\/\/mfwa.org\/fr\/issues-in-focus\/fete-du-travail-2025-la-mfwa-appelle-a-une-action-urgente-face-aux-defis-economiques-des-journalistes\/\">F\u00eate du Travail 2025 : la MFWA appelle \u00e0 une action urgente face aux d\u00e9fis \u00e9conomiques des journalistes en Afrique de l\u2019Ouest<\/a>\n                    <\/h3>\n                <\/div>\n                            <\/div>\n        <\/article>\n                <article class=\"mfwa-pro-card\">\n                            <div class=\"mfwa-pro-media\">\n                    <a href=\"https:\/\/mfwa.org\/fr\/issues-in-focus\/wameca-2025-appel-a-candidatures\/\"><img loading=\"lazy\" decoding=\"async\" width=\"768\" height=\"566\" src=\"https:\/\/mfwa.org\/wp-content\/uploads\/2025\/04\/wameca-logo-bg-768x566.jpg\" class=\"attachment-medium_large size-medium_large wp-post-image\" alt=\"\" srcset=\"https:\/\/mfwa.org\/wp-content\/uploads\/2025\/04\/wameca-logo-bg-768x566.jpg 768w, https:\/\/mfwa.org\/wp-content\/uploads\/2025\/04\/wameca-logo-bg-600x442.jpg 600w, https:\/\/mfwa.org\/wp-content\/uploads\/2025\/04\/wameca-logo-bg-1024x754.jpg 1024w, https:\/\/mfwa.org\/wp-content\/uploads\/2025\/04\/wameca-logo-bg-150x110.jpg 150w, https:\/\/mfwa.org\/wp-content\/uploads\/2025\/04\/wameca-logo-bg-300x221.jpg 300w, https:\/\/mfwa.org\/wp-content\/uploads\/2025\/04\/wameca-logo-bg-696x512.jpg 696w, https:\/\/mfwa.org\/wp-content\/uploads\/2025\/04\/wameca-logo-bg-1068x786.jpg 1068w, https:\/\/mfwa.org\/wp-content\/uploads\/2025\/04\/wameca-logo-bg.jpg 1244w\" sizes=\"(max-width: 768px) 100vw, 768px\" \/><\/a>\n                <\/div>\n                        \n            <div class=\"mfwa-pro-body\">\n                <div class=\"mfwa-order-1\"><a href=\"https:\/\/mfwa.org\/fr\/country\/afrique-de-louest\/\" class=\"mfwa-pro-label\">Afrique de l&#039;Ouest<\/a><\/div>\n                <div class=\"mfwa-order-2\">\n                    <h3 class=\"mfwa-pro-title\">\n                        <a href=\"https:\/\/mfwa.org\/fr\/issues-in-focus\/wameca-2025-appel-a-candidatures\/\">WAMECA 2025: Appel \u00e0 candidatures<\/a>\n                    <\/h3>\n                <\/div>\n                            <\/div>\n        <\/article>\n            <\/div>\n<\/div>\n<\/div>\n\t\t\t\t\t\t<\/div>\n\t\t\t\t<\/div>\n\t\t\t\t<div class=\"elementor-element elementor-element-499f523 sc_fly_static elementor-widget elementor-widget-trx_sc_button\" data-id=\"499f523\" data-element_type=\"widget\" data-e-type=\"widget\" data-widget_type=\"trx_sc_button.default\">\n\t\t\t\t<div class=\"elementor-widget-container\">\n\t\t\t\t\t<div\tclass=\"sc_item_button sc_button_wrap sc_align_center\" ><a href=\"https:\/\/mfwa.org\/fr\/issues-in-focus\/\" class=\"sc_button sc_button_bordered sc_button_size_small sc_button_icon_left\" ><span class=\"sc_button_text\"><span class=\"sc_button_title\">Plus Actualit\u00e9<\/span><\/span><\/a><\/div>\t\t\t\t<\/div>\n\t\t\t\t<\/div>\n\t\t\t\t\t<\/div>\n\t\t<\/div>\n\t\t\t\t\t<\/div>\n\t\t<\/section>\n\t\t\t\t<section class=\"elementor-section elementor-top-section elementor-element elementor-element-d36dbf8 elementor-section-full_width elementor-section-stretched elementor-section-height-default elementor-section-height-default sc_fly_static\" data-id=\"d36dbf8\" data-element_type=\"section\" data-e-type=\"section\" data-settings=\"{&quot;stretch_section&quot;:&quot;section-stretched&quot;}\">\n\t\t\t\t\t\t<div class=\"elementor-container elementor-column-gap-default\">\n\t\t\t\t\t<div class=\"elementor-column elementor-col-100 elementor-top-column elementor-element elementor-element-f6bc9de sc_content_align_inherit sc_layouts_column_icons_position_left sc_fly_static\" data-id=\"f6bc9de\" data-element_type=\"column\" data-e-type=\"column\">\n\t\t\t<div class=\"elementor-widget-wrap elementor-element-populated\">\n\t\t\t\t\t\t<div class=\"elementor-element elementor-element-610c0cd sc_fly_static elementor-widget elementor-widget-trx_sc_title\" data-id=\"610c0cd\" data-element_type=\"widget\" data-e-type=\"widget\" data-widget_type=\"trx_sc_title.default\">\n\t\t\t\t<div class=\"elementor-widget-container\">\n\t\t\t\t\t<div\t\tclass=\"sc_title sc_title_default\" ><h2 class=\"sc_item_title sc_title_title sc_align_center sc_item_title_style_default\"\n\t\t\t><span class=\"sc_item_title_text\">Surligner les Pays<\/span><\/h2><\/div>\t\t\t\t<\/div>\n\t\t\t\t<\/div>\n\t\t\t\t<div class=\"elementor-element elementor-element-2da83e3 elementor-widget-divider--view-line sc_fly_static elementor-widget elementor-widget-divider\" data-id=\"2da83e3\" data-element_type=\"widget\" data-e-type=\"widget\" data-widget_type=\"divider.default\">\n\t\t\t\t<div class=\"elementor-widget-container\">\n\t\t\t\t\t\t\t<div class=\"elementor-divider\">\n\t\t\t<span class=\"elementor-divider-separator\">\n\t\t\t\t\t\t<\/span>\n\t\t<\/div>\n\t\t\t\t\t\t<\/div>\n\t\t\t\t<\/div>\n\t\t\t\t<div class=\"elementor-element elementor-element-40bcc34 sc_fly_static elementor-widget elementor-widget-shortcode\" data-id=\"40bcc34\" data-element_type=\"widget\" data-e-type=\"widget\" data-widget_type=\"shortcode.default\">\n\t\t\t\t<div class=\"elementor-widget-container\">\n\t\t\t\t\t\t\t<div class=\"elementor-shortcode\"><div class=\"mfwa-pro-wrapper mfwa-type-country_highlights\">\n    <div class=\"mfwa-pro-grid cols-4\">\n                <article class=\"mfwa-pro-card\">\n                            <div class=\"mfwa-pro-media\">\n                    <a href=\"https:\/\/mfwa.org\/fr\/country-highlights\/togo-un-journaliste-signale-des-menaces-apres-publication-dun-reportage-dinvestigation\/\"><img loading=\"lazy\" decoding=\"async\" width=\"768\" height=\"576\" src=\"https:\/\/mfwa.org\/wp-content\/uploads\/2026\/02\/Roger_Amemavoh-credit-le-defenseur-info-768x576.webp\" class=\"attachment-medium_large size-medium_large wp-post-image\" alt=\"\" srcset=\"https:\/\/mfwa.org\/wp-content\/uploads\/2026\/02\/Roger_Amemavoh-credit-le-defenseur-info-768x576.webp 768w, https:\/\/mfwa.org\/wp-content\/uploads\/2026\/02\/Roger_Amemavoh-credit-le-defenseur-info-600x450.webp 600w, https:\/\/mfwa.org\/wp-content\/uploads\/2026\/02\/Roger_Amemavoh-credit-le-defenseur-info-370x278.webp 370w, https:\/\/mfwa.org\/wp-content\/uploads\/2026\/02\/Roger_Amemavoh-credit-le-defenseur-info-410x308.webp 410w, https:\/\/mfwa.org\/wp-content\/uploads\/2026\/02\/Roger_Amemavoh-credit-le-defenseur-info.webp 840w\" sizes=\"(max-width: 768px) 100vw, 768px\" \/><\/a>\n                <\/div>\n                        \n            <div class=\"mfwa-pro-body\">\n                <div class=\"mfwa-order-1\"><a href=\"https:\/\/mfwa.org\/fr\/country\/togo-fr\/\" class=\"mfwa-pro-label\">Togo<\/a><\/div>\n                <div class=\"mfwa-order-2\">\n                    <h3 class=\"mfwa-pro-title\">\n                        <a href=\"https:\/\/mfwa.org\/fr\/country-highlights\/togo-un-journaliste-signale-des-menaces-apres-publication-dun-reportage-dinvestigation\/\">Togo: Un journaliste signale des menaces apr\u00e8s publication d\u2019un reportage d&#8217;investigation<\/a>\n                    <\/h3>\n                <\/div>\n                                    <div class=\"mfwa-order-3 mfwa-pro-excerpt\">\n                        Roger Amemavoh, journaliste et propri\u00e9taire du m\u00e9dia en ligne Capture Media, affirme faire l\u2019objet de menaces depuis la                    <\/div>\n                            <\/div>\n        <\/article>\n                <article class=\"mfwa-pro-card\">\n                            <div class=\"mfwa-pro-media\">\n                    <a href=\"https:\/\/mfwa.org\/fr\/country-highlights\/mali-un-journaliste-libere-apres-six-mois-demprisonnement\/\"><img loading=\"lazy\" decoding=\"async\" width=\"768\" height=\"774\" src=\"https:\/\/mfwa.org\/wp-content\/uploads\/2025\/11\/Seydou-Omar-Traore-Mali24-768x774.jpg\" class=\"attachment-medium_large size-medium_large wp-post-image\" alt=\"\" srcset=\"https:\/\/mfwa.org\/wp-content\/uploads\/2025\/11\/Seydou-Omar-Traore-Mali24-768x774.jpg 768w, https:\/\/mfwa.org\/wp-content\/uploads\/2025\/11\/Seydou-Omar-Traore-Mali24-595x600.jpg 595w, https:\/\/mfwa.org\/wp-content\/uploads\/2025\/11\/Seydou-Omar-Traore-Mali24-150x150.jpg 150w, https:\/\/mfwa.org\/wp-content\/uploads\/2025\/11\/Seydou-Omar-Traore-Mali24-370x373.jpg 370w, https:\/\/mfwa.org\/wp-content\/uploads\/2025\/11\/Seydou-Omar-Traore-Mali24-120x120.jpg 120w, https:\/\/mfwa.org\/wp-content\/uploads\/2025\/11\/Seydou-Omar-Traore-Mali24-840x847.jpg 840w, https:\/\/mfwa.org\/wp-content\/uploads\/2025\/11\/Seydou-Omar-Traore-Mali24-410x413.jpg 410w, https:\/\/mfwa.org\/wp-content\/uploads\/2025\/11\/Seydou-Omar-Traore-Mali24.jpg 952w\" sizes=\"(max-width: 768px) 100vw, 768px\" \/><\/a>\n                <\/div>\n                        \n            <div class=\"mfwa-pro-body\">\n                <div class=\"mfwa-order-1\"><a href=\"https:\/\/mfwa.org\/fr\/country\/mali-fr\/\" class=\"mfwa-pro-label\">Mali<\/a><\/div>\n                <div class=\"mfwa-order-2\">\n                    <h3 class=\"mfwa-pro-title\">\n                        <a href=\"https:\/\/mfwa.org\/fr\/country-highlights\/mali-un-journaliste-libere-apres-six-mois-demprisonnement\/\">Mali: Un journaliste lib\u00e9r\u00e9 apr\u00e8s six mois d&#8217;emprisonnement<\/a>\n                    <\/h3>\n                <\/div>\n                            <\/div>\n        <\/article>\n                <article class=\"mfwa-pro-card\">\n                            <div class=\"mfwa-pro-media\">\n                    <a href=\"https:\/\/mfwa.org\/fr\/country-highlights\/mali-une-influenceuse-tiktok-executee-par-un-groupe-arme\/\"><img loading=\"lazy\" decoding=\"async\" width=\"768\" height=\"644\" src=\"https:\/\/mfwa.org\/wp-content\/uploads\/2025\/11\/Untitled-design-8-768x644.jpg\" class=\"attachment-medium_large size-medium_large wp-post-image\" alt=\"\" srcset=\"https:\/\/mfwa.org\/wp-content\/uploads\/2025\/11\/Untitled-design-8-768x644.jpg 768w, https:\/\/mfwa.org\/wp-content\/uploads\/2025\/11\/Untitled-design-8-600x503.jpg 600w, https:\/\/mfwa.org\/wp-content\/uploads\/2025\/11\/Untitled-design-8-370x310.jpg 370w, https:\/\/mfwa.org\/wp-content\/uploads\/2025\/11\/Untitled-design-8-840x704.jpg 840w, https:\/\/mfwa.org\/wp-content\/uploads\/2025\/11\/Untitled-design-8-410x344.jpg 410w, https:\/\/mfwa.org\/wp-content\/uploads\/2025\/11\/Untitled-design-8.jpg 940w\" sizes=\"(max-width: 768px) 100vw, 768px\" \/><\/a>\n                <\/div>\n                        \n            <div class=\"mfwa-pro-body\">\n                <div class=\"mfwa-order-1\"><a href=\"https:\/\/mfwa.org\/fr\/country\/mali-fr\/\" class=\"mfwa-pro-label\">Mali<\/a><\/div>\n                <div class=\"mfwa-order-2\">\n                    <h3 class=\"mfwa-pro-title\">\n                        <a href=\"https:\/\/mfwa.org\/fr\/country-highlights\/mali-une-influenceuse-tiktok-executee-par-un-groupe-arme\/\">Mali: Une influenceuse TikTok ex\u00e9cut\u00e9e par un groupe arm\u00e9<\/a>\n                    <\/h3>\n                <\/div>\n                            <\/div>\n        <\/article>\n                <article class=\"mfwa-pro-card\">\n                            <div class=\"mfwa-pro-media\">\n                    <a href=\"https:\/\/mfwa.org\/fr\/country-highlights\/un-journaliste-du-nord-du-mali-survivant-de-lattaque-terroriste-de-2012-arrete\/\"><img loading=\"lazy\" decoding=\"async\" width=\"768\" height=\"581\" src=\"https:\/\/mfwa.org\/wp-content\/uploads\/2025\/11\/Malick-768x581.png\" class=\"attachment-medium_large size-medium_large wp-post-image\" alt=\"\" srcset=\"https:\/\/mfwa.org\/wp-content\/uploads\/2025\/11\/Malick-768x581.png 768w, https:\/\/mfwa.org\/wp-content\/uploads\/2025\/11\/Malick-600x454.png 600w, https:\/\/mfwa.org\/wp-content\/uploads\/2025\/11\/Malick-370x280.png 370w, https:\/\/mfwa.org\/wp-content\/uploads\/2025\/11\/Malick-840x636.png 840w, https:\/\/mfwa.org\/wp-content\/uploads\/2025\/11\/Malick-410x310.png 410w, https:\/\/mfwa.org\/wp-content\/uploads\/2025\/11\/Malick.png 852w\" sizes=\"(max-width: 768px) 100vw, 768px\" \/><\/a>\n                <\/div>\n                        \n            <div class=\"mfwa-pro-body\">\n                <div class=\"mfwa-order-1\"><a href=\"https:\/\/mfwa.org\/fr\/country\/mali-fr\/\" class=\"mfwa-pro-label\">Mali<\/a><\/div>\n                <div class=\"mfwa-order-2\">\n                    <h3 class=\"mfwa-pro-title\">\n                        <a href=\"https:\/\/mfwa.org\/fr\/country-highlights\/un-journaliste-du-nord-du-mali-survivant-de-lattaque-terroriste-de-2012-arrete\/\">Un journaliste du nord du Mali, survivant de l&#8217;attaque terroriste de 2012, arr\u00eat\u00e9<\/a>\n                    <\/h3>\n                <\/div>\n                            <\/div>\n        <\/article>\n                <article class=\"mfwa-pro-card\">\n                            <div class=\"mfwa-pro-media\">\n                    <a href=\"https:\/\/mfwa.org\/fr\/country-highlights\/nigeria-le-gouverneur-de-letat-du-niger-ferme-unilateralement-une-station-de-radio\/\"><img loading=\"lazy\" decoding=\"async\" width=\"720\" height=\"666\" src=\"https:\/\/mfwa.org\/wp-content\/uploads\/2025\/08\/Niger-State-Governor-The-Sun-Nigeria.jpg\" class=\"attachment-medium_large size-medium_large wp-post-image\" alt=\"\" srcset=\"https:\/\/mfwa.org\/wp-content\/uploads\/2025\/08\/Niger-State-Governor-The-Sun-Nigeria.jpg 720w, https:\/\/mfwa.org\/wp-content\/uploads\/2025\/08\/Niger-State-Governor-The-Sun-Nigeria-600x555.jpg 600w, https:\/\/mfwa.org\/wp-content\/uploads\/2025\/08\/Niger-State-Governor-The-Sun-Nigeria-370x342.jpg 370w, https:\/\/mfwa.org\/wp-content\/uploads\/2025\/08\/Niger-State-Governor-The-Sun-Nigeria-410x379.jpg 410w\" sizes=\"(max-width: 720px) 100vw, 720px\" \/><\/a>\n                <\/div>\n                        \n            <div class=\"mfwa-pro-body\">\n                <div class=\"mfwa-order-1\"><a href=\"https:\/\/mfwa.org\/fr\/country\/nigeria-fr\/\" class=\"mfwa-pro-label\">Nig\u00e9ria<\/a><\/div>\n                <div class=\"mfwa-order-2\">\n                    <h3 class=\"mfwa-pro-title\">\n                        <a href=\"https:\/\/mfwa.org\/fr\/country-highlights\/nigeria-le-gouverneur-de-letat-du-niger-ferme-unilateralement-une-station-de-radio\/\">Nigeria: Le gouverneur de l&#8217;\u00c9tat du Niger ferme unilat\u00e9ralement une station de radio<\/a>\n                    <\/h3>\n                <\/div>\n                            <\/div>\n        <\/article>\n                <article class=\"mfwa-pro-card\">\n                            <div class=\"mfwa-pro-media\">\n                    <a href=\"https:\/\/mfwa.org\/fr\/country-highlights\/mali-ancien-premier-ministre-arrete\/\"><img loading=\"lazy\" decoding=\"async\" width=\"768\" height=\"512\" src=\"https:\/\/mfwa.org\/wp-content\/uploads\/2025\/08\/PHOTO-2022-8-768x512.jpg\" class=\"attachment-medium_large size-medium_large wp-post-image\" alt=\"\" srcset=\"https:\/\/mfwa.org\/wp-content\/uploads\/2025\/08\/PHOTO-2022-8-768x512.jpg 768w, https:\/\/mfwa.org\/wp-content\/uploads\/2025\/08\/PHOTO-2022-8-600x400.jpg 600w, https:\/\/mfwa.org\/wp-content\/uploads\/2025\/08\/PHOTO-2022-8-370x246.jpg 370w, https:\/\/mfwa.org\/wp-content\/uploads\/2025\/08\/PHOTO-2022-8-840x559.jpg 840w, https:\/\/mfwa.org\/wp-content\/uploads\/2025\/08\/PHOTO-2022-8-410x273.jpg 410w, https:\/\/mfwa.org\/wp-content\/uploads\/2025\/08\/PHOTO-2022-8.jpg 1024w\" sizes=\"(max-width: 768px) 100vw, 768px\" \/><\/a>\n                <\/div>\n                        \n            <div class=\"mfwa-pro-body\">\n                <div class=\"mfwa-order-1\"><a href=\"https:\/\/mfwa.org\/fr\/country\/mali-fr\/\" class=\"mfwa-pro-label\">Mali<\/a><\/div>\n                <div class=\"mfwa-order-2\">\n                    <h3 class=\"mfwa-pro-title\">\n                        <a href=\"https:\/\/mfwa.org\/fr\/country-highlights\/mali-ancien-premier-ministre-arrete\/\">Mali: Ancien Premier Ministre arr\u00eat\u00e9<\/a>\n                    <\/h3>\n                <\/div>\n                            <\/div>\n        <\/article>\n                <article class=\"mfwa-pro-card\">\n                            <div class=\"mfwa-pro-media\">\n                    <a href=\"https:\/\/mfwa.org\/fr\/country-highlights\/burkina-faso-lactiviste-alino-faso-retrouve-mort-dans-une-prison-de-cote-divoire\/\"><img loading=\"lazy\" decoding=\"async\" width=\"664\" height=\"663\" src=\"https:\/\/mfwa.org\/wp-content\/uploads\/2025\/08\/cristophe.jpg\" class=\"attachment-medium_large size-medium_large wp-post-image\" alt=\"\" srcset=\"https:\/\/mfwa.org\/wp-content\/uploads\/2025\/08\/cristophe.jpg 664w, https:\/\/mfwa.org\/wp-content\/uploads\/2025\/08\/cristophe-600x600.jpg 600w, https:\/\/mfwa.org\/wp-content\/uploads\/2025\/08\/cristophe-150x150.jpg 150w, https:\/\/mfwa.org\/wp-content\/uploads\/2025\/08\/cristophe-370x370.jpg 370w, https:\/\/mfwa.org\/wp-content\/uploads\/2025\/08\/cristophe-120x120.jpg 120w, https:\/\/mfwa.org\/wp-content\/uploads\/2025\/08\/cristophe-410x409.jpg 410w\" sizes=\"(max-width: 664px) 100vw, 664px\" \/><\/a>\n                <\/div>\n                        \n            <div class=\"mfwa-pro-body\">\n                <div class=\"mfwa-order-1\"><a href=\"https:\/\/mfwa.org\/fr\/country\/burkina-faso-fr\/\" class=\"mfwa-pro-label\">Burkina Faso<\/a><\/div>\n                <div class=\"mfwa-order-2\">\n                    <h3 class=\"mfwa-pro-title\">\n                        <a href=\"https:\/\/mfwa.org\/fr\/country-highlights\/burkina-faso-lactiviste-alino-faso-retrouve-mort-dans-une-prison-de-cote-divoire\/\">Burkina Faso\u00a0: L\u2019activiste Alino Faso retrouv\u00e9 mort dans une prison de C\u00f4te d\u2019Ivoire<\/a>\n                    <\/h3>\n                <\/div>\n                            <\/div>\n        <\/article>\n                <article class=\"mfwa-pro-card\">\n                            <div class=\"mfwa-pro-media\">\n                    <a href=\"https:\/\/mfwa.org\/fr\/country-highlights\/nigeria-journaliste-activiste-detenu-pour-diffamation-libere-sous-caution\/\"><img loading=\"lazy\" decoding=\"async\" width=\"740\" height=\"552\" src=\"https:\/\/mfwa.org\/wp-content\/uploads\/2025\/08\/Screenshot-2025-08-06-115053.png\" class=\"attachment-medium_large size-medium_large wp-post-image\" alt=\"\" srcset=\"https:\/\/mfwa.org\/wp-content\/uploads\/2025\/08\/Screenshot-2025-08-06-115053.png 740w, https:\/\/mfwa.org\/wp-content\/uploads\/2025\/08\/Screenshot-2025-08-06-115053-600x448.png 600w, https:\/\/mfwa.org\/wp-content\/uploads\/2025\/08\/Screenshot-2025-08-06-115053-370x276.png 370w, https:\/\/mfwa.org\/wp-content\/uploads\/2025\/08\/Screenshot-2025-08-06-115053-410x306.png 410w\" sizes=\"(max-width: 740px) 100vw, 740px\" \/><\/a>\n                <\/div>\n                        \n            <div class=\"mfwa-pro-body\">\n                <div class=\"mfwa-order-1\"><a href=\"https:\/\/mfwa.org\/fr\/country\/nigeria-fr\/\" class=\"mfwa-pro-label\">Nig\u00e9ria<\/a><\/div>\n                <div class=\"mfwa-order-2\">\n                    <h3 class=\"mfwa-pro-title\">\n                        <a href=\"https:\/\/mfwa.org\/fr\/country-highlights\/nigeria-journaliste-activiste-detenu-pour-diffamation-libere-sous-caution\/\">Nigeria\u00a0: Journaliste, activiste d\u00e9tenu pour diffamation, lib\u00e9r\u00e9 sous caution<\/a>\n                    <\/h3>\n                <\/div>\n                            <\/div>\n        <\/article>\n                <article class=\"mfwa-pro-card\">\n                            <div class=\"mfwa-pro-media\">\n                    <a href=\"https:\/\/mfwa.org\/fr\/country-highlights\/nigeria-journaliste-activiste-detenu-apres-avoir-condamne-la-repression\/\"><img loading=\"lazy\" decoding=\"async\" width=\"768\" height=\"960\" src=\"https:\/\/mfwa.org\/wp-content\/uploads\/2025\/08\/Image-crop-768x960.jpg\" class=\"attachment-medium_large size-medium_large wp-post-image\" alt=\"\" srcset=\"https:\/\/mfwa.org\/wp-content\/uploads\/2025\/08\/Image-crop-768x960.jpg 768w, https:\/\/mfwa.org\/wp-content\/uploads\/2025\/08\/Image-crop-480x600.jpg 480w, https:\/\/mfwa.org\/wp-content\/uploads\/2025\/08\/Image-crop-819x1024.jpg 819w, https:\/\/mfwa.org\/wp-content\/uploads\/2025\/08\/Image-crop-370x463.jpg 370w, https:\/\/mfwa.org\/wp-content\/uploads\/2025\/08\/Image-crop-840x1050.jpg 840w, https:\/\/mfwa.org\/wp-content\/uploads\/2025\/08\/Image-crop-410x513.jpg 410w, https:\/\/mfwa.org\/wp-content\/uploads\/2025\/08\/Image-crop.jpg 1080w\" sizes=\"(max-width: 768px) 100vw, 768px\" \/><\/a>\n                <\/div>\n                        \n            <div class=\"mfwa-pro-body\">\n                <div class=\"mfwa-order-1\"><a href=\"https:\/\/mfwa.org\/fr\/country\/nigeria-fr\/\" class=\"mfwa-pro-label\">Nig\u00e9ria<\/a><\/div>\n                <div class=\"mfwa-order-2\">\n                    <h3 class=\"mfwa-pro-title\">\n                        <a href=\"https:\/\/mfwa.org\/fr\/country-highlights\/nigeria-journaliste-activiste-detenu-apres-avoir-condamne-la-repression\/\">Nigeria: Journaliste d&#8217;investigation, activiste d\u00e9tenu apr\u00e8s avoir condamn\u00e9 la r\u00e9pression des manifestations<\/a>\n                    <\/h3>\n                <\/div>\n                            <\/div>\n        <\/article>\n                <article class=\"mfwa-pro-card\">\n                            <div class=\"mfwa-pro-media\">\n                    <a href=\"https:\/\/mfwa.org\/fr\/country-highlights\/repression-sanglante-de-manifestations-au-togo-7-morts-et-plus-dune-soixantaine-darrestations\/\"><img loading=\"lazy\" decoding=\"async\" width=\"768\" height=\"432\" src=\"https:\/\/mfwa.org\/wp-content\/uploads\/2025\/07\/Togolese-protestors-1-768x432.webp\" class=\"attachment-medium_large size-medium_large wp-post-image\" alt=\"\" srcset=\"https:\/\/mfwa.org\/wp-content\/uploads\/2025\/07\/Togolese-protestors-1-768x432.webp 768w, https:\/\/mfwa.org\/wp-content\/uploads\/2025\/07\/Togolese-protestors-1-600x338.webp 600w, https:\/\/mfwa.org\/wp-content\/uploads\/2025\/07\/Togolese-protestors-1-1024x576.webp 1024w, https:\/\/mfwa.org\/wp-content\/uploads\/2025\/07\/Togolese-protestors-1-370x208.webp 370w, https:\/\/mfwa.org\/wp-content\/uploads\/2025\/07\/Togolese-protestors-1-840x473.webp 840w, https:\/\/mfwa.org\/wp-content\/uploads\/2025\/07\/Togolese-protestors-1-410x231.webp 410w, https:\/\/mfwa.org\/wp-content\/uploads\/2025\/07\/Togolese-protestors-1-270x152.webp 270w, https:\/\/mfwa.org\/wp-content\/uploads\/2025\/07\/Togolese-protestors-1.webp 1200w\" sizes=\"(max-width: 768px) 100vw, 768px\" \/><\/a>\n                <\/div>\n                        \n            <div class=\"mfwa-pro-body\">\n                <div class=\"mfwa-order-1\"><a href=\"https:\/\/mfwa.org\/fr\/country\/togo-fr\/\" class=\"mfwa-pro-label\">Togo<\/a><\/div>\n                <div class=\"mfwa-order-2\">\n                    <h3 class=\"mfwa-pro-title\">\n                        <a href=\"https:\/\/mfwa.org\/fr\/country-highlights\/repression-sanglante-de-manifestations-au-togo-7-morts-et-plus-dune-soixantaine-darrestations\/\">R\u00e9pression sanglante de manifestations au Togo: 7 morts et plus d\u2019une soixantaine d\u2019arrestations<\/a>\n                    <\/h3>\n                <\/div>\n                            <\/div>\n        <\/article>\n                <article class=\"mfwa-pro-card\">\n                            <div class=\"mfwa-pro-media\">\n                    <a href=\"https:\/\/mfwa.org\/fr\/country-highlights\/cote-divoire-un-defenseur-des-droits-de-lhomme-contraint-a-lexil\/\"><img loading=\"lazy\" decoding=\"async\" width=\"700\" height=\"503\" src=\"https:\/\/mfwa.org\/wp-content\/uploads\/2025\/06\/Dr-Boga-Sako-Gervais-2.jpg\" class=\"attachment-medium_large size-medium_large wp-post-image\" alt=\"\" srcset=\"https:\/\/mfwa.org\/wp-content\/uploads\/2025\/06\/Dr-Boga-Sako-Gervais-2.jpg 700w, https:\/\/mfwa.org\/wp-content\/uploads\/2025\/06\/Dr-Boga-Sako-Gervais-2-600x431.jpg 600w, https:\/\/mfwa.org\/wp-content\/uploads\/2025\/06\/Dr-Boga-Sako-Gervais-2-370x266.jpg 370w, https:\/\/mfwa.org\/wp-content\/uploads\/2025\/06\/Dr-Boga-Sako-Gervais-2-410x295.jpg 410w\" sizes=\"(max-width: 700px) 100vw, 700px\" \/><\/a>\n                <\/div>\n                        \n            <div class=\"mfwa-pro-body\">\n                <div class=\"mfwa-order-1\"><a href=\"https:\/\/mfwa.org\/fr\/country\/cote-divoire-fr\/\" class=\"mfwa-pro-label\">C\u00f4te d\u2019Ivoire<\/a><\/div>\n                <div class=\"mfwa-order-2\">\n                    <h3 class=\"mfwa-pro-title\">\n                        <a href=\"https:\/\/mfwa.org\/fr\/country-highlights\/cote-divoire-un-defenseur-des-droits-de-lhomme-contraint-a-lexil\/\">C\u00f4te d&#8217;Ivoire : un d\u00e9fenseur des droits de l&#8217;homme contraint \u00e0 l&#8217;exil<\/a>\n                    <\/h3>\n                <\/div>\n                            <\/div>\n        <\/article>\n                <article class=\"mfwa-pro-card\">\n                            <div class=\"mfwa-pro-media\">\n                    <a href=\"https:\/\/mfwa.org\/fr\/country-highlights\/liberation-provisoire-de-lune-des-trois-journalistes-arretes-saluee-les-deux-autres-doivent-etre-liberes-sans-condition\/\"><img loading=\"lazy\" decoding=\"async\" width=\"500\" height=\"333\" src=\"https:\/\/mfwa.org\/wp-content\/uploads\/2025\/06\/afp_the_radio_presenters_on_sahara_fm_offer_public_service_infor-2.jpg\" class=\"attachment-medium_large size-medium_large wp-post-image\" alt=\"\" srcset=\"https:\/\/mfwa.org\/wp-content\/uploads\/2025\/06\/afp_the_radio_presenters_on_sahara_fm_offer_public_service_infor-2.jpg 500w, https:\/\/mfwa.org\/wp-content\/uploads\/2025\/06\/afp_the_radio_presenters_on_sahara_fm_offer_public_service_infor-2-370x246.jpg 370w, https:\/\/mfwa.org\/wp-content\/uploads\/2025\/06\/afp_the_radio_presenters_on_sahara_fm_offer_public_service_infor-2-410x273.jpg 410w\" sizes=\"(max-width: 600px) 100vw, 500px\" \/><\/a>\n                <\/div>\n                        \n            <div class=\"mfwa-pro-body\">\n                <div class=\"mfwa-order-1\"><a href=\"https:\/\/mfwa.org\/fr\/country\/niger-fr\/\" class=\"mfwa-pro-label\">Niger<\/a><\/div>\n                <div class=\"mfwa-order-2\">\n                    <h3 class=\"mfwa-pro-title\">\n                        <a href=\"https:\/\/mfwa.org\/fr\/country-highlights\/liberation-provisoire-de-lune-des-trois-journalistes-arretes-saluee-les-deux-autres-doivent-etre-liberes-sans-condition\/\">Lib\u00e9ration provisoire de l\u2019une des trois journalistes arr\u00eat\u00e9s salu\u00e9e, les deux autres doivent \u00eatre lib\u00e9r\u00e9s sans condition<\/a>\n                    <\/h3>\n                <\/div>\n                            <\/div>\n        <\/article>\n                <article class=\"mfwa-pro-card\">\n                            <div class=\"mfwa-pro-media\">\n                    <a href=\"https:\/\/mfwa.org\/fr\/country-highlights\/ghana-la-police-arrete-un-suspect-implique-dans-une-agression-contre-un-journaliste\/\"><img loading=\"lazy\" decoding=\"async\" width=\"768\" height=\"432\" src=\"https:\/\/mfwa.org\/wp-content\/uploads\/2025\/06\/Ghana-Police-860x484-1-1-768x432.jpg\" class=\"attachment-medium_large size-medium_large wp-post-image\" alt=\"\" srcset=\"https:\/\/mfwa.org\/wp-content\/uploads\/2025\/06\/Ghana-Police-860x484-1-1-768x432.jpg 768w, https:\/\/mfwa.org\/wp-content\/uploads\/2025\/06\/Ghana-Police-860x484-1-1-600x338.jpg 600w, https:\/\/mfwa.org\/wp-content\/uploads\/2025\/06\/Ghana-Police-860x484-1-1-370x208.jpg 370w, https:\/\/mfwa.org\/wp-content\/uploads\/2025\/06\/Ghana-Police-860x484-1-1-840x473.jpg 840w, https:\/\/mfwa.org\/wp-content\/uploads\/2025\/06\/Ghana-Police-860x484-1-1-410x231.jpg 410w, https:\/\/mfwa.org\/wp-content\/uploads\/2025\/06\/Ghana-Police-860x484-1-1-270x152.jpg 270w, https:\/\/mfwa.org\/wp-content\/uploads\/2025\/06\/Ghana-Police-860x484-1-1.jpg 860w\" sizes=\"(max-width: 768px) 100vw, 768px\" \/><\/a>\n                <\/div>\n                        \n            <div class=\"mfwa-pro-body\">\n                <div class=\"mfwa-order-1\"><a href=\"https:\/\/mfwa.org\/fr\/country\/ghana-fr\/\" class=\"mfwa-pro-label\">Ghana<\/a><\/div>\n                <div class=\"mfwa-order-2\">\n                    <h3 class=\"mfwa-pro-title\">\n                        <a href=\"https:\/\/mfwa.org\/fr\/country-highlights\/ghana-la-police-arrete-un-suspect-implique-dans-une-agression-contre-un-journaliste\/\">Ghana\u00a0: La police arr\u00eate un suspect impliqu\u00e9 dans une agression contre un journaliste<\/a>\n                    <\/h3>\n                <\/div>\n                            <\/div>\n        <\/article>\n            <\/div>\n<\/div>\n<\/div>\n\t\t\t\t\t\t<\/div>\n\t\t\t\t<\/div>\n\t\t\t\t<div class=\"elementor-element elementor-element-394e693 sc_fly_static elementor-widget elementor-widget-trx_sc_button\" data-id=\"394e693\" data-element_type=\"widget\" data-e-type=\"widget\" data-widget_type=\"trx_sc_button.default\">\n\t\t\t\t<div class=\"elementor-widget-container\">\n\t\t\t\t\t<div\tclass=\"sc_item_button sc_button_wrap sc_align_center\" ><a href=\"https:\/\/mfwa.org\/fr\/country-highlights\/\" class=\"sc_button sc_button_bordered sc_button_size_small sc_button_icon_left\" ><span class=\"sc_button_text\"><span class=\"sc_button_title\">Plus Surligner les Pays<\/span><\/span><\/a><\/div>\t\t\t\t<\/div>\n\t\t\t\t<\/div>\n\t\t\t\t\t<\/div>\n\t\t<\/div>\n\t\t\t\t\t<\/div>\n\t\t<\/section>\n\t\t\t\t<section class=\"elementor-section elementor-top-section elementor-element elementor-element-c866988 elementor-section-full_width elementor-section-stretched elementor-section-height-default elementor-section-height-default sc_fly_static\" data-id=\"c866988\" data-element_type=\"section\" data-e-type=\"section\" data-settings=\"{&quot;background_background&quot;:&quot;classic&quot;,&quot;stretch_section&quot;:&quot;section-stretched&quot;}\">\n\t\t\t\t\t\t<div class=\"elementor-container elementor-column-gap-default\">\n\t\t\t\t\t<div class=\"elementor-column elementor-col-100 elementor-top-column elementor-element elementor-element-c4fabbb sc_content_align_inherit sc_layouts_column_icons_position_left sc_fly_static\" data-id=\"c4fabbb\" data-element_type=\"column\" data-e-type=\"column\">\n\t\t\t<div class=\"elementor-widget-wrap elementor-element-populated\">\n\t\t\t\t\t\t<div class=\"elementor-element elementor-element-3e69d39 sc_fly_static elementor-widget elementor-widget-trx_sc_title\" data-id=\"3e69d39\" data-element_type=\"widget\" data-e-type=\"widget\" data-widget_type=\"trx_sc_title.default\">\n\t\t\t\t<div class=\"elementor-widget-container\">\n\t\t\t\t\t<div\t\tclass=\"sc_title sc_title_default\" ><h2 class=\"sc_item_title sc_title_title sc_align_center sc_item_title_style_default\"\n\t\t\t><span class=\"sc_item_title_text\">Actualit\u00e9s de nos Partenaires<\/span><\/h2><\/div>\t\t\t\t<\/div>\n\t\t\t\t<\/div>\n\t\t\t\t<div class=\"elementor-element elementor-element-1fa22c5 elementor-widget-divider--view-line sc_fly_static elementor-widget elementor-widget-divider\" data-id=\"1fa22c5\" data-element_type=\"widget\" data-e-type=\"widget\" data-widget_type=\"divider.default\">\n\t\t\t\t<div class=\"elementor-widget-container\">\n\t\t\t\t\t\t\t<div class=\"elementor-divider\">\n\t\t\t<span class=\"elementor-divider-separator\">\n\t\t\t\t\t\t<\/span>\n\t\t<\/div>\n\t\t\t\t\t\t<\/div>\n\t\t\t\t<\/div>\n\t\t\t\t<div class=\"elementor-element elementor-element-947e66f sc_fly_static elementor-widget elementor-widget-shortcode\" data-id=\"947e66f\" data-element_type=\"widget\" data-e-type=\"widget\" data-widget_type=\"shortcode.default\">\n\t\t\t\t<div class=\"elementor-widget-container\">\n\t\t\t\t\t\t\t<div class=\"elementor-shortcode\"><div class=\"mfwa-pro-wrapper mfwa-type-partner_highlights\">\n    <div class=\"mfwa-pro-grid cols-4\">\n                <article class=\"mfwa-pro-card\">\n                            <div class=\"mfwa-pro-media\">\n                    <a href=\"https:\/\/mfwa.org\/fr\/partner-highlights\/le-syndicat-de-la-presse-de-gambie-defie-le-gouvernement-concernant-les-lois-restreignant-la-liberte-de-la-presse\/\"><img loading=\"lazy\" decoding=\"async\" width=\"768\" height=\"512\" src=\"https:\/\/mfwa.org\/wp-content\/uploads\/2025\/06\/GPU-President-Isatou-Keita-1-768x512.jpg\" class=\"attachment-medium_large size-medium_large wp-post-image\" alt=\"\" srcset=\"https:\/\/mfwa.org\/wp-content\/uploads\/2025\/06\/GPU-President-Isatou-Keita-1-768x512.jpg 768w, https:\/\/mfwa.org\/wp-content\/uploads\/2025\/06\/GPU-President-Isatou-Keita-1-600x400.jpg 600w, https:\/\/mfwa.org\/wp-content\/uploads\/2025\/06\/GPU-President-Isatou-Keita-1-1024x683.jpg 1024w, https:\/\/mfwa.org\/wp-content\/uploads\/2025\/06\/GPU-President-Isatou-Keita-1-1536x1024.jpg 1536w, https:\/\/mfwa.org\/wp-content\/uploads\/2025\/06\/GPU-President-Isatou-Keita-1-370x247.jpg 370w, https:\/\/mfwa.org\/wp-content\/uploads\/2025\/06\/GPU-President-Isatou-Keita-1-840x560.jpg 840w, https:\/\/mfwa.org\/wp-content\/uploads\/2025\/06\/GPU-President-Isatou-Keita-1-410x273.jpg 410w, https:\/\/mfwa.org\/wp-content\/uploads\/2025\/06\/GPU-President-Isatou-Keita-1.jpg 2048w\" sizes=\"(max-width: 768px) 100vw, 768px\" \/><\/a>\n                <\/div>\n                        \n            <div class=\"mfwa-pro-body\">\n                <div class=\"mfwa-order-1\"><a href=\"https:\/\/mfwa.org\/fr\/country\/gambie\/\" class=\"mfwa-pro-label\">La Gambie<\/a><\/div>\n                <div class=\"mfwa-order-2\">\n                    <h3 class=\"mfwa-pro-title\">\n                        <a href=\"https:\/\/mfwa.org\/fr\/partner-highlights\/le-syndicat-de-la-presse-de-gambie-defie-le-gouvernement-concernant-les-lois-restreignant-la-liberte-de-la-presse\/\">Le Syndicat de la Presse de Gambie d\u00e9fie le gouvernement concernant les lois restreignant la libert\u00e9 de la presse<\/a>\n                    <\/h3>\n                <\/div>\n                                    <div class=\"mfwa-order-3 mfwa-pro-excerpt\">\n                        Lors de la comm\u00e9moration de la Journ\u00e9e mondiale de la libert\u00e9 de la presse cette ann\u00e9e \u00e0 Banjul,                    <\/div>\n                            <\/div>\n        <\/article>\n                <article class=\"mfwa-pro-card\">\n                            <div class=\"mfwa-pro-media\">\n                    <a href=\"https:\/\/mfwa.org\/fr\/partner-highlights\/prix-africain-du-journalisme-dinvestigation-norbert-zongo-paji-nz\/\"><img loading=\"lazy\" decoding=\"async\" width=\"768\" height=\"485\" src=\"https:\/\/mfwa.org\/wp-content\/uploads\/2023\/06\/Norbert-Zongo-768x485.png\" class=\"attachment-medium_large size-medium_large wp-post-image\" alt=\"\" srcset=\"https:\/\/mfwa.org\/wp-content\/uploads\/2023\/06\/Norbert-Zongo-768x485.png 768w, https:\/\/mfwa.org\/wp-content\/uploads\/2023\/06\/Norbert-Zongo-600x379.png 600w, https:\/\/mfwa.org\/wp-content\/uploads\/2023\/06\/Norbert-Zongo-150x95.png 150w, https:\/\/mfwa.org\/wp-content\/uploads\/2023\/06\/Norbert-Zongo-300x190.png 300w, https:\/\/mfwa.org\/wp-content\/uploads\/2023\/06\/Norbert-Zongo-696x440.png 696w, https:\/\/mfwa.org\/wp-content\/uploads\/2023\/06\/Norbert-Zongo.png 937w\" sizes=\"(max-width: 768px) 100vw, 768px\" \/><\/a>\n                <\/div>\n                        \n            <div class=\"mfwa-pro-body\">\n                <div class=\"mfwa-order-1\"><a href=\"https:\/\/mfwa.org\/fr\/country\/afrique-de-louest\/\" class=\"mfwa-pro-label\">Afrique de l&#039;Ouest<\/a><\/div>\n                <div class=\"mfwa-order-2\">\n                    <h3 class=\"mfwa-pro-title\">\n                        <a href=\"https:\/\/mfwa.org\/fr\/partner-highlights\/prix-africain-du-journalisme-dinvestigation-norbert-zongo-paji-nz\/\">Prix Africain du Journalisme d\u2019Investigation Norbert Zongo (PAJI-NZ)<\/a>\n                    <\/h3>\n                <\/div>\n                            <\/div>\n        <\/article>\n                <article class=\"mfwa-pro-card\">\n                            <div class=\"mfwa-pro-media\">\n                    <a href=\"https:\/\/mfwa.org\/fr\/partner-highlights\/lipc-denonce-les-attaques-sur-des-journalistes-le-jour-des-elections-a-abuja-rivers-et-oyo\/\"><img loading=\"lazy\" decoding=\"async\" width=\"768\" height=\"512\" src=\"https:\/\/mfwa.org\/wp-content\/uploads\/2023\/02\/Nigeria-21-Dec-2018-768x512.jpg\" class=\"attachment-medium_large size-medium_large wp-post-image\" alt=\"\" srcset=\"https:\/\/mfwa.org\/wp-content\/uploads\/2023\/02\/Nigeria-21-Dec-2018-768x512.jpg 768w, https:\/\/mfwa.org\/wp-content\/uploads\/2023\/02\/Nigeria-21-Dec-2018-600x400.jpg 600w, https:\/\/mfwa.org\/wp-content\/uploads\/2023\/02\/Nigeria-21-Dec-2018-1024x683.jpg 1024w, https:\/\/mfwa.org\/wp-content\/uploads\/2023\/02\/Nigeria-21-Dec-2018-150x100.jpg 150w, https:\/\/mfwa.org\/wp-content\/uploads\/2023\/02\/Nigeria-21-Dec-2018-300x200.jpg 300w, https:\/\/mfwa.org\/wp-content\/uploads\/2023\/02\/Nigeria-21-Dec-2018-696x464.jpg 696w, https:\/\/mfwa.org\/wp-content\/uploads\/2023\/02\/Nigeria-21-Dec-2018-1068x712.jpg 1068w, https:\/\/mfwa.org\/wp-content\/uploads\/2023\/02\/Nigeria-21-Dec-2018.jpg 1080w\" sizes=\"(max-width: 768px) 100vw, 768px\" \/><\/a>\n                <\/div>\n                        \n            <div class=\"mfwa-pro-body\">\n                <div class=\"mfwa-order-1\"><a href=\"https:\/\/mfwa.org\/fr\/country\/nigeria-fr\/\" class=\"mfwa-pro-label\">Nig\u00e9ria<\/a><\/div>\n                <div class=\"mfwa-order-2\">\n                    <h3 class=\"mfwa-pro-title\">\n                        <a href=\"https:\/\/mfwa.org\/fr\/partner-highlights\/lipc-denonce-les-attaques-sur-des-journalistes-le-jour-des-elections-a-abuja-rivers-et-oyo\/\">L&#8217;IPC d\u00e9nonce les attaques sur des journalistes le jour des \u00e9lections \u00e0 Abuja, Rivers et Oyo<\/a>\n                    <\/h3>\n                <\/div>\n                            <\/div>\n        <\/article>\n                <article class=\"mfwa-pro-card\">\n                            <div class=\"mfwa-pro-media\">\n                    <a href=\"https:\/\/mfwa.org\/fr\/partner-highlights\/gpu-forme-20-journalistes-sur-lacces-a-linformation\/\"><img loading=\"lazy\" decoding=\"async\" width=\"720\" height=\"480\" src=\"https:\/\/mfwa.org\/wp-content\/uploads\/2023\/02\/GPU-story_2.jpg\" class=\"attachment-medium_large size-medium_large wp-post-image\" alt=\"\" srcset=\"https:\/\/mfwa.org\/wp-content\/uploads\/2023\/02\/GPU-story_2.jpg 720w, https:\/\/mfwa.org\/wp-content\/uploads\/2023\/02\/GPU-story_2-600x400.jpg 600w, https:\/\/mfwa.org\/wp-content\/uploads\/2023\/02\/GPU-story_2-150x100.jpg 150w, https:\/\/mfwa.org\/wp-content\/uploads\/2023\/02\/GPU-story_2-300x200.jpg 300w, https:\/\/mfwa.org\/wp-content\/uploads\/2023\/02\/GPU-story_2-696x464.jpg 696w\" sizes=\"(max-width: 720px) 100vw, 720px\" \/><\/a>\n                <\/div>\n                        \n            <div class=\"mfwa-pro-body\">\n                <div class=\"mfwa-order-1\"><a href=\"https:\/\/mfwa.org\/fr\/country\/gambie\/\" class=\"mfwa-pro-label\">La Gambie<\/a><\/div>\n                <div class=\"mfwa-order-2\">\n                    <h3 class=\"mfwa-pro-title\">\n                        <a href=\"https:\/\/mfwa.org\/fr\/partner-highlights\/gpu-forme-20-journalistes-sur-lacces-a-linformation\/\">GPU forme 20 journalistes sur l&#8217;acc\u00e8s \u00e0 l&#8217;information<\/a>\n                    <\/h3>\n                <\/div>\n                            <\/div>\n        <\/article>\n                <article class=\"mfwa-pro-card\">\n                            <div class=\"mfwa-pro-media\">\n                    <a href=\"https:\/\/mfwa.org\/fr\/partner-highlights\/idei-2022-la-gpu-exhorte-le-gouvernement-a-renouveler-son-engagement-envers-la-liberte-dexpression\/\"><img loading=\"lazy\" decoding=\"async\" width=\"768\" height=\"512\" src=\"https:\/\/mfwa.org\/wp-content\/uploads\/2022\/11\/Adam-a-768x512.jpg\" class=\"attachment-medium_large size-medium_large wp-post-image\" alt=\"\" srcset=\"https:\/\/mfwa.org\/wp-content\/uploads\/2022\/11\/Adam-a-768x512.jpg 768w, https:\/\/mfwa.org\/wp-content\/uploads\/2022\/11\/Adam-a-600x400.jpg 600w, https:\/\/mfwa.org\/wp-content\/uploads\/2022\/11\/Adam-a-1024x683.jpg 1024w, https:\/\/mfwa.org\/wp-content\/uploads\/2022\/11\/Adam-a-1536x1024.jpg 1536w, https:\/\/mfwa.org\/wp-content\/uploads\/2022\/11\/Adam-a-2048x1366.jpg 2048w, https:\/\/mfwa.org\/wp-content\/uploads\/2022\/11\/Adam-a-150x100.jpg 150w, https:\/\/mfwa.org\/wp-content\/uploads\/2022\/11\/Adam-a-300x200.jpg 300w, https:\/\/mfwa.org\/wp-content\/uploads\/2022\/11\/Adam-a-696x464.jpg 696w, https:\/\/mfwa.org\/wp-content\/uploads\/2022\/11\/Adam-a-1068x712.jpg 1068w, https:\/\/mfwa.org\/wp-content\/uploads\/2022\/11\/Adam-a-1920x1280.jpg 1920w\" sizes=\"(max-width: 768px) 100vw, 768px\" \/><\/a>\n                <\/div>\n                        \n            <div class=\"mfwa-pro-body\">\n                <div class=\"mfwa-order-1\"><a href=\"https:\/\/mfwa.org\/fr\/country\/gambie\/\" class=\"mfwa-pro-label\">La Gambie<\/a><\/div>\n                <div class=\"mfwa-order-2\">\n                    <h3 class=\"mfwa-pro-title\">\n                        <a href=\"https:\/\/mfwa.org\/fr\/partner-highlights\/idei-2022-la-gpu-exhorte-le-gouvernement-a-renouveler-son-engagement-envers-la-liberte-dexpression\/\">IDEI 2022 : La GPU exhorte le gouvernement \u00e0 renouveler son engagement envers la libert\u00e9 d&#8217;expression<\/a>\n                    <\/h3>\n                <\/div>\n                            <\/div>\n        <\/article>\n                <article class=\"mfwa-pro-card\">\n                            <div class=\"mfwa-pro-media\">\n                    <a href=\"https:\/\/mfwa.org\/fr\/partner-highlights\/ipc-denonce-lamende-infligee-a-trust-tv-par-le-regulateur\/\"><img loading=\"lazy\" decoding=\"async\" width=\"768\" height=\"576\" src=\"https:\/\/mfwa.org\/wp-content\/uploads\/2022\/08\/Trust-TV-1-768x576.jpg\" class=\"attachment-medium_large size-medium_large wp-post-image\" alt=\"\" srcset=\"https:\/\/mfwa.org\/wp-content\/uploads\/2022\/08\/Trust-TV-1-768x576.jpg 768w, https:\/\/mfwa.org\/wp-content\/uploads\/2022\/08\/Trust-TV-1-600x450.jpg 600w, https:\/\/mfwa.org\/wp-content\/uploads\/2022\/08\/Trust-TV-1-150x113.jpg 150w, https:\/\/mfwa.org\/wp-content\/uploads\/2022\/08\/Trust-TV-1-300x225.jpg 300w, https:\/\/mfwa.org\/wp-content\/uploads\/2022\/08\/Trust-TV-1-696x522.jpg 696w, https:\/\/mfwa.org\/wp-content\/uploads\/2022\/08\/Trust-TV-1.jpg 840w\" sizes=\"(max-width: 768px) 100vw, 768px\" \/><\/a>\n                <\/div>\n                        \n            <div class=\"mfwa-pro-body\">\n                <div class=\"mfwa-order-1\"><a href=\"https:\/\/mfwa.org\/fr\/country\/nigeria-fr\/\" class=\"mfwa-pro-label\">Nig\u00e9ria<\/a><\/div>\n                <div class=\"mfwa-order-2\">\n                    <h3 class=\"mfwa-pro-title\">\n                        <a href=\"https:\/\/mfwa.org\/fr\/partner-highlights\/ipc-denonce-lamende-infligee-a-trust-tv-par-le-regulateur\/\">IPC denonce l&#8217;amende infligee a Trust TV par le regulateur<\/a>\n                    <\/h3>\n                <\/div>\n                            <\/div>\n        <\/article>\n                <article class=\"mfwa-pro-card\">\n                            <div class=\"mfwa-pro-media\">\n                    <a href=\"https:\/\/mfwa.org\/fr\/partner-highlights\/lipc-denonce-la-detention-et-le-harcelement-de-lediteur-et-du-reporter-de-wikki-times\/\"><img loading=\"lazy\" decoding=\"async\" width=\"768\" height=\"493\" src=\"https:\/\/mfwa.org\/wp-content\/uploads\/2021\/12\/behind-bars-768x493.jpg\" class=\"attachment-medium_large size-medium_large wp-post-image\" alt=\"\" srcset=\"https:\/\/mfwa.org\/wp-content\/uploads\/2021\/12\/behind-bars-768x493.jpg 768w, https:\/\/mfwa.org\/wp-content\/uploads\/2021\/12\/behind-bars-600x386.jpg 600w, https:\/\/mfwa.org\/wp-content\/uploads\/2021\/12\/behind-bars-1024x658.jpg 1024w, https:\/\/mfwa.org\/wp-content\/uploads\/2021\/12\/behind-bars-150x96.jpg 150w, https:\/\/mfwa.org\/wp-content\/uploads\/2021\/12\/behind-bars-300x193.jpg 300w, https:\/\/mfwa.org\/wp-content\/uploads\/2021\/12\/behind-bars-696x447.jpg 696w, https:\/\/mfwa.org\/wp-content\/uploads\/2021\/12\/behind-bars-1068x686.jpg 1068w, https:\/\/mfwa.org\/wp-content\/uploads\/2021\/12\/behind-bars.jpg 1200w\" sizes=\"(max-width: 768px) 100vw, 768px\" \/><\/a>\n                <\/div>\n                        \n            <div class=\"mfwa-pro-body\">\n                <div class=\"mfwa-order-1\"><a href=\"https:\/\/mfwa.org\/fr\/country\/nigeria-fr\/\" class=\"mfwa-pro-label\">Nig\u00e9ria<\/a><\/div>\n                <div class=\"mfwa-order-2\">\n                    <h3 class=\"mfwa-pro-title\">\n                        <a href=\"https:\/\/mfwa.org\/fr\/partner-highlights\/lipc-denonce-la-detention-et-le-harcelement-de-lediteur-et-du-reporter-de-wikki-times\/\">L\u2019IPC d\u00e9nonce la d\u00e9tention et le harc\u00e8lement de l&#8217;\u00e9diteur et du reporter de Wikki Times<\/a>\n                    <\/h3>\n                <\/div>\n                            <\/div>\n        <\/article>\n                <article class=\"mfwa-pro-card\">\n                            <div class=\"mfwa-pro-media\">\n                    <a href=\"https:\/\/mfwa.org\/fr\/partner-highlights\/le-cemesp-appelle-a-une-amelioration-de-lenvironnement-de-la-securite-des-medias-au-liberia\/\"><img loading=\"lazy\" decoding=\"async\" width=\"245\" height=\"266\" src=\"https:\/\/mfwa.org\/wp-content\/uploads\/2016\/01\/cemesp-1.jpg\" class=\"attachment-medium_large size-medium_large wp-post-image\" alt=\"\" srcset=\"https:\/\/mfwa.org\/wp-content\/uploads\/2016\/01\/cemesp-1.jpg 245w, https:\/\/mfwa.org\/wp-content\/uploads\/2016\/01\/cemesp-1-230x250.jpg 230w\" sizes=\"(max-width: 245px) 100vw, 245px\" \/><\/a>\n                <\/div>\n                        \n            <div class=\"mfwa-pro-body\">\n                <div class=\"mfwa-order-1\"><a href=\"https:\/\/mfwa.org\/fr\/country\/liberia-fr\/\" class=\"mfwa-pro-label\">Lib\u00e9ria<\/a><\/div>\n                <div class=\"mfwa-order-2\">\n                    <h3 class=\"mfwa-pro-title\">\n                        <a href=\"https:\/\/mfwa.org\/fr\/partner-highlights\/le-cemesp-appelle-a-une-amelioration-de-lenvironnement-de-la-securite-des-medias-au-liberia\/\">Le CEMESP appelle \u00e0 une am\u00e9lioration de l&#8217;environnement de la s\u00e9curit\u00e9 des m\u00e9dias au Liberia<\/a>\n                    <\/h3>\n                <\/div>\n                            <\/div>\n        <\/article>\n                <article class=\"mfwa-pro-card\">\n                            <div class=\"mfwa-pro-media\">\n                    <a href=\"https:\/\/mfwa.org\/fr\/partner-highlights\/liberte-de-presse-en-guinee-bissau\/\"><img loading=\"lazy\" decoding=\"async\" width=\"768\" height=\"433\" src=\"https:\/\/mfwa.org\/wp-content\/uploads\/2021\/04\/GB_Jornalistas-768x433.jpg\" class=\"attachment-medium_large size-medium_large wp-post-image\" alt=\"\" srcset=\"https:\/\/mfwa.org\/wp-content\/uploads\/2021\/04\/GB_Jornalistas-768x433.jpg 768w, https:\/\/mfwa.org\/wp-content\/uploads\/2021\/04\/GB_Jornalistas-600x338.jpg 600w, https:\/\/mfwa.org\/wp-content\/uploads\/2021\/04\/GB_Jornalistas-370x209.jpg 370w, https:\/\/mfwa.org\/wp-content\/uploads\/2021\/04\/GB_Jornalistas-570x321.jpg 570w, https:\/\/mfwa.org\/wp-content\/uploads\/2021\/04\/GB_Jornalistas-770x434.jpg 770w, https:\/\/mfwa.org\/wp-content\/uploads\/2021\/04\/GB_Jornalistas-444x250.jpg 444w, https:\/\/mfwa.org\/wp-content\/uploads\/2021\/04\/GB_Jornalistas.jpg 850w\" sizes=\"(max-width: 768px) 100vw, 768px\" \/><\/a>\n                <\/div>\n                        \n            <div class=\"mfwa-pro-body\">\n                <div class=\"mfwa-order-1\"><a href=\"https:\/\/mfwa.org\/fr\/country\/guinee-bissau\/\" class=\"mfwa-pro-label\">Guin\u00e9e Bissau<\/a><\/div>\n                <div class=\"mfwa-order-2\">\n                    <h3 class=\"mfwa-pro-title\">\n                        <a href=\"https:\/\/mfwa.org\/fr\/partner-highlights\/liberte-de-presse-en-guinee-bissau\/\">Libert\u00e9 de Presse en Guin\u00e9e-Bissau<\/a>\n                    <\/h3>\n                <\/div>\n                            <\/div>\n        <\/article>\n                <article class=\"mfwa-pro-card\">\n                            <div class=\"mfwa-pro-media\">\n                    <a href=\"https:\/\/mfwa.org\/fr\/partner-highlights\/lunion-de-la-presse-gambienne-gpu-lance-un-programme-dappui-pour-ses-affilies-afin-dameliorer-le-travail-de-plaidoyer\/\"><img loading=\"lazy\" decoding=\"async\" width=\"752\" height=\"440\" src=\"https:\/\/mfwa.org\/wp-content\/uploads\/2020\/04\/GPU.jpg\" class=\"attachment-medium_large size-medium_large wp-post-image\" alt=\"\" srcset=\"https:\/\/mfwa.org\/wp-content\/uploads\/2020\/04\/GPU.jpg 752w, https:\/\/mfwa.org\/wp-content\/uploads\/2020\/04\/GPU-600x351.jpg 600w, https:\/\/mfwa.org\/wp-content\/uploads\/2020\/04\/GPU-370x216.jpg 370w, https:\/\/mfwa.org\/wp-content\/uploads\/2020\/04\/GPU-570x334.jpg 570w, https:\/\/mfwa.org\/wp-content\/uploads\/2020\/04\/GPU-427x250.jpg 427w\" sizes=\"(max-width: 752px) 100vw, 752px\" \/><\/a>\n                <\/div>\n                        \n            <div class=\"mfwa-pro-body\">\n                <div class=\"mfwa-order-1\"><a href=\"https:\/\/mfwa.org\/fr\/country\/gambie\/\" class=\"mfwa-pro-label\">La Gambie<\/a><\/div>\n                <div class=\"mfwa-order-2\">\n                    <h3 class=\"mfwa-pro-title\">\n                        <a href=\"https:\/\/mfwa.org\/fr\/partner-highlights\/lunion-de-la-presse-gambienne-gpu-lance-un-programme-dappui-pour-ses-affilies-afin-dameliorer-le-travail-de-plaidoyer\/\">L\u2019Union de la Presse Gambienne (GPU) Lance un Programme d\u2019Appui pour ses Affili\u00e9s afin d\u2019Am\u00e9liorer le Travail de Plaidoyer<\/a>\n                    <\/h3>\n                <\/div>\n                            <\/div>\n        <\/article>\n                <article class=\"mfwa-pro-card\">\n                            <div class=\"mfwa-pro-media\">\n                    <a href=\"https:\/\/mfwa.org\/fr\/partner-highlights\/la-condamnation-a-perpetuite-du-meurtrier-du-journaliste-tyron-brown-est-salutaire-cemesp\/\"><img loading=\"lazy\" decoding=\"async\" width=\"684\" height=\"419\" src=\"https:\/\/mfwa.org\/wp-content\/uploads\/2020\/04\/TYRON.png\" class=\"attachment-medium_large size-medium_large wp-post-image\" alt=\"\" srcset=\"https:\/\/mfwa.org\/wp-content\/uploads\/2020\/04\/TYRON.png 684w, https:\/\/mfwa.org\/wp-content\/uploads\/2020\/04\/TYRON-600x368.png 600w, https:\/\/mfwa.org\/wp-content\/uploads\/2020\/04\/TYRON-370x227.png 370w, https:\/\/mfwa.org\/wp-content\/uploads\/2020\/04\/TYRON-570x349.png 570w, https:\/\/mfwa.org\/wp-content\/uploads\/2020\/04\/TYRON-408x250.png 408w\" sizes=\"(max-width: 684px) 100vw, 684px\" \/><\/a>\n                <\/div>\n                        \n            <div class=\"mfwa-pro-body\">\n                <div class=\"mfwa-order-1\"><a href=\"https:\/\/mfwa.org\/fr\/country\/liberia-fr\/\" class=\"mfwa-pro-label\">Lib\u00e9ria<\/a><\/div>\n                <div class=\"mfwa-order-2\">\n                    <h3 class=\"mfwa-pro-title\">\n                        <a href=\"https:\/\/mfwa.org\/fr\/partner-highlights\/la-condamnation-a-perpetuite-du-meurtrier-du-journaliste-tyron-brown-est-salutaire-cemesp\/\">La Condamnation \u00e0 Perp\u00e9tuit\u00e9 du Meurtrier du Journaliste Tyron Brown est Salutaire &#8211; CEMESP<\/a>\n                    <\/h3>\n                <\/div>\n                            <\/div>\n        <\/article>\n                <article class=\"mfwa-pro-card\">\n                        \n            <div class=\"mfwa-pro-body\">\n                <div class=\"mfwa-order-1\"><a href=\"https:\/\/mfwa.org\/fr\/country\/niger-fr\/\" class=\"mfwa-pro-label\">Niger<\/a><\/div>\n                <div class=\"mfwa-order-2\">\n                    <h3 class=\"mfwa-pro-title\">\n                        <a href=\"https:\/\/mfwa.org\/fr\/partner-highlights\/onimed-regrette-le-manquement-a-la-deontologie-dans-les-medias-nigeriens\/\">Onimed Regrette le Manquement a la Deontologie Dans les Medias Nigeriens<\/a>\n                    <\/h3>\n                <\/div>\n                            <\/div>\n        <\/article>\n                <article class=\"mfwa-pro-card\">\n                        \n            <div class=\"mfwa-pro-body\">\n                <div class=\"mfwa-order-1\"><a href=\"https:\/\/mfwa.org\/fr\/country\/nigeria-fr\/\" class=\"mfwa-pro-label\">Nig\u00e9ria<\/a><\/div>\n                <div class=\"mfwa-order-2\">\n                    <h3 class=\"mfwa-pro-title\">\n                        <a href=\"https:\/\/mfwa.org\/fr\/partner-highlights\/ipc-condamne-les-agressions-contre-des-journalistes-durant-les-elections\/\">IPC Condamne les Agressions contre des Journalistes durant les Elections<\/a>\n                    <\/h3>\n                <\/div>\n                            <\/div>\n        <\/article>\n            <\/div>\n<\/div>\n<\/div>\n\t\t\t\t\t\t<\/div>\n\t\t\t\t<\/div>\n\t\t\t\t<div class=\"elementor-element elementor-element-a529265 sc_fly_static elementor-widget elementor-widget-trx_sc_button\" data-id=\"a529265\" data-element_type=\"widget\" data-e-type=\"widget\" data-widget_type=\"trx_sc_button.default\">\n\t\t\t\t<div class=\"elementor-widget-container\">\n\t\t\t\t\t<div\tclass=\"sc_item_button sc_button_wrap sc_align_center\" ><a href=\"https:\/\/mfwa.org\/fr\/partner-highlights\/\" class=\"sc_button sc_button_bordered sc_button_size_small sc_button_icon_left\" ><span class=\"sc_button_text\"><span class=\"sc_button_title\">Plus Actualit\u00e9s de nos Partenaires<\/span><\/span><\/a><\/div>\t\t\t\t<\/div>\n\t\t\t\t<\/div>\n\t\t\t\t\t<\/div>\n\t\t<\/div>\n\t\t\t\t\t<\/div>\n\t\t<\/section>\n\t\t\t\t<section class=\"elementor-section elementor-top-section elementor-element elementor-element-7e8a1b9 elementor-section-full_width elementor-section-stretched elementor-section-height-default elementor-section-height-default sc_fly_static\" data-id=\"7e8a1b9\" data-element_type=\"section\" data-e-type=\"section\" data-settings=\"{&quot;background_background&quot;:&quot;classic&quot;,&quot;stretch_section&quot;:&quot;section-stretched&quot;}\">\n\t\t\t\t\t\t<div class=\"elementor-container elementor-column-gap-default\">\n\t\t\t\t\t<div class=\"elementor-column elementor-col-100 elementor-top-column elementor-element elementor-element-97318ac sc_content_align_inherit sc_layouts_column_icons_position_left sc_fly_static\" data-id=\"97318ac\" data-element_type=\"column\" data-e-type=\"column\">\n\t\t\t<div class=\"elementor-widget-wrap elementor-element-populated\">\n\t\t\t\t\t\t<div class=\"elementor-element elementor-element-5a3606d sc_fly_static elementor-widget elementor-widget-trx_sc_title\" data-id=\"5a3606d\" data-element_type=\"widget\" data-e-type=\"widget\" data-widget_type=\"trx_sc_title.default\">\n\t\t\t\t<div class=\"elementor-widget-container\">\n\t\t\t\t\t<div\t\tclass=\"sc_title sc_title_default\" ><h2 class=\"sc_item_title sc_title_title sc_align_center sc_item_title_style_default\"\n\t\t\t><span class=\"sc_item_title_text\">Opportunit\u00e9s<\/span><\/h2><\/div>\t\t\t\t<\/div>\n\t\t\t\t<\/div>\n\t\t\t\t<div class=\"elementor-element elementor-element-18b8724 elementor-widget-divider--view-line sc_fly_static elementor-widget elementor-widget-divider\" data-id=\"18b8724\" data-element_type=\"widget\" data-e-type=\"widget\" data-widget_type=\"divider.default\">\n\t\t\t\t<div class=\"elementor-widget-container\">\n\t\t\t\t\t\t\t<div class=\"elementor-divider\">\n\t\t\t<span class=\"elementor-divider-separator\">\n\t\t\t\t\t\t<\/span>\n\t\t<\/div>\n\t\t\t\t\t\t<\/div>\n\t\t\t\t<\/div>\n\t\t\t\t<div class=\"elementor-element elementor-element-931afb8 sc_style_default sc_fly_static elementor-widget elementor-widget-trx_sc_blogger\" data-id=\"931afb8\" data-element_type=\"widget\" data-e-type=\"widget\" data-widget_type=\"trx_sc_blogger.default\">\n\t\t\t\t<div class=\"elementor-widget-container\">\n\t\t\t\t\t<div \t\tclass=\"sc_blogger sc_blogger_default sc_blogger_default_classic sc_item_filters_tabs_none alignnone\" ><div class=\"sc_blogger_columns_wrap sc_item_columns sc_item_posts_container trx_addons_columns_wrap columns_padding_bottom columns_in_single_row\" ><div class=\"trx_addons_column-1_4\"><div data-post-id=\"49847\" data-item-number=\"1\" class=\"sc_blogger_item sc_item_container post_container sc_blogger_item_default sc_blogger_item_default_classic sc_blogger_item_odd sc_blogger_item_align_none post_format_standard sc_blogger_item_with_image sc_blogger_item_no_excerpt sc_blogger_item_image_position_top post-49847 post type-post status-publish format-standard has-post-thumbnail hentry category-non-classifiee category-opportunites\" ><div class=\"sc_blogger_item_body\"><div class=\"post_featured with_thumb hover_link sc_item_featured sc_blogger_item_featured\"><img loading=\"lazy\" decoding=\"async\" width=\"890\" height=\"664\" src=\"https:\/\/mfwa.org\/wp-content\/uploads\/2026\/02\/Blue-Modern-Page-Border-Poster-A2-Landscape-2-890x664.png\" class=\"attachment-confidant-thumb-square size-confidant-thumb-square wp-post-image\" alt=\"\" \/>\t\t\t\t\t\t<div class=\"mask\"><\/div>\n\t\t\t\t\t\t\t\t\t<a href=\"https:\/\/mfwa.org\/fr\/appel-a-candidatures-reseau-de-journalistes-dinvestigation-nipij\/\"  aria-hidden=\"true\" class=\"link\"><\/a>\r\n\t\t\t<\/div><div class=\"sc_blogger_item_content entry-content\"><h5 class=\"sc_blogger_item_title entry-title\" data-item-number=\"1\"><a href=\"https:\/\/mfwa.org\/fr\/appel-a-candidatures-reseau-de-journalistes-dinvestigation-nipij\/\" rel=\"bookmark\">Appel \u00e0 candidatures : R\u00e9seau de journalistes d&#8217;investigation (NIPIJ)<\/a><\/h5><\/div><!-- .entry-content --><\/div><!-- .sc_blogger_item_body --><\/div><!-- .sc_blogger_item --><\/div><div class=\"trx_addons_column-1_4\"><div data-post-id=\"49029\" data-item-number=\"2\" class=\"sc_blogger_item sc_item_container post_container sc_blogger_item_default sc_blogger_item_default_classic sc_blogger_item_even sc_blogger_item_align_none post_format_standard sc_blogger_item_with_image sc_blogger_item_no_excerpt sc_blogger_item_image_position_top post-49029 post type-post status-publish format-standard has-post-thumbnail hentry category-opportunites country-togo-fr\" ><div class=\"sc_blogger_item_body\"><div class=\"post_featured with_thumb hover_link sc_item_featured sc_blogger_item_featured\"><img loading=\"lazy\" decoding=\"async\" width=\"890\" height=\"664\" src=\"https:\/\/mfwa.org\/wp-content\/uploads\/2025\/10\/Blue-Modern-Page-Border-Poster-A2-Landscape-3-890x664.jpg\" class=\"attachment-confidant-thumb-square size-confidant-thumb-square wp-post-image\" alt=\"\" \/>\t\t\t\t\t\t<div class=\"mask\"><\/div>\n\t\t\t\t\t\t\t\t\t<a href=\"https:\/\/mfwa.org\/fr\/appel-doffres-pour-une-consultante-etude-de-reference-sur-lacces-des-femmes-a-internet-et-leur-participation-aux-espaces-numeriques-au-togo\/\"  aria-hidden=\"true\" class=\"link\"><\/a>\r\n\t\t\t<\/div><div class=\"sc_blogger_item_content entry-content\"><h5 class=\"sc_blogger_item_title entry-title\" data-item-number=\"2\"><a href=\"https:\/\/mfwa.org\/fr\/appel-doffres-pour-une-consultante-etude-de-reference-sur-lacces-des-femmes-a-internet-et-leur-participation-aux-espaces-numeriques-au-togo\/\" rel=\"bookmark\">Appel d\u2019offres pour un(e) consultant(e): \u00c9tude de R\u00e9f\u00e9rence sur l\u2019Acc\u00e8s des femmes \u00e0 Internet et leur Participation aux Espaces Num\u00e9riques au Togo<\/a><\/h5><\/div><!-- .entry-content --><\/div><!-- .sc_blogger_item_body --><\/div><!-- .sc_blogger_item --><\/div><div class=\"trx_addons_column-1_4\"><div data-post-id=\"34932\" data-item-number=\"3\" class=\"sc_blogger_item sc_item_container post_container sc_blogger_item_default sc_blogger_item_default_classic sc_blogger_item_odd sc_blogger_item_align_none post_format_standard sc_blogger_item_with_image sc_blogger_item_no_excerpt sc_blogger_item_image_position_top post-34932 post type-post status-publish format-standard has-post-thumbnail hentry category-opportunites country-benin-fr country-ghana-fr country-nigeria-fr country-togo-fr\" ><div class=\"sc_blogger_item_body\"><div class=\"post_featured with_thumb hover_link sc_item_featured sc_blogger_item_featured\"><img loading=\"lazy\" decoding=\"async\" width=\"890\" height=\"593\" src=\"https:\/\/mfwa.org\/wp-content\/uploads\/2025\/02\/DPI.jpg\" class=\"attachment-confidant-thumb-square size-confidant-thumb-square wp-post-image\" alt=\"\" srcset=\"https:\/\/mfwa.org\/wp-content\/uploads\/2025\/02\/DPI.jpg 1536w, https:\/\/mfwa.org\/wp-content\/uploads\/2025\/02\/DPI-600x400.jpg 600w, https:\/\/mfwa.org\/wp-content\/uploads\/2025\/02\/DPI-1024x683.jpg 1024w, https:\/\/mfwa.org\/wp-content\/uploads\/2025\/02\/DPI-768x512.jpg 768w, https:\/\/mfwa.org\/wp-content\/uploads\/2025\/02\/DPI-150x100.jpg 150w, https:\/\/mfwa.org\/wp-content\/uploads\/2025\/02\/DPI-300x200.jpg 300w, https:\/\/mfwa.org\/wp-content\/uploads\/2025\/02\/DPI-696x464.jpg 696w, https:\/\/mfwa.org\/wp-content\/uploads\/2025\/02\/DPI-1068x712.jpg 1068w\" sizes=\"(max-width: 890px) 100vw, 890px\" \/>\t\t\t\t\t\t<div class=\"mask\"><\/div>\n\t\t\t\t\t\t\t\t\t<a href=\"https:\/\/mfwa.org\/fr\/appel-a-candidatures-subventions-pour-la-production-de-reportages\/\"  aria-hidden=\"true\" class=\"link\"><\/a>\r\n\t\t\t<\/div><div class=\"sc_blogger_item_content entry-content\"><h5 class=\"sc_blogger_item_title entry-title\" data-item-number=\"3\"><a href=\"https:\/\/mfwa.org\/fr\/appel-a-candidatures-subventions-pour-la-production-de-reportages\/\" rel=\"bookmark\">Appel \u00e0 candidatures : Subventions pour la production de reportages<\/a><\/h5><\/div><!-- .entry-content --><\/div><!-- .sc_blogger_item_body --><\/div><!-- .sc_blogger_item --><\/div><\/div><\/div>\t\t\t\t<\/div>\n\t\t\t\t<\/div>\n\t\t\t\t<div class=\"elementor-element elementor-element-447995b sc_fly_static elementor-widget elementor-widget-trx_sc_button\" data-id=\"447995b\" data-element_type=\"widget\" data-e-type=\"widget\" data-widget_type=\"trx_sc_button.default\">\n\t\t\t\t<div class=\"elementor-widget-container\">\n\t\t\t\t\t<div\tclass=\"sc_item_button sc_button_wrap sc_align_center\" ><a href=\"https:\/\/mfwa.org\/fr\/category\/opportunites\/\" class=\"sc_button sc_button_bordered sc_button_size_small sc_button_icon_left\" ><span class=\"sc_button_text\"><span class=\"sc_button_title\">Plus Opportunit\u00e9s<\/span><\/span><\/a><\/div>\t\t\t\t<\/div>\n\t\t\t\t<\/div>\n\t\t\t\t\t<\/div>\n\t\t<\/div>\n\t\t\t\t\t<\/div>\n\t\t<\/section>\n\t\t\t\t<\/div>\n\t\t","protected":false},"excerpt":{"rendered":"<p>Renforcer les m\u00e9dias et les voix pour le bien public Nos domaines d\u2019expertises Freedom of Expression Read more<\/p>\n","protected":false},"author":65,"featured_media":0,"parent":0,"menu_order":0,"comment_status":"closed","ping_status":"closed","template":"","meta":{"footnotes":""},"staff-position":[],"class_list":["post-48803","page","type-page","status-publish","hentry"],"yoast_head":"<!-- This site is optimized with the Yoast SEO plugin v27.5 - https:\/\/yoast.com\/product\/yoast-seo-wordpress\/ -->\n<title>Accueil 2 - Media Foundation For West Africa<\/title>\n<meta name=\"robots\" content=\"index, follow, max-snippet:-1, max-image-preview:large, max-video-preview:-1\" \/>\n<link rel=\"canonical\" href=\"https:\/\/mfwa.org\/fr\/\" \/>\n<meta property=\"og:locale\" content=\"fr_FR\" \/>\n<meta property=\"og:type\" content=\"article\" \/>\n<meta property=\"og:title\" content=\"Accueil 2 - Media Foundation For West Africa\" \/>\n<meta property=\"og:description\" content=\"Renforcer les m\u00e9dias et les voix pour le bien public Nos domaines d\u2019expertises Freedom of Expression Read more\" \/>\n<meta property=\"og:url\" content=\"https:\/\/mfwa.org\/fr\/\" \/>\n<meta property=\"og:site_name\" content=\"Media Foundation For West Africa\" \/>\n<meta property=\"article:publisher\" content=\"https:\/\/www.facebook.com\/themfwa\" \/>\n<meta property=\"article:modified_time\" content=\"2026-04-15T16:46:44+00:00\" \/>\n<meta property=\"og:image\" content=\"https:\/\/mfwa.org\/wp-content\/uploads\/2025\/10\/Blue-Modern-Page-Border-Poster-A2-Landscape-2-890x664.jpg\" \/>\n<meta name=\"twitter:card\" content=\"summary_large_image\" \/>\n<meta name=\"twitter:site\" content=\"@TheMFWA\" \/>\n<meta name=\"twitter:label1\" content=\"Est. reading time\" \/>\n\t<meta name=\"twitter:data1\" content=\"2 minutes\" \/>\n<script type=\"application\/ld+json\" class=\"yoast-schema-graph\">{\"@context\":\"https:\\\/\\\/schema.org\",\"@graph\":[{\"@type\":\"WebPage\",\"@id\":\"https:\\\/\\\/mfwa.org\\\/fr\\\/\",\"url\":\"https:\\\/\\\/mfwa.org\\\/fr\\\/\",\"name\":\"Accueil 2 - Media Foundation For West Africa\",\"isPartOf\":{\"@id\":\"https:\\\/\\\/mfwa.org\\\/#website\"},\"primaryImageOfPage\":{\"@id\":\"https:\\\/\\\/mfwa.org\\\/fr\\\/#primaryimage\"},\"image\":{\"@id\":\"https:\\\/\\\/mfwa.org\\\/fr\\\/#primaryimage\"},\"thumbnailUrl\":\"https:\\\/\\\/mfwa.org\\\/wp-content\\\/uploads\\\/2025\\\/10\\\/Blue-Modern-Page-Border-Poster-A2-Landscape-2-890x664.jpg\",\"datePublished\":\"2025-09-24T18:43:10+00:00\",\"dateModified\":\"2026-04-15T16:46:44+00:00\",\"breadcrumb\":{\"@id\":\"https:\\\/\\\/mfwa.org\\\/fr\\\/#breadcrumb\"},\"inLanguage\":\"fr-FR\",\"potentialAction\":[{\"@type\":\"ReadAction\",\"target\":[\"https:\\\/\\\/mfwa.org\\\/fr\\\/\"]}]},{\"@type\":\"ImageObject\",\"inLanguage\":\"fr-FR\",\"@id\":\"https:\\\/\\\/mfwa.org\\\/fr\\\/#primaryimage\",\"url\":\"https:\\\/\\\/mfwa.org\\\/wp-content\\\/uploads\\\/2025\\\/10\\\/Blue-Modern-Page-Border-Poster-A2-Landscape-2-890x664.jpg\",\"contentUrl\":\"https:\\\/\\\/mfwa.org\\\/wp-content\\\/uploads\\\/2025\\\/10\\\/Blue-Modern-Page-Border-Poster-A2-Landscape-2-890x664.jpg\"},{\"@type\":\"BreadcrumbList\",\"@id\":\"https:\\\/\\\/mfwa.org\\\/fr\\\/#breadcrumb\",\"itemListElement\":[{\"@type\":\"ListItem\",\"position\":1,\"name\":\"Home\",\"item\":\"https:\\\/\\\/mfwa.org\\\/fr\\\/\"},{\"@type\":\"ListItem\",\"position\":2,\"name\":\"Accueil 2\"}]},{\"@type\":\"WebSite\",\"@id\":\"https:\\\/\\\/mfwa.org\\\/#website\",\"url\":\"https:\\\/\\\/mfwa.org\\\/\",\"name\":\"Media Foundation For West Africa\",\"description\":\"Promoting Freedom of Expression and Democracy in West Africa\",\"publisher\":{\"@id\":\"https:\\\/\\\/mfwa.org\\\/#organization\"},\"potentialAction\":[{\"@type\":\"SearchAction\",\"target\":{\"@type\":\"EntryPoint\",\"urlTemplate\":\"https:\\\/\\\/mfwa.org\\\/?s={search_term_string}\"},\"query-input\":{\"@type\":\"PropertyValueSpecification\",\"valueRequired\":true,\"valueName\":\"search_term_string\"}}],\"inLanguage\":\"fr-FR\"},{\"@type\":\"Organization\",\"@id\":\"https:\\\/\\\/mfwa.org\\\/#organization\",\"name\":\"Media Foundation for West Africa\",\"url\":\"https:\\\/\\\/mfwa.org\\\/\",\"logo\":{\"@type\":\"ImageObject\",\"inLanguage\":\"fr-FR\",\"@id\":\"https:\\\/\\\/mfwa.org\\\/#\\\/schema\\\/logo\\\/image\\\/\",\"url\":\"https:\\\/\\\/www.mfwa.org\\\/wp-content\\\/uploads\\\/2016\\\/06\\\/MFWA-LOGO.png\",\"contentUrl\":\"https:\\\/\\\/www.mfwa.org\\\/wp-content\\\/uploads\\\/2016\\\/06\\\/MFWA-LOGO.png\",\"width\":180,\"height\":180,\"caption\":\"Media Foundation for West Africa\"},\"image\":{\"@id\":\"https:\\\/\\\/mfwa.org\\\/#\\\/schema\\\/logo\\\/image\\\/\"},\"sameAs\":[\"https:\\\/\\\/www.facebook.com\\\/themfwa\",\"https:\\\/\\\/x.com\\\/TheMFWA\",\"https:\\\/\\\/www.youtube.com\\\/channel\\\/UCF6HrPuXcV1K1Ed8AAq4Rdw\"]}]}<\/script>\n<!-- \/ Yoast SEO plugin. -->","yoast_head_json":{"title":"Accueil 2 - Media Foundation For West Africa","robots":{"index":"index","follow":"follow","max-snippet":"max-snippet:-1","max-image-preview":"max-image-preview:large","max-video-preview":"max-video-preview:-1"},"canonical":"https:\/\/mfwa.org\/fr\/","og_locale":"fr_FR","og_type":"article","og_title":"Accueil 2 - Media Foundation For West Africa","og_description":"Renforcer les m\u00e9dias et les voix pour le bien public Nos domaines d\u2019expertises Freedom of Expression Read more","og_url":"https:\/\/mfwa.org\/fr\/","og_site_name":"Media Foundation For West Africa","article_publisher":"https:\/\/www.facebook.com\/themfwa","article_modified_time":"2026-04-15T16:46:44+00:00","og_image":[{"url":"https:\/\/mfwa.org\/wp-content\/uploads\/2025\/10\/Blue-Modern-Page-Border-Poster-A2-Landscape-2-890x664.jpg","type":"","width":"","height":""}],"twitter_card":"summary_large_image","twitter_site":"@TheMFWA","twitter_misc":{"Est. reading time":"2 minutes"},"schema":{"@context":"https:\/\/schema.org","@graph":[{"@type":"WebPage","@id":"https:\/\/mfwa.org\/fr\/","url":"https:\/\/mfwa.org\/fr\/","name":"Accueil 2 - Media Foundation For West Africa","isPartOf":{"@id":"https:\/\/mfwa.org\/#website"},"primaryImageOfPage":{"@id":"https:\/\/mfwa.org\/fr\/#primaryimage"},"image":{"@id":"https:\/\/mfwa.org\/fr\/#primaryimage"},"thumbnailUrl":"https:\/\/mfwa.org\/wp-content\/uploads\/2025\/10\/Blue-Modern-Page-Border-Poster-A2-Landscape-2-890x664.jpg","datePublished":"2025-09-24T18:43:10+00:00","dateModified":"2026-04-15T16:46:44+00:00","breadcrumb":{"@id":"https:\/\/mfwa.org\/fr\/#breadcrumb"},"inLanguage":"fr-FR","potentialAction":[{"@type":"ReadAction","target":["https:\/\/mfwa.org\/fr\/"]}]},{"@type":"ImageObject","inLanguage":"fr-FR","@id":"https:\/\/mfwa.org\/fr\/#primaryimage","url":"https:\/\/mfwa.org\/wp-content\/uploads\/2025\/10\/Blue-Modern-Page-Border-Poster-A2-Landscape-2-890x664.jpg","contentUrl":"https:\/\/mfwa.org\/wp-content\/uploads\/2025\/10\/Blue-Modern-Page-Border-Poster-A2-Landscape-2-890x664.jpg"},{"@type":"BreadcrumbList","@id":"https:\/\/mfwa.org\/fr\/#breadcrumb","itemListElement":[{"@type":"ListItem","position":1,"name":"Home","item":"https:\/\/mfwa.org\/fr\/"},{"@type":"ListItem","position":2,"name":"Accueil 2"}]},{"@type":"WebSite","@id":"https:\/\/mfwa.org\/#website","url":"https:\/\/mfwa.org\/","name":"Media Foundation For West Africa","description":"Promoting Freedom of Expression and Democracy in West Africa","publisher":{"@id":"https:\/\/mfwa.org\/#organization"},"potentialAction":[{"@type":"SearchAction","target":{"@type":"EntryPoint","urlTemplate":"https:\/\/mfwa.org\/?s={search_term_string}"},"query-input":{"@type":"PropertyValueSpecification","valueRequired":true,"valueName":"search_term_string"}}],"inLanguage":"fr-FR"},{"@type":"Organization","@id":"https:\/\/mfwa.org\/#organization","name":"Media Foundation for West Africa","url":"https:\/\/mfwa.org\/","logo":{"@type":"ImageObject","inLanguage":"fr-FR","@id":"https:\/\/mfwa.org\/#\/schema\/logo\/image\/","url":"https:\/\/www.mfwa.org\/wp-content\/uploads\/2016\/06\/MFWA-LOGO.png","contentUrl":"https:\/\/www.mfwa.org\/wp-content\/uploads\/2016\/06\/MFWA-LOGO.png","width":180,"height":180,"caption":"Media Foundation for West Africa"},"image":{"@id":"https:\/\/mfwa.org\/#\/schema\/logo\/image\/"},"sameAs":["https:\/\/www.facebook.com\/themfwa","https:\/\/x.com\/TheMFWA","https:\/\/www.youtube.com\/channel\/UCF6HrPuXcV1K1Ed8AAq4Rdw"]}]}},"_links":{"self":[{"href":"https:\/\/mfwa.org\/fr\/wp-json\/wp\/v2\/pages\/48803","targetHints":{"allow":["GET"]}}],"collection":[{"href":"https:\/\/mfwa.org\/fr\/wp-json\/wp\/v2\/pages"}],"about":[{"href":"https:\/\/mfwa.org\/fr\/wp-json\/wp\/v2\/types\/page"}],"author":[{"embeddable":true,"href":"https:\/\/mfwa.org\/fr\/wp-json\/wp\/v2\/users\/65"}],"replies":[{"embeddable":true,"href":"https:\/\/mfwa.org\/fr\/wp-json\/wp\/v2\/comments?post=48803"}],"version-history":[{"count":34,"href":"https:\/\/mfwa.org\/fr\/wp-json\/wp\/v2\/pages\/48803\/revisions"}],"predecessor-version":[{"id":51001,"href":"https:\/\/mfwa.org\/fr\/wp-json\/wp\/v2\/pages\/48803\/revisions\/51001"}],"wp:attachment":[{"href":"https:\/\/mfwa.org\/fr\/wp-json\/wp\/v2\/media?parent=48803"}],"wp:term":[{"taxonomy":"staff-position","embeddable":true,"href":"https:\/\/mfwa.org\/fr\/wp-json\/wp\/v2\/staff-position?post=48803"}],"curies":[{"name":"wp","href":"https:\/\/api.w.org\/{rel}","templated":true}]}}