{"id":34798,"date":"2024-10-29T09:28:13","date_gmt":"2024-10-29T09:28:13","guid":{"rendered":"https:\/\/mfwa.org\/?post_type=issues-in-focus&#038;p=34798"},"modified":"2024-10-29T09:28:13","modified_gmt":"2024-10-29T09:28:13","slug":"etre-ecologiste-au-senegal-un-defi-de-taille","status":"publish","type":"issues-in-focus","link":"https:\/\/mfwa.org\/fr\/issues-in-focus\/etre-ecologiste-au-senegal-un-defi-de-taille\/","title":{"rendered":"\u00catre \u00e9cologiste au S\u00e9n\u00e9gal \u2013un d\u00e9fi de taille"},"content":{"rendered":"<p style=\"text-align: justify;\">Consid\u00e9r\u00e9e comme l\u2019une des plus belles baies du monde, la Baie de Hann \u00e0 Dakar reste toujours d\u00e9grad\u00e9e en raison des rejets de d\u00e9chets industriels et domestiques. Et pourtant en 2020, un projet de d\u00e9pollution de la baie visait \u00e0 restaurer la qualit\u00e9 de ses eaux. D\u2019ailleurs, l\u2019Etat du S\u00e9n\u00e9gal avait entam\u00e9 un projet de d\u00e9pollution d\u2019un co\u00fbt de 94 milliards de FCFA sur une dur\u00e9e de 3 ans visant \u00e0 restaurer cet \u00e9cosyst\u00e8me. En termes d\u2019impacts attendus, le projet devrait affecter positivement la vie de 500 000 personnes qui pourront avoir acc\u00e8s \u00e0 un assainissement ad\u00e9quat en plus du raccordement de 120 industriels au r\u00e9seau d\u2019assainissement. Dans ce rapport il sera question d\u2019aborder des d\u00e9fis auxquels sont confront\u00e9s les d\u00e9fenseurs \u00e9cologistes, journalistes et soci\u00e9t\u00e9 civile.<\/p>\n<p style=\"text-align: justify;\">Cet article est bas\u00e9 sur une s\u00e9rie d\u2019entretiens avec des militants \u00e9cologistes, journalistes et ONG au S\u00e9n\u00e9gal t\u00e9moignant des d\u00e9fis et menaces qui entravent leur lutte pour la pr\u00e9servation de l&#8217;environnement.<\/p>\n<p style=\"text-align: justify;\">\u00a0<strong>La population locale, souvent exclue des d\u00e9bats environnementaux<\/strong><\/p>\n<p style=\"text-align: justify;\">\u00a0Moussa Alou Coulibaly, journaliste bas\u00e9 \u00e0 Dakar et responsable du magazine environnemental \u00ab RFI Mandekan \u00bb, partage son engagement pour traiter des sujets cruciaux tels que l&#8217;\u00e9rosion c\u00f4ti\u00e8re et la d\u00e9forestation. Pour lui, il s\u2019agit d\u2019une question de \u00ab\u00a0survie pour l\u2019humanit\u00e9\u00a0\u00bb. Il s\u2019efforce de sensibiliser les populations rurales, souvent exclues des d\u00e9bats environnementaux.<\/p>\n<p style=\"text-align: justify;\">Sa motivation principale est de contribuer \u00e0 un \u00ab\u00a0sursaut collectif face aux dangers du changement climatique\u00a0\u00bb. Il se concentre particuli\u00e8rement sur l&#8217;information des populations rurales, qui, souvent, n&#8217;ont pas eu acc\u00e8s \u00e0 l\u2019information.<\/p>\n<p style=\"text-align: justify;\">Concernant les d\u00e9fis rencontr\u00e9s, il souligne que, parfois, il est difficile d&#8217;obtenir des \u00ab\u00a0avis autoris\u00e9s pour aborder certains sujets, notamment la surp\u00eache et la d\u00e9forestation, en particulier dans la r\u00e9gion de Tambacounda au S\u00e9n\u00e9gal.\u00a0\u00bb<\/p>\n<p style=\"text-align: justify;\"><strong>L&#8217;Impact sur la p\u00eache et l\u2019avenir incertain de jeunes<\/strong><\/p>\n<p style=\"text-align: justify;\">La situation est tout aussi critique pour le secteur de la p\u00eache. D\u2019ailleurs, c\u2019est ce qu&#8217;explique un p\u00eacheur r\u00e9sidant de la zone de Yarakh. Samba soutient qu\u2019 \u00ab Il n\u2019y a plus de poissons ici, parce que bon nombre d\u2019usines d\u00e9versent leurs eaux us\u00e9es dans la baie, ce qui fait fuir les poissons. \u00bb<\/p>\n<p style=\"text-align: justify;\">Ce manque de poissons pousse des p\u00eacheurs, ainsi que ceux ayant des activit\u00e9s lucratives autour de la mer, \u00e0 emprunter les pirogues pour un avenir meilleur. Et cette phrase emprunt\u00e9e \u00e0 Dr BA, Responsable de la campagne Oc\u00e9an chez Greenpeace Afrique devrait suffire d\u2019avertissement.\u00a0 \u00ab\u00a0Si l\u2019exode des p\u00eacheurs se poursuit, nous risquons de nous retrouver face \u00e0 une double crise\u00a0\u00bb.<\/p>\n<p style=\"text-align: justify;\">Pour lui, \u00ab\u00a0la p\u00eache artisanale, pilier de notre \u00e9conomie c\u00f4ti\u00e8re, se retrouvera \u00e0 court de main-d\u2019\u0153uvre qualifi\u00e9e, et d\u2019autre part, notre s\u00e9curit\u00e9 alimentaire est directement menac\u00e9e. Sans une p\u00eache locale dynamique, nous ne serons plus en mesure de fournir suffisamment de poisson pour nourrir notre population.<\/p>\n<p style=\"text-align: justify;\"><strong>Un combat risqu\u00e9 avec menaces et Intimidations<\/strong><\/p>\n<figure id=\"attachment_34799\" aria-describedby=\"caption-attachment-34799\" style=\"width: 600px\" class=\"wp-caption aligncenter\"><img fetchpriority=\"high\" decoding=\"async\" class=\"size-medium wp-image-34799\" src=\"https:\/\/mfwa.org\/wp-content\/uploads\/2025\/02\/PHOTO-2025-02-17-15-36-02-600x450.jpg\" alt=\"Une r\u00e9colte sombre de d\u00e9chets qui menace la Baie\" width=\"600\" height=\"450\" srcset=\"https:\/\/mfwa.org\/wp-content\/uploads\/2025\/02\/PHOTO-2025-02-17-15-36-02-600x450.jpg 600w, https:\/\/mfwa.org\/wp-content\/uploads\/2025\/02\/PHOTO-2025-02-17-15-36-02-1024x768.jpg 1024w, https:\/\/mfwa.org\/wp-content\/uploads\/2025\/02\/PHOTO-2025-02-17-15-36-02-768x576.jpg 768w, https:\/\/mfwa.org\/wp-content\/uploads\/2025\/02\/PHOTO-2025-02-17-15-36-02-150x113.jpg 150w, https:\/\/mfwa.org\/wp-content\/uploads\/2025\/02\/PHOTO-2025-02-17-15-36-02-300x225.jpg 300w, https:\/\/mfwa.org\/wp-content\/uploads\/2025\/02\/PHOTO-2025-02-17-15-36-02-696x522.jpg 696w, https:\/\/mfwa.org\/wp-content\/uploads\/2025\/02\/PHOTO-2025-02-17-15-36-02.jpg 1032w\" sizes=\"(max-width: 600px) 100vw, 600px\" \/><figcaption id=\"caption-attachment-34799\" class=\"wp-caption-text\">Une r\u00e9colte sombre de d\u00e9chets qui menacent la Baie<\/figcaption><\/figure>\n<p style=\"text-align: justify;\">Mback\u00e9 Seck, natif du littoral, \u00e9voque avec nostalgie son enfance pass\u00e9e sur une plage autrefois idyllique, o\u00f9 baignades et parties de p\u00eache \u00e9taient monnaie courante. \u00ab Nous avons vu des eaux naus\u00e9abondes, une plage devenue infr\u00e9quentable \u00bb, d\u00e9plore-t-il. En juin 1988, avec un groupe d&#8217;\u00e9tudiants, il lance des op\u00e9rations de nettoyage. Ce combat, qui a d\u00e9but\u00e9 \u00e0 petite \u00e9chelle, a contribu\u00e9 \u00e0 r\u00e9habiliter la baie de Hann, attirant l\u2019attention du gouvernement apr\u00e8s trois d\u00e9cennies d\u2019efforts. Il ne sera pas le seul \u00e0 s\u2019entretenir avec l\u2019\u00e9quipe de M\u00e9dia Fondation Ouest African. Sur les d\u00e9fis auxquels sont confront\u00e9s les d\u00e9fenseurs de l\u2019environnement.<\/p>\n<p style=\"text-align: justify;\">\u00catre \u00e9cologiste au S\u00e9n\u00e9gal est un d\u00e9fi de taille. Mback\u00e9 Seck, engag\u00e9 depuis plus de 30 ans, fait face \u00e0 des pratiques dissuasives de la part des autorit\u00e9s. Refus de soutien mat\u00e9riel, sabotage de manifestations, intimidation par la police : le chemin est sem\u00e9 d&#8217;emb\u00fbches. Apr\u00e8s avoir tent\u00e9 de bloquer le d\u00e9versement de d\u00e9chets dans la mer, il a \u00e9t\u00e9 convoqu\u00e9 \u00e0 plusieurs reprises par la gendarmerie.<\/p>\n<p style=\"text-align: justify;\">\u00ab\u00a0Les industries chimiques, situ\u00e9es \u00e0 110 km de Dakar, causent d\u2019\u00e9normes d\u00e9g\u00e2ts sur les terres agricoles et la qualit\u00e9 de l\u2019eau. Plus de dix personnes m\u2019ont menac\u00e9, s\u00e9questr\u00e9, puis livr\u00e9 aux gendarmes de Mboro. Apr\u00e8s une audition et plusieurs interventions, j\u2019ai finalement \u00e9t\u00e9 rel\u00e2ch\u00e9\u00a0\u00bb, raconte-t-il. Il ajoute que ce canal \u00e0 ciel ouvert d\u00e9verse des milliers de d\u00e9chets solides en mer. \u00ab\u00a0Lorsque nous avons pos\u00e9 une grille pour bloquer ces d\u00e9chets avant de les enlever pour les diriger vers la d\u00e9charge publique, j\u2019ai \u00e9t\u00e9 convoqu\u00e9 et entendu cinq fois par la gendarmerie.\u00a0\u00bb<\/p>\n<p style=\"text-align: justify;\">Les cons\u00e9quences de l&#8217;industrialisation ne sont pas moins pr\u00e9occupantes. Ces usines nuisent gravement \u00e0 l\u2019agriculture et \u00e0 la qualit\u00e9 de l\u2019eau. Apr\u00e8s avoir \u00e9t\u00e9 s\u00e9questr\u00e9 et menac\u00e9 par des individus li\u00e9s \u00e0 ces industries, Mback\u00e9 a perdu son emploi en 2014 en raison de ses opinions divergentes sur la baie de Hann. Cette perte a entra\u00een\u00e9 une cascade de probl\u00e8mes personnels, illustrant les risques encourus pour d\u00e9fendre l&#8217;environnement.<\/p>\n<p style=\"text-align: justify;\">\u00ab\u00a0En 2014, apr\u00e8s 15 ans de service au gouvernement, j\u2019ai \u00e9t\u00e9 licenci\u00e9 par le ministre de l\u2019Eau et de l\u2019Assainissement en raison de divergences sur la question de la baie de Hann. Cette perte d\u2019emploi a entra\u00een\u00e9 le ch\u00f4mage, un divorce, des difficult\u00e9s scolaires pour mes enfants, et m\u00eame une expulsion de mon appartement\u00a0\u00bb, s\u2019est-il confi\u00e9 \u00e0 MFWA.<\/p>\n<p style=\"text-align: justify;\">Face \u00e0 ces d\u00e9fis environnementaux sans pr\u00e9c\u00e9dent, le S\u00e9n\u00e9gal a besoin d\u2019une mobilisation collective des voix de journalistes, \u00e9cologistes, organisations non gouvernementales pour \u00e9veiller les consciences et impulser des changements n\u00e9cessaires. Chaque action compte pour b\u00e2tir un avenir durable.<\/p>\n<figure id=\"attachment_34801\" aria-describedby=\"caption-attachment-34801\" style=\"width: 449px\" class=\"wp-caption aligncenter\"><img decoding=\"async\" class=\"wp-image-34801 \" src=\"https:\/\/mfwa.org\/wp-content\/uploads\/2025\/02\/PHOTO-2025-02-17-15-36-01-450x600.jpg\" alt=\"\" width=\"449\" height=\"599\" srcset=\"https:\/\/mfwa.org\/wp-content\/uploads\/2025\/02\/PHOTO-2025-02-17-15-36-01-450x600.jpg 450w, https:\/\/mfwa.org\/wp-content\/uploads\/2025\/02\/PHOTO-2025-02-17-15-36-01-768x1024.jpg 768w, https:\/\/mfwa.org\/wp-content\/uploads\/2025\/02\/PHOTO-2025-02-17-15-36-01-150x200.jpg 150w, https:\/\/mfwa.org\/wp-content\/uploads\/2025\/02\/PHOTO-2025-02-17-15-36-01-300x400.jpg 300w, https:\/\/mfwa.org\/wp-content\/uploads\/2025\/02\/PHOTO-2025-02-17-15-36-01-696x928.jpg 696w, https:\/\/mfwa.org\/wp-content\/uploads\/2025\/02\/PHOTO-2025-02-17-15-36-01.jpg 780w\" sizes=\"(max-width: 600px) 100vw, 449px\" \/><figcaption id=\"caption-attachment-34801\" class=\"wp-caption-text\">Mback\u00e9 Seck du collectif pour la protection de la Baie de Hann ramasse les d\u00e9chets<\/figcaption><\/figure>\n<p style=\"text-align: justify;\">Le journaliste Moussa Thiam, \u00e0 la t\u00eate du Cadre de R\u00e9flexion et d\u2019Action des Journalistes sur l\u2019Eau et l\u2019Assainissement (CRAJHEA), a formul\u00e9 une s\u00e9rie de recommandations pour la capitalisation du projet de d\u00e9pollution de la Baie de Hann. Pour lui, il faut une sensibilisation continue : \u00ab\u00a0Organiser des campagnes m\u00e9diatiques r\u00e9guli\u00e8res pour informer le public sur l\u2019\u00e9tat de la baie avant, pendant et apr\u00e8s les phases de d\u00e9pollution. L\u2019objectif est de sensibiliser la population \u00e0 l\u2019importance de la d\u00e9pollution pour la sant\u00e9 publique, l\u2019\u00e9conomie locale (p\u00eache, tourisme) et la biodiversit\u00e9 marine.\u00a0\u00bb<\/p>\n<p style=\"text-align: justify;\">La transparence et l\u2019acc\u00e8s \u00e0 l\u2019information doit \u00eatre de mise. \u00ab C\u2019est \u00e0 demander un acc\u00e8s aux donn\u00e9es environnementales, notamment les indicateurs de pollution et les progr\u00e8s des travaux. Cela permettra de suivre les objectifs de d\u00e9pollution et de rendre les acteurs responsables.\u00a0\u00bb<\/p>\n<p style=\"text-align: justify;\">Le gouvernement s\u00e9n\u00e9galais, agissant en partenariat les acteurs cl\u00e9s (gouvernement, ONG, entreprises priv\u00e9es) doit cr\u00e9er un espace civique favorable aux activit\u00e9s des journalistes et \u00e9cologistes visant \u00e0 prot\u00e9ger l\u2019environnement.<\/p>\n<p style=\"text-align: justify;\">Les autorit\u00e9s doivent assurer que les auteurs de violence et d\u2019intimidation \u00e0 l\u2019encontre des journalistes et activistes environnementaux rendent compte de leurs actions.<\/p>\n<p style=\"text-align: justify;\"><em>Cet article s\u2019inscrit dans le cadre d\u2019un projet de suivi et rapports sur la libert\u00e9 d\u2019expression li\u00e9es au journalisme et l\u2019activisme environnementaux. Le projet intitul\u00e9 \u00ab <strong>Promouvoir l\u2019agro\u00e9cologie et la Durabilit\u00e9 Environnementale ; et Renforcer la Libert\u00e9 d\u2019Expression en Afrique de l\u2019Ouest<\/strong> \u00bb, est mis en \u0153uvre avec le soutien financier de The 11th Hour Project. <\/em><\/p>\n","protected":false},"author":35394,"featured_media":34790,"comment_status":"closed","ping_status":"closed","template":"","categories":[319,254],"tags":[],"country":[251],"class_list":["post-34798","issues-in-focus","type-issues-in-focus","status-publish","has-post-thumbnail","hentry","category-journalisme-pour-le-changement","category-free-expression-violations-fr","country-senegal-fr"],"yoast_head":"<!-- This site is optimized with the Yoast SEO plugin v27.4 - https:\/\/yoast.com\/product\/yoast-seo-wordpress\/ -->\n<title>\u00catre \u00e9cologiste au S\u00e9n\u00e9gal \u2013un d\u00e9fi de taille<\/title>\n<meta name=\"description\" content=\"Consid\u00e9r\u00e9e comme l\u2019une des plus belles baies du monde, la Baie de Hann \u00e0 Dakar reste toujours d\u00e9grad\u00e9e en raison des rejets de d\u00e9chets industriels et domestiques. Et pourtant en 2020, un projet de d\u00e9pollution de la baie visait \u00e0 restaurer la qualit\u00e9 de ses eaux. D\u2019ailleurs, l\u2019Etat du S\u00e9n\u00e9gal avait entam\u00e9 un projet de d\u00e9pollution d\u2019un co\u00fbt de 94 milliards de FCFA sur une dur\u00e9e de 3 ans visant \u00e0 restaurer cet \u00e9cosyst\u00e8me. En termes d\u2019impacts attendus, le projet devrait affecter positivement la vie de 500 000 personnes qui pourront avoir acc\u00e8s \u00e0 un assainissement ad\u00e9quat en plus du raccordement de 120 industriels au r\u00e9seau d\u2019assainissement. Dans ce rapport il sera question d\u2019aborder des d\u00e9fis auxquels sont confront\u00e9s les d\u00e9fenseurs \u00e9cologistes, journalistes et soci\u00e9t\u00e9 civile.\" \/>\n<meta name=\"robots\" content=\"index, follow, max-snippet:-1, max-image-preview:large, max-video-preview:-1\" \/>\n<link rel=\"canonical\" href=\"https:\/\/mfwa.org\/fr\/issues-in-focus\/etre-ecologiste-au-senegal-un-defi-de-taille\/\" \/>\n<meta property=\"og:locale\" content=\"fr_FR\" \/>\n<meta property=\"og:type\" content=\"article\" \/>\n<meta property=\"og:title\" content=\"\u00catre \u00e9cologiste au S\u00e9n\u00e9gal \u2013un d\u00e9fi de taille\" \/>\n<meta property=\"og:description\" content=\"Consid\u00e9r\u00e9e comme l\u2019une des plus belles baies du monde, la Baie de Hann \u00e0 Dakar reste toujours d\u00e9grad\u00e9e en raison des rejets de d\u00e9chets industriels et domestiques. Et pourtant en 2020, un projet de d\u00e9pollution de la baie visait \u00e0 restaurer la qualit\u00e9 de ses eaux. D\u2019ailleurs, l\u2019Etat du S\u00e9n\u00e9gal avait entam\u00e9 un projet de d\u00e9pollution d\u2019un co\u00fbt de 94 milliards de FCFA sur une dur\u00e9e de 3 ans visant \u00e0 restaurer cet \u00e9cosyst\u00e8me. En termes d\u2019impacts attendus, le projet devrait affecter positivement la vie de 500 000 personnes qui pourront avoir acc\u00e8s \u00e0 un assainissement ad\u00e9quat en plus du raccordement de 120 industriels au r\u00e9seau d\u2019assainissement. Dans ce rapport il sera question d\u2019aborder des d\u00e9fis auxquels sont confront\u00e9s les d\u00e9fenseurs \u00e9cologistes, journalistes et soci\u00e9t\u00e9 civile.\" \/>\n<meta property=\"og:url\" content=\"https:\/\/mfwa.org\/fr\/issues-in-focus\/etre-ecologiste-au-senegal-un-defi-de-taille\/\" \/>\n<meta property=\"og:site_name\" content=\"Media Foundation For West Africa\" \/>\n<meta property=\"article:publisher\" content=\"https:\/\/www.facebook.com\/themfwa\" \/>\n<meta property=\"og:image\" content=\"https:\/\/mfwa.org\/wp-content\/uploads\/2025\/02\/PHOTO-2025-02-17-15-36-03.jpg\" \/>\n\t<meta property=\"og:image:width\" content=\"1080\" \/>\n\t<meta property=\"og:image:height\" content=\"607\" \/>\n\t<meta property=\"og:image:type\" content=\"image\/jpeg\" \/>\n<meta name=\"twitter:card\" content=\"summary_large_image\" \/>\n<meta name=\"twitter:site\" content=\"@TheMFWA\" \/>\n<meta name=\"twitter:label1\" content=\"Est. reading time\" \/>\n\t<meta name=\"twitter:data1\" content=\"6 minutes\" \/>\n<script type=\"application\/ld+json\" class=\"yoast-schema-graph\">{\"@context\":\"https:\\\/\\\/schema.org\",\"@graph\":[{\"@type\":\"WebPage\",\"@id\":\"https:\\\/\\\/mfwa.org\\\/fr\\\/issues-in-focus\\\/etre-ecologiste-au-senegal-un-defi-de-taille\\\/\",\"url\":\"https:\\\/\\\/mfwa.org\\\/fr\\\/issues-in-focus\\\/etre-ecologiste-au-senegal-un-defi-de-taille\\\/\",\"name\":\"\u00catre \u00e9cologiste au S\u00e9n\u00e9gal \u2013un d\u00e9fi de taille\",\"isPartOf\":{\"@id\":\"https:\\\/\\\/mfwa.org\\\/#website\"},\"primaryImageOfPage\":{\"@id\":\"https:\\\/\\\/mfwa.org\\\/fr\\\/issues-in-focus\\\/etre-ecologiste-au-senegal-un-defi-de-taille\\\/#primaryimage\"},\"image\":{\"@id\":\"https:\\\/\\\/mfwa.org\\\/fr\\\/issues-in-focus\\\/etre-ecologiste-au-senegal-un-defi-de-taille\\\/#primaryimage\"},\"thumbnailUrl\":\"https:\\\/\\\/mfwa.org\\\/wp-content\\\/uploads\\\/2025\\\/02\\\/PHOTO-2025-02-17-15-36-03.jpg\",\"datePublished\":\"2024-10-29T09:28:13+00:00\",\"description\":\"Consid\u00e9r\u00e9e comme l\u2019une des plus belles baies du monde, la Baie de Hann \u00e0 Dakar reste toujours d\u00e9grad\u00e9e en raison des rejets de d\u00e9chets industriels et domestiques. Et pourtant en 2020, un projet de d\u00e9pollution de la baie visait \u00e0 restaurer la qualit\u00e9 de ses eaux. D\u2019ailleurs, l\u2019Etat du S\u00e9n\u00e9gal avait entam\u00e9 un projet de d\u00e9pollution d\u2019un co\u00fbt de 94 milliards de FCFA sur une dur\u00e9e de 3 ans visant \u00e0 restaurer cet \u00e9cosyst\u00e8me. En termes d\u2019impacts attendus, le projet devrait affecter positivement la vie de 500 000 personnes qui pourront avoir acc\u00e8s \u00e0 un assainissement ad\u00e9quat en plus du raccordement de 120 industriels au r\u00e9seau d\u2019assainissement. Dans ce rapport il sera question d\u2019aborder des d\u00e9fis auxquels sont confront\u00e9s les d\u00e9fenseurs \u00e9cologistes, journalistes et soci\u00e9t\u00e9 civile.\",\"breadcrumb\":{\"@id\":\"https:\\\/\\\/mfwa.org\\\/fr\\\/issues-in-focus\\\/etre-ecologiste-au-senegal-un-defi-de-taille\\\/#breadcrumb\"},\"inLanguage\":\"fr-FR\",\"potentialAction\":[{\"@type\":\"ReadAction\",\"target\":[\"https:\\\/\\\/mfwa.org\\\/fr\\\/issues-in-focus\\\/etre-ecologiste-au-senegal-un-defi-de-taille\\\/\"]}]},{\"@type\":\"ImageObject\",\"inLanguage\":\"fr-FR\",\"@id\":\"https:\\\/\\\/mfwa.org\\\/fr\\\/issues-in-focus\\\/etre-ecologiste-au-senegal-un-defi-de-taille\\\/#primaryimage\",\"url\":\"https:\\\/\\\/mfwa.org\\\/wp-content\\\/uploads\\\/2025\\\/02\\\/PHOTO-2025-02-17-15-36-03.jpg\",\"contentUrl\":\"https:\\\/\\\/mfwa.org\\\/wp-content\\\/uploads\\\/2025\\\/02\\\/PHOTO-2025-02-17-15-36-03.jpg\",\"width\":1080,\"height\":607,\"caption\":\"La beaut\u00e9 et le charme de la baie sont g\u00e2ch\u00e9s par les d\u00e9chets plastiques\"},{\"@type\":\"BreadcrumbList\",\"@id\":\"https:\\\/\\\/mfwa.org\\\/fr\\\/issues-in-focus\\\/etre-ecologiste-au-senegal-un-defi-de-taille\\\/#breadcrumb\",\"itemListElement\":[{\"@type\":\"ListItem\",\"position\":1,\"name\":\"Home\",\"item\":\"https:\\\/\\\/mfwa.org\\\/fr\\\/\"},{\"@type\":\"ListItem\",\"position\":2,\"name\":\"Issues in Focus\",\"item\":\"https:\\\/\\\/mfwa.org\\\/issues-in-focus\\\/\"},{\"@type\":\"ListItem\",\"position\":3,\"name\":\"\u00catre \u00e9cologiste au S\u00e9n\u00e9gal \u2013un d\u00e9fi de taille\"}]},{\"@type\":\"WebSite\",\"@id\":\"https:\\\/\\\/mfwa.org\\\/#website\",\"url\":\"https:\\\/\\\/mfwa.org\\\/\",\"name\":\"Media Foundation For West Africa\",\"description\":\"Promoting Freedom of Expression and Democracy in West Africa\",\"publisher\":{\"@id\":\"https:\\\/\\\/mfwa.org\\\/#organization\"},\"potentialAction\":[{\"@type\":\"SearchAction\",\"target\":{\"@type\":\"EntryPoint\",\"urlTemplate\":\"https:\\\/\\\/mfwa.org\\\/?s={search_term_string}\"},\"query-input\":{\"@type\":\"PropertyValueSpecification\",\"valueRequired\":true,\"valueName\":\"search_term_string\"}}],\"inLanguage\":\"fr-FR\"},{\"@type\":\"Organization\",\"@id\":\"https:\\\/\\\/mfwa.org\\\/#organization\",\"name\":\"Media Foundation for West Africa\",\"url\":\"https:\\\/\\\/mfwa.org\\\/\",\"logo\":{\"@type\":\"ImageObject\",\"inLanguage\":\"fr-FR\",\"@id\":\"https:\\\/\\\/mfwa.org\\\/#\\\/schema\\\/logo\\\/image\\\/\",\"url\":\"https:\\\/\\\/www.mfwa.org\\\/wp-content\\\/uploads\\\/2016\\\/06\\\/MFWA-LOGO.png\",\"contentUrl\":\"https:\\\/\\\/www.mfwa.org\\\/wp-content\\\/uploads\\\/2016\\\/06\\\/MFWA-LOGO.png\",\"width\":180,\"height\":180,\"caption\":\"Media Foundation for West Africa\"},\"image\":{\"@id\":\"https:\\\/\\\/mfwa.org\\\/#\\\/schema\\\/logo\\\/image\\\/\"},\"sameAs\":[\"https:\\\/\\\/www.facebook.com\\\/themfwa\",\"https:\\\/\\\/x.com\\\/TheMFWA\",\"https:\\\/\\\/www.youtube.com\\\/channel\\\/UCF6HrPuXcV1K1Ed8AAq4Rdw\"]}]}<\/script>\n<!-- \/ Yoast SEO plugin. -->","yoast_head_json":{"title":"\u00catre \u00e9cologiste au S\u00e9n\u00e9gal \u2013un d\u00e9fi de taille","description":"Consid\u00e9r\u00e9e comme l\u2019une des plus belles baies du monde, la Baie de Hann \u00e0 Dakar reste toujours d\u00e9grad\u00e9e en raison des rejets de d\u00e9chets industriels et domestiques. Et pourtant en 2020, un projet de d\u00e9pollution de la baie visait \u00e0 restaurer la qualit\u00e9 de ses eaux. D\u2019ailleurs, l\u2019Etat du S\u00e9n\u00e9gal avait entam\u00e9 un projet de d\u00e9pollution d\u2019un co\u00fbt de 94 milliards de FCFA sur une dur\u00e9e de 3 ans visant \u00e0 restaurer cet \u00e9cosyst\u00e8me. En termes d\u2019impacts attendus, le projet devrait affecter positivement la vie de 500 000 personnes qui pourront avoir acc\u00e8s \u00e0 un assainissement ad\u00e9quat en plus du raccordement de 120 industriels au r\u00e9seau d\u2019assainissement. Dans ce rapport il sera question d\u2019aborder des d\u00e9fis auxquels sont confront\u00e9s les d\u00e9fenseurs \u00e9cologistes, journalistes et soci\u00e9t\u00e9 civile.","robots":{"index":"index","follow":"follow","max-snippet":"max-snippet:-1","max-image-preview":"max-image-preview:large","max-video-preview":"max-video-preview:-1"},"canonical":"https:\/\/mfwa.org\/fr\/issues-in-focus\/etre-ecologiste-au-senegal-un-defi-de-taille\/","og_locale":"fr_FR","og_type":"article","og_title":"\u00catre \u00e9cologiste au S\u00e9n\u00e9gal \u2013un d\u00e9fi de taille","og_description":"Consid\u00e9r\u00e9e comme l\u2019une des plus belles baies du monde, la Baie de Hann \u00e0 Dakar reste toujours d\u00e9grad\u00e9e en raison des rejets de d\u00e9chets industriels et domestiques. Et pourtant en 2020, un projet de d\u00e9pollution de la baie visait \u00e0 restaurer la qualit\u00e9 de ses eaux. D\u2019ailleurs, l\u2019Etat du S\u00e9n\u00e9gal avait entam\u00e9 un projet de d\u00e9pollution d\u2019un co\u00fbt de 94 milliards de FCFA sur une dur\u00e9e de 3 ans visant \u00e0 restaurer cet \u00e9cosyst\u00e8me. En termes d\u2019impacts attendus, le projet devrait affecter positivement la vie de 500 000 personnes qui pourront avoir acc\u00e8s \u00e0 un assainissement ad\u00e9quat en plus du raccordement de 120 industriels au r\u00e9seau d\u2019assainissement. Dans ce rapport il sera question d\u2019aborder des d\u00e9fis auxquels sont confront\u00e9s les d\u00e9fenseurs \u00e9cologistes, journalistes et soci\u00e9t\u00e9 civile.","og_url":"https:\/\/mfwa.org\/fr\/issues-in-focus\/etre-ecologiste-au-senegal-un-defi-de-taille\/","og_site_name":"Media Foundation For West Africa","article_publisher":"https:\/\/www.facebook.com\/themfwa","og_image":[{"width":1080,"height":607,"url":"https:\/\/mfwa.org\/wp-content\/uploads\/2025\/02\/PHOTO-2025-02-17-15-36-03.jpg","type":"image\/jpeg"}],"twitter_card":"summary_large_image","twitter_site":"@TheMFWA","twitter_misc":{"Est. reading time":"6 minutes"},"schema":{"@context":"https:\/\/schema.org","@graph":[{"@type":"WebPage","@id":"https:\/\/mfwa.org\/fr\/issues-in-focus\/etre-ecologiste-au-senegal-un-defi-de-taille\/","url":"https:\/\/mfwa.org\/fr\/issues-in-focus\/etre-ecologiste-au-senegal-un-defi-de-taille\/","name":"\u00catre \u00e9cologiste au S\u00e9n\u00e9gal \u2013un d\u00e9fi de taille","isPartOf":{"@id":"https:\/\/mfwa.org\/#website"},"primaryImageOfPage":{"@id":"https:\/\/mfwa.org\/fr\/issues-in-focus\/etre-ecologiste-au-senegal-un-defi-de-taille\/#primaryimage"},"image":{"@id":"https:\/\/mfwa.org\/fr\/issues-in-focus\/etre-ecologiste-au-senegal-un-defi-de-taille\/#primaryimage"},"thumbnailUrl":"https:\/\/mfwa.org\/wp-content\/uploads\/2025\/02\/PHOTO-2025-02-17-15-36-03.jpg","datePublished":"2024-10-29T09:28:13+00:00","description":"Consid\u00e9r\u00e9e comme l\u2019une des plus belles baies du monde, la Baie de Hann \u00e0 Dakar reste toujours d\u00e9grad\u00e9e en raison des rejets de d\u00e9chets industriels et domestiques. Et pourtant en 2020, un projet de d\u00e9pollution de la baie visait \u00e0 restaurer la qualit\u00e9 de ses eaux. D\u2019ailleurs, l\u2019Etat du S\u00e9n\u00e9gal avait entam\u00e9 un projet de d\u00e9pollution d\u2019un co\u00fbt de 94 milliards de FCFA sur une dur\u00e9e de 3 ans visant \u00e0 restaurer cet \u00e9cosyst\u00e8me. En termes d\u2019impacts attendus, le projet devrait affecter positivement la vie de 500 000 personnes qui pourront avoir acc\u00e8s \u00e0 un assainissement ad\u00e9quat en plus du raccordement de 120 industriels au r\u00e9seau d\u2019assainissement. Dans ce rapport il sera question d\u2019aborder des d\u00e9fis auxquels sont confront\u00e9s les d\u00e9fenseurs \u00e9cologistes, journalistes et soci\u00e9t\u00e9 civile.","breadcrumb":{"@id":"https:\/\/mfwa.org\/fr\/issues-in-focus\/etre-ecologiste-au-senegal-un-defi-de-taille\/#breadcrumb"},"inLanguage":"fr-FR","potentialAction":[{"@type":"ReadAction","target":["https:\/\/mfwa.org\/fr\/issues-in-focus\/etre-ecologiste-au-senegal-un-defi-de-taille\/"]}]},{"@type":"ImageObject","inLanguage":"fr-FR","@id":"https:\/\/mfwa.org\/fr\/issues-in-focus\/etre-ecologiste-au-senegal-un-defi-de-taille\/#primaryimage","url":"https:\/\/mfwa.org\/wp-content\/uploads\/2025\/02\/PHOTO-2025-02-17-15-36-03.jpg","contentUrl":"https:\/\/mfwa.org\/wp-content\/uploads\/2025\/02\/PHOTO-2025-02-17-15-36-03.jpg","width":1080,"height":607,"caption":"La beaut\u00e9 et le charme de la baie sont g\u00e2ch\u00e9s par les d\u00e9chets plastiques"},{"@type":"BreadcrumbList","@id":"https:\/\/mfwa.org\/fr\/issues-in-focus\/etre-ecologiste-au-senegal-un-defi-de-taille\/#breadcrumb","itemListElement":[{"@type":"ListItem","position":1,"name":"Home","item":"https:\/\/mfwa.org\/fr\/"},{"@type":"ListItem","position":2,"name":"Issues in Focus","item":"https:\/\/mfwa.org\/issues-in-focus\/"},{"@type":"ListItem","position":3,"name":"\u00catre \u00e9cologiste au S\u00e9n\u00e9gal \u2013un d\u00e9fi de taille"}]},{"@type":"WebSite","@id":"https:\/\/mfwa.org\/#website","url":"https:\/\/mfwa.org\/","name":"Media Foundation For West Africa","description":"Promoting Freedom of Expression and Democracy in West Africa","publisher":{"@id":"https:\/\/mfwa.org\/#organization"},"potentialAction":[{"@type":"SearchAction","target":{"@type":"EntryPoint","urlTemplate":"https:\/\/mfwa.org\/?s={search_term_string}"},"query-input":{"@type":"PropertyValueSpecification","valueRequired":true,"valueName":"search_term_string"}}],"inLanguage":"fr-FR"},{"@type":"Organization","@id":"https:\/\/mfwa.org\/#organization","name":"Media Foundation for West Africa","url":"https:\/\/mfwa.org\/","logo":{"@type":"ImageObject","inLanguage":"fr-FR","@id":"https:\/\/mfwa.org\/#\/schema\/logo\/image\/","url":"https:\/\/www.mfwa.org\/wp-content\/uploads\/2016\/06\/MFWA-LOGO.png","contentUrl":"https:\/\/www.mfwa.org\/wp-content\/uploads\/2016\/06\/MFWA-LOGO.png","width":180,"height":180,"caption":"Media Foundation for West Africa"},"image":{"@id":"https:\/\/mfwa.org\/#\/schema\/logo\/image\/"},"sameAs":["https:\/\/www.facebook.com\/themfwa","https:\/\/x.com\/TheMFWA","https:\/\/www.youtube.com\/channel\/UCF6HrPuXcV1K1Ed8AAq4Rdw"]}]}},"_links":{"self":[{"href":"https:\/\/mfwa.org\/fr\/wp-json\/wp\/v2\/issues-in-focus\/34798","targetHints":{"allow":["GET"]}}],"collection":[{"href":"https:\/\/mfwa.org\/fr\/wp-json\/wp\/v2\/issues-in-focus"}],"about":[{"href":"https:\/\/mfwa.org\/fr\/wp-json\/wp\/v2\/types\/issues-in-focus"}],"author":[{"embeddable":true,"href":"https:\/\/mfwa.org\/fr\/wp-json\/wp\/v2\/users\/35394"}],"replies":[{"embeddable":true,"href":"https:\/\/mfwa.org\/fr\/wp-json\/wp\/v2\/comments?post=34798"}],"wp:featuredmedia":[{"embeddable":true,"href":"https:\/\/mfwa.org\/fr\/wp-json\/wp\/v2\/media\/34790"}],"wp:attachment":[{"href":"https:\/\/mfwa.org\/fr\/wp-json\/wp\/v2\/media?parent=34798"}],"wp:term":[{"taxonomy":"category","embeddable":true,"href":"https:\/\/mfwa.org\/fr\/wp-json\/wp\/v2\/categories?post=34798"},{"taxonomy":"post_tag","embeddable":true,"href":"https:\/\/mfwa.org\/fr\/wp-json\/wp\/v2\/tags?post=34798"},{"taxonomy":"country","embeddable":true,"href":"https:\/\/mfwa.org\/fr\/wp-json\/wp\/v2\/country?post=34798"}],"curies":[{"name":"wp","href":"https:\/\/api.w.org\/{rel}","templated":true}]}}