{"id":33165,"date":"2024-08-15T12:31:44","date_gmt":"2024-08-15T12:31:44","guid":{"rendered":"https:\/\/mfwa.org\/?post_type=issues-in-focus&#038;p=33165"},"modified":"2024-08-15T12:31:44","modified_gmt":"2024-08-15T12:31:44","slug":"senegal-la-presse-observe-une-journee-sans-presse-pour-denoncer-la-repression","status":"publish","type":"issues-in-focus","link":"https:\/\/mfwa.org\/fr\/issues-in-focus\/senegal-la-presse-observe-une-journee-sans-presse-pour-denoncer-la-repression\/","title":{"rendered":"S\u00e9n\u00e9gal : la presse observe une journ\u00e9e sans presse pour d\u00e9noncer la r\u00e9pression"},"content":{"rendered":"<p style=\"text-align: justify;\">Les m\u00e9dias au S\u00e9n\u00e9gal ont observ\u00e9 une \u00ab\u00a0journ\u00e9e sans presse\u00a0\u00bb le 13 aout, 2024, pour<br \/>\nprotester contre des mesures r\u00e9pressives prises \u00e0 leur encontre par le nouveau<br \/>\ngouvernement.<br \/>\nLe Conseil des Diffuseurs et \u00c9diteurs de la Presse du S\u00e9n\u00e9gal (CDEPS), organisation<br \/>\nrepr\u00e9sentant les soci\u00e9t\u00e9s de radiodiffusion et d\u2019\u00e9dition, a lanc\u00e9 un appel \u00e0 la suspension<br \/>\ndes publications et diffusions en signe de protestation contre les mesures draconiennes<br \/>\nimpos\u00e9es par le nouveau gouvernement. En r\u00e9ponse, de nombreux m\u00e9dias ont cess\u00e9 leurs<br \/>\nactivit\u00e9s le mardi suivant cet appel, \u00e0 l&amp;#39;exception de quelques journaux arborant tous un<br \/>\nm\u00eame titre : \u00ab\u00a0Journ\u00e9e sans presse\u00a0\u00bb, \u00e9crit en rouge et blanc sur fond noir. Sur les cha\u00eenes<br \/>\nde t\u00e9l\u00e9vision, les \u00e9crans sont rest\u00e9s vides, tandis que les sites web et les stations de radio<br \/>\nse sont limit\u00e9s \u00e0 diffuser de la musique, sans fournir d&amp;#39;informations ni de pr\u00e9sentations en<br \/>\ndirect.<br \/>\nLa \u00ab\u00a0gr\u00e8ve\u00a0\u00bb a pour objectif de d\u00e9noncer une pression multiforme exerc\u00e9e sur les<br \/>\nentreprises de presse par les nouvelles autorit\u00e9s. Parmi ces actes de r\u00e9pression, le gel du<br \/>\nFonds d\u2019appui au d\u00e9veloppement de la presse et la saisie des comptes de certaines<br \/>\nentreprises de presse. En outre, les autorit\u00e9s ont suspendu les abonnements de l\u2019\u00c9tat aux<br \/>\njournaux, tout en annulant d\u2019une mani\u00e8re unilat\u00e9rale ses contrats publicitaires.<br \/>\nLe nouveau gouvernement a \u00e9galement d\u00e9cid\u00e9 de r\u00e9clamer 38 milliards de francs CFA aux<br \/>\nentreprises de presse. Le montant se reparti en 13 milliards de francs CFA de dettes<br \/>\nfiscales et de 25 milliards de francs CFA de redevances \u00e0 l&amp;#39;Agence de R\u00e9gulation des<br \/>\nT\u00e9l\u00e9communications et de la Poste (Artp).<br \/>\nEn plus du gel des comptes des entreprises d\u00e9faillantes, les autorit\u00e9s ont proc\u00e9d\u00e9 \u00e0 des<br \/>\nmises en demeures et la confiscation du mat\u00e9riel de production de certains organes de<br \/>\npresse.<br \/>\n\u00ab Nous ne refusons pas de payer, et nous payons nos imp\u00f4ts. Par contre, ce que nous<br \/>\ndemandons, c\u2019est que compte tenu de la sp\u00e9cificit\u00e9 du secteur, qu\u2019il y ait une fiscalit\u00e9<br \/>\nadapt\u00e9e comme en France et ici au S\u00e9n\u00e9gal dans les secteurs de l\u2019agriculture, du logement<br \/>\nsocial, de la sant\u00e9 \u00bb, avait d\u00e9clar\u00e9 \u00e0 la presse M. Mamadou Ibra Kane, pr\u00e9sident du Cdeps<br \/>\net patron d\u2019Avenir Communication. Cette d\u00e9claration a \u00e9t\u00e9 faite \u00e0 l\u2019issue d\u2019une r\u00e9union<br \/>\nd\u2019urgence tenue le 5 juin.<br \/>\nLa r\u00e9union d\u2019urgence a \u00e9t\u00e9 provoqu\u00e9e par, entre autres soucis, le gel des comptes d\u2019Avenir<br \/>\nCommunication de la saisie de ses comptes pour un montant de 91 millions de francs<br \/>\nCFA.<\/p>\n<p style=\"text-align: justify;\">\u00ab La proc\u00e9dure est trop rapide. Et on pourrait s\u2019interroger pourquoi les imp\u00f4ts sont tr\u00e8s<br \/>\ndiligents par rapport \u00e0 certaines entreprises et non pas par rapport \u00e0 d\u2019autres \u00bb, s\u2019est<br \/>\nindign\u00e9 Mamadou Ibra Kane, pr\u00e9sident du Cedeps \u00e0 RFM, lors d\u2019un entretien avec la<br \/>\nradio RFM le 12 juin. Pour M. Kane a d\u00e9nonc\u00e9 ce qu\u2019il consid\u00e9rait comme l\u2019utilisation de<br \/>\nla puissance publique \u00e0 des fins politiciennes.<br \/>\nLa saisie des comptes bancaires a contraint plusieurs organisations m\u00e9diatiques, dont les<br \/>\n\u00e9diteurs des quotidiens Stades, Sunu Lamb et Vox Pop, \u00e0 suspendre leur publication.<br \/>\nOutre ces pressions \u00e9conomiques, les m\u00e9dias accusent le nouveau gouvernement de s\u2019en<br \/>\nprendre \u00e0 la libert\u00e9 de la presse au S\u00e9n\u00e9gal, rappelant la diatribe r\u00e9cente du Premier<br \/>\nministre lors d&amp;#39;une r\u00e9union des jeunes cadres de son parti, le Pastef.<br \/>\n\u00ab\u00a0On ne va plus permettre que des m\u00e9dias \u00e9crivent ce qu\u2019ils veulent sur des personnes, au<br \/>\nnom d\u2019une soi-disant libert\u00e9 de la presse, sans aucune source fiable\u00a0\u00bb, avait d\u00e9clar\u00e9<br \/>\nOusmane Sonko le 9 juin 2024 \u00e0 Dakar.<br \/>\nCes propos ont provoqu\u00e9 une vague d&amp;#39;indignation au sein de la presse, de la classe<br \/>\npolitique, et de la soci\u00e9t\u00e9 civile s\u00e9n\u00e9galaise.<br \/>\nCependant, la r\u00e9pression n\u2019est pas limit\u00e9e \u00e0 des avertissements ou menace de la part des<br \/>\nnouvelles autorit\u00e9s. Plusieurs journalistes ont \u00e9t\u00e9 r\u00e9cemment interpell\u00e9s, parmi lesquels<br \/>\nPape Moussa Traor\u00e9, directeur de publication du journal La Tribune, et Mohamed Gu\u00e8ye,<br \/>\ndirecteur de publication du journal Le Quotidien. Ces deux journalistes ont \u00e9t\u00e9 interrog\u00e9s<br \/>\npar la police avant d&amp;#39;\u00eatre rel\u00e2ch\u00e9s le 31 mai, apr\u00e8s avoir \u00e9t\u00e9 accus\u00e9s de publier de fausses<br \/>\ninformations concernant le transfert d&amp;#39;un g\u00e9n\u00e9ral de l&amp;#39;arm\u00e9e \u00e0 New Delhi en tant<br \/>\nqu&amp;#39;attach\u00e9 militaire de l&amp;#39;ambassade du S\u00e9n\u00e9gal.<br \/>\nLa Fondation des m\u00e9dias pour l\u2019Afrique de l\u2019Ouest MFWA salue le sacrifice consenti par<br \/>\nla presse s\u00e9n\u00e9galaise pour assurer sa survie face \u00e0 des d\u00e9fis multiples dont elles font face.<br \/>\nNous nous f\u00e9licitons de la solidarit\u00e9 des acteurs des m\u00e9dias qui ont largement suivi le mot<br \/>\nd\u2019ordre pour la journ\u00e9e sans presse et fait part de sa solidarit\u00e9 avec la presse s\u00e9n\u00e9galaise.<br \/>\nNous appelons les autorit\u00e9s \u00e0 privil\u00e9gier le dialogue et \u00e0 adopter une approche plus<br \/>\ncompr\u00e9hensive vis-\u00e0-vis des entreprises de presse. Il est de l\u2019int\u00e9r\u00eat des nouvelles autorit\u00e9s<br \/>\nde soutenir et de promouvoir une presse ind\u00e9pendante, car celle-ci a jou\u00e9 un r\u00f4le crucial<br \/>\ndans la consolidation de la d\u00e9mocratie et la pr\u00e9servation de la paix sociale au S\u00e9n\u00e9gal, pays<br \/>\nqui reste un mod\u00e8le de d\u00e9mocratie en Afrique.<br \/>\nPour rappel, la MFWA, en collaboration avec six autres organisations r\u00e9gionales et<br \/>\ninternationales, a r\u00e9cemment adress\u00e9 une lettre ouverte aux nouvelles autorit\u00e9s<br \/>\ns\u00e9n\u00e9galaises pour leur demander de faire de la libert\u00e9 de la presse une priorit\u00e9 nationale.<\/p>\n","protected":false},"author":6,"featured_media":33166,"comment_status":"closed","ping_status":"closed","template":"","categories":[369],"tags":[],"country":[251],"class_list":["post-33165","issues-in-focus","type-issues-in-focus","status-publish","has-post-thumbnail","hentry","category-liberte-de-la-presse","country-senegal-fr"],"yoast_head":"<!-- This site is optimized with the Yoast SEO plugin v27.4 - https:\/\/yoast.com\/product\/yoast-seo-wordpress\/ -->\n<title>S\u00e9n\u00e9gal : la presse observe une journ\u00e9e sans presse pour d\u00e9noncer la r\u00e9pression<\/title>\n<meta name=\"robots\" content=\"index, follow, max-snippet:-1, max-image-preview:large, max-video-preview:-1\" \/>\n<link rel=\"canonical\" href=\"https:\/\/mfwa.org\/fr\/issues-in-focus\/senegal-la-presse-observe-une-journee-sans-presse-pour-denoncer-la-repression\/\" \/>\n<meta property=\"og:locale\" content=\"fr_FR\" \/>\n<meta property=\"og:type\" content=\"article\" \/>\n<meta property=\"og:title\" content=\"S\u00e9n\u00e9gal : la presse observe une journ\u00e9e sans presse pour d\u00e9noncer la r\u00e9pression\" \/>\n<meta property=\"og:description\" content=\"Les m\u00e9dias au S\u00e9n\u00e9gal ont observ\u00e9 une \u00ab\u00a0journ\u00e9e sans presse\u00a0\u00bb le 13 aout, 2024, pour protester contre des\" \/>\n<meta property=\"og:url\" content=\"https:\/\/mfwa.org\/fr\/issues-in-focus\/senegal-la-presse-observe-une-journee-sans-presse-pour-denoncer-la-repression\/\" \/>\n<meta property=\"og:site_name\" content=\"Media Foundation For West Africa\" \/>\n<meta property=\"article:publisher\" content=\"https:\/\/www.facebook.com\/themfwa\" \/>\n<meta property=\"og:image\" content=\"https:\/\/mfwa.org\/wp-content\/uploads\/2024\/08\/2-2-1024x576.png\" \/>\n\t<meta property=\"og:image:width\" content=\"1024\" \/>\n\t<meta property=\"og:image:height\" content=\"576\" \/>\n\t<meta property=\"og:image:type\" content=\"image\/png\" \/>\n<meta name=\"twitter:card\" content=\"summary_large_image\" \/>\n<meta name=\"twitter:site\" content=\"@TheMFWA\" \/>\n<meta name=\"twitter:label1\" content=\"Est. reading time\" \/>\n\t<meta name=\"twitter:data1\" content=\"4 minutes\" \/>\n<script type=\"application\/ld+json\" class=\"yoast-schema-graph\">{\"@context\":\"https:\\\/\\\/schema.org\",\"@graph\":[{\"@type\":\"WebPage\",\"@id\":\"https:\\\/\\\/mfwa.org\\\/fr\\\/issues-in-focus\\\/senegal-la-presse-observe-une-journee-sans-presse-pour-denoncer-la-repression\\\/\",\"url\":\"https:\\\/\\\/mfwa.org\\\/fr\\\/issues-in-focus\\\/senegal-la-presse-observe-une-journee-sans-presse-pour-denoncer-la-repression\\\/\",\"name\":\"S\u00e9n\u00e9gal : la presse observe une journ\u00e9e sans presse pour d\u00e9noncer la r\u00e9pression\",\"isPartOf\":{\"@id\":\"https:\\\/\\\/mfwa.org\\\/#website\"},\"primaryImageOfPage\":{\"@id\":\"https:\\\/\\\/mfwa.org\\\/fr\\\/issues-in-focus\\\/senegal-la-presse-observe-une-journee-sans-presse-pour-denoncer-la-repression\\\/#primaryimage\"},\"image\":{\"@id\":\"https:\\\/\\\/mfwa.org\\\/fr\\\/issues-in-focus\\\/senegal-la-presse-observe-une-journee-sans-presse-pour-denoncer-la-repression\\\/#primaryimage\"},\"thumbnailUrl\":\"https:\\\/\\\/mfwa.org\\\/wp-content\\\/uploads\\\/2024\\\/08\\\/2-2.png\",\"datePublished\":\"2024-08-15T12:31:44+00:00\",\"breadcrumb\":{\"@id\":\"https:\\\/\\\/mfwa.org\\\/fr\\\/issues-in-focus\\\/senegal-la-presse-observe-une-journee-sans-presse-pour-denoncer-la-repression\\\/#breadcrumb\"},\"inLanguage\":\"fr-FR\",\"potentialAction\":[{\"@type\":\"ReadAction\",\"target\":[\"https:\\\/\\\/mfwa.org\\\/fr\\\/issues-in-focus\\\/senegal-la-presse-observe-une-journee-sans-presse-pour-denoncer-la-repression\\\/\"]}]},{\"@type\":\"ImageObject\",\"inLanguage\":\"fr-FR\",\"@id\":\"https:\\\/\\\/mfwa.org\\\/fr\\\/issues-in-focus\\\/senegal-la-presse-observe-une-journee-sans-presse-pour-denoncer-la-repression\\\/#primaryimage\",\"url\":\"https:\\\/\\\/mfwa.org\\\/wp-content\\\/uploads\\\/2024\\\/08\\\/2-2.png\",\"contentUrl\":\"https:\\\/\\\/mfwa.org\\\/wp-content\\\/uploads\\\/2024\\\/08\\\/2-2.png\",\"width\":4400,\"height\":2475},{\"@type\":\"BreadcrumbList\",\"@id\":\"https:\\\/\\\/mfwa.org\\\/fr\\\/issues-in-focus\\\/senegal-la-presse-observe-une-journee-sans-presse-pour-denoncer-la-repression\\\/#breadcrumb\",\"itemListElement\":[{\"@type\":\"ListItem\",\"position\":1,\"name\":\"Home\",\"item\":\"https:\\\/\\\/mfwa.org\\\/fr\\\/\"},{\"@type\":\"ListItem\",\"position\":2,\"name\":\"Issues in Focus\",\"item\":\"https:\\\/\\\/mfwa.org\\\/issues-in-focus\\\/\"},{\"@type\":\"ListItem\",\"position\":3,\"name\":\"S\u00e9n\u00e9gal : la presse observe une journ\u00e9e sans presse pour d\u00e9noncer la r\u00e9pression\"}]},{\"@type\":\"WebSite\",\"@id\":\"https:\\\/\\\/mfwa.org\\\/#website\",\"url\":\"https:\\\/\\\/mfwa.org\\\/\",\"name\":\"Media Foundation For West Africa\",\"description\":\"Promoting Freedom of Expression and Democracy in West Africa\",\"publisher\":{\"@id\":\"https:\\\/\\\/mfwa.org\\\/#organization\"},\"potentialAction\":[{\"@type\":\"SearchAction\",\"target\":{\"@type\":\"EntryPoint\",\"urlTemplate\":\"https:\\\/\\\/mfwa.org\\\/?s={search_term_string}\"},\"query-input\":{\"@type\":\"PropertyValueSpecification\",\"valueRequired\":true,\"valueName\":\"search_term_string\"}}],\"inLanguage\":\"fr-FR\"},{\"@type\":\"Organization\",\"@id\":\"https:\\\/\\\/mfwa.org\\\/#organization\",\"name\":\"Media Foundation for West Africa\",\"url\":\"https:\\\/\\\/mfwa.org\\\/\",\"logo\":{\"@type\":\"ImageObject\",\"inLanguage\":\"fr-FR\",\"@id\":\"https:\\\/\\\/mfwa.org\\\/#\\\/schema\\\/logo\\\/image\\\/\",\"url\":\"https:\\\/\\\/www.mfwa.org\\\/wp-content\\\/uploads\\\/2016\\\/06\\\/MFWA-LOGO.png\",\"contentUrl\":\"https:\\\/\\\/www.mfwa.org\\\/wp-content\\\/uploads\\\/2016\\\/06\\\/MFWA-LOGO.png\",\"width\":180,\"height\":180,\"caption\":\"Media Foundation for West Africa\"},\"image\":{\"@id\":\"https:\\\/\\\/mfwa.org\\\/#\\\/schema\\\/logo\\\/image\\\/\"},\"sameAs\":[\"https:\\\/\\\/www.facebook.com\\\/themfwa\",\"https:\\\/\\\/x.com\\\/TheMFWA\",\"https:\\\/\\\/www.youtube.com\\\/channel\\\/UCF6HrPuXcV1K1Ed8AAq4Rdw\"]}]}<\/script>\n<!-- \/ Yoast SEO plugin. -->","yoast_head_json":{"title":"S\u00e9n\u00e9gal : la presse observe une journ\u00e9e sans presse pour d\u00e9noncer la r\u00e9pression","robots":{"index":"index","follow":"follow","max-snippet":"max-snippet:-1","max-image-preview":"max-image-preview:large","max-video-preview":"max-video-preview:-1"},"canonical":"https:\/\/mfwa.org\/fr\/issues-in-focus\/senegal-la-presse-observe-une-journee-sans-presse-pour-denoncer-la-repression\/","og_locale":"fr_FR","og_type":"article","og_title":"S\u00e9n\u00e9gal : la presse observe une journ\u00e9e sans presse pour d\u00e9noncer la r\u00e9pression","og_description":"Les m\u00e9dias au S\u00e9n\u00e9gal ont observ\u00e9 une \u00ab\u00a0journ\u00e9e sans presse\u00a0\u00bb le 13 aout, 2024, pour protester contre des","og_url":"https:\/\/mfwa.org\/fr\/issues-in-focus\/senegal-la-presse-observe-une-journee-sans-presse-pour-denoncer-la-repression\/","og_site_name":"Media Foundation For West Africa","article_publisher":"https:\/\/www.facebook.com\/themfwa","og_image":[{"width":1024,"height":576,"url":"https:\/\/mfwa.org\/wp-content\/uploads\/2024\/08\/2-2-1024x576.png","type":"image\/png"}],"twitter_card":"summary_large_image","twitter_site":"@TheMFWA","twitter_misc":{"Est. reading time":"4 minutes"},"schema":{"@context":"https:\/\/schema.org","@graph":[{"@type":"WebPage","@id":"https:\/\/mfwa.org\/fr\/issues-in-focus\/senegal-la-presse-observe-une-journee-sans-presse-pour-denoncer-la-repression\/","url":"https:\/\/mfwa.org\/fr\/issues-in-focus\/senegal-la-presse-observe-une-journee-sans-presse-pour-denoncer-la-repression\/","name":"S\u00e9n\u00e9gal : la presse observe une journ\u00e9e sans presse pour d\u00e9noncer la r\u00e9pression","isPartOf":{"@id":"https:\/\/mfwa.org\/#website"},"primaryImageOfPage":{"@id":"https:\/\/mfwa.org\/fr\/issues-in-focus\/senegal-la-presse-observe-une-journee-sans-presse-pour-denoncer-la-repression\/#primaryimage"},"image":{"@id":"https:\/\/mfwa.org\/fr\/issues-in-focus\/senegal-la-presse-observe-une-journee-sans-presse-pour-denoncer-la-repression\/#primaryimage"},"thumbnailUrl":"https:\/\/mfwa.org\/wp-content\/uploads\/2024\/08\/2-2.png","datePublished":"2024-08-15T12:31:44+00:00","breadcrumb":{"@id":"https:\/\/mfwa.org\/fr\/issues-in-focus\/senegal-la-presse-observe-une-journee-sans-presse-pour-denoncer-la-repression\/#breadcrumb"},"inLanguage":"fr-FR","potentialAction":[{"@type":"ReadAction","target":["https:\/\/mfwa.org\/fr\/issues-in-focus\/senegal-la-presse-observe-une-journee-sans-presse-pour-denoncer-la-repression\/"]}]},{"@type":"ImageObject","inLanguage":"fr-FR","@id":"https:\/\/mfwa.org\/fr\/issues-in-focus\/senegal-la-presse-observe-une-journee-sans-presse-pour-denoncer-la-repression\/#primaryimage","url":"https:\/\/mfwa.org\/wp-content\/uploads\/2024\/08\/2-2.png","contentUrl":"https:\/\/mfwa.org\/wp-content\/uploads\/2024\/08\/2-2.png","width":4400,"height":2475},{"@type":"BreadcrumbList","@id":"https:\/\/mfwa.org\/fr\/issues-in-focus\/senegal-la-presse-observe-une-journee-sans-presse-pour-denoncer-la-repression\/#breadcrumb","itemListElement":[{"@type":"ListItem","position":1,"name":"Home","item":"https:\/\/mfwa.org\/fr\/"},{"@type":"ListItem","position":2,"name":"Issues in Focus","item":"https:\/\/mfwa.org\/issues-in-focus\/"},{"@type":"ListItem","position":3,"name":"S\u00e9n\u00e9gal : la presse observe une journ\u00e9e sans presse pour d\u00e9noncer la r\u00e9pression"}]},{"@type":"WebSite","@id":"https:\/\/mfwa.org\/#website","url":"https:\/\/mfwa.org\/","name":"Media Foundation For West Africa","description":"Promoting Freedom of Expression and Democracy in West Africa","publisher":{"@id":"https:\/\/mfwa.org\/#organization"},"potentialAction":[{"@type":"SearchAction","target":{"@type":"EntryPoint","urlTemplate":"https:\/\/mfwa.org\/?s={search_term_string}"},"query-input":{"@type":"PropertyValueSpecification","valueRequired":true,"valueName":"search_term_string"}}],"inLanguage":"fr-FR"},{"@type":"Organization","@id":"https:\/\/mfwa.org\/#organization","name":"Media Foundation for West Africa","url":"https:\/\/mfwa.org\/","logo":{"@type":"ImageObject","inLanguage":"fr-FR","@id":"https:\/\/mfwa.org\/#\/schema\/logo\/image\/","url":"https:\/\/www.mfwa.org\/wp-content\/uploads\/2016\/06\/MFWA-LOGO.png","contentUrl":"https:\/\/www.mfwa.org\/wp-content\/uploads\/2016\/06\/MFWA-LOGO.png","width":180,"height":180,"caption":"Media Foundation for West Africa"},"image":{"@id":"https:\/\/mfwa.org\/#\/schema\/logo\/image\/"},"sameAs":["https:\/\/www.facebook.com\/themfwa","https:\/\/x.com\/TheMFWA","https:\/\/www.youtube.com\/channel\/UCF6HrPuXcV1K1Ed8AAq4Rdw"]}]}},"_links":{"self":[{"href":"https:\/\/mfwa.org\/fr\/wp-json\/wp\/v2\/issues-in-focus\/33165","targetHints":{"allow":["GET"]}}],"collection":[{"href":"https:\/\/mfwa.org\/fr\/wp-json\/wp\/v2\/issues-in-focus"}],"about":[{"href":"https:\/\/mfwa.org\/fr\/wp-json\/wp\/v2\/types\/issues-in-focus"}],"author":[{"embeddable":true,"href":"https:\/\/mfwa.org\/fr\/wp-json\/wp\/v2\/users\/6"}],"replies":[{"embeddable":true,"href":"https:\/\/mfwa.org\/fr\/wp-json\/wp\/v2\/comments?post=33165"}],"wp:featuredmedia":[{"embeddable":true,"href":"https:\/\/mfwa.org\/fr\/wp-json\/wp\/v2\/media\/33166"}],"wp:attachment":[{"href":"https:\/\/mfwa.org\/fr\/wp-json\/wp\/v2\/media?parent=33165"}],"wp:term":[{"taxonomy":"category","embeddable":true,"href":"https:\/\/mfwa.org\/fr\/wp-json\/wp\/v2\/categories?post=33165"},{"taxonomy":"post_tag","embeddable":true,"href":"https:\/\/mfwa.org\/fr\/wp-json\/wp\/v2\/tags?post=33165"},{"taxonomy":"country","embeddable":true,"href":"https:\/\/mfwa.org\/fr\/wp-json\/wp\/v2\/country?post=33165"}],"curies":[{"name":"wp","href":"https:\/\/api.w.org\/{rel}","templated":true}]}}