{"id":29001,"date":"2023-08-31T13:11:39","date_gmt":"2023-08-31T13:11:39","guid":{"rendered":"https:\/\/www.mfwa.org\/?post_type=issues-in-focus&#038;p=29001"},"modified":"2023-08-31T13:11:39","modified_gmt":"2023-08-31T13:11:39","slug":"ledition-2023-de-la-wameca-est-reportee-au-mois-de-novembre","status":"publish","type":"issues-in-focus","link":"https:\/\/mfwa.org\/fr\/issues-in-focus\/ledition-2023-de-la-wameca-est-reportee-au-mois-de-novembre\/","title":{"rendered":"L\u2019\u00e9dition 2023 de la WAMECA est report\u00e9e au mois de novembre !"},"content":{"rendered":"<p style=\"font-weight: 400; text-align: justify;\">L&#8217;\u00e9dition 2023 de la Conf\u00e9rence et des Prix d&#8217;Excellence des M\u00e9dias d&#8217;Afrique de l&#8217;Ouest (WAMECA) a \u00e9t\u00e9 reprogramm\u00e9e au <strong>9-11 novembre<\/strong> au lieu de la date communiqu\u00e9e pr\u00e9c\u00e9demment, \u00e0 savoir les <strong>19 et 20 octobre<\/strong>.<\/p>\n<p style=\"font-weight: 400; text-align: justify;\">Toutefois, toutes les activit\u00e9s pr\u00e9vues dans le programme initial restent inchang\u00e9es.<\/p>\n<p style=\"font-weight: 400; text-align: justify;\"><strong>L&#8217;\u00e9dition 2023 de WAMECA<\/strong> se tiendra donc \u00e0 Accra, au Ghana, et sera plac\u00e9e sous le th\u00e8me : \u00ab\u00a0<a href=\"https:\/\/www.mfwa.org\/wameca\/fr\/825-publications-provenant-de-15-pays-recues-pour-la-wameca-2023\/\"><strong>Les M\u00e9dias et la d\u00e9mocratie en Afrique<\/strong><\/a>\u00a0\u00bb<\/p>\n<p style=\"font-weight: 400; text-align: justify;\">Les deux premiers jours de l&#8217;\u00e9v\u00e9nement seront consacr\u00e9s \u00e0 des discussions sur divers sujets en rapport avec le th\u00e8me, tandis que le dernier jour sera consacr\u00e9 \u00e0 la remise des prix annuels, visant \u00e0 r\u00e9compenser l&#8217;excellence et l&#8217;impact des travaux journalistiques en Afrique de l&#8217;Ouest.<\/p>\n<p style=\"font-weight: 400; text-align: justify;\">Les participants \u00e0 l&#8217;\u00e9v\u00e9nement de cette ann\u00e9e se pencheront sur la r\u00e9cession d\u00e9mocratique actuelle en Afrique et formuleront des recommandations concr\u00e8tes pour mobiliser une action contre ce recul \u00e0 l&#8217;\u00e9chelle continentale.<\/p>\n<p style=\"font-weight: 400; text-align: justify;\">Les prix sont ouverts aux journalistes de la presse \u00e9crite, des m\u00e9dias \u00e9lectroniques et des m\u00e9dias en ligne des pays anglophones, francophones et lusophones d&#8217;Afrique de l&#8217;Ouest. Les candidats doivent \u00eatre des professionnels des m\u00e9dias travaillant avec et pour un ou plusieurs organes de presse bas\u00e9s dans la sous-r\u00e9gion.<\/p>\n<p style=\"font-weight: 400; text-align: justify;\">En juillet 2023, apr\u00e8s cl\u00f4ture de l&#8217;appel \u00e0 candidatures, un total de <a href=\"https:\/\/www.mfwa.org\/wameca\/fr\/825-publications-provenant-de-15-pays-recues-pour-la-wameca-2023\/\">825 publications<\/a> avaient \u00e9t\u00e9 re\u00e7ues de la part de journalistes de toute l&#8217;Afrique de l&#8217;Ouest, souhaitant participer \u00e0 l&#8217;\u00e9dition 2023 des Prix d&#8217;excellence des m\u00e9dias de l&#8217;Afrique de l&#8217;Ouest.<\/p>\n<p style=\"font-weight: 400; text-align: justify;\">Les articles ont \u00e9t\u00e9 soumis par des participants issus de quelque 402 organes de presse de 15 pays de la sous-r\u00e9gion, comprenant des \u00c9tats anglophones, francophones et lusophones.<\/p>\n<p style=\"font-weight: 400; text-align: justify;\">Ces publications sont r\u00e9parties entre dix cat\u00e9gories parmi lesquelles figurent les reportages sur les droits de l&#8217;homme, les reportages d&#8217;investigation, les reportages sur la lutte contre la corruption, les reportages sur l&#8217;environnement et les reportages sur la sant\u00e9.<\/p>\n<p style=\"font-weight: 400; text-align: justify;\">Les autres cat\u00e9gories sont les suivantes : Reportage sur les t\u00e9l\u00e9communications et les TIC, Reportage sur les entreprises et les PME, Reportage sur l\u2019immigration, Reportage sur l&#8217;autonomisation des femmes et Reportage sur le p\u00e9trole et le gaz.<\/p>\n<p style=\"font-weight: 400; text-align: justify;\">\u00ab\u00a0Cette ann\u00e9e, les journalistes de la r\u00e9gion nous ont envoy\u00e9 des articles tr\u00e8s int\u00e9ressants et percutants. Le plus int\u00e9ressant, c&#8217;est que nous recevons de plus en plus de publications de la part de journalistes venant de pays qui, auparavant, n&#8217;envoyaient que peu ou pas de publications du tout. Nous sommes impatients de c\u00e9l\u00e9brer \u00e0 nouveau l&#8217;excellence du journalisme en Afrique de l&#8217;Ouest\u00a0\u00bb, a d\u00e9clar\u00e9 Kwaku Krobea Asante, charg\u00e9 de programme \u00e0 la MFWA.<\/p>\n<p style=\"text-align: justify;\"><span style=\"font-weight: 400;\">L\u2019\u00e9dition de 2023 de la Conf\u00e9rence et les prix d&#8217;excellence des m\u00e9dias d&#8217;Afrique de l&#8217;Ouest (WAMECA) est la septi\u00e8me \u00e9dition de cet \u00e9v\u00e9nement annuel qui a \u00e9t\u00e9 lanc\u00e9 en 2017. Chaque ann\u00e9e, la MFWA met \u00e0 profit la WAMECA pour mettre l&#8217;accent sur les questions qui concernent le secteur des m\u00e9dias et de la gouvernance en Afrique de l&#8217;Ouest.<\/span><\/p>\n","protected":false},"author":12,"featured_media":12627,"comment_status":"closed","ping_status":"closed","template":"","categories":[256],"tags":[],"country":[330],"class_list":["post-29001","issues-in-focus","type-issues-in-focus","status-publish","has-post-thumbnail","hentry","category-media-development-fr","country-afrique-de-louest"],"yoast_head":"<!-- This site is optimized with the Yoast SEO plugin v27.4 - https:\/\/yoast.com\/product\/yoast-seo-wordpress\/ -->\n<title>L\u2019\u00e9dition 2023 de la WAMECA est report\u00e9e au mois de novembre ! - Media Foundation For West Africa<\/title>\n<meta name=\"robots\" content=\"index, follow, max-snippet:-1, max-image-preview:large, max-video-preview:-1\" \/>\n<link rel=\"canonical\" href=\"https:\/\/mfwa.org\/fr\/issues-in-focus\/ledition-2023-de-la-wameca-est-reportee-au-mois-de-novembre\/\" \/>\n<meta property=\"og:locale\" content=\"fr_FR\" \/>\n<meta property=\"og:type\" content=\"article\" \/>\n<meta property=\"og:title\" content=\"L\u2019\u00e9dition 2023 de la WAMECA est report\u00e9e au mois de novembre ! - Media Foundation For West Africa\" \/>\n<meta property=\"og:description\" content=\"L&#8217;\u00e9dition 2023 de la Conf\u00e9rence et des Prix d&#8217;Excellence des M\u00e9dias d&#8217;Afrique de l&#8217;Ouest (WAMECA) a \u00e9t\u00e9 reprogramm\u00e9e\" \/>\n<meta property=\"og:url\" content=\"https:\/\/mfwa.org\/fr\/issues-in-focus\/ledition-2023-de-la-wameca-est-reportee-au-mois-de-novembre\/\" \/>\n<meta property=\"og:site_name\" content=\"Media Foundation For West Africa\" \/>\n<meta property=\"article:publisher\" content=\"https:\/\/www.facebook.com\/themfwa\" \/>\n<meta property=\"og:image\" content=\"https:\/\/mfwa.org\/wp-content\/uploads\/2018\/05\/new-wameca-logo.jpg\" \/>\n\t<meta property=\"og:image:width\" content=\"800\" \/>\n\t<meta property=\"og:image:height\" content=\"600\" \/>\n\t<meta property=\"og:image:type\" content=\"image\/jpeg\" \/>\n<meta name=\"twitter:card\" content=\"summary_large_image\" \/>\n<meta name=\"twitter:site\" content=\"@TheMFWA\" \/>\n<meta name=\"twitter:label1\" content=\"Est. reading time\" \/>\n\t<meta name=\"twitter:data1\" content=\"3 minutes\" \/>\n<script type=\"application\/ld+json\" class=\"yoast-schema-graph\">{\"@context\":\"https:\\\/\\\/schema.org\",\"@graph\":[{\"@type\":\"WebPage\",\"@id\":\"https:\\\/\\\/mfwa.org\\\/fr\\\/issues-in-focus\\\/ledition-2023-de-la-wameca-est-reportee-au-mois-de-novembre\\\/\",\"url\":\"https:\\\/\\\/mfwa.org\\\/fr\\\/issues-in-focus\\\/ledition-2023-de-la-wameca-est-reportee-au-mois-de-novembre\\\/\",\"name\":\"L\u2019\u00e9dition 2023 de la WAMECA est report\u00e9e au mois de novembre ! - Media Foundation For West Africa\",\"isPartOf\":{\"@id\":\"https:\\\/\\\/mfwa.org\\\/#website\"},\"primaryImageOfPage\":{\"@id\":\"https:\\\/\\\/mfwa.org\\\/fr\\\/issues-in-focus\\\/ledition-2023-de-la-wameca-est-reportee-au-mois-de-novembre\\\/#primaryimage\"},\"image\":{\"@id\":\"https:\\\/\\\/mfwa.org\\\/fr\\\/issues-in-focus\\\/ledition-2023-de-la-wameca-est-reportee-au-mois-de-novembre\\\/#primaryimage\"},\"thumbnailUrl\":\"https:\\\/\\\/mfwa.org\\\/wp-content\\\/uploads\\\/2018\\\/05\\\/new-wameca-logo.jpg\",\"datePublished\":\"2023-08-31T13:11:39+00:00\",\"breadcrumb\":{\"@id\":\"https:\\\/\\\/mfwa.org\\\/fr\\\/issues-in-focus\\\/ledition-2023-de-la-wameca-est-reportee-au-mois-de-novembre\\\/#breadcrumb\"},\"inLanguage\":\"fr-FR\",\"potentialAction\":[{\"@type\":\"ReadAction\",\"target\":[\"https:\\\/\\\/mfwa.org\\\/fr\\\/issues-in-focus\\\/ledition-2023-de-la-wameca-est-reportee-au-mois-de-novembre\\\/\"]}]},{\"@type\":\"ImageObject\",\"inLanguage\":\"fr-FR\",\"@id\":\"https:\\\/\\\/mfwa.org\\\/fr\\\/issues-in-focus\\\/ledition-2023-de-la-wameca-est-reportee-au-mois-de-novembre\\\/#primaryimage\",\"url\":\"https:\\\/\\\/mfwa.org\\\/wp-content\\\/uploads\\\/2018\\\/05\\\/new-wameca-logo.jpg\",\"contentUrl\":\"https:\\\/\\\/mfwa.org\\\/wp-content\\\/uploads\\\/2018\\\/05\\\/new-wameca-logo.jpg\",\"width\":800,\"height\":600},{\"@type\":\"BreadcrumbList\",\"@id\":\"https:\\\/\\\/mfwa.org\\\/fr\\\/issues-in-focus\\\/ledition-2023-de-la-wameca-est-reportee-au-mois-de-novembre\\\/#breadcrumb\",\"itemListElement\":[{\"@type\":\"ListItem\",\"position\":1,\"name\":\"Home\",\"item\":\"https:\\\/\\\/mfwa.org\\\/fr\\\/\"},{\"@type\":\"ListItem\",\"position\":2,\"name\":\"Issues in Focus\",\"item\":\"https:\\\/\\\/mfwa.org\\\/issues-in-focus\\\/\"},{\"@type\":\"ListItem\",\"position\":3,\"name\":\"L\u2019\u00e9dition 2023 de la WAMECA est report\u00e9e au mois de novembre !\"}]},{\"@type\":\"WebSite\",\"@id\":\"https:\\\/\\\/mfwa.org\\\/#website\",\"url\":\"https:\\\/\\\/mfwa.org\\\/\",\"name\":\"Media Foundation For West Africa\",\"description\":\"Promoting Freedom of Expression and Democracy in West Africa\",\"publisher\":{\"@id\":\"https:\\\/\\\/mfwa.org\\\/#organization\"},\"potentialAction\":[{\"@type\":\"SearchAction\",\"target\":{\"@type\":\"EntryPoint\",\"urlTemplate\":\"https:\\\/\\\/mfwa.org\\\/?s={search_term_string}\"},\"query-input\":{\"@type\":\"PropertyValueSpecification\",\"valueRequired\":true,\"valueName\":\"search_term_string\"}}],\"inLanguage\":\"fr-FR\"},{\"@type\":\"Organization\",\"@id\":\"https:\\\/\\\/mfwa.org\\\/#organization\",\"name\":\"Media Foundation for West Africa\",\"url\":\"https:\\\/\\\/mfwa.org\\\/\",\"logo\":{\"@type\":\"ImageObject\",\"inLanguage\":\"fr-FR\",\"@id\":\"https:\\\/\\\/mfwa.org\\\/#\\\/schema\\\/logo\\\/image\\\/\",\"url\":\"https:\\\/\\\/www.mfwa.org\\\/wp-content\\\/uploads\\\/2016\\\/06\\\/MFWA-LOGO.png\",\"contentUrl\":\"https:\\\/\\\/www.mfwa.org\\\/wp-content\\\/uploads\\\/2016\\\/06\\\/MFWA-LOGO.png\",\"width\":180,\"height\":180,\"caption\":\"Media Foundation for West Africa\"},\"image\":{\"@id\":\"https:\\\/\\\/mfwa.org\\\/#\\\/schema\\\/logo\\\/image\\\/\"},\"sameAs\":[\"https:\\\/\\\/www.facebook.com\\\/themfwa\",\"https:\\\/\\\/x.com\\\/TheMFWA\",\"https:\\\/\\\/www.youtube.com\\\/channel\\\/UCF6HrPuXcV1K1Ed8AAq4Rdw\"]}]}<\/script>\n<!-- \/ Yoast SEO plugin. -->","yoast_head_json":{"title":"L\u2019\u00e9dition 2023 de la WAMECA est report\u00e9e au mois de novembre ! - Media Foundation For West Africa","robots":{"index":"index","follow":"follow","max-snippet":"max-snippet:-1","max-image-preview":"max-image-preview:large","max-video-preview":"max-video-preview:-1"},"canonical":"https:\/\/mfwa.org\/fr\/issues-in-focus\/ledition-2023-de-la-wameca-est-reportee-au-mois-de-novembre\/","og_locale":"fr_FR","og_type":"article","og_title":"L\u2019\u00e9dition 2023 de la WAMECA est report\u00e9e au mois de novembre ! - Media Foundation For West Africa","og_description":"L&#8217;\u00e9dition 2023 de la Conf\u00e9rence et des Prix d&#8217;Excellence des M\u00e9dias d&#8217;Afrique de l&#8217;Ouest (WAMECA) a \u00e9t\u00e9 reprogramm\u00e9e","og_url":"https:\/\/mfwa.org\/fr\/issues-in-focus\/ledition-2023-de-la-wameca-est-reportee-au-mois-de-novembre\/","og_site_name":"Media Foundation For West Africa","article_publisher":"https:\/\/www.facebook.com\/themfwa","og_image":[{"width":800,"height":600,"url":"https:\/\/mfwa.org\/wp-content\/uploads\/2018\/05\/new-wameca-logo.jpg","type":"image\/jpeg"}],"twitter_card":"summary_large_image","twitter_site":"@TheMFWA","twitter_misc":{"Est. reading time":"3 minutes"},"schema":{"@context":"https:\/\/schema.org","@graph":[{"@type":"WebPage","@id":"https:\/\/mfwa.org\/fr\/issues-in-focus\/ledition-2023-de-la-wameca-est-reportee-au-mois-de-novembre\/","url":"https:\/\/mfwa.org\/fr\/issues-in-focus\/ledition-2023-de-la-wameca-est-reportee-au-mois-de-novembre\/","name":"L\u2019\u00e9dition 2023 de la WAMECA est report\u00e9e au mois de novembre ! - Media Foundation For West Africa","isPartOf":{"@id":"https:\/\/mfwa.org\/#website"},"primaryImageOfPage":{"@id":"https:\/\/mfwa.org\/fr\/issues-in-focus\/ledition-2023-de-la-wameca-est-reportee-au-mois-de-novembre\/#primaryimage"},"image":{"@id":"https:\/\/mfwa.org\/fr\/issues-in-focus\/ledition-2023-de-la-wameca-est-reportee-au-mois-de-novembre\/#primaryimage"},"thumbnailUrl":"https:\/\/mfwa.org\/wp-content\/uploads\/2018\/05\/new-wameca-logo.jpg","datePublished":"2023-08-31T13:11:39+00:00","breadcrumb":{"@id":"https:\/\/mfwa.org\/fr\/issues-in-focus\/ledition-2023-de-la-wameca-est-reportee-au-mois-de-novembre\/#breadcrumb"},"inLanguage":"fr-FR","potentialAction":[{"@type":"ReadAction","target":["https:\/\/mfwa.org\/fr\/issues-in-focus\/ledition-2023-de-la-wameca-est-reportee-au-mois-de-novembre\/"]}]},{"@type":"ImageObject","inLanguage":"fr-FR","@id":"https:\/\/mfwa.org\/fr\/issues-in-focus\/ledition-2023-de-la-wameca-est-reportee-au-mois-de-novembre\/#primaryimage","url":"https:\/\/mfwa.org\/wp-content\/uploads\/2018\/05\/new-wameca-logo.jpg","contentUrl":"https:\/\/mfwa.org\/wp-content\/uploads\/2018\/05\/new-wameca-logo.jpg","width":800,"height":600},{"@type":"BreadcrumbList","@id":"https:\/\/mfwa.org\/fr\/issues-in-focus\/ledition-2023-de-la-wameca-est-reportee-au-mois-de-novembre\/#breadcrumb","itemListElement":[{"@type":"ListItem","position":1,"name":"Home","item":"https:\/\/mfwa.org\/fr\/"},{"@type":"ListItem","position":2,"name":"Issues in Focus","item":"https:\/\/mfwa.org\/issues-in-focus\/"},{"@type":"ListItem","position":3,"name":"L\u2019\u00e9dition 2023 de la WAMECA est report\u00e9e au mois de novembre !"}]},{"@type":"WebSite","@id":"https:\/\/mfwa.org\/#website","url":"https:\/\/mfwa.org\/","name":"Media Foundation For West Africa","description":"Promoting Freedom of Expression and Democracy in West Africa","publisher":{"@id":"https:\/\/mfwa.org\/#organization"},"potentialAction":[{"@type":"SearchAction","target":{"@type":"EntryPoint","urlTemplate":"https:\/\/mfwa.org\/?s={search_term_string}"},"query-input":{"@type":"PropertyValueSpecification","valueRequired":true,"valueName":"search_term_string"}}],"inLanguage":"fr-FR"},{"@type":"Organization","@id":"https:\/\/mfwa.org\/#organization","name":"Media Foundation for West Africa","url":"https:\/\/mfwa.org\/","logo":{"@type":"ImageObject","inLanguage":"fr-FR","@id":"https:\/\/mfwa.org\/#\/schema\/logo\/image\/","url":"https:\/\/www.mfwa.org\/wp-content\/uploads\/2016\/06\/MFWA-LOGO.png","contentUrl":"https:\/\/www.mfwa.org\/wp-content\/uploads\/2016\/06\/MFWA-LOGO.png","width":180,"height":180,"caption":"Media Foundation for West Africa"},"image":{"@id":"https:\/\/mfwa.org\/#\/schema\/logo\/image\/"},"sameAs":["https:\/\/www.facebook.com\/themfwa","https:\/\/x.com\/TheMFWA","https:\/\/www.youtube.com\/channel\/UCF6HrPuXcV1K1Ed8AAq4Rdw"]}]}},"_links":{"self":[{"href":"https:\/\/mfwa.org\/fr\/wp-json\/wp\/v2\/issues-in-focus\/29001","targetHints":{"allow":["GET"]}}],"collection":[{"href":"https:\/\/mfwa.org\/fr\/wp-json\/wp\/v2\/issues-in-focus"}],"about":[{"href":"https:\/\/mfwa.org\/fr\/wp-json\/wp\/v2\/types\/issues-in-focus"}],"author":[{"embeddable":true,"href":"https:\/\/mfwa.org\/fr\/wp-json\/wp\/v2\/users\/12"}],"replies":[{"embeddable":true,"href":"https:\/\/mfwa.org\/fr\/wp-json\/wp\/v2\/comments?post=29001"}],"wp:featuredmedia":[{"embeddable":true,"href":"https:\/\/mfwa.org\/fr\/wp-json\/wp\/v2\/media\/12627"}],"wp:attachment":[{"href":"https:\/\/mfwa.org\/fr\/wp-json\/wp\/v2\/media?parent=29001"}],"wp:term":[{"taxonomy":"category","embeddable":true,"href":"https:\/\/mfwa.org\/fr\/wp-json\/wp\/v2\/categories?post=29001"},{"taxonomy":"post_tag","embeddable":true,"href":"https:\/\/mfwa.org\/fr\/wp-json\/wp\/v2\/tags?post=29001"},{"taxonomy":"country","embeddable":true,"href":"https:\/\/mfwa.org\/fr\/wp-json\/wp\/v2\/country?post=29001"}],"curies":[{"name":"wp","href":"https:\/\/api.w.org\/{rel}","templated":true}]}}