{"id":24994,"date":"2022-04-14T16:01:25","date_gmt":"2022-04-14T16:01:25","guid":{"rendered":"https:\/\/www.mfwa.org\/?post_type=issues-in-focus&#038;p=24994"},"modified":"2022-04-14T16:01:25","modified_gmt":"2022-04-14T16:01:25","slug":"premiere-promotion-de-journalistes-dinvestigation-de-la-mfwa","status":"publish","type":"issues-in-focus","link":"https:\/\/mfwa.org\/fr\/issues-in-focus\/premiere-promotion-de-journalistes-dinvestigation-de-la-mfwa\/","title":{"rendered":"Premi\u00e8re promotion de journalistes d&#8217;investigation de la MFWA"},"content":{"rendered":"<p style=\"text-align: justify;\">\u00a0En novembre 2021, dix journalistes en herbe ont foul\u00e9 les marches de la salle de conf\u00e9rence de la Fondation des M\u00e9dias pour l\u2019Afrique de l\u2019Ouest (MFWA) pour \u00eatre int\u00e9gr\u00e9s dans une confr\u00e9rie o\u00f9 seuls quelques courageux ont un badge d&#8217;honneur &#8211; la confr\u00e9rie des journalistes d&#8217;investigation.<\/p>\n<p style=\"text-align: justify;\">C&#8217;est une soci\u00e9t\u00e9 redout\u00e9e par les corrompus, crainte par les fonctionnaires, et m\u00eame jug\u00e9e dangereuse par les journalistes les plus exp\u00e9riment\u00e9s, et pourtant, ces jeunes gens ont jur\u00e9 d\u2019en porter l&#8217;insigne.<\/p>\n<p style=\"text-align: justify;\">Avec le soutien de la MFWA et les muscles financiers de la DW Akademie, les dix journalistes et \u00e9tudiants en d\u00e9but de carri\u00e8re sont devenus la premi\u00e8re cohorte du programme de bourse en journalisme d\u2019investigation pour la prochaine g\u00e9n\u00e9ration.<\/p>\n<p style=\"text-align: justify;\">Pendant cinq mois, Ils ont \u00e9tudi\u00e9 ce que la MFWA pr\u00e9voit d&#8217;\u00eatre sa r\u00e9ponse au d\u00e9clin croissant du journalisme critique au Ghana.<\/p>\n<p style=\"text-align: justify;\">Avec peu de journalistes pr\u00eats \u00e0 porter le titre de journaliste d&#8217;investigation, la MFWA esp\u00e8re que la bourse servira de terrain d\u2019entrainement aux jeunes aspirants du journalisme d\u2019investigation et qu\u2019elle permettra \u00e9ventuellement \u00e0 ceux qui le souhaitent, de devenir des armes pour la lutte contre la corruption et pour promouvoir la bonne gouvernance.<\/p>\n<p style=\"text-align: justify;\">Apr\u00e8s cinq mois d&#8217;\u00e9changes, pour beaucoup de ces jeunes, c&#8217;\u00e9tait l&#8217;histoire d&#8217;une amiti\u00e9 extraordinaire remplie de drame, de courage, de risque et \u00e9ventuellement de triomphe.<\/p>\n<p style=\"text-align: justify;\">Sous la supervision de The Fourth Estate et de Fact-Check Ghana, ils ont go\u00fbt\u00e9 \u00e0 la culture des salles de r\u00e9daction du journalisme d&#8217;investigation.<\/p>\n<p style=\"text-align: justify;\">Lorsque le directeur ex\u00e9cutif de la Fondation des m\u00e9dias pour l&#8217;Afrique de l&#8217;Ouest, Sulemana Braimah, a pris la parole lors de la c\u00e9r\u00e9monie de cl\u00f4ture du programme, il n&#8217;a pas manqu\u00e9 de souligner les d\u00e9fis auxquels sont confront\u00e9s les m\u00e9dias au Ghana, qui les ont emp\u00each\u00e9s de jouer efficacement leur r\u00f4le.<\/p>\n<figure id=\"attachment_24909\" aria-describedby=\"caption-attachment-24909\" style=\"width: 2560px\" class=\"wp-caption alignnone\"><img fetchpriority=\"high\" decoding=\"async\" class=\"wp-image-24909 size-full\" src=\"https:\/\/www.mfwa.org\/wp-content\/uploads\/2022\/04\/SFJ-40.jpg\" alt=\"\" width=\"2560\" height=\"1707\" \/><figcaption id=\"caption-attachment-24909\" class=\"wp-caption-text\">Sulemana Braimah, directeur ex\u00e9cutif de la Fondation des M\u00e9dias pour l\u2019Afrique de l\u2019Ouest.<\/figcaption><\/figure>\n<p style=\"text-align: justify;\">Cet homme qui a observ\u00e9 le barom\u00e8tre de la performance des m\u00e9dias en Afrique de l&#8217;Ouest a cit\u00e9 la corruption dans les m\u00e9dias, la faible capacit\u00e9 des journalistes, la limitation des ressources qui emp\u00eache les entreprises de m\u00e9dias d&#8217;engager et de retenir les meilleurs journalistes, et l&#8217;abus des journalistes critiques par des acteurs \u00e9tatiques et non \u00e9tatiques, comme \u00e9tant quelques-uns des d\u00e9fis auxquels les m\u00e9dias sont confront\u00e9s.<\/p>\n<p style=\"text-align: justify;\">Cependant, il avait une panac\u00e9e.<\/p>\n<p style=\"text-align: justify;\">\u00ab Une crise dans le monde du journalisme est une crise dans la soci\u00e9t\u00e9. C\u2019est une crise qui concerne notre d\u00e9veloppement et qui concerne le bien-\u00eatre de chacun d&#8217;entre nous. C\u2019est pour cette raison que la Fondation des m\u00e9dias pour l&#8217;Afrique de l&#8217;Ouest met en place une r\u00e9ponse robuste et compl\u00e8te pour faire face aux d\u00e9fis auxquels est confront\u00e9 le journalisme dans notre pays et dans la r\u00e9gion.<\/p>\n<p style=\"text-align: justify;\">Nous devons former la prochaine g\u00e9n\u00e9ration de jeunes talents et les aider \u00e0 acqu\u00e9rir les comp\u00e9tences requises, l&#8217;\u00e9tat d&#8217;esprit, l&#8217;int\u00e9grit\u00e9 et surtout, la passion pour pratiquer un journalisme critique, bas\u00e9 sur des faits et orient\u00e9 vers des solutions. \u00bb a-t-il d\u00e9clar\u00e9 dans l\u2019optique de rem\u00e9dier \u00e0 ces maux.<\/p>\n<p style=\"text-align: justify;\"><strong>Il y a encore de l\u2019espoir\u00a0\u00a0\u00a0\u00a0\u00a0\u00a0\u00a0\u00a0\u00a0\u00a0\u00a0\u00a0\u00a0\u00a0 <\/strong><\/p>\n<p style=\"text-align: justify;\">Le programme a \u00e9t\u00e9 applaudi par le commissaire de la Commisison des droits de l&#8217;homme et de la justice administrative (CHRAJ), M. Joseph Whittal, qui a f\u00e9licit\u00e9 la MFWA et la DW Akademie pour le r\u00f4le important qu&#8217;elles jouent dans les m\u00e9dias.\\<\/p>\n<figure id=\"attachment_24905\" aria-describedby=\"caption-attachment-24905\" style=\"width: 600px\" class=\"wp-caption alignnone\"><img decoding=\"async\" class=\"size-medium wp-image-24905\" src=\"https:\/\/www.mfwa.org\/wp-content\/uploads\/2022\/04\/SFJ-165-600x400.jpg\" alt=\"\" width=\"600\" height=\"400\" srcset=\"https:\/\/mfwa.org\/wp-content\/uploads\/2022\/04\/SFJ-165-600x400.jpg 600w, https:\/\/mfwa.org\/wp-content\/uploads\/2022\/04\/SFJ-165-1024x683.jpg 1024w, https:\/\/mfwa.org\/wp-content\/uploads\/2022\/04\/SFJ-165-768x512.jpg 768w, https:\/\/mfwa.org\/wp-content\/uploads\/2022\/04\/SFJ-165-1536x1024.jpg 1536w, https:\/\/mfwa.org\/wp-content\/uploads\/2022\/04\/SFJ-165-2048x1365.jpg 2048w, https:\/\/mfwa.org\/wp-content\/uploads\/2022\/04\/SFJ-165-150x100.jpg 150w, https:\/\/mfwa.org\/wp-content\/uploads\/2022\/04\/SFJ-165-300x200.jpg 300w, https:\/\/mfwa.org\/wp-content\/uploads\/2022\/04\/SFJ-165-696x464.jpg 696w, https:\/\/mfwa.org\/wp-content\/uploads\/2022\/04\/SFJ-165-1068x712.jpg 1068w, https:\/\/mfwa.org\/wp-content\/uploads\/2022\/04\/SFJ-165-1920x1280.jpg 1920w\" sizes=\"(max-width: 600px) 100vw, 600px\" \/><figcaption id=\"caption-attachment-24905\" class=\"wp-caption-text\">Joseph Whittal, Commissaire de la CHRAJ a salu\u00e9 la FMAO et la DW Akademie pour le r\u00f4le important qu\u2019elles jouent dans les m\u00e9dias.<\/figcaption><\/figure>\n<p style=\"text-align: justify;\">Il a d\u00e9clar\u00e9 que gr\u00e2ce \u00e0 cette initiative, plus de journalistes critiques contribueront \u00e0 la croissance de l&#8217;Afrique de l&#8217;Ouest.<\/p>\n<p style=\"text-align: justify;\">Faisant l&#8217;\u00e9loge de ces stagiaires, M. Whittal a d\u00e9clar\u00e9 : \u00ab Si vous pouvez \u00eatre assez courageux pour vous pr\u00e9senter \u00e0 tout le milieu des m\u00e9dias et aux Ghan\u00e9ens et leur dire que vous avez choisi de suivre la voie du journalisme d&#8217;investigation\/en tant que journaliste d\u2019investigation, alors il y a de l&#8217;espoir. \u00bb<\/p>\n<p style=\"text-align: justify;\">\u00ab Cela signifie que nous sommes pr\u00eats \u00e0 faire ce qui rendra notre pays vraiment remarquable et puissant. La seule fa\u00e7on d&#8217;y parvenir est de dire la v\u00e9rit\u00e9 au pouvoir en place, et c&#8217;est ce que vous avez choisi. \u00bb, a-t-il ajout\u00e9.<\/p>\n<p style=\"text-align: justify;\"><strong>La s\u00e9lection<\/strong><\/p>\n<p style=\"text-align: justify;\">Les dix boursiers, qui ont entre 20 et 33 ans, ont \u00e9t\u00e9 s\u00e9lectionn\u00e9s \u00e0 l\u2019issue d&#8217;une proc\u00e9dure de candidature rigoureuse et comp\u00e9titive comprenant un test d&#8217;aptitude et un entretien.<\/p>\n<p style=\"text-align: justify;\">Travaillant directement dans le cadre du projet de journalisme d&#8217;int\u00e9r\u00eat public et de responsabilit\u00e9 de la MFWA, The Fourth Estate et Fact-CheckGhana, les boursiers ont re\u00e7u une formation pratique intensive sur le journalisme de donn\u00e9es, la v\u00e9rification des faits et la visualisation des donn\u00e9es, le journalisme d&#8217;investigation et le journalisme multim\u00e9dia et mobile de base.<\/p>\n<p style=\"text-align: justify;\">Ils ont \u00e9galement appris \u00e0 utiliser la loi sur le droit \u00e0 l\u2019information (RTI) pour acc\u00e9der \u00e0 des informations importantes qui peuvent servir de base \u00e0 la r\u00e9daction d&#8217;articles r\u00e9volutionnaires.<\/p>\n<figure id=\"attachment_24953\" aria-describedby=\"caption-attachment-24953\" style=\"width: 1707px\" class=\"wp-caption alignnone\"><img decoding=\"async\" class=\"wp-image-24953 size-full\" src=\"https:\/\/www.mfwa.org\/wp-content\/uploads\/2022\/04\/SFJ-11.jpg\" alt=\"\" width=\"1707\" height=\"2560\" \/><figcaption id=\"caption-attachment-24953\" class=\"wp-caption-text\">M. Yaw Sarpong Boateng, Secr\u00e9taire ex\u00e9cutif de la Commission RTI, \u00e9tait une des personnalit\u00e9s invit\u00e9es au programme.<\/figcaption><\/figure>\n<p>Les boursiers ont \u00e9galement particip\u00e9 \u00e0 des camps d&#8217;entra\u00eenement, des s\u00e9minaires, des activit\u00e9s de r\u00e9daction d&#8217;articles et de v\u00e9rification des faits, y compris le travail sur le terrain, des visites de m\u00e9dias et d\u2019institutions, et des s\u00e9ances d&#8217;apprentissage avec certains des meilleurs journalistes d&#8217;investigation, dont Anas Aremeyaw Anas et Manasseh Azure Awuni de The Fourth Estate.<\/p>\n<div id='gallery-1' class='gallery galleryid-24994 gallery-columns-3 gallery-size-full'><figure class='gallery-item'>\n\t\t\t<div class='gallery-icon landscape'>\n\t\t\t\t<a href='https:\/\/mfwa.org\/wp-content\/uploads\/2022\/04\/SFJ-133.jpg'><img loading=\"lazy\" decoding=\"async\" width=\"2560\" height=\"1707\" src=\"https:\/\/mfwa.org\/wp-content\/uploads\/2022\/04\/SFJ-133.jpg\" class=\"attachment-full size-full\" alt=\"\" aria-describedby=\"gallery-1-24951\" \/><\/a>\n\t\t\t<\/div>\n\t\t\t\t<figcaption class='wp-caption-text gallery-caption' id='gallery-1-24951'>\n\t\t\t\tPhotos of the outdooring ceremony for the first cohort of the NGIJ\n\t\t\t\t<\/figcaption><\/figure><figure class='gallery-item'>\n\t\t\t<div class='gallery-icon landscape'>\n\t\t\t\t<a href='https:\/\/mfwa.org\/wp-content\/uploads\/2022\/04\/SFJ-155.jpg'><img loading=\"lazy\" decoding=\"async\" width=\"2560\" height=\"1707\" src=\"https:\/\/mfwa.org\/wp-content\/uploads\/2022\/04\/SFJ-155.jpg\" class=\"attachment-full size-full\" alt=\"\" aria-describedby=\"gallery-1-24949\" \/><\/a>\n\t\t\t<\/div>\n\t\t\t\t<figcaption class='wp-caption-text gallery-caption' id='gallery-1-24949'>\n\t\t\t\tProsper (\u00e0 droite) recevant son certificat lors de la c\u00e9r\u00e9monie pour r\u00e9compenser la premi\u00e8re promotion du stage de formation de la nouvelle g\u00e9n\u00e9ration de journalistes d&#8217;investigation\n\t\t\t\t<\/figcaption><\/figure><figure class='gallery-item'>\n\t\t\t<div class='gallery-icon landscape'>\n\t\t\t\t<a href='https:\/\/mfwa.org\/wp-content\/uploads\/2022\/04\/SFJ-156.jpg'><img loading=\"lazy\" decoding=\"async\" width=\"2560\" height=\"1707\" src=\"https:\/\/mfwa.org\/wp-content\/uploads\/2022\/04\/SFJ-156.jpg\" class=\"attachment-full size-full\" alt=\"\" \/><\/a>\n\t\t\t<\/div><\/figure><figure class='gallery-item'>\n\t\t\t<div class='gallery-icon landscape'>\n\t\t\t\t<a href='https:\/\/mfwa.org\/wp-content\/uploads\/2022\/04\/SFJ-154.jpg'><img loading=\"lazy\" decoding=\"async\" width=\"2560\" height=\"1707\" src=\"https:\/\/mfwa.org\/wp-content\/uploads\/2022\/04\/SFJ-154.jpg\" class=\"attachment-full size-full\" alt=\"\" aria-describedby=\"gallery-1-24939\" \/><\/a>\n\t\t\t<\/div>\n\t\t\t\t<figcaption class='wp-caption-text gallery-caption' id='gallery-1-24939'>\n\t\t\t\tProsper receiving his certificate at the programme at outdoored the first cohort of the Next Generation Investigative Journalism Fellowship\n\t\t\t\t<\/figcaption><\/figure><figure class='gallery-item'>\n\t\t\t<div class='gallery-icon landscape'>\n\t\t\t\t<a href='https:\/\/mfwa.org\/wp-content\/uploads\/2022\/04\/SFJ-153.jpg'><img loading=\"lazy\" decoding=\"async\" width=\"2560\" height=\"1707\" src=\"https:\/\/mfwa.org\/wp-content\/uploads\/2022\/04\/SFJ-153.jpg\" class=\"attachment-full size-full\" alt=\"\" aria-describedby=\"gallery-1-24937\" \/><\/a>\n\t\t\t<\/div>\n\t\t\t\t<figcaption class='wp-caption-text gallery-caption' id='gallery-1-24937'>\n\t\t\t\tPhotos of the outdooring ceremony for the first cohort of the NGIJ\n\t\t\t\t<\/figcaption><\/figure><figure class='gallery-item'>\n\t\t\t<div class='gallery-icon landscape'>\n\t\t\t\t<a href='https:\/\/mfwa.org\/wp-content\/uploads\/2022\/04\/SFJ-149.jpg'><img loading=\"lazy\" decoding=\"async\" width=\"2560\" height=\"1707\" src=\"https:\/\/mfwa.org\/wp-content\/uploads\/2022\/04\/SFJ-149.jpg\" class=\"attachment-full size-full\" alt=\"\" \/><\/a>\n\t\t\t<\/div><\/figure><figure class='gallery-item'>\n\t\t\t<div class='gallery-icon landscape'>\n\t\t\t\t<a href='https:\/\/mfwa.org\/wp-content\/uploads\/2022\/04\/SFJ-147.jpg'><img loading=\"lazy\" decoding=\"async\" width=\"2560\" height=\"1707\" src=\"https:\/\/mfwa.org\/wp-content\/uploads\/2022\/04\/SFJ-147.jpg\" class=\"attachment-full size-full\" alt=\"\" aria-describedby=\"gallery-1-24933\" \/><\/a>\n\t\t\t<\/div>\n\t\t\t\t<figcaption class='wp-caption-text gallery-caption' id='gallery-1-24933'>\n\t\t\t\tPhotos of the outdooring ceremony for the first cohort of the NGIJ\n\t\t\t\t<\/figcaption><\/figure><figure class='gallery-item'>\n\t\t\t<div class='gallery-icon landscape'>\n\t\t\t\t<a href='https:\/\/mfwa.org\/wp-content\/uploads\/2022\/04\/SFJ-145.jpg'><img loading=\"lazy\" decoding=\"async\" width=\"2560\" height=\"1707\" src=\"https:\/\/mfwa.org\/wp-content\/uploads\/2022\/04\/SFJ-145.jpg\" class=\"attachment-full size-full\" alt=\"\" \/><\/a>\n\t\t\t<\/div><\/figure><figure class='gallery-item'>\n\t\t\t<div class='gallery-icon landscape'>\n\t\t\t\t<a href='https:\/\/mfwa.org\/wp-content\/uploads\/2022\/04\/SFJ-142.jpg'><img loading=\"lazy\" decoding=\"async\" width=\"2560\" height=\"1707\" src=\"https:\/\/mfwa.org\/wp-content\/uploads\/2022\/04\/SFJ-142.jpg\" class=\"attachment-full size-full\" alt=\"\" aria-describedby=\"gallery-1-24929\" \/><\/a>\n\t\t\t<\/div>\n\t\t\t\t<figcaption class='wp-caption-text gallery-caption' id='gallery-1-24929'>\n\t\t\t\tCertificates and Gifts\n\t\t\t\t<\/figcaption><\/figure><figure class='gallery-item'>\n\t\t\t<div class='gallery-icon landscape'>\n\t\t\t\t<a href='https:\/\/mfwa.org\/wp-content\/uploads\/2022\/04\/SFJ-140.jpg'><img loading=\"lazy\" decoding=\"async\" width=\"2560\" height=\"1707\" src=\"https:\/\/mfwa.org\/wp-content\/uploads\/2022\/04\/SFJ-140.jpg\" class=\"attachment-full size-full\" alt=\"\" \/><\/a>\n\t\t\t<\/div><\/figure><figure class='gallery-item'>\n\t\t\t<div class='gallery-icon landscape'>\n\t\t\t\t<a href='https:\/\/mfwa.org\/wp-content\/uploads\/2022\/04\/SFJ-139.jpg'><img loading=\"lazy\" decoding=\"async\" width=\"2560\" height=\"1707\" src=\"https:\/\/mfwa.org\/wp-content\/uploads\/2022\/04\/SFJ-139.jpg\" class=\"attachment-full size-full\" alt=\"\" \/><\/a>\n\t\t\t<\/div><\/figure>\n\t\t<\/div>\n\n<p>\u00c0 la fin de la formation, les boursiers ont r\u00e9dig\u00e9 un certain nombre de rapports d&#8217;enqu\u00eate et de v\u00e9rification des faits qui ont \u00e9t\u00e9 publi\u00e9s sur le site Web de The Fourth Estate.<\/p>\n<div id='gallery-2' class='gallery galleryid-24994 gallery-columns-3 gallery-size-thumbnail'><figure class='gallery-item'>\n\t\t\t<div class='gallery-icon landscape'>\n\t\t\t\t<a href='https:\/\/mfwa.org\/wp-content\/uploads\/2022\/04\/SFJ-162.jpg'><img loading=\"lazy\" decoding=\"async\" width=\"150\" height=\"150\" src=\"https:\/\/mfwa.org\/wp-content\/uploads\/2022\/04\/SFJ-162-150x150.jpg\" class=\"attachment-thumbnail size-thumbnail\" alt=\"\" \/><\/a>\n\t\t\t<\/div><\/figure><figure class='gallery-item'>\n\t\t\t<div class='gallery-icon landscape'>\n\t\t\t\t<a href='https:\/\/mfwa.org\/wp-content\/uploads\/2022\/04\/SFJ-161.jpg'><img loading=\"lazy\" decoding=\"async\" width=\"150\" height=\"150\" src=\"https:\/\/mfwa.org\/wp-content\/uploads\/2022\/04\/SFJ-161-150x150.jpg\" class=\"attachment-thumbnail size-thumbnail\" alt=\"\" \/><\/a>\n\t\t\t<\/div><\/figure><figure class='gallery-item'>\n\t\t\t<div class='gallery-icon landscape'>\n\t\t\t\t<a href='https:\/\/mfwa.org\/wp-content\/uploads\/2022\/04\/SFJ-160.jpg'><img loading=\"lazy\" decoding=\"async\" width=\"150\" height=\"150\" src=\"https:\/\/mfwa.org\/wp-content\/uploads\/2022\/04\/SFJ-160-150x150.jpg\" class=\"attachment-thumbnail size-thumbnail\" alt=\"\" \/><\/a>\n\t\t\t<\/div><\/figure>\n\t\t<\/div>\n\n<p>Les boursiers ont \u00e9galement re\u00e7u des certificats et d&#8217;autres pr\u00e9sents pour leur participation au programme de bourses de cinq mois.<\/p>\n<p>Trois boursiers exceptionnels, Richard Mensah, Emmanuella Dadugblor et Redeemer Buatsi, ont \u00e9t\u00e9 distingu\u00e9s pour leurs performances exceptionnelles pendant la bourse.<\/p>\n<p>La c\u00e9r\u00e9monie de cl\u00f4ture de la premi\u00e8re \u00e9dition du programme de bourse en journalisme d&#8217;investigation avait pour th\u00e8me : <strong>Du temps en compagnie de la prochaine g\u00e9n\u00e9ration de boursiers en journalisme d&#8217;investigation de la MFWA.<\/strong><\/p>\n","protected":false},"author":6,"featured_media":24914,"comment_status":"closed","ping_status":"closed","template":"","categories":[],"tags":[],"country":[243],"class_list":["post-24994","issues-in-focus","type-issues-in-focus","status-publish","has-post-thumbnail","hentry","country-ghana-fr"],"yoast_head":"<!-- This site is optimized with the Yoast SEO plugin v27.4 - https:\/\/yoast.com\/product\/yoast-seo-wordpress\/ -->\n<title>Premi\u00e8re promotion de journalistes d&#039;investigation de la MFWA - Media Foundation For West Africa<\/title>\n<meta name=\"robots\" content=\"index, follow, max-snippet:-1, max-image-preview:large, max-video-preview:-1\" \/>\n<link rel=\"canonical\" href=\"https:\/\/mfwa.org\/fr\/issues-in-focus\/premiere-promotion-de-journalistes-dinvestigation-de-la-mfwa\/\" \/>\n<meta property=\"og:locale\" content=\"fr_FR\" \/>\n<meta property=\"og:type\" content=\"article\" \/>\n<meta property=\"og:title\" content=\"Premi\u00e8re promotion de journalistes d&#039;investigation de la MFWA - Media Foundation For West Africa\" \/>\n<meta property=\"og:description\" content=\"\u00a0En novembre 2021, dix journalistes en herbe ont foul\u00e9 les marches de la salle de conf\u00e9rence de la\" \/>\n<meta property=\"og:url\" content=\"https:\/\/mfwa.org\/fr\/issues-in-focus\/premiere-promotion-de-journalistes-dinvestigation-de-la-mfwa\/\" \/>\n<meta property=\"og:site_name\" content=\"Media Foundation For West Africa\" \/>\n<meta property=\"article:publisher\" content=\"https:\/\/www.facebook.com\/themfwa\" \/>\n<meta property=\"og:image\" content=\"https:\/\/mfwa.org\/wp-content\/uploads\/2022\/04\/SFJ-175.jpg\" \/>\n\t<meta property=\"og:image:width\" content=\"2560\" \/>\n\t<meta property=\"og:image:height\" content=\"1707\" \/>\n\t<meta property=\"og:image:type\" content=\"image\/jpeg\" \/>\n<meta name=\"twitter:card\" content=\"summary_large_image\" \/>\n<meta name=\"twitter:site\" content=\"@TheMFWA\" \/>\n<meta name=\"twitter:label1\" content=\"Est. reading time\" \/>\n\t<meta name=\"twitter:data1\" content=\"6 minutes\" \/>\n<script type=\"application\/ld+json\" class=\"yoast-schema-graph\">{\"@context\":\"https:\\\/\\\/schema.org\",\"@graph\":[{\"@type\":\"WebPage\",\"@id\":\"https:\\\/\\\/mfwa.org\\\/fr\\\/issues-in-focus\\\/premiere-promotion-de-journalistes-dinvestigation-de-la-mfwa\\\/\",\"url\":\"https:\\\/\\\/mfwa.org\\\/fr\\\/issues-in-focus\\\/premiere-promotion-de-journalistes-dinvestigation-de-la-mfwa\\\/\",\"name\":\"Premi\u00e8re promotion de journalistes d'investigation de la MFWA - Media Foundation For West Africa\",\"isPartOf\":{\"@id\":\"https:\\\/\\\/mfwa.org\\\/#website\"},\"primaryImageOfPage\":{\"@id\":\"https:\\\/\\\/mfwa.org\\\/fr\\\/issues-in-focus\\\/premiere-promotion-de-journalistes-dinvestigation-de-la-mfwa\\\/#primaryimage\"},\"image\":{\"@id\":\"https:\\\/\\\/mfwa.org\\\/fr\\\/issues-in-focus\\\/premiere-promotion-de-journalistes-dinvestigation-de-la-mfwa\\\/#primaryimage\"},\"thumbnailUrl\":\"https:\\\/\\\/mfwa.org\\\/wp-content\\\/uploads\\\/2022\\\/04\\\/SFJ-175-scaled.jpg\",\"datePublished\":\"2022-04-14T16:01:25+00:00\",\"breadcrumb\":{\"@id\":\"https:\\\/\\\/mfwa.org\\\/fr\\\/issues-in-focus\\\/premiere-promotion-de-journalistes-dinvestigation-de-la-mfwa\\\/#breadcrumb\"},\"inLanguage\":\"fr-FR\",\"potentialAction\":[{\"@type\":\"ReadAction\",\"target\":[\"https:\\\/\\\/mfwa.org\\\/fr\\\/issues-in-focus\\\/premiere-promotion-de-journalistes-dinvestigation-de-la-mfwa\\\/\"]}]},{\"@type\":\"ImageObject\",\"inLanguage\":\"fr-FR\",\"@id\":\"https:\\\/\\\/mfwa.org\\\/fr\\\/issues-in-focus\\\/premiere-promotion-de-journalistes-dinvestigation-de-la-mfwa\\\/#primaryimage\",\"url\":\"https:\\\/\\\/mfwa.org\\\/wp-content\\\/uploads\\\/2022\\\/04\\\/SFJ-175-scaled.jpg\",\"contentUrl\":\"https:\\\/\\\/mfwa.org\\\/wp-content\\\/uploads\\\/2022\\\/04\\\/SFJ-175-scaled.jpg\",\"width\":2560,\"height\":1707,\"caption\":\"Les dix boursiers se tiennent derri\u00e8re certains des dignitaires qui ont fait l\u2019honneur d\u2019assister \u00e0 l\u2019\u00e9v\u00e8nement.\"},{\"@type\":\"BreadcrumbList\",\"@id\":\"https:\\\/\\\/mfwa.org\\\/fr\\\/issues-in-focus\\\/premiere-promotion-de-journalistes-dinvestigation-de-la-mfwa\\\/#breadcrumb\",\"itemListElement\":[{\"@type\":\"ListItem\",\"position\":1,\"name\":\"Home\",\"item\":\"https:\\\/\\\/mfwa.org\\\/fr\\\/\"},{\"@type\":\"ListItem\",\"position\":2,\"name\":\"Issues in Focus\",\"item\":\"https:\\\/\\\/mfwa.org\\\/issues-in-focus\\\/\"},{\"@type\":\"ListItem\",\"position\":3,\"name\":\"Premi\u00e8re promotion de journalistes d&#8217;investigation de la MFWA\"}]},{\"@type\":\"WebSite\",\"@id\":\"https:\\\/\\\/mfwa.org\\\/#website\",\"url\":\"https:\\\/\\\/mfwa.org\\\/\",\"name\":\"Media Foundation For West Africa\",\"description\":\"Promoting Freedom of Expression and Democracy in West Africa\",\"publisher\":{\"@id\":\"https:\\\/\\\/mfwa.org\\\/#organization\"},\"potentialAction\":[{\"@type\":\"SearchAction\",\"target\":{\"@type\":\"EntryPoint\",\"urlTemplate\":\"https:\\\/\\\/mfwa.org\\\/?s={search_term_string}\"},\"query-input\":{\"@type\":\"PropertyValueSpecification\",\"valueRequired\":true,\"valueName\":\"search_term_string\"}}],\"inLanguage\":\"fr-FR\"},{\"@type\":\"Organization\",\"@id\":\"https:\\\/\\\/mfwa.org\\\/#organization\",\"name\":\"Media Foundation for West Africa\",\"url\":\"https:\\\/\\\/mfwa.org\\\/\",\"logo\":{\"@type\":\"ImageObject\",\"inLanguage\":\"fr-FR\",\"@id\":\"https:\\\/\\\/mfwa.org\\\/#\\\/schema\\\/logo\\\/image\\\/\",\"url\":\"https:\\\/\\\/www.mfwa.org\\\/wp-content\\\/uploads\\\/2016\\\/06\\\/MFWA-LOGO.png\",\"contentUrl\":\"https:\\\/\\\/www.mfwa.org\\\/wp-content\\\/uploads\\\/2016\\\/06\\\/MFWA-LOGO.png\",\"width\":180,\"height\":180,\"caption\":\"Media Foundation for West Africa\"},\"image\":{\"@id\":\"https:\\\/\\\/mfwa.org\\\/#\\\/schema\\\/logo\\\/image\\\/\"},\"sameAs\":[\"https:\\\/\\\/www.facebook.com\\\/themfwa\",\"https:\\\/\\\/x.com\\\/TheMFWA\",\"https:\\\/\\\/www.youtube.com\\\/channel\\\/UCF6HrPuXcV1K1Ed8AAq4Rdw\"]}]}<\/script>\n<!-- \/ Yoast SEO plugin. -->","yoast_head_json":{"title":"Premi\u00e8re promotion de journalistes d'investigation de la MFWA - Media Foundation For West Africa","robots":{"index":"index","follow":"follow","max-snippet":"max-snippet:-1","max-image-preview":"max-image-preview:large","max-video-preview":"max-video-preview:-1"},"canonical":"https:\/\/mfwa.org\/fr\/issues-in-focus\/premiere-promotion-de-journalistes-dinvestigation-de-la-mfwa\/","og_locale":"fr_FR","og_type":"article","og_title":"Premi\u00e8re promotion de journalistes d'investigation de la MFWA - Media Foundation For West Africa","og_description":"\u00a0En novembre 2021, dix journalistes en herbe ont foul\u00e9 les marches de la salle de conf\u00e9rence de la","og_url":"https:\/\/mfwa.org\/fr\/issues-in-focus\/premiere-promotion-de-journalistes-dinvestigation-de-la-mfwa\/","og_site_name":"Media Foundation For West Africa","article_publisher":"https:\/\/www.facebook.com\/themfwa","og_image":[{"width":2560,"height":1707,"url":"https:\/\/mfwa.org\/wp-content\/uploads\/2022\/04\/SFJ-175.jpg","type":"image\/jpeg"}],"twitter_card":"summary_large_image","twitter_site":"@TheMFWA","twitter_misc":{"Est. reading time":"6 minutes"},"schema":{"@context":"https:\/\/schema.org","@graph":[{"@type":"WebPage","@id":"https:\/\/mfwa.org\/fr\/issues-in-focus\/premiere-promotion-de-journalistes-dinvestigation-de-la-mfwa\/","url":"https:\/\/mfwa.org\/fr\/issues-in-focus\/premiere-promotion-de-journalistes-dinvestigation-de-la-mfwa\/","name":"Premi\u00e8re promotion de journalistes d'investigation de la MFWA - Media Foundation For West Africa","isPartOf":{"@id":"https:\/\/mfwa.org\/#website"},"primaryImageOfPage":{"@id":"https:\/\/mfwa.org\/fr\/issues-in-focus\/premiere-promotion-de-journalistes-dinvestigation-de-la-mfwa\/#primaryimage"},"image":{"@id":"https:\/\/mfwa.org\/fr\/issues-in-focus\/premiere-promotion-de-journalistes-dinvestigation-de-la-mfwa\/#primaryimage"},"thumbnailUrl":"https:\/\/mfwa.org\/wp-content\/uploads\/2022\/04\/SFJ-175-scaled.jpg","datePublished":"2022-04-14T16:01:25+00:00","breadcrumb":{"@id":"https:\/\/mfwa.org\/fr\/issues-in-focus\/premiere-promotion-de-journalistes-dinvestigation-de-la-mfwa\/#breadcrumb"},"inLanguage":"fr-FR","potentialAction":[{"@type":"ReadAction","target":["https:\/\/mfwa.org\/fr\/issues-in-focus\/premiere-promotion-de-journalistes-dinvestigation-de-la-mfwa\/"]}]},{"@type":"ImageObject","inLanguage":"fr-FR","@id":"https:\/\/mfwa.org\/fr\/issues-in-focus\/premiere-promotion-de-journalistes-dinvestigation-de-la-mfwa\/#primaryimage","url":"https:\/\/mfwa.org\/wp-content\/uploads\/2022\/04\/SFJ-175-scaled.jpg","contentUrl":"https:\/\/mfwa.org\/wp-content\/uploads\/2022\/04\/SFJ-175-scaled.jpg","width":2560,"height":1707,"caption":"Les dix boursiers se tiennent derri\u00e8re certains des dignitaires qui ont fait l\u2019honneur d\u2019assister \u00e0 l\u2019\u00e9v\u00e8nement."},{"@type":"BreadcrumbList","@id":"https:\/\/mfwa.org\/fr\/issues-in-focus\/premiere-promotion-de-journalistes-dinvestigation-de-la-mfwa\/#breadcrumb","itemListElement":[{"@type":"ListItem","position":1,"name":"Home","item":"https:\/\/mfwa.org\/fr\/"},{"@type":"ListItem","position":2,"name":"Issues in Focus","item":"https:\/\/mfwa.org\/issues-in-focus\/"},{"@type":"ListItem","position":3,"name":"Premi\u00e8re promotion de journalistes d&#8217;investigation de la MFWA"}]},{"@type":"WebSite","@id":"https:\/\/mfwa.org\/#website","url":"https:\/\/mfwa.org\/","name":"Media Foundation For West Africa","description":"Promoting Freedom of Expression and Democracy in West Africa","publisher":{"@id":"https:\/\/mfwa.org\/#organization"},"potentialAction":[{"@type":"SearchAction","target":{"@type":"EntryPoint","urlTemplate":"https:\/\/mfwa.org\/?s={search_term_string}"},"query-input":{"@type":"PropertyValueSpecification","valueRequired":true,"valueName":"search_term_string"}}],"inLanguage":"fr-FR"},{"@type":"Organization","@id":"https:\/\/mfwa.org\/#organization","name":"Media Foundation for West Africa","url":"https:\/\/mfwa.org\/","logo":{"@type":"ImageObject","inLanguage":"fr-FR","@id":"https:\/\/mfwa.org\/#\/schema\/logo\/image\/","url":"https:\/\/www.mfwa.org\/wp-content\/uploads\/2016\/06\/MFWA-LOGO.png","contentUrl":"https:\/\/www.mfwa.org\/wp-content\/uploads\/2016\/06\/MFWA-LOGO.png","width":180,"height":180,"caption":"Media Foundation for West Africa"},"image":{"@id":"https:\/\/mfwa.org\/#\/schema\/logo\/image\/"},"sameAs":["https:\/\/www.facebook.com\/themfwa","https:\/\/x.com\/TheMFWA","https:\/\/www.youtube.com\/channel\/UCF6HrPuXcV1K1Ed8AAq4Rdw"]}]}},"_links":{"self":[{"href":"https:\/\/mfwa.org\/fr\/wp-json\/wp\/v2\/issues-in-focus\/24994","targetHints":{"allow":["GET"]}}],"collection":[{"href":"https:\/\/mfwa.org\/fr\/wp-json\/wp\/v2\/issues-in-focus"}],"about":[{"href":"https:\/\/mfwa.org\/fr\/wp-json\/wp\/v2\/types\/issues-in-focus"}],"author":[{"embeddable":true,"href":"https:\/\/mfwa.org\/fr\/wp-json\/wp\/v2\/users\/6"}],"replies":[{"embeddable":true,"href":"https:\/\/mfwa.org\/fr\/wp-json\/wp\/v2\/comments?post=24994"}],"wp:featuredmedia":[{"embeddable":true,"href":"https:\/\/mfwa.org\/fr\/wp-json\/wp\/v2\/media\/24914"}],"wp:attachment":[{"href":"https:\/\/mfwa.org\/fr\/wp-json\/wp\/v2\/media?parent=24994"}],"wp:term":[{"taxonomy":"category","embeddable":true,"href":"https:\/\/mfwa.org\/fr\/wp-json\/wp\/v2\/categories?post=24994"},{"taxonomy":"post_tag","embeddable":true,"href":"https:\/\/mfwa.org\/fr\/wp-json\/wp\/v2\/tags?post=24994"},{"taxonomy":"country","embeddable":true,"href":"https:\/\/mfwa.org\/fr\/wp-json\/wp\/v2\/country?post=24994"}],"curies":[{"name":"wp","href":"https:\/\/api.w.org\/{rel}","templated":true}]}}