{"id":24956,"date":"2022-04-11T13:29:51","date_gmt":"2022-04-11T13:29:51","guid":{"rendered":"https:\/\/www.mfwa.org\/?post_type=issues-in-focus&#038;p=24956"},"modified":"2022-04-11T13:29:51","modified_gmt":"2022-04-11T13:29:51","slug":"nigeria-un-militant-detenu-depuis-deux-ans-est-condamne-a-24-ans-de-prison-pour-blaspheme","status":"publish","type":"issues-in-focus","link":"https:\/\/mfwa.org\/fr\/issues-in-focus\/nigeria-un-militant-detenu-depuis-deux-ans-est-condamne-a-24-ans-de-prison-pour-blaspheme\/","title":{"rendered":"Nigeria : Un militant d\u00e9tenu depuis deux ans est condamn\u00e9 \u00e0 24 ans de prison pour \u00ab blasph\u00e8me \u00bb"},"content":{"rendered":"<p style=\"text-align: justify;\">La Fondation des M\u00e9dias pour l&#8217;Afrique de l&#8217;Ouest (MFWA) est constern\u00e9e par la condamnation du militant Bala Mubarak \u00e0 24 ans d\u2019emprisonnement par un tribunal de Kano. Nous en appelons aux les autorit\u00e9s nig\u00e9rianes afin qu\u2019elles veillent \u00e0 que cette d\u00e9cision ridicule soit annul\u00e9e par tous les moyens l\u00e9gaux possibles.<\/p>\n<p style=\"text-align: justify;\">Bala, qui est le pr\u00e9sident du groupe de la soci\u00e9t\u00e9 civile Humanist Association du Nigeria, <a href=\"https:\/\/www.mfwa.org\/country-highlights\/activist-arrested-for-blasphemy\/\">a \u00e9t\u00e9 arr\u00eat\u00e9<\/a> \u00e0 son domicile \u00e0 Kaduna le 28 avril 2020.\u00a0 Cette arrestation survient un jour apr\u00e8s qu&#8217;un groupe d&#8217;avocats de l&#8217;\u00c9tat de Kano a adress\u00e9 une p\u00e9tition au commissaire de police de l&#8217;\u00c9tat, accusant le militant d&#8217;avoir insult\u00e9 le proph\u00e8te Mahomet sur sa page Facebook. Bala est depuis lors plac\u00e9 en d\u00e9tention.<\/p>\n<p style=\"text-align: justify;\">Selon les rapports, il a \u00e9t\u00e9 condamn\u00e9 le 5 avril 2022, apr\u00e8s avoir plaid\u00e9 coupable, malgr\u00e9 les conseils de son avocat, et a demand\u00e9 \u00e0 la cour de faire preuve de compassion.<\/p>\n<p style=\"text-align: justify;\">\u00ab\u00a0La d\u00e9tention de Bala pendant pr\u00e8s de deux ans est une violation flagrante de ses droits. Poursuivre cette d\u00e9tention par un emprisonnement de 24 ans repr\u00e9sente le paroxysme de cet outrage. Cette d\u00e9cision est un affront \u00e0 la libert\u00e9 d&#8217;expression et d&#8217;opinion, et doit \u00eatre r\u00e9examin\u00e9e imm\u00e9diatement\u00a0\u00bb, a d\u00e9clar\u00e9 Muheeb Saeed, charg\u00e9 de programme senior \u00e0 la MFWA.<\/p>\n<p style=\"text-align: justify;\">Malgr\u00e9 les ant\u00e9c\u00e9dents similaires de blasph\u00e8me dans le nord du Nigeria, et compte tenu de la campagne tr\u00e8s m\u00e9diatis\u00e9e pour la lib\u00e9ration de Bala, sa condamnation a choqu\u00e9 de nombreux acteurs du milieu des droits humains et de la libert\u00e9 d&#8217;expression. Par exemple, apr\u00e8s son arrestation en 2020, onze experts des Nations unies, dont six rapporteurs sp\u00e9ciaux, <a href=\"https:\/\/humanists.uk\/2020\/07\/24\/un-experts-call-for-urgent-release-of-nigerian-humanist-mubarak-bala\/\">se sont r\u00e9unis pour demander<\/a> sa lib\u00e9ration imm\u00e9diate.<\/p>\n<p style=\"text-align: justify;\">Le Dr Leo Igwe, fondateur de l\u2019association Humanist Association du Nigeria et membre du conseil d&#8217;administration de Humanists International, <a href=\"https:\/\/humanists.international\/2022\/04\/day-of-shame-for-nigerian-authorities-mubarak-bala-sentenced-to-24-years-in-prison\/\">a d\u00e9clar\u00e9 \u00e0 Humanists International<\/a> :<\/p>\n<p style=\"text-align: justify;\">\u00ab\u00a0Aujourd&#8217;hui est un triste jour pour l&#8217;humanisme, les droits de l&#8217;homme et la libert\u00e9 au Nigeria. La condamnation de Mubarak Bala constitue une violation flagrante des droits \u00e0 la libert\u00e9 d&#8217;expression et \u00e0 la libert\u00e9 de religion ou de croyance. Nous demandons instamment aux autorit\u00e9s du Nigeria de veiller \u00e0 ce que cette mascarade judiciaire ne soit pas perp\u00e9tu\u00e9e\u00a0\u00bb.<\/p>\n<p style=\"text-align: justify;\">Lors d&#8217;un entretien t\u00e9l\u00e9phonique avec la MFWA, le directeur des affaires publiques et des politiques de Humanists UK, Richy Thompson, a d\u00e9clar\u00e9 que Bala n&#8217;aurait pas d\u00fb \u00eatre arr\u00eat\u00e9.<\/p>\n<p style=\"text-align: justify;\">\u00ab\u00a0Personne ne devrait \u00eatre trait\u00e9 de la mani\u00e8re dont Mubarack Bala a \u00e9t\u00e9 trait\u00e9. Ses droits ont \u00e9t\u00e9 viol\u00e9s \u00e0 plusieurs reprises tout au long de cette affaire. En premier lieu, ils ont \u00e9t\u00e9 viol\u00e9s lorsqu&#8217;il a \u00e9t\u00e9 arr\u00eat\u00e9 pour des faits qui ne devrait pas constituer un d\u00e9lit du tout. Ils ont finalement \u00e9t\u00e9 viol\u00e9s \u00e0 nouveau, lorsqu&#8217;il a \u00e9t\u00e9 condamn\u00e9 \u00e0 cette peine extr\u00eamement longue pour des faits qui, comme je l&#8217;ai dit, ne devrait pas constituer un d\u00e9lit du tout.&#8221;<\/p>\n<p style=\"text-align: justify;\">Thompson a appel\u00e9 les autorit\u00e9s nig\u00e9rianes \u00e0 lib\u00e9rer M. Bala et \u00e0 \u0153uvrer \u00e0 la r\u00e9forme de leur code p\u00e9nal.<\/p>\n<p style=\"text-align: justify;\">\u00ab\u00a0Nous demandons au gouvernement nig\u00e9rian de le lib\u00e9rer de toute urgence et de collaborer avec les autorit\u00e9s de l&#8217;\u00c9tat de Kano pour r\u00e9former de mani\u00e8re g\u00e9n\u00e9rale leur code p\u00e9nal afin que d&#8217;autres personnes ne soient pas poursuivies en justice de la sorte\u00a0\u00bb.<\/p>\n<p style=\"text-align: justify;\">La MFWA d\u00e9plore la condamnation de Bala et r\u00e9it\u00e8re ses pr\u00e9occupations concernant les lois anti-blasph\u00e8me et anti-apostasie, qui sont souvent formul\u00e9es de mani\u00e8re peu pr\u00e9cise et trop vague, laissant place \u00e0 mise en une application trop discr\u00e9tionnaire et souvent abusive.<\/p>\n","protected":false},"author":6,"featured_media":24887,"comment_status":"closed","ping_status":"closed","template":"","categories":[254],"tags":[],"country":[250],"class_list":["post-24956","issues-in-focus","type-issues-in-focus","status-publish","has-post-thumbnail","hentry","category-free-expression-violations-fr","country-nigeria-fr"],"yoast_head":"<!-- This site is optimized with the Yoast SEO plugin v27.4 - https:\/\/yoast.com\/product\/yoast-seo-wordpress\/ -->\n<title>Nigeria : Un militant d\u00e9tenu depuis deux ans est condamn\u00e9 \u00e0 24 ans de prison pour \u00ab blasph\u00e8me \u00bb - Media Foundation For West Africa<\/title>\n<meta name=\"robots\" content=\"index, follow, max-snippet:-1, max-image-preview:large, max-video-preview:-1\" \/>\n<link rel=\"canonical\" href=\"https:\/\/mfwa.org\/issues-in-focus\/nigeria-activist-detained-for-two-years-gets-24-years-prison-sentence-for-blasphemy\/\" \/>\n<meta property=\"og:locale\" content=\"fr_FR\" \/>\n<meta property=\"og:type\" content=\"article\" \/>\n<meta property=\"og:title\" content=\"Nigeria : Un militant d\u00e9tenu depuis deux ans est condamn\u00e9 \u00e0 24 ans de prison pour \u00ab blasph\u00e8me \u00bb - Media Foundation For West Africa\" \/>\n<meta property=\"og:description\" content=\"La Fondation des M\u00e9dias pour l&#8217;Afrique de l&#8217;Ouest (MFWA) est constern\u00e9e par la condamnation du militant Bala Mubarak\" \/>\n<meta property=\"og:url\" content=\"https:\/\/mfwa.org\/issues-in-focus\/nigeria-activist-detained-for-two-years-gets-24-years-prison-sentence-for-blasphemy\/\" \/>\n<meta property=\"og:site_name\" content=\"Media Foundation For West Africa\" \/>\n<meta property=\"article:publisher\" content=\"https:\/\/www.facebook.com\/themfwa\" \/>\n<meta property=\"og:image\" content=\"https:\/\/mfwa.org\/wp-content\/uploads\/2022\/04\/Bala-Mubarak.jpg\" \/>\n\t<meta property=\"og:image:width\" content=\"500\" \/>\n\t<meta property=\"og:image:height\" content=\"280\" \/>\n\t<meta property=\"og:image:type\" content=\"image\/jpeg\" \/>\n<meta name=\"twitter:card\" content=\"summary_large_image\" \/>\n<meta name=\"twitter:site\" content=\"@TheMFWA\" \/>\n<meta name=\"twitter:label1\" content=\"Est. reading time\" \/>\n\t<meta name=\"twitter:data1\" content=\"3 minutes\" \/>\n<script type=\"application\/ld+json\" class=\"yoast-schema-graph\">{\"@context\":\"https:\\\/\\\/schema.org\",\"@graph\":[{\"@type\":\"WebPage\",\"@id\":\"https:\\\/\\\/mfwa.org\\\/issues-in-focus\\\/nigeria-activist-detained-for-two-years-gets-24-years-prison-sentence-for-blasphemy\\\/\",\"url\":\"https:\\\/\\\/mfwa.org\\\/issues-in-focus\\\/nigeria-activist-detained-for-two-years-gets-24-years-prison-sentence-for-blasphemy\\\/\",\"name\":\"Nigeria : Un militant d\u00e9tenu depuis deux ans est condamn\u00e9 \u00e0 24 ans de prison pour \u00ab blasph\u00e8me \u00bb - Media Foundation For West Africa\",\"isPartOf\":{\"@id\":\"https:\\\/\\\/mfwa.org\\\/#website\"},\"primaryImageOfPage\":{\"@id\":\"https:\\\/\\\/mfwa.org\\\/issues-in-focus\\\/nigeria-activist-detained-for-two-years-gets-24-years-prison-sentence-for-blasphemy\\\/#primaryimage\"},\"image\":{\"@id\":\"https:\\\/\\\/mfwa.org\\\/issues-in-focus\\\/nigeria-activist-detained-for-two-years-gets-24-years-prison-sentence-for-blasphemy\\\/#primaryimage\"},\"thumbnailUrl\":\"https:\\\/\\\/mfwa.org\\\/wp-content\\\/uploads\\\/2022\\\/04\\\/Bala-Mubarak.jpg\",\"datePublished\":\"2022-04-11T13:29:51+00:00\",\"breadcrumb\":{\"@id\":\"https:\\\/\\\/mfwa.org\\\/issues-in-focus\\\/nigeria-activist-detained-for-two-years-gets-24-years-prison-sentence-for-blasphemy\\\/#breadcrumb\"},\"inLanguage\":\"fr-FR\",\"potentialAction\":[{\"@type\":\"ReadAction\",\"target\":[\"https:\\\/\\\/mfwa.org\\\/issues-in-focus\\\/nigeria-activist-detained-for-two-years-gets-24-years-prison-sentence-for-blasphemy\\\/\"]}]},{\"@type\":\"ImageObject\",\"inLanguage\":\"fr-FR\",\"@id\":\"https:\\\/\\\/mfwa.org\\\/issues-in-focus\\\/nigeria-activist-detained-for-two-years-gets-24-years-prison-sentence-for-blasphemy\\\/#primaryimage\",\"url\":\"https:\\\/\\\/mfwa.org\\\/wp-content\\\/uploads\\\/2022\\\/04\\\/Bala-Mubarak.jpg\",\"contentUrl\":\"https:\\\/\\\/mfwa.org\\\/wp-content\\\/uploads\\\/2022\\\/04\\\/Bala-Mubarak.jpg\",\"width\":500,\"height\":280},{\"@type\":\"BreadcrumbList\",\"@id\":\"https:\\\/\\\/mfwa.org\\\/issues-in-focus\\\/nigeria-activist-detained-for-two-years-gets-24-years-prison-sentence-for-blasphemy\\\/#breadcrumb\",\"itemListElement\":[{\"@type\":\"ListItem\",\"position\":1,\"name\":\"Home\",\"item\":\"https:\\\/\\\/mfwa.org\\\/fr\\\/\"},{\"@type\":\"ListItem\",\"position\":2,\"name\":\"Issues in Focus\",\"item\":\"https:\\\/\\\/mfwa.org\\\/issues-in-focus\\\/\"},{\"@type\":\"ListItem\",\"position\":3,\"name\":\"Nigeria : Un militant d\u00e9tenu depuis deux ans est condamn\u00e9 \u00e0 24 ans de prison pour \u00ab blasph\u00e8me \u00bb\"}]},{\"@type\":\"WebSite\",\"@id\":\"https:\\\/\\\/mfwa.org\\\/#website\",\"url\":\"https:\\\/\\\/mfwa.org\\\/\",\"name\":\"Media Foundation For West Africa\",\"description\":\"Promoting Freedom of Expression and Democracy in West Africa\",\"publisher\":{\"@id\":\"https:\\\/\\\/mfwa.org\\\/#organization\"},\"potentialAction\":[{\"@type\":\"SearchAction\",\"target\":{\"@type\":\"EntryPoint\",\"urlTemplate\":\"https:\\\/\\\/mfwa.org\\\/?s={search_term_string}\"},\"query-input\":{\"@type\":\"PropertyValueSpecification\",\"valueRequired\":true,\"valueName\":\"search_term_string\"}}],\"inLanguage\":\"fr-FR\"},{\"@type\":\"Organization\",\"@id\":\"https:\\\/\\\/mfwa.org\\\/#organization\",\"name\":\"Media Foundation for West Africa\",\"url\":\"https:\\\/\\\/mfwa.org\\\/\",\"logo\":{\"@type\":\"ImageObject\",\"inLanguage\":\"fr-FR\",\"@id\":\"https:\\\/\\\/mfwa.org\\\/#\\\/schema\\\/logo\\\/image\\\/\",\"url\":\"https:\\\/\\\/www.mfwa.org\\\/wp-content\\\/uploads\\\/2016\\\/06\\\/MFWA-LOGO.png\",\"contentUrl\":\"https:\\\/\\\/www.mfwa.org\\\/wp-content\\\/uploads\\\/2016\\\/06\\\/MFWA-LOGO.png\",\"width\":180,\"height\":180,\"caption\":\"Media Foundation for West Africa\"},\"image\":{\"@id\":\"https:\\\/\\\/mfwa.org\\\/#\\\/schema\\\/logo\\\/image\\\/\"},\"sameAs\":[\"https:\\\/\\\/www.facebook.com\\\/themfwa\",\"https:\\\/\\\/x.com\\\/TheMFWA\",\"https:\\\/\\\/www.youtube.com\\\/channel\\\/UCF6HrPuXcV1K1Ed8AAq4Rdw\"]}]}<\/script>\n<!-- \/ Yoast SEO plugin. -->","yoast_head_json":{"title":"Nigeria : Un militant d\u00e9tenu depuis deux ans est condamn\u00e9 \u00e0 24 ans de prison pour \u00ab blasph\u00e8me \u00bb - Media Foundation For West Africa","robots":{"index":"index","follow":"follow","max-snippet":"max-snippet:-1","max-image-preview":"max-image-preview:large","max-video-preview":"max-video-preview:-1"},"canonical":"https:\/\/mfwa.org\/issues-in-focus\/nigeria-activist-detained-for-two-years-gets-24-years-prison-sentence-for-blasphemy\/","og_locale":"fr_FR","og_type":"article","og_title":"Nigeria : Un militant d\u00e9tenu depuis deux ans est condamn\u00e9 \u00e0 24 ans de prison pour \u00ab blasph\u00e8me \u00bb - Media Foundation For West Africa","og_description":"La Fondation des M\u00e9dias pour l&#8217;Afrique de l&#8217;Ouest (MFWA) est constern\u00e9e par la condamnation du militant Bala Mubarak","og_url":"https:\/\/mfwa.org\/issues-in-focus\/nigeria-activist-detained-for-two-years-gets-24-years-prison-sentence-for-blasphemy\/","og_site_name":"Media Foundation For West Africa","article_publisher":"https:\/\/www.facebook.com\/themfwa","og_image":[{"width":500,"height":280,"url":"https:\/\/mfwa.org\/wp-content\/uploads\/2022\/04\/Bala-Mubarak.jpg","type":"image\/jpeg"}],"twitter_card":"summary_large_image","twitter_site":"@TheMFWA","twitter_misc":{"Est. reading time":"3 minutes"},"schema":{"@context":"https:\/\/schema.org","@graph":[{"@type":"WebPage","@id":"https:\/\/mfwa.org\/issues-in-focus\/nigeria-activist-detained-for-two-years-gets-24-years-prison-sentence-for-blasphemy\/","url":"https:\/\/mfwa.org\/issues-in-focus\/nigeria-activist-detained-for-two-years-gets-24-years-prison-sentence-for-blasphemy\/","name":"Nigeria : Un militant d\u00e9tenu depuis deux ans est condamn\u00e9 \u00e0 24 ans de prison pour \u00ab blasph\u00e8me \u00bb - Media Foundation For West Africa","isPartOf":{"@id":"https:\/\/mfwa.org\/#website"},"primaryImageOfPage":{"@id":"https:\/\/mfwa.org\/issues-in-focus\/nigeria-activist-detained-for-two-years-gets-24-years-prison-sentence-for-blasphemy\/#primaryimage"},"image":{"@id":"https:\/\/mfwa.org\/issues-in-focus\/nigeria-activist-detained-for-two-years-gets-24-years-prison-sentence-for-blasphemy\/#primaryimage"},"thumbnailUrl":"https:\/\/mfwa.org\/wp-content\/uploads\/2022\/04\/Bala-Mubarak.jpg","datePublished":"2022-04-11T13:29:51+00:00","breadcrumb":{"@id":"https:\/\/mfwa.org\/issues-in-focus\/nigeria-activist-detained-for-two-years-gets-24-years-prison-sentence-for-blasphemy\/#breadcrumb"},"inLanguage":"fr-FR","potentialAction":[{"@type":"ReadAction","target":["https:\/\/mfwa.org\/issues-in-focus\/nigeria-activist-detained-for-two-years-gets-24-years-prison-sentence-for-blasphemy\/"]}]},{"@type":"ImageObject","inLanguage":"fr-FR","@id":"https:\/\/mfwa.org\/issues-in-focus\/nigeria-activist-detained-for-two-years-gets-24-years-prison-sentence-for-blasphemy\/#primaryimage","url":"https:\/\/mfwa.org\/wp-content\/uploads\/2022\/04\/Bala-Mubarak.jpg","contentUrl":"https:\/\/mfwa.org\/wp-content\/uploads\/2022\/04\/Bala-Mubarak.jpg","width":500,"height":280},{"@type":"BreadcrumbList","@id":"https:\/\/mfwa.org\/issues-in-focus\/nigeria-activist-detained-for-two-years-gets-24-years-prison-sentence-for-blasphemy\/#breadcrumb","itemListElement":[{"@type":"ListItem","position":1,"name":"Home","item":"https:\/\/mfwa.org\/fr\/"},{"@type":"ListItem","position":2,"name":"Issues in Focus","item":"https:\/\/mfwa.org\/issues-in-focus\/"},{"@type":"ListItem","position":3,"name":"Nigeria : Un militant d\u00e9tenu depuis deux ans est condamn\u00e9 \u00e0 24 ans de prison pour \u00ab blasph\u00e8me \u00bb"}]},{"@type":"WebSite","@id":"https:\/\/mfwa.org\/#website","url":"https:\/\/mfwa.org\/","name":"Media Foundation For West Africa","description":"Promoting Freedom of Expression and Democracy in West Africa","publisher":{"@id":"https:\/\/mfwa.org\/#organization"},"potentialAction":[{"@type":"SearchAction","target":{"@type":"EntryPoint","urlTemplate":"https:\/\/mfwa.org\/?s={search_term_string}"},"query-input":{"@type":"PropertyValueSpecification","valueRequired":true,"valueName":"search_term_string"}}],"inLanguage":"fr-FR"},{"@type":"Organization","@id":"https:\/\/mfwa.org\/#organization","name":"Media Foundation for West Africa","url":"https:\/\/mfwa.org\/","logo":{"@type":"ImageObject","inLanguage":"fr-FR","@id":"https:\/\/mfwa.org\/#\/schema\/logo\/image\/","url":"https:\/\/www.mfwa.org\/wp-content\/uploads\/2016\/06\/MFWA-LOGO.png","contentUrl":"https:\/\/www.mfwa.org\/wp-content\/uploads\/2016\/06\/MFWA-LOGO.png","width":180,"height":180,"caption":"Media Foundation for West Africa"},"image":{"@id":"https:\/\/mfwa.org\/#\/schema\/logo\/image\/"},"sameAs":["https:\/\/www.facebook.com\/themfwa","https:\/\/x.com\/TheMFWA","https:\/\/www.youtube.com\/channel\/UCF6HrPuXcV1K1Ed8AAq4Rdw"]}]}},"_links":{"self":[{"href":"https:\/\/mfwa.org\/fr\/wp-json\/wp\/v2\/issues-in-focus\/24956","targetHints":{"allow":["GET"]}}],"collection":[{"href":"https:\/\/mfwa.org\/fr\/wp-json\/wp\/v2\/issues-in-focus"}],"about":[{"href":"https:\/\/mfwa.org\/fr\/wp-json\/wp\/v2\/types\/issues-in-focus"}],"author":[{"embeddable":true,"href":"https:\/\/mfwa.org\/fr\/wp-json\/wp\/v2\/users\/6"}],"replies":[{"embeddable":true,"href":"https:\/\/mfwa.org\/fr\/wp-json\/wp\/v2\/comments?post=24956"}],"wp:featuredmedia":[{"embeddable":true,"href":"https:\/\/mfwa.org\/fr\/wp-json\/wp\/v2\/media\/24887"}],"wp:attachment":[{"href":"https:\/\/mfwa.org\/fr\/wp-json\/wp\/v2\/media?parent=24956"}],"wp:term":[{"taxonomy":"category","embeddable":true,"href":"https:\/\/mfwa.org\/fr\/wp-json\/wp\/v2\/categories?post=24956"},{"taxonomy":"post_tag","embeddable":true,"href":"https:\/\/mfwa.org\/fr\/wp-json\/wp\/v2\/tags?post=24956"},{"taxonomy":"country","embeddable":true,"href":"https:\/\/mfwa.org\/fr\/wp-json\/wp\/v2\/country?post=24956"}],"curies":[{"name":"wp","href":"https:\/\/api.w.org\/{rel}","templated":true}]}}