{"id":21099,"date":"2021-03-11T10:12:57","date_gmt":"2021-03-11T10:12:57","guid":{"rendered":"https:\/\/www.mfwa.org\/?post_type=issues-in-focus&#038;p=21099"},"modified":"2021-03-11T10:12:57","modified_gmt":"2021-03-11T10:12:57","slug":"mauritanie-vers-un-assainissement-du-secteur-et-une-emergence-dentreprises-de-presse-viables","status":"publish","type":"issues-in-focus","link":"https:\/\/mfwa.org\/fr\/issues-in-focus\/mauritanie-vers-un-assainissement-du-secteur-et-une-emergence-dentreprises-de-presse-viables\/","title":{"rendered":"Mauritanie : Vers un Assainissement du Secteur et une \u00c9mergence d\u2019entreprises de Presse Viables"},"content":{"rendered":"<p style=\"text-align: justify;\">Confront\u00e9e \u00e0 une situation des plus inextricables, la presse mauritanienne souffre, selon le diagnostic dress\u00e9 par les professionnels de la communication, notamment de l\u2019absence de professionnalisme ; du manque de moyens ; du d\u00e9ficit de formation ; l\u2019amalgame dans la d\u00e9finition du journaliste ; du non-respect de la charte d\u2019\u00e9thique et de d\u00e9ontologie. Et enfin, du peu d\u2019int\u00e9r\u00eat accord\u00e9 au journalisme d\u2019investigation.<\/p>\n<p style=\"text-align: justify;\">Face \u00e0 ce sombre tableau, le sort de la presse s\u2019est compliqu\u00e9 au fil des ans en raison du d\u00e9sint\u00e9r\u00eat de l\u2019Etat durant la d\u00e9cennie de r\u00e8gne de l\u2019ancien pr\u00e9sident Mohamed Ould Abdel Aziz \u00e0 vouloir assainir le secteur des m\u00e9dias, en d\u00e9pit des revendications des diff\u00e9rents syndicats et des journalistes mauritaniens.<\/p>\n<p style=\"text-align: justify;\">D\u00e9cid\u00e9 \u00e0 mettre de l\u2019ordre dans la corporation et en r\u00e9ponse \u00e0 la sollicitation des journalistes, le nouveau pouvoir met en place en juillet 2020<\/p>\n<p style=\"text-align: justify;\">Commission nationale dite de r\u00e9forme de la presse. Il s\u2019agissait d\u2019\u00ab aboutir \u00e0 une r\u00e9forme consensuelle pour \u00e9largir les libert\u00e9s et en user \u00e0 bon escient\u00bb. Joignant l\u2019acte \u00e0 la parole, les cinq membres de ladite commission d\u00e9sign\u00e9s, apr\u00e8s leur installation sont re\u00e7us par le Pr\u00e9sident de la R\u00e9publique, Monsieur Mohamed Ould Cheikh El Ghazouani. Au cours de l\u2019audience, le Pr\u00e9sident de mauritanien souligna \u2018\u2019 l\u2019immense responsabilit\u00e9 de la commission dans la formulation de propositions visant une r\u00e9forme globale de la presse publique et priv\u00e9e. Il ajouta que\u2019\u2019 la consolidation et la pr\u00e9servation de la libert\u00e9 d\u2019expression, qui figurent parmi ses principaux engagements, sont un choix strat\u00e9gique de l\u2019\u00c9tat\u2019\u2019.<\/p>\n<p style=\"text-align: justify;\">Il a rappel\u00e9 le consensus des journalistes sur la nature et l\u2019ampleur des probl\u00e8mes des m\u00e9dias et sur la n\u00e9cessit\u00e9 de leur trouver des solutions rapides. Mohamed Ould Cheikh El Ghazouani a affirm\u00e9 que la r\u00e9forme des m\u00e9dias la mieux indiqu\u00e9e est celle provenant des journalistes eux-m\u00eames, en raison de leur parfaite connaissance de la situation de la presse, et de leur compr\u00e9hension de ce qu\u2019elle doit \u00eatre dans notre pays.<\/p>\n<p style=\"text-align: justify;\">Le Pr\u00e9sident de la R\u00e9publique a orient\u00e9 la commission vers une large consultation, l\u2019invitant \u00e0 tirer profit de toutes les exp\u00e9riences et comp\u00e9tences. Il a enfin r\u00e9affirm\u00e9 sa confiance dans la capacit\u00e9 de la commission \u00e0 relever les d\u00e9fis, et a rappel\u00e9 l\u2019engagement de l\u2019\u00c9tat \u00e0 prendre en consid\u00e9ration ses recommandations.<\/p>\n<p style=\"text-align: justify;\">De son c\u00f4t\u00e9, le pr\u00e9sident de la commission, M. Mohamed Mahmoud Ould Wedady souligna qu\u2019il est conscient de la place qu\u2019occupent les m\u00e9dias dans la soci\u00e9t\u00e9, et du r\u00f4le qu\u2019ils doivent jouer dans le d\u00e9veloppement et la prosp\u00e9rit\u00e9 du pays, ainsi que dans la pr\u00e9servation de son unit\u00e9 nationale et de ses valeurs.<\/p>\n<p style=\"text-align: justify;\"><strong>Concertation avec les acteurs<\/strong><\/p>\n<p style=\"text-align: justify;\">\u00a0Apr\u00e8s cinq mois des rencontres avec les acteurs du secteur pour entendre leurs opinions et propositions, une journ\u00e9e de concertation est organis\u00e9e, le\u00a0 14 janvier2021, \u00e0 Nouakchott, afin de parachever les concertations engag\u00e9es\u00a0 depuis ao\u00fbt2020 et d\u2019\u00e9couter\u00a0 tous les autres acteurs afin d\u2019\u00e9toffer davantage le rapport. Prenant la parole, de nombreux intervenants ont pass\u00e9 en revue les nombreux maux dont souffre\u00a0 la presse mauritanienne : laxisme, d\u00e9ficit criant de professionnalisme, de moyens, les probl\u00e8mes d\u2019\u00e9thique et de d\u00e9ontologie, le fonds d\u2019appui \u00e0 la presse, client\u00e9lisme\u2026R\u00e9sultat, \u00ab la presse peine \u00e0 jouer son v\u00e9ritable r\u00f4le de quatri\u00e8me pouvoir parce qu\u2019elle\u00a0 n\u2019a pas de pouvoirs,\u00a0 elle n\u2019est\u00a0 respect\u00e9e de personne \u00bb, fait remarquer Mohamed Abdallahi Bellil. Pour sa part Aziz Souffi a d\u00e9nonc\u00e9 le nombre pl\u00e9thorique de journalistes, de journaux et de syndicats. Une affirmation corrobor\u00e9e par le dernier recensement de la Haute Autorit\u00e9 de la Presse et de l\u2019Audiovisuel. Selon le dernier d\u00e9compte de la HAPA (novembre\/decembre2020), la Mauritanie compte\u00a0\u00a0 150 institutions de presse.il est fait \u00e9tat de l\u2019existence de seulement 6 associations de presse qui respectent les crit\u00e8res sur les 25 recens\u00e9es par la Haute Autorit\u00e9. Par ailleurs, il n\u2019a pas \u00e9t\u00e9 proc\u00e9d\u00e9 ces derni\u00e8res ann\u00e9es \u00e0 un recensement des journalistes mauritaniens.<\/p>\n<p style=\"text-align: justify;\">Face \u00e0 ce tableau sombre du secteur, tous les intervenants ont r\u00e9clam\u00e9 un v\u00e9ritable assainissement du secteur afin de le rendre v\u00e9ritablement professionnel, avec des entreprises de presse viables\u2026Les intervenants ont unanimement souhait\u00e9 voir le gouvernement mettre en \u0153uvre les recommandations de la commission. Pour Mohamed Abdallahi Bellil, journaliste consultant, s\u2019exprimant dans \u2018\u2019Horizons\u2019\u2019 (quotidien gouvernemental), \u2018\u2019les acteurs sont associ\u00e9s aux r\u00e9formes qui les concernent et qui en sont les premiers b\u00e9n\u00e9ficiaires. Avant d\u2019adresser leur rapport d\u00e9finitif aux autorit\u00e9s comp\u00e9tentes, les membres de la Commission ont pris la peine de se concerter avec des professionnels de l\u2019information et de la communication, y compris ceux qui ont eu le privil\u00e8ge d\u2019avoir d\u00e9j\u00e0 \u00e9t\u00e9 entendus\u00a0 sur la th\u00e9matique. Une telle approche participative inclusive ne peut qu\u2019aboutir \u00e0 des r\u00e9sultats satisfaisants\u2019\u2019.<\/p>\n<p style=\"text-align: justify;\">Et les attentes les diff\u00e9rents acteurs du secteur d\u00e9coulent, affirme-t-il \u2018\u2019 des r\u00e9sultats du diagnostic que nous avons dress\u00e9 de la profession et des besoins que nous avons exprim\u00e9s ; Il s\u2019agit surtout des moyens de raffermir l\u2019ind\u00e9pendance de la presse et sa professionnalisation. A cet effet, la r\u00e9forme doit proposer les moyens appropri\u00e9s pour le renforcement de capacit\u00e9s techniques des journalistes et financi\u00e8res des medias qui doivent se muer en v\u00e9ritables entreprises de presse\u2019\u2019.<\/p>\n<p style=\"text-align: justify;\">Cependant, en se fondant sur les exp\u00e9riences r\u00e9centes, certains intervenants ont \u00e9mis des craintes de voir les recommandations jet\u00e9es dans les tiroirs ;\u00a0 il importe pour les acteurs des m\u00e9dias de \u2018\u2019rester mobilis\u00e9s et attentifs, tout en nous pr\u00e9parant \u00e0 la nouvelle situation en perspective\u2019\u2019.<\/p>\n<p style=\"text-align: justify;\">\u2018\u2019L\u2019essentiel n\u2019est pas de gagner une bataille, mais de s\u2019approprier ses acquis\u2019\u2019, soutient Mohamed Abdallahi Bellil .<\/p>\n<p style=\"text-align: justify;\"><strong>Contribuer efficacement au renforcement de la libert\u00e9 de la presse<\/strong><\/p>\n<p style=\"text-align: justify;\">Apr\u00e8s cinq mois de consultation, le rapport final de la commission nationale de r\u00e9forme du secteur des m\u00e9dias comprenant 64 propositions pour la solution des probl\u00e8mes pos\u00e9s sur le terrain est remis le 2 f\u00e9vrier au pr\u00e9sident mauritanien.<\/p>\n<p style=\"text-align: justify;\">Voici quelques-unes des recommandations et suggestions les plus importantes formul\u00e9es par la commission :<\/p>\n<p style=\"text-align: justify;\">&#8211; Pr\u00e9parer un code int\u00e9gr\u00e9 des lois sur la presse en vigueur et propos\u00e9 par la Commission, soulignant la n\u00e9cessit\u00e9 d\u2019une mise en \u0153uvre urgente de ce qui est aujourd\u2019hui approuv\u00e9, en particulier en ce qui concerne les cahiers de charges, des engagements et des contrats de programmes.<\/p>\n<p style=\"text-align: justify;\">&#8211; L\u00e9gif\u00e9rer au sujet du Code de d\u00e9ontologie et relance du d\u00e9cret sur la carte de presse et les textes y aff\u00e9rents.<\/p>\n<p style=\"text-align: justify;\">&#8211; Assurer l\u2019acc\u00e8s aux sources d\u2019information.<\/p>\n<p style=\"text-align: justify;\">&#8211; Cr\u00e9er un institut national des techniques d\u2019information et de communication.<\/p>\n<p style=\"text-align: justify;\">&#8211; Mettre en place d\u2019un conseil national de l\u2019information.<\/p>\n<p style=\"text-align: justify;\">&#8211; D\u00e9velopper la gouvernance et revoir les pouvoirs du conseil d\u2019administration et les pr\u00e9rogatives du directeur g\u00e9n\u00e9ral des entreprises des m\u00e9dias.<\/p>\n<p style=\"text-align: justify;\">&#8211; Migrer de la diffusion analogique \u00e0 la diffusion num\u00e9rique terrestre, mettre en place et s\u00e9curiser une infrastructure d\u2019ing\u00e9nierie et la g\u00e9n\u00e9ralisation de la couverture universelle.<\/p>\n<p style=\"text-align: justify;\">&#8211; Mobiliser et diversifier les ressources financi\u00e8res pour p\u00e9renniser le financement des m\u00e9dias et am\u00e9liorer les conditions de travail des travailleurs du secteur.<\/p>\n<p style=\"text-align: justify;\">La Commission esp\u00e8re \u00e9galement, estime son pr\u00e9sident, Mohamed Mahmoud Ould Wedady que ces travaux seront \u00e9galement des \u00e9l\u00e9ments constitutifs de m\u00e9dias mauritaniens sophistiqu\u00e9s, capables de r\u00e9pondre aux exigences de l\u2019heure et de contribuer efficacement au renforcement de la libert\u00e9 de la presse et au r\u00e9tablissement de la pr\u00e9sence politique, scientifique et culturelle de la Mauritanie.<\/p>\n","protected":false},"author":6,"featured_media":21035,"comment_status":"closed","ping_status":"closed","template":"","categories":[256],"tags":[],"country":[248],"class_list":["post-21099","issues-in-focus","type-issues-in-focus","status-publish","has-post-thumbnail","hentry","category-media-development-fr","country-mauritanie"],"yoast_head":"<!-- This site is optimized with the Yoast SEO plugin v27.4 - https:\/\/yoast.com\/product\/yoast-seo-wordpress\/ -->\n<title>Mauritanie : Vers un Assainissement du Secteur et une \u00c9mergence d\u2019entreprises de Presse Viables - Media Foundation For West Africa<\/title>\n<meta name=\"robots\" content=\"index, follow, max-snippet:-1, max-image-preview:large, max-video-preview:-1\" \/>\n<link rel=\"canonical\" href=\"https:\/\/mfwa.org\/fr\/issues-in-focus\/mauritanie-vers-un-assainissement-du-secteur-et-une-emergence-dentreprises-de-presse-viables\/\" \/>\n<meta property=\"og:locale\" content=\"fr_FR\" \/>\n<meta property=\"og:type\" content=\"article\" \/>\n<meta property=\"og:title\" content=\"Mauritanie : Vers un Assainissement du Secteur et une \u00c9mergence d\u2019entreprises de Presse Viables - Media Foundation For West Africa\" \/>\n<meta property=\"og:description\" content=\"Confront\u00e9e \u00e0 une situation des plus inextricables, la presse mauritanienne souffre, selon le diagnostic dress\u00e9 par les professionnels\" \/>\n<meta property=\"og:url\" content=\"https:\/\/mfwa.org\/fr\/issues-in-focus\/mauritanie-vers-un-assainissement-du-secteur-et-une-emergence-dentreprises-de-presse-viables\/\" \/>\n<meta property=\"og:site_name\" content=\"Media Foundation For West Africa\" \/>\n<meta property=\"article:publisher\" content=\"https:\/\/www.facebook.com\/themfwa\" \/>\n<meta property=\"og:image\" content=\"https:\/\/mfwa.org\/wp-content\/uploads\/2021\/02\/media2.jpg\" \/>\n\t<meta property=\"og:image:width\" content=\"1024\" \/>\n\t<meta property=\"og:image:height\" content=\"538\" \/>\n\t<meta property=\"og:image:type\" content=\"image\/jpeg\" \/>\n<meta name=\"twitter:card\" content=\"summary_large_image\" \/>\n<meta name=\"twitter:site\" content=\"@TheMFWA\" \/>\n<meta name=\"twitter:label1\" content=\"Est. reading time\" \/>\n\t<meta name=\"twitter:data1\" content=\"7 minutes\" \/>\n<script type=\"application\/ld+json\" class=\"yoast-schema-graph\">{\"@context\":\"https:\\\/\\\/schema.org\",\"@graph\":[{\"@type\":\"WebPage\",\"@id\":\"https:\\\/\\\/mfwa.org\\\/fr\\\/issues-in-focus\\\/mauritanie-vers-un-assainissement-du-secteur-et-une-emergence-dentreprises-de-presse-viables\\\/\",\"url\":\"https:\\\/\\\/mfwa.org\\\/fr\\\/issues-in-focus\\\/mauritanie-vers-un-assainissement-du-secteur-et-une-emergence-dentreprises-de-presse-viables\\\/\",\"name\":\"Mauritanie : Vers un Assainissement du Secteur et une \u00c9mergence d\u2019entreprises de Presse Viables - Media Foundation For West Africa\",\"isPartOf\":{\"@id\":\"https:\\\/\\\/mfwa.org\\\/#website\"},\"primaryImageOfPage\":{\"@id\":\"https:\\\/\\\/mfwa.org\\\/fr\\\/issues-in-focus\\\/mauritanie-vers-un-assainissement-du-secteur-et-une-emergence-dentreprises-de-presse-viables\\\/#primaryimage\"},\"image\":{\"@id\":\"https:\\\/\\\/mfwa.org\\\/fr\\\/issues-in-focus\\\/mauritanie-vers-un-assainissement-du-secteur-et-une-emergence-dentreprises-de-presse-viables\\\/#primaryimage\"},\"thumbnailUrl\":\"https:\\\/\\\/mfwa.org\\\/wp-content\\\/uploads\\\/2021\\\/02\\\/media2.jpg\",\"datePublished\":\"2021-03-11T10:12:57+00:00\",\"breadcrumb\":{\"@id\":\"https:\\\/\\\/mfwa.org\\\/fr\\\/issues-in-focus\\\/mauritanie-vers-un-assainissement-du-secteur-et-une-emergence-dentreprises-de-presse-viables\\\/#breadcrumb\"},\"inLanguage\":\"fr-FR\",\"potentialAction\":[{\"@type\":\"ReadAction\",\"target\":[\"https:\\\/\\\/mfwa.org\\\/fr\\\/issues-in-focus\\\/mauritanie-vers-un-assainissement-du-secteur-et-une-emergence-dentreprises-de-presse-viables\\\/\"]}]},{\"@type\":\"ImageObject\",\"inLanguage\":\"fr-FR\",\"@id\":\"https:\\\/\\\/mfwa.org\\\/fr\\\/issues-in-focus\\\/mauritanie-vers-un-assainissement-du-secteur-et-une-emergence-dentreprises-de-presse-viables\\\/#primaryimage\",\"url\":\"https:\\\/\\\/mfwa.org\\\/wp-content\\\/uploads\\\/2021\\\/02\\\/media2.jpg\",\"contentUrl\":\"https:\\\/\\\/mfwa.org\\\/wp-content\\\/uploads\\\/2021\\\/02\\\/media2.jpg\",\"width\":1024,\"height\":538},{\"@type\":\"BreadcrumbList\",\"@id\":\"https:\\\/\\\/mfwa.org\\\/fr\\\/issues-in-focus\\\/mauritanie-vers-un-assainissement-du-secteur-et-une-emergence-dentreprises-de-presse-viables\\\/#breadcrumb\",\"itemListElement\":[{\"@type\":\"ListItem\",\"position\":1,\"name\":\"Home\",\"item\":\"https:\\\/\\\/mfwa.org\\\/fr\\\/\"},{\"@type\":\"ListItem\",\"position\":2,\"name\":\"Issues in Focus\",\"item\":\"https:\\\/\\\/mfwa.org\\\/issues-in-focus\\\/\"},{\"@type\":\"ListItem\",\"position\":3,\"name\":\"Mauritanie : Vers un Assainissement du Secteur et une \u00c9mergence d\u2019entreprises de Presse Viables\"}]},{\"@type\":\"WebSite\",\"@id\":\"https:\\\/\\\/mfwa.org\\\/#website\",\"url\":\"https:\\\/\\\/mfwa.org\\\/\",\"name\":\"Media Foundation For West Africa\",\"description\":\"Promoting Freedom of Expression and Democracy in West Africa\",\"publisher\":{\"@id\":\"https:\\\/\\\/mfwa.org\\\/#organization\"},\"potentialAction\":[{\"@type\":\"SearchAction\",\"target\":{\"@type\":\"EntryPoint\",\"urlTemplate\":\"https:\\\/\\\/mfwa.org\\\/?s={search_term_string}\"},\"query-input\":{\"@type\":\"PropertyValueSpecification\",\"valueRequired\":true,\"valueName\":\"search_term_string\"}}],\"inLanguage\":\"fr-FR\"},{\"@type\":\"Organization\",\"@id\":\"https:\\\/\\\/mfwa.org\\\/#organization\",\"name\":\"Media Foundation for West Africa\",\"url\":\"https:\\\/\\\/mfwa.org\\\/\",\"logo\":{\"@type\":\"ImageObject\",\"inLanguage\":\"fr-FR\",\"@id\":\"https:\\\/\\\/mfwa.org\\\/#\\\/schema\\\/logo\\\/image\\\/\",\"url\":\"https:\\\/\\\/www.mfwa.org\\\/wp-content\\\/uploads\\\/2016\\\/06\\\/MFWA-LOGO.png\",\"contentUrl\":\"https:\\\/\\\/www.mfwa.org\\\/wp-content\\\/uploads\\\/2016\\\/06\\\/MFWA-LOGO.png\",\"width\":180,\"height\":180,\"caption\":\"Media Foundation for West Africa\"},\"image\":{\"@id\":\"https:\\\/\\\/mfwa.org\\\/#\\\/schema\\\/logo\\\/image\\\/\"},\"sameAs\":[\"https:\\\/\\\/www.facebook.com\\\/themfwa\",\"https:\\\/\\\/x.com\\\/TheMFWA\",\"https:\\\/\\\/www.youtube.com\\\/channel\\\/UCF6HrPuXcV1K1Ed8AAq4Rdw\"]}]}<\/script>\n<!-- \/ Yoast SEO plugin. -->","yoast_head_json":{"title":"Mauritanie : Vers un Assainissement du Secteur et une \u00c9mergence d\u2019entreprises de Presse Viables - Media Foundation For West Africa","robots":{"index":"index","follow":"follow","max-snippet":"max-snippet:-1","max-image-preview":"max-image-preview:large","max-video-preview":"max-video-preview:-1"},"canonical":"https:\/\/mfwa.org\/fr\/issues-in-focus\/mauritanie-vers-un-assainissement-du-secteur-et-une-emergence-dentreprises-de-presse-viables\/","og_locale":"fr_FR","og_type":"article","og_title":"Mauritanie : Vers un Assainissement du Secteur et une \u00c9mergence d\u2019entreprises de Presse Viables - Media Foundation For West Africa","og_description":"Confront\u00e9e \u00e0 une situation des plus inextricables, la presse mauritanienne souffre, selon le diagnostic dress\u00e9 par les professionnels","og_url":"https:\/\/mfwa.org\/fr\/issues-in-focus\/mauritanie-vers-un-assainissement-du-secteur-et-une-emergence-dentreprises-de-presse-viables\/","og_site_name":"Media Foundation For West Africa","article_publisher":"https:\/\/www.facebook.com\/themfwa","og_image":[{"width":1024,"height":538,"url":"https:\/\/mfwa.org\/wp-content\/uploads\/2021\/02\/media2.jpg","type":"image\/jpeg"}],"twitter_card":"summary_large_image","twitter_site":"@TheMFWA","twitter_misc":{"Est. reading time":"7 minutes"},"schema":{"@context":"https:\/\/schema.org","@graph":[{"@type":"WebPage","@id":"https:\/\/mfwa.org\/fr\/issues-in-focus\/mauritanie-vers-un-assainissement-du-secteur-et-une-emergence-dentreprises-de-presse-viables\/","url":"https:\/\/mfwa.org\/fr\/issues-in-focus\/mauritanie-vers-un-assainissement-du-secteur-et-une-emergence-dentreprises-de-presse-viables\/","name":"Mauritanie : Vers un Assainissement du Secteur et une \u00c9mergence d\u2019entreprises de Presse Viables - Media Foundation For West Africa","isPartOf":{"@id":"https:\/\/mfwa.org\/#website"},"primaryImageOfPage":{"@id":"https:\/\/mfwa.org\/fr\/issues-in-focus\/mauritanie-vers-un-assainissement-du-secteur-et-une-emergence-dentreprises-de-presse-viables\/#primaryimage"},"image":{"@id":"https:\/\/mfwa.org\/fr\/issues-in-focus\/mauritanie-vers-un-assainissement-du-secteur-et-une-emergence-dentreprises-de-presse-viables\/#primaryimage"},"thumbnailUrl":"https:\/\/mfwa.org\/wp-content\/uploads\/2021\/02\/media2.jpg","datePublished":"2021-03-11T10:12:57+00:00","breadcrumb":{"@id":"https:\/\/mfwa.org\/fr\/issues-in-focus\/mauritanie-vers-un-assainissement-du-secteur-et-une-emergence-dentreprises-de-presse-viables\/#breadcrumb"},"inLanguage":"fr-FR","potentialAction":[{"@type":"ReadAction","target":["https:\/\/mfwa.org\/fr\/issues-in-focus\/mauritanie-vers-un-assainissement-du-secteur-et-une-emergence-dentreprises-de-presse-viables\/"]}]},{"@type":"ImageObject","inLanguage":"fr-FR","@id":"https:\/\/mfwa.org\/fr\/issues-in-focus\/mauritanie-vers-un-assainissement-du-secteur-et-une-emergence-dentreprises-de-presse-viables\/#primaryimage","url":"https:\/\/mfwa.org\/wp-content\/uploads\/2021\/02\/media2.jpg","contentUrl":"https:\/\/mfwa.org\/wp-content\/uploads\/2021\/02\/media2.jpg","width":1024,"height":538},{"@type":"BreadcrumbList","@id":"https:\/\/mfwa.org\/fr\/issues-in-focus\/mauritanie-vers-un-assainissement-du-secteur-et-une-emergence-dentreprises-de-presse-viables\/#breadcrumb","itemListElement":[{"@type":"ListItem","position":1,"name":"Home","item":"https:\/\/mfwa.org\/fr\/"},{"@type":"ListItem","position":2,"name":"Issues in Focus","item":"https:\/\/mfwa.org\/issues-in-focus\/"},{"@type":"ListItem","position":3,"name":"Mauritanie : Vers un Assainissement du Secteur et une \u00c9mergence d\u2019entreprises de Presse Viables"}]},{"@type":"WebSite","@id":"https:\/\/mfwa.org\/#website","url":"https:\/\/mfwa.org\/","name":"Media Foundation For West Africa","description":"Promoting Freedom of Expression and Democracy in West Africa","publisher":{"@id":"https:\/\/mfwa.org\/#organization"},"potentialAction":[{"@type":"SearchAction","target":{"@type":"EntryPoint","urlTemplate":"https:\/\/mfwa.org\/?s={search_term_string}"},"query-input":{"@type":"PropertyValueSpecification","valueRequired":true,"valueName":"search_term_string"}}],"inLanguage":"fr-FR"},{"@type":"Organization","@id":"https:\/\/mfwa.org\/#organization","name":"Media Foundation for West Africa","url":"https:\/\/mfwa.org\/","logo":{"@type":"ImageObject","inLanguage":"fr-FR","@id":"https:\/\/mfwa.org\/#\/schema\/logo\/image\/","url":"https:\/\/www.mfwa.org\/wp-content\/uploads\/2016\/06\/MFWA-LOGO.png","contentUrl":"https:\/\/www.mfwa.org\/wp-content\/uploads\/2016\/06\/MFWA-LOGO.png","width":180,"height":180,"caption":"Media Foundation for West Africa"},"image":{"@id":"https:\/\/mfwa.org\/#\/schema\/logo\/image\/"},"sameAs":["https:\/\/www.facebook.com\/themfwa","https:\/\/x.com\/TheMFWA","https:\/\/www.youtube.com\/channel\/UCF6HrPuXcV1K1Ed8AAq4Rdw"]}]}},"_links":{"self":[{"href":"https:\/\/mfwa.org\/fr\/wp-json\/wp\/v2\/issues-in-focus\/21099","targetHints":{"allow":["GET"]}}],"collection":[{"href":"https:\/\/mfwa.org\/fr\/wp-json\/wp\/v2\/issues-in-focus"}],"about":[{"href":"https:\/\/mfwa.org\/fr\/wp-json\/wp\/v2\/types\/issues-in-focus"}],"author":[{"embeddable":true,"href":"https:\/\/mfwa.org\/fr\/wp-json\/wp\/v2\/users\/6"}],"replies":[{"embeddable":true,"href":"https:\/\/mfwa.org\/fr\/wp-json\/wp\/v2\/comments?post=21099"}],"wp:featuredmedia":[{"embeddable":true,"href":"https:\/\/mfwa.org\/fr\/wp-json\/wp\/v2\/media\/21035"}],"wp:attachment":[{"href":"https:\/\/mfwa.org\/fr\/wp-json\/wp\/v2\/media?parent=21099"}],"wp:term":[{"taxonomy":"category","embeddable":true,"href":"https:\/\/mfwa.org\/fr\/wp-json\/wp\/v2\/categories?post=21099"},{"taxonomy":"post_tag","embeddable":true,"href":"https:\/\/mfwa.org\/fr\/wp-json\/wp\/v2\/tags?post=21099"},{"taxonomy":"country","embeddable":true,"href":"https:\/\/mfwa.org\/fr\/wp-json\/wp\/v2\/country?post=21099"}],"curies":[{"name":"wp","href":"https:\/\/api.w.org\/{rel}","templated":true}]}}