{"id":14023,"date":"2018-11-07T17:03:49","date_gmt":"2018-11-07T17:03:49","guid":{"rendered":"http:\/\/www.mfwa.org\/?post_type=issues-in-focus&#038;p=14023"},"modified":"2018-11-07T17:03:49","modified_gmt":"2018-11-07T17:03:49","slug":"wameca-2019-prevue-pour-les-18-et-19-octobre","status":"publish","type":"issues-in-focus","link":"https:\/\/mfwa.org\/fr\/issues-in-focus\/wameca-2019-prevue-pour-les-18-et-19-octobre\/","title":{"rendered":"WAMECA 2019 Pr\u00e9vue pour les 18 et 19 Octobre"},"content":{"rendered":"<p class=\"ox-2c6b021e2b-MsoNormal\" style=\"text-align: justify;\">Apr\u00e8s avoir organis\u00e9 avec succ\u00e8s l&#8217;\u00e9dition 2018, la Fondation des m\u00e9dias pour l&#8217;Afrique de l&#8217;Ouest (MFWA) a programm\u00e9 l&#8217;\u00e9dition 2019 de la Conf\u00e9rence et des prix d&#8217;excellence des m\u00e9dias d\u2019Afrique de l&#8217;Ouest (WAMECA) du 18 au 19 octobre.<\/p>\n<p class=\"ox-2c6b021e2b-MsoNormal\" style=\"text-align: justify;\">L&#8217;\u00e9dition 2019 sera la troisi\u00e8me depuis les premiers prix en 2017.<\/p>\n<p class=\"ox-2c6b021e2b-MsoNormal\" style=\"text-align: justify;\">La conf\u00e9rence et les prix d&#8217;excellence des m\u00e9dias d\u2019Afrique de l&#8217;Ouest est une initiative de la MFWA visant \u00e0 promouvoir l&#8217;excellence des m\u00e9dias dans la sous-r\u00e9gion. La conf\u00e9rence r\u00e9unit des journalistes, des experts des m\u00e9dias, des r\u00e9dacteurs en chef, des universitaires, des d\u00e9fenseurs de la libert\u00e9 d\u2019expression et des personnalit\u00e9s de premier plan de toute l\u2019Afrique de l\u2019Ouest et au-del\u00e0 pour d\u00e9battre des principaux d\u00e9fis du d\u00e9veloppement des m\u00e9dias et explorer les voies et moyens pour l\u2019appui aux medias \u00e0 la promotion de la bonne gouvernance, l\u2019int\u00e9gration r\u00e9gionale et la paix pour Afrique de l&#8217;Ouest.<\/p>\n<p class=\"ox-2c6b021e2b-MsoNormal\" style=\"text-align: justify;\">La c\u00e9r\u00e9monie de remise des prix, qui couronne l\u2019\u00e9v\u00e9nement, rend hommage aux journalistes d\u2019Afrique de l\u2019Ouest qui ont r\u00e9alis\u00e9 des \u0153uvres convaincantes qui ont un impact positif sur la vie en soci\u00e9t\u00e9.<\/p>\n","protected":false},"author":6,"featured_media":13888,"comment_status":"closed","ping_status":"closed","template":"","categories":[331],"tags":[],"country":[330],"class_list":["post-14023","issues-in-focus","type-issues-in-focus","status-publish","has-post-thumbnail","hentry","category-medias-et-bonne-gouvernance","country-afrique-de-louest"],"yoast_head":"<!-- This site is optimized with the Yoast SEO plugin v27.5 - https:\/\/yoast.com\/product\/yoast-seo-wordpress\/ -->\n<title>WAMECA 2019 Pr\u00e9vue pour les 18 et 19 Octobre - Media Foundation For West Africa<\/title>\n<meta name=\"robots\" content=\"index, follow, max-snippet:-1, max-image-preview:large, max-video-preview:-1\" \/>\n<link rel=\"canonical\" href=\"https:\/\/mfwa.org\/fr\/issues-in-focus\/wameca-2019-prevue-pour-les-18-et-19-octobre\/\" \/>\n<meta property=\"og:locale\" content=\"fr_FR\" \/>\n<meta property=\"og:type\" content=\"article\" \/>\n<meta property=\"og:title\" content=\"WAMECA 2019 Pr\u00e9vue pour les 18 et 19 Octobre - Media Foundation For West Africa\" \/>\n<meta property=\"og:description\" content=\"Apr\u00e8s avoir organis\u00e9 avec succ\u00e8s l&#8217;\u00e9dition 2018, la Fondation des m\u00e9dias pour l&#8217;Afrique de l&#8217;Ouest (MFWA) a programm\u00e9\" \/>\n<meta property=\"og:url\" content=\"https:\/\/mfwa.org\/fr\/issues-in-focus\/wameca-2019-prevue-pour-les-18-et-19-octobre\/\" \/>\n<meta property=\"og:site_name\" content=\"Media Foundation For West Africa\" \/>\n<meta property=\"article:publisher\" content=\"https:\/\/www.facebook.com\/themfwa\" \/>\n<meta property=\"og:image\" content=\"https:\/\/mfwa.org\/wp-content\/uploads\/2018\/11\/wameca-2019.jpg\" \/>\n\t<meta property=\"og:image:width\" content=\"2480\" \/>\n\t<meta property=\"og:image:height\" content=\"1514\" \/>\n\t<meta property=\"og:image:type\" content=\"image\/jpeg\" \/>\n<meta name=\"twitter:card\" content=\"summary_large_image\" \/>\n<meta name=\"twitter:site\" content=\"@TheMFWA\" \/>\n<meta name=\"twitter:label1\" content=\"Est. reading time\" \/>\n\t<meta name=\"twitter:data1\" content=\"1 minute\" \/>\n<script type=\"application\/ld+json\" class=\"yoast-schema-graph\">{\"@context\":\"https:\\\/\\\/schema.org\",\"@graph\":[{\"@type\":\"WebPage\",\"@id\":\"https:\\\/\\\/mfwa.org\\\/fr\\\/issues-in-focus\\\/wameca-2019-prevue-pour-les-18-et-19-octobre\\\/\",\"url\":\"https:\\\/\\\/mfwa.org\\\/fr\\\/issues-in-focus\\\/wameca-2019-prevue-pour-les-18-et-19-octobre\\\/\",\"name\":\"WAMECA 2019 Pr\u00e9vue pour les 18 et 19 Octobre - Media Foundation For West Africa\",\"isPartOf\":{\"@id\":\"https:\\\/\\\/mfwa.org\\\/#website\"},\"primaryImageOfPage\":{\"@id\":\"https:\\\/\\\/mfwa.org\\\/fr\\\/issues-in-focus\\\/wameca-2019-prevue-pour-les-18-et-19-octobre\\\/#primaryimage\"},\"image\":{\"@id\":\"https:\\\/\\\/mfwa.org\\\/fr\\\/issues-in-focus\\\/wameca-2019-prevue-pour-les-18-et-19-octobre\\\/#primaryimage\"},\"thumbnailUrl\":\"https:\\\/\\\/mfwa.org\\\/wp-content\\\/uploads\\\/2018\\\/11\\\/wameca-2019.jpg\",\"datePublished\":\"2018-11-07T17:03:49+00:00\",\"breadcrumb\":{\"@id\":\"https:\\\/\\\/mfwa.org\\\/fr\\\/issues-in-focus\\\/wameca-2019-prevue-pour-les-18-et-19-octobre\\\/#breadcrumb\"},\"inLanguage\":\"fr-FR\",\"potentialAction\":[{\"@type\":\"ReadAction\",\"target\":[\"https:\\\/\\\/mfwa.org\\\/fr\\\/issues-in-focus\\\/wameca-2019-prevue-pour-les-18-et-19-octobre\\\/\"]}]},{\"@type\":\"ImageObject\",\"inLanguage\":\"fr-FR\",\"@id\":\"https:\\\/\\\/mfwa.org\\\/fr\\\/issues-in-focus\\\/wameca-2019-prevue-pour-les-18-et-19-octobre\\\/#primaryimage\",\"url\":\"https:\\\/\\\/mfwa.org\\\/wp-content\\\/uploads\\\/2018\\\/11\\\/wameca-2019.jpg\",\"contentUrl\":\"https:\\\/\\\/mfwa.org\\\/wp-content\\\/uploads\\\/2018\\\/11\\\/wameca-2019.jpg\",\"width\":2480,\"height\":1514},{\"@type\":\"BreadcrumbList\",\"@id\":\"https:\\\/\\\/mfwa.org\\\/fr\\\/issues-in-focus\\\/wameca-2019-prevue-pour-les-18-et-19-octobre\\\/#breadcrumb\",\"itemListElement\":[{\"@type\":\"ListItem\",\"position\":1,\"name\":\"Home\",\"item\":\"https:\\\/\\\/mfwa.org\\\/fr\\\/\"},{\"@type\":\"ListItem\",\"position\":2,\"name\":\"Issues in Focus\",\"item\":\"https:\\\/\\\/mfwa.org\\\/issues-in-focus\\\/\"},{\"@type\":\"ListItem\",\"position\":3,\"name\":\"WAMECA 2019 Pr\u00e9vue pour les 18 et 19 Octobre\"}]},{\"@type\":\"WebSite\",\"@id\":\"https:\\\/\\\/mfwa.org\\\/#website\",\"url\":\"https:\\\/\\\/mfwa.org\\\/\",\"name\":\"Media Foundation For West Africa\",\"description\":\"Promoting Freedom of Expression and Democracy in West Africa\",\"publisher\":{\"@id\":\"https:\\\/\\\/mfwa.org\\\/#organization\"},\"potentialAction\":[{\"@type\":\"SearchAction\",\"target\":{\"@type\":\"EntryPoint\",\"urlTemplate\":\"https:\\\/\\\/mfwa.org\\\/?s={search_term_string}\"},\"query-input\":{\"@type\":\"PropertyValueSpecification\",\"valueRequired\":true,\"valueName\":\"search_term_string\"}}],\"inLanguage\":\"fr-FR\"},{\"@type\":\"Organization\",\"@id\":\"https:\\\/\\\/mfwa.org\\\/#organization\",\"name\":\"Media Foundation for West Africa\",\"url\":\"https:\\\/\\\/mfwa.org\\\/\",\"logo\":{\"@type\":\"ImageObject\",\"inLanguage\":\"fr-FR\",\"@id\":\"https:\\\/\\\/mfwa.org\\\/#\\\/schema\\\/logo\\\/image\\\/\",\"url\":\"https:\\\/\\\/www.mfwa.org\\\/wp-content\\\/uploads\\\/2016\\\/06\\\/MFWA-LOGO.png\",\"contentUrl\":\"https:\\\/\\\/www.mfwa.org\\\/wp-content\\\/uploads\\\/2016\\\/06\\\/MFWA-LOGO.png\",\"width\":180,\"height\":180,\"caption\":\"Media Foundation for West Africa\"},\"image\":{\"@id\":\"https:\\\/\\\/mfwa.org\\\/#\\\/schema\\\/logo\\\/image\\\/\"},\"sameAs\":[\"https:\\\/\\\/www.facebook.com\\\/themfwa\",\"https:\\\/\\\/x.com\\\/TheMFWA\",\"https:\\\/\\\/www.youtube.com\\\/channel\\\/UCF6HrPuXcV1K1Ed8AAq4Rdw\"]}]}<\/script>\n<!-- \/ Yoast SEO plugin. -->","yoast_head_json":{"title":"WAMECA 2019 Pr\u00e9vue pour les 18 et 19 Octobre - Media Foundation For West Africa","robots":{"index":"index","follow":"follow","max-snippet":"max-snippet:-1","max-image-preview":"max-image-preview:large","max-video-preview":"max-video-preview:-1"},"canonical":"https:\/\/mfwa.org\/fr\/issues-in-focus\/wameca-2019-prevue-pour-les-18-et-19-octobre\/","og_locale":"fr_FR","og_type":"article","og_title":"WAMECA 2019 Pr\u00e9vue pour les 18 et 19 Octobre - Media Foundation For West Africa","og_description":"Apr\u00e8s avoir organis\u00e9 avec succ\u00e8s l&#8217;\u00e9dition 2018, la Fondation des m\u00e9dias pour l&#8217;Afrique de l&#8217;Ouest (MFWA) a programm\u00e9","og_url":"https:\/\/mfwa.org\/fr\/issues-in-focus\/wameca-2019-prevue-pour-les-18-et-19-octobre\/","og_site_name":"Media Foundation For West Africa","article_publisher":"https:\/\/www.facebook.com\/themfwa","og_image":[{"width":2480,"height":1514,"url":"https:\/\/mfwa.org\/wp-content\/uploads\/2018\/11\/wameca-2019.jpg","type":"image\/jpeg"}],"twitter_card":"summary_large_image","twitter_site":"@TheMFWA","twitter_misc":{"Est. reading time":"1 minute"},"schema":{"@context":"https:\/\/schema.org","@graph":[{"@type":"WebPage","@id":"https:\/\/mfwa.org\/fr\/issues-in-focus\/wameca-2019-prevue-pour-les-18-et-19-octobre\/","url":"https:\/\/mfwa.org\/fr\/issues-in-focus\/wameca-2019-prevue-pour-les-18-et-19-octobre\/","name":"WAMECA 2019 Pr\u00e9vue pour les 18 et 19 Octobre - Media Foundation For West Africa","isPartOf":{"@id":"https:\/\/mfwa.org\/#website"},"primaryImageOfPage":{"@id":"https:\/\/mfwa.org\/fr\/issues-in-focus\/wameca-2019-prevue-pour-les-18-et-19-octobre\/#primaryimage"},"image":{"@id":"https:\/\/mfwa.org\/fr\/issues-in-focus\/wameca-2019-prevue-pour-les-18-et-19-octobre\/#primaryimage"},"thumbnailUrl":"https:\/\/mfwa.org\/wp-content\/uploads\/2018\/11\/wameca-2019.jpg","datePublished":"2018-11-07T17:03:49+00:00","breadcrumb":{"@id":"https:\/\/mfwa.org\/fr\/issues-in-focus\/wameca-2019-prevue-pour-les-18-et-19-octobre\/#breadcrumb"},"inLanguage":"fr-FR","potentialAction":[{"@type":"ReadAction","target":["https:\/\/mfwa.org\/fr\/issues-in-focus\/wameca-2019-prevue-pour-les-18-et-19-octobre\/"]}]},{"@type":"ImageObject","inLanguage":"fr-FR","@id":"https:\/\/mfwa.org\/fr\/issues-in-focus\/wameca-2019-prevue-pour-les-18-et-19-octobre\/#primaryimage","url":"https:\/\/mfwa.org\/wp-content\/uploads\/2018\/11\/wameca-2019.jpg","contentUrl":"https:\/\/mfwa.org\/wp-content\/uploads\/2018\/11\/wameca-2019.jpg","width":2480,"height":1514},{"@type":"BreadcrumbList","@id":"https:\/\/mfwa.org\/fr\/issues-in-focus\/wameca-2019-prevue-pour-les-18-et-19-octobre\/#breadcrumb","itemListElement":[{"@type":"ListItem","position":1,"name":"Home","item":"https:\/\/mfwa.org\/fr\/"},{"@type":"ListItem","position":2,"name":"Issues in Focus","item":"https:\/\/mfwa.org\/issues-in-focus\/"},{"@type":"ListItem","position":3,"name":"WAMECA 2019 Pr\u00e9vue pour les 18 et 19 Octobre"}]},{"@type":"WebSite","@id":"https:\/\/mfwa.org\/#website","url":"https:\/\/mfwa.org\/","name":"Media Foundation For West Africa","description":"Promoting Freedom of Expression and Democracy in West Africa","publisher":{"@id":"https:\/\/mfwa.org\/#organization"},"potentialAction":[{"@type":"SearchAction","target":{"@type":"EntryPoint","urlTemplate":"https:\/\/mfwa.org\/?s={search_term_string}"},"query-input":{"@type":"PropertyValueSpecification","valueRequired":true,"valueName":"search_term_string"}}],"inLanguage":"fr-FR"},{"@type":"Organization","@id":"https:\/\/mfwa.org\/#organization","name":"Media Foundation for West Africa","url":"https:\/\/mfwa.org\/","logo":{"@type":"ImageObject","inLanguage":"fr-FR","@id":"https:\/\/mfwa.org\/#\/schema\/logo\/image\/","url":"https:\/\/www.mfwa.org\/wp-content\/uploads\/2016\/06\/MFWA-LOGO.png","contentUrl":"https:\/\/www.mfwa.org\/wp-content\/uploads\/2016\/06\/MFWA-LOGO.png","width":180,"height":180,"caption":"Media Foundation for West Africa"},"image":{"@id":"https:\/\/mfwa.org\/#\/schema\/logo\/image\/"},"sameAs":["https:\/\/www.facebook.com\/themfwa","https:\/\/x.com\/TheMFWA","https:\/\/www.youtube.com\/channel\/UCF6HrPuXcV1K1Ed8AAq4Rdw"]}]}},"_links":{"self":[{"href":"https:\/\/mfwa.org\/fr\/wp-json\/wp\/v2\/issues-in-focus\/14023","targetHints":{"allow":["GET"]}}],"collection":[{"href":"https:\/\/mfwa.org\/fr\/wp-json\/wp\/v2\/issues-in-focus"}],"about":[{"href":"https:\/\/mfwa.org\/fr\/wp-json\/wp\/v2\/types\/issues-in-focus"}],"author":[{"embeddable":true,"href":"https:\/\/mfwa.org\/fr\/wp-json\/wp\/v2\/users\/6"}],"replies":[{"embeddable":true,"href":"https:\/\/mfwa.org\/fr\/wp-json\/wp\/v2\/comments?post=14023"}],"wp:featuredmedia":[{"embeddable":true,"href":"https:\/\/mfwa.org\/fr\/wp-json\/wp\/v2\/media\/13888"}],"wp:attachment":[{"href":"https:\/\/mfwa.org\/fr\/wp-json\/wp\/v2\/media?parent=14023"}],"wp:term":[{"taxonomy":"category","embeddable":true,"href":"https:\/\/mfwa.org\/fr\/wp-json\/wp\/v2\/categories?post=14023"},{"taxonomy":"post_tag","embeddable":true,"href":"https:\/\/mfwa.org\/fr\/wp-json\/wp\/v2\/tags?post=14023"},{"taxonomy":"country","embeddable":true,"href":"https:\/\/mfwa.org\/fr\/wp-json\/wp\/v2\/country?post=14023"}],"curies":[{"name":"wp","href":"https:\/\/api.w.org\/{rel}","templated":true}]}}