{"id":13154,"date":"2018-07-05T16:18:17","date_gmt":"2018-07-05T16:18:17","guid":{"rendered":"http:\/\/www.mfwa.org\/?post_type=issues-in-focus&#038;p=13154"},"modified":"2018-07-05T16:18:17","modified_gmt":"2018-07-05T16:18:17","slug":"combattre-limpunite-un-avocat-des-droits-de-lhomme-porte-plainte-sur-la-detention-dun-journaliste-durant-deux-ans","status":"publish","type":"issues-in-focus","link":"https:\/\/mfwa.org\/fr\/issues-in-focus\/combattre-limpunite-un-avocat-des-droits-de-lhomme-porte-plainte-sur-la-detention-dun-journaliste-durant-deux-ans\/","title":{"rendered":"Combattre l\u2019Impunit\u00e9: Un Avocat des Droits de l\u2019Homme Porte Plainte sur la D\u00e9tention d\u2019un Journaliste Durant Deux Ans"},"content":{"rendered":"<p style=\"text-align: justify;\">L\u2019avocat des droits de l\u2019homme et activiste, Femi Falana, a port\u00e9 plainte au tribunal de la Haute Cour F\u00e9d\u00e9rale de Justice d\u2019Abuja au nom de Jones Abiri, un journaliste qui est gard\u00e9 en d\u00e9tention au Service de D\u00e9partement d\u2019Etat (DSS) depuis Juin 2016 sans aucune charge.<\/p>\n<p style=\"text-align: justify;\">Selon les journaux, la plainte, qui a \u00e9t\u00e9 d\u00e9pos\u00e9e le 3 Juliet 2018, portait entre autres sur une d\u00e9claration selon laquelle la d\u00e9tention d\u2019Abiri \u00e0 Abuja sans aucun acc\u00e8s aux membres de sa famille, amis et m\u00e9decins \u2033serait ill\u00e9gale et anticonstitutionnelle\u2033<\/p>\n<p style=\"text-align: justify;\">Falana r\u00e9clame aussi 200 millions de Naira (\u00e0 peu pr\u00e8s\u00a0554 700 Dollars US) en dommages au nom d\u2019Abiri pour la violation de ses droits fondamentales garantis par les sections 34,35 et 40 de la constitution du pays aussi bien que par les Articles 11 et 16 de la Loi Ratifi\u00e9 et mise en vigueur sur la Charte Africaine sur les Droits de l\u2019Homme et des Peuples.<\/p>\n<p style=\"text-align: justify;\">\u2033Il n\u2019y a aucun ordre de la cour autorisant la d\u00e9tention du requ\u00e9rant\u2026et le service n\u2019a pas traduit le requ\u00e9rant devant la cour\u2033, a dit Paul Ochayi, un employ\u00e9 du cabinet de droit de Falana, qui citait l\u2019affidavit.<\/p>\n<p style=\"text-align: justify;\">Le 21 Juin 2018, 21 organisations de d\u00e9fense des droits de l\u2019homme et de la libert\u00e9 de la presse y compris la MFWA ont adress\u00e9 une p\u00e9tition au Pr\u00e9sident Muhammadu Buhari du Nigeria pour qu\u2019il garantisse la mise en libert\u00e9 du journaliste.<\/p>\n<p style=\"text-align: justify;\">La MFWA salue l\u2019initiative de l\u2019avocat Falana \u00e0 r\u00e9clamer des r\u00e9parations judiciaires pour Abiri dont la d\u00e9tention arbitraire est un abus de ses droits et un affront \u00e0 l\u2019\u00e9tat de droit.<\/p>\n","protected":false},"author":6,"featured_media":12989,"comment_status":"closed","ping_status":"closed","template":"","categories":[230],"tags":[],"country":[250],"class_list":["post-13154","issues-in-focus","type-issues-in-focus","status-publish","has-post-thumbnail","hentry","category-impunity-fr","country-nigeria-fr"],"yoast_head":"<!-- This site is optimized with the Yoast SEO plugin v27.4 - https:\/\/yoast.com\/product\/yoast-seo-wordpress\/ -->\n<title>Combattre l\u2019Impunit\u00e9: Un Avocat des Droits de l\u2019Homme Porte Plainte sur la D\u00e9tention d\u2019un Journaliste Durant Deux Ans - Media Foundation For West Africa<\/title>\n<meta name=\"robots\" content=\"index, follow, max-snippet:-1, max-image-preview:large, max-video-preview:-1\" \/>\n<link rel=\"canonical\" href=\"https:\/\/mfwa.org\/fr\/issues-in-focus\/combattre-limpunite-un-avocat-des-droits-de-lhomme-porte-plainte-sur-la-detention-dun-journaliste-durant-deux-ans\/\" \/>\n<meta property=\"og:locale\" content=\"fr_FR\" \/>\n<meta property=\"og:type\" content=\"article\" \/>\n<meta property=\"og:title\" content=\"Combattre l\u2019Impunit\u00e9: Un Avocat des Droits de l\u2019Homme Porte Plainte sur la D\u00e9tention d\u2019un Journaliste Durant Deux Ans - Media Foundation For West Africa\" \/>\n<meta property=\"og:description\" content=\"L\u2019avocat des droits de l\u2019homme et activiste, Femi Falana, a port\u00e9 plainte au tribunal de la Haute Cour\" \/>\n<meta property=\"og:url\" content=\"https:\/\/mfwa.org\/fr\/issues-in-focus\/combattre-limpunite-un-avocat-des-droits-de-lhomme-porte-plainte-sur-la-detention-dun-journaliste-durant-deux-ans\/\" \/>\n<meta property=\"og:site_name\" content=\"Media Foundation For West Africa\" \/>\n<meta property=\"article:publisher\" content=\"https:\/\/www.facebook.com\/themfwa\" \/>\n<meta property=\"og:image\" content=\"https:\/\/mfwa.org\/wp-content\/uploads\/2018\/07\/Falana.jpg\" \/>\n\t<meta property=\"og:image:width\" content=\"1280\" \/>\n\t<meta property=\"og:image:height\" content=\"720\" \/>\n\t<meta property=\"og:image:type\" content=\"image\/jpeg\" \/>\n<meta name=\"twitter:card\" content=\"summary_large_image\" \/>\n<meta name=\"twitter:site\" content=\"@TheMFWA\" \/>\n<meta name=\"twitter:label1\" content=\"Est. reading time\" \/>\n\t<meta name=\"twitter:data1\" content=\"1 minute\" \/>\n<script type=\"application\/ld+json\" class=\"yoast-schema-graph\">{\"@context\":\"https:\\\/\\\/schema.org\",\"@graph\":[{\"@type\":\"WebPage\",\"@id\":\"https:\\\/\\\/mfwa.org\\\/fr\\\/issues-in-focus\\\/combattre-limpunite-un-avocat-des-droits-de-lhomme-porte-plainte-sur-la-detention-dun-journaliste-durant-deux-ans\\\/\",\"url\":\"https:\\\/\\\/mfwa.org\\\/fr\\\/issues-in-focus\\\/combattre-limpunite-un-avocat-des-droits-de-lhomme-porte-plainte-sur-la-detention-dun-journaliste-durant-deux-ans\\\/\",\"name\":\"Combattre l\u2019Impunit\u00e9: Un Avocat des Droits de l\u2019Homme Porte Plainte sur la D\u00e9tention d\u2019un Journaliste Durant Deux Ans - Media Foundation For West Africa\",\"isPartOf\":{\"@id\":\"https:\\\/\\\/mfwa.org\\\/#website\"},\"primaryImageOfPage\":{\"@id\":\"https:\\\/\\\/mfwa.org\\\/fr\\\/issues-in-focus\\\/combattre-limpunite-un-avocat-des-droits-de-lhomme-porte-plainte-sur-la-detention-dun-journaliste-durant-deux-ans\\\/#primaryimage\"},\"image\":{\"@id\":\"https:\\\/\\\/mfwa.org\\\/fr\\\/issues-in-focus\\\/combattre-limpunite-un-avocat-des-droits-de-lhomme-porte-plainte-sur-la-detention-dun-journaliste-durant-deux-ans\\\/#primaryimage\"},\"thumbnailUrl\":\"https:\\\/\\\/mfwa.org\\\/wp-content\\\/uploads\\\/2018\\\/07\\\/Falana.jpg\",\"datePublished\":\"2018-07-05T16:18:17+00:00\",\"breadcrumb\":{\"@id\":\"https:\\\/\\\/mfwa.org\\\/fr\\\/issues-in-focus\\\/combattre-limpunite-un-avocat-des-droits-de-lhomme-porte-plainte-sur-la-detention-dun-journaliste-durant-deux-ans\\\/#breadcrumb\"},\"inLanguage\":\"fr-FR\",\"potentialAction\":[{\"@type\":\"ReadAction\",\"target\":[\"https:\\\/\\\/mfwa.org\\\/fr\\\/issues-in-focus\\\/combattre-limpunite-un-avocat-des-droits-de-lhomme-porte-plainte-sur-la-detention-dun-journaliste-durant-deux-ans\\\/\"]}]},{\"@type\":\"ImageObject\",\"inLanguage\":\"fr-FR\",\"@id\":\"https:\\\/\\\/mfwa.org\\\/fr\\\/issues-in-focus\\\/combattre-limpunite-un-avocat-des-droits-de-lhomme-porte-plainte-sur-la-detention-dun-journaliste-durant-deux-ans\\\/#primaryimage\",\"url\":\"https:\\\/\\\/mfwa.org\\\/wp-content\\\/uploads\\\/2018\\\/07\\\/Falana.jpg\",\"contentUrl\":\"https:\\\/\\\/mfwa.org\\\/wp-content\\\/uploads\\\/2018\\\/07\\\/Falana.jpg\",\"width\":1280,\"height\":720},{\"@type\":\"BreadcrumbList\",\"@id\":\"https:\\\/\\\/mfwa.org\\\/fr\\\/issues-in-focus\\\/combattre-limpunite-un-avocat-des-droits-de-lhomme-porte-plainte-sur-la-detention-dun-journaliste-durant-deux-ans\\\/#breadcrumb\",\"itemListElement\":[{\"@type\":\"ListItem\",\"position\":1,\"name\":\"Home\",\"item\":\"https:\\\/\\\/mfwa.org\\\/fr\\\/\"},{\"@type\":\"ListItem\",\"position\":2,\"name\":\"Issues in Focus\",\"item\":\"https:\\\/\\\/mfwa.org\\\/issues-in-focus\\\/\"},{\"@type\":\"ListItem\",\"position\":3,\"name\":\"Combattre l\u2019Impunit\u00e9: Un Avocat des Droits de l\u2019Homme Porte Plainte sur la D\u00e9tention d\u2019un Journaliste Durant Deux Ans\"}]},{\"@type\":\"WebSite\",\"@id\":\"https:\\\/\\\/mfwa.org\\\/#website\",\"url\":\"https:\\\/\\\/mfwa.org\\\/\",\"name\":\"Media Foundation For West Africa\",\"description\":\"Promoting Freedom of Expression and Democracy in West Africa\",\"publisher\":{\"@id\":\"https:\\\/\\\/mfwa.org\\\/#organization\"},\"potentialAction\":[{\"@type\":\"SearchAction\",\"target\":{\"@type\":\"EntryPoint\",\"urlTemplate\":\"https:\\\/\\\/mfwa.org\\\/?s={search_term_string}\"},\"query-input\":{\"@type\":\"PropertyValueSpecification\",\"valueRequired\":true,\"valueName\":\"search_term_string\"}}],\"inLanguage\":\"fr-FR\"},{\"@type\":\"Organization\",\"@id\":\"https:\\\/\\\/mfwa.org\\\/#organization\",\"name\":\"Media Foundation for West Africa\",\"url\":\"https:\\\/\\\/mfwa.org\\\/\",\"logo\":{\"@type\":\"ImageObject\",\"inLanguage\":\"fr-FR\",\"@id\":\"https:\\\/\\\/mfwa.org\\\/#\\\/schema\\\/logo\\\/image\\\/\",\"url\":\"https:\\\/\\\/www.mfwa.org\\\/wp-content\\\/uploads\\\/2016\\\/06\\\/MFWA-LOGO.png\",\"contentUrl\":\"https:\\\/\\\/www.mfwa.org\\\/wp-content\\\/uploads\\\/2016\\\/06\\\/MFWA-LOGO.png\",\"width\":180,\"height\":180,\"caption\":\"Media Foundation for West Africa\"},\"image\":{\"@id\":\"https:\\\/\\\/mfwa.org\\\/#\\\/schema\\\/logo\\\/image\\\/\"},\"sameAs\":[\"https:\\\/\\\/www.facebook.com\\\/themfwa\",\"https:\\\/\\\/x.com\\\/TheMFWA\",\"https:\\\/\\\/www.youtube.com\\\/channel\\\/UCF6HrPuXcV1K1Ed8AAq4Rdw\"]}]}<\/script>\n<!-- \/ Yoast SEO plugin. -->","yoast_head_json":{"title":"Combattre l\u2019Impunit\u00e9: Un Avocat des Droits de l\u2019Homme Porte Plainte sur la D\u00e9tention d\u2019un Journaliste Durant Deux Ans - Media Foundation For West Africa","robots":{"index":"index","follow":"follow","max-snippet":"max-snippet:-1","max-image-preview":"max-image-preview:large","max-video-preview":"max-video-preview:-1"},"canonical":"https:\/\/mfwa.org\/fr\/issues-in-focus\/combattre-limpunite-un-avocat-des-droits-de-lhomme-porte-plainte-sur-la-detention-dun-journaliste-durant-deux-ans\/","og_locale":"fr_FR","og_type":"article","og_title":"Combattre l\u2019Impunit\u00e9: Un Avocat des Droits de l\u2019Homme Porte Plainte sur la D\u00e9tention d\u2019un Journaliste Durant Deux Ans - Media Foundation For West Africa","og_description":"L\u2019avocat des droits de l\u2019homme et activiste, Femi Falana, a port\u00e9 plainte au tribunal de la Haute Cour","og_url":"https:\/\/mfwa.org\/fr\/issues-in-focus\/combattre-limpunite-un-avocat-des-droits-de-lhomme-porte-plainte-sur-la-detention-dun-journaliste-durant-deux-ans\/","og_site_name":"Media Foundation For West Africa","article_publisher":"https:\/\/www.facebook.com\/themfwa","og_image":[{"width":1280,"height":720,"url":"https:\/\/mfwa.org\/wp-content\/uploads\/2018\/07\/Falana.jpg","type":"image\/jpeg"}],"twitter_card":"summary_large_image","twitter_site":"@TheMFWA","twitter_misc":{"Est. reading time":"1 minute"},"schema":{"@context":"https:\/\/schema.org","@graph":[{"@type":"WebPage","@id":"https:\/\/mfwa.org\/fr\/issues-in-focus\/combattre-limpunite-un-avocat-des-droits-de-lhomme-porte-plainte-sur-la-detention-dun-journaliste-durant-deux-ans\/","url":"https:\/\/mfwa.org\/fr\/issues-in-focus\/combattre-limpunite-un-avocat-des-droits-de-lhomme-porte-plainte-sur-la-detention-dun-journaliste-durant-deux-ans\/","name":"Combattre l\u2019Impunit\u00e9: Un Avocat des Droits de l\u2019Homme Porte Plainte sur la D\u00e9tention d\u2019un Journaliste Durant Deux Ans - Media Foundation For West Africa","isPartOf":{"@id":"https:\/\/mfwa.org\/#website"},"primaryImageOfPage":{"@id":"https:\/\/mfwa.org\/fr\/issues-in-focus\/combattre-limpunite-un-avocat-des-droits-de-lhomme-porte-plainte-sur-la-detention-dun-journaliste-durant-deux-ans\/#primaryimage"},"image":{"@id":"https:\/\/mfwa.org\/fr\/issues-in-focus\/combattre-limpunite-un-avocat-des-droits-de-lhomme-porte-plainte-sur-la-detention-dun-journaliste-durant-deux-ans\/#primaryimage"},"thumbnailUrl":"https:\/\/mfwa.org\/wp-content\/uploads\/2018\/07\/Falana.jpg","datePublished":"2018-07-05T16:18:17+00:00","breadcrumb":{"@id":"https:\/\/mfwa.org\/fr\/issues-in-focus\/combattre-limpunite-un-avocat-des-droits-de-lhomme-porte-plainte-sur-la-detention-dun-journaliste-durant-deux-ans\/#breadcrumb"},"inLanguage":"fr-FR","potentialAction":[{"@type":"ReadAction","target":["https:\/\/mfwa.org\/fr\/issues-in-focus\/combattre-limpunite-un-avocat-des-droits-de-lhomme-porte-plainte-sur-la-detention-dun-journaliste-durant-deux-ans\/"]}]},{"@type":"ImageObject","inLanguage":"fr-FR","@id":"https:\/\/mfwa.org\/fr\/issues-in-focus\/combattre-limpunite-un-avocat-des-droits-de-lhomme-porte-plainte-sur-la-detention-dun-journaliste-durant-deux-ans\/#primaryimage","url":"https:\/\/mfwa.org\/wp-content\/uploads\/2018\/07\/Falana.jpg","contentUrl":"https:\/\/mfwa.org\/wp-content\/uploads\/2018\/07\/Falana.jpg","width":1280,"height":720},{"@type":"BreadcrumbList","@id":"https:\/\/mfwa.org\/fr\/issues-in-focus\/combattre-limpunite-un-avocat-des-droits-de-lhomme-porte-plainte-sur-la-detention-dun-journaliste-durant-deux-ans\/#breadcrumb","itemListElement":[{"@type":"ListItem","position":1,"name":"Home","item":"https:\/\/mfwa.org\/fr\/"},{"@type":"ListItem","position":2,"name":"Issues in Focus","item":"https:\/\/mfwa.org\/issues-in-focus\/"},{"@type":"ListItem","position":3,"name":"Combattre l\u2019Impunit\u00e9: Un Avocat des Droits de l\u2019Homme Porte Plainte sur la D\u00e9tention d\u2019un Journaliste Durant Deux Ans"}]},{"@type":"WebSite","@id":"https:\/\/mfwa.org\/#website","url":"https:\/\/mfwa.org\/","name":"Media Foundation For West Africa","description":"Promoting Freedom of Expression and Democracy in West Africa","publisher":{"@id":"https:\/\/mfwa.org\/#organization"},"potentialAction":[{"@type":"SearchAction","target":{"@type":"EntryPoint","urlTemplate":"https:\/\/mfwa.org\/?s={search_term_string}"},"query-input":{"@type":"PropertyValueSpecification","valueRequired":true,"valueName":"search_term_string"}}],"inLanguage":"fr-FR"},{"@type":"Organization","@id":"https:\/\/mfwa.org\/#organization","name":"Media Foundation for West Africa","url":"https:\/\/mfwa.org\/","logo":{"@type":"ImageObject","inLanguage":"fr-FR","@id":"https:\/\/mfwa.org\/#\/schema\/logo\/image\/","url":"https:\/\/www.mfwa.org\/wp-content\/uploads\/2016\/06\/MFWA-LOGO.png","contentUrl":"https:\/\/www.mfwa.org\/wp-content\/uploads\/2016\/06\/MFWA-LOGO.png","width":180,"height":180,"caption":"Media Foundation for West Africa"},"image":{"@id":"https:\/\/mfwa.org\/#\/schema\/logo\/image\/"},"sameAs":["https:\/\/www.facebook.com\/themfwa","https:\/\/x.com\/TheMFWA","https:\/\/www.youtube.com\/channel\/UCF6HrPuXcV1K1Ed8AAq4Rdw"]}]}},"_links":{"self":[{"href":"https:\/\/mfwa.org\/fr\/wp-json\/wp\/v2\/issues-in-focus\/13154","targetHints":{"allow":["GET"]}}],"collection":[{"href":"https:\/\/mfwa.org\/fr\/wp-json\/wp\/v2\/issues-in-focus"}],"about":[{"href":"https:\/\/mfwa.org\/fr\/wp-json\/wp\/v2\/types\/issues-in-focus"}],"author":[{"embeddable":true,"href":"https:\/\/mfwa.org\/fr\/wp-json\/wp\/v2\/users\/6"}],"replies":[{"embeddable":true,"href":"https:\/\/mfwa.org\/fr\/wp-json\/wp\/v2\/comments?post=13154"}],"wp:featuredmedia":[{"embeddable":true,"href":"https:\/\/mfwa.org\/fr\/wp-json\/wp\/v2\/media\/12989"}],"wp:attachment":[{"href":"https:\/\/mfwa.org\/fr\/wp-json\/wp\/v2\/media?parent=13154"}],"wp:term":[{"taxonomy":"category","embeddable":true,"href":"https:\/\/mfwa.org\/fr\/wp-json\/wp\/v2\/categories?post=13154"},{"taxonomy":"post_tag","embeddable":true,"href":"https:\/\/mfwa.org\/fr\/wp-json\/wp\/v2\/tags?post=13154"},{"taxonomy":"country","embeddable":true,"href":"https:\/\/mfwa.org\/fr\/wp-json\/wp\/v2\/country?post=13154"}],"curies":[{"name":"wp","href":"https:\/\/api.w.org\/{rel}","templated":true}]}}