{"id":7222,"date":"2016-06-13T19:55:31","date_gmt":"2016-06-13T19:55:31","guid":{"rendered":"http:\/\/www.mfwa.org\/?post_type=country-highlights&#038;p=7222"},"modified":"2016-06-29T11:42:56","modified_gmt":"2016-06-29T11:42:56","slug":"ecsoptag-felicite-la-presidente-sirleaf-pour-sa-nomination-a-la-presidence-de-la-cedeao","status":"publish","type":"country-highlights","link":"https:\/\/mfwa.org\/fr\/country-highlights\/ecsoptag-felicite-la-presidente-sirleaf-pour-sa-nomination-a-la-presidence-de-la-cedeao\/","title":{"rendered":"ECSOPTAG F\u00e9licite la Pr\u00e9sidente Sirleaf pour sa Nomination \u00e0 la Pr\u00e9sidence de la CEDEAO"},"content":{"rendered":"<p style=\"text-align: justify;\">La Plateforme des Organisations de la Soci\u00e9t\u00e9 Civile de la CEDEAO\u00a0 sur la Transparence et la Responsabilit\u00e9 dans la Gouvernance (ECSOPTAG) f\u00e9licite Son Excellence, Ellen Johnson Sirleaf, Pr\u00e9sidente de la R\u00e9publique du Lib\u00e9ria pour \u00a0sa nomination comme pr\u00e9sidente de la CEDEAO.<\/p>\n<p style=\"text-align: justify;\">Cette nomination refl\u00e8te \u00a0l\u2019excellent travail que Son Excellence\u00a0 a fait\u00a0 dans son pays et \u00e0 travers la sous r\u00e9gion Ouest Africaine. ECSOPTAG est particuli\u00e8rement enthousiasm\u00e9e par l\u2019appel de Son Excellence aux \u00e9tats membres pour une offensive intensifi\u00e9e sur le terrorisme dans le cadre des m\u00e9canismes de consolidation de la paix et de la s\u00e9curit\u00e9 dans la r\u00e9gion.<\/p>\n<p style=\"text-align: justify;\">La d\u00e9cision de Son Excellence \u00e0 prioriser aussi la vision 2020 de la CEDEAO intervient \u00e0 temps dans la perspective de r\u00e9aliser le d\u00e9veloppement inclusif qui embrasse la gouvernance participative, la non-discrimination, la transparence, la responsabilit\u00e9 et le plaidoyer pour les droits de l\u2019homme.<\/p>\n<p style=\"text-align: justify;\">ECSOPTAG esp\u00e8re que Son Excellence usera de ses exp\u00e9riences et influences pour promouvoir la mise en \u0153uvre r\u00e9ussie des politiques qui soutiennent la transparence, la responsabilit\u00e9 et l\u2019int\u00e9grit\u00e9 gouvernementale \u00e0 travers la r\u00e9gion.<\/p>\n<p style=\"text-align: justify;\">En tant qu\u2019une plateforme de la soci\u00e9t\u00e9 civile qui \u0153uvre pour la promotion de l\u2019int\u00e9grit\u00e9 gouvernementale dans la r\u00e9gion de la CEDEAO, nous sommes engag\u00e9es \u00e0 soutenir les efforts de Son Excellence pour assurer la r\u00e9alisation de ses r\u00eaves et de sa vision pour la CEDEAO durant son mandat \u00e0 la t\u00eate de la CEDEAO.<\/p>\n","protected":false},"author":2,"featured_media":7198,"comment_status":"closed","ping_status":"closed","template":"","categories":[295,293],"country":[246],"class_list":["post-7222","country-highlights","type-country-highlights","status-publish","has-post-thumbnail","hentry","category-faits-divers","category-regional-development","country-liberia-fr"],"yoast_head":"<!-- This site is optimized with the Yoast SEO plugin v27.4 - https:\/\/yoast.com\/product\/yoast-seo-wordpress\/ -->\n<title>ECSOPTAG F\u00e9licite la Pr\u00e9sidente Sirleaf pour sa Nomination \u00e0 la Pr\u00e9sidence de la CEDEAO - Media Foundation For West Africa<\/title>\n<meta name=\"robots\" content=\"index, follow, max-snippet:-1, max-image-preview:large, max-video-preview:-1\" \/>\n<link rel=\"canonical\" href=\"https:\/\/mfwa.org\/country-highlights\/ecsoptag-congratulates-president-sirleaf-on-ecowas-chair-appointment\/\" \/>\n<meta property=\"og:locale\" content=\"fr_FR\" \/>\n<meta property=\"og:type\" content=\"article\" \/>\n<meta property=\"og:title\" content=\"ECSOPTAG F\u00e9licite la Pr\u00e9sidente Sirleaf pour sa Nomination \u00e0 la Pr\u00e9sidence de la CEDEAO - Media Foundation For West Africa\" \/>\n<meta property=\"og:description\" content=\"La Plateforme des Organisations de la Soci\u00e9t\u00e9 Civile de la CEDEAO\u00a0 sur la Transparence et la Responsabilit\u00e9 dans\" \/>\n<meta property=\"og:url\" content=\"https:\/\/mfwa.org\/country-highlights\/ecsoptag-congratulates-president-sirleaf-on-ecowas-chair-appointment\/\" \/>\n<meta property=\"og:site_name\" content=\"Media Foundation For West Africa\" \/>\n<meta property=\"article:publisher\" content=\"https:\/\/www.facebook.com\/themfwa\" \/>\n<meta property=\"article:modified_time\" content=\"2016-06-29T11:42:56+00:00\" \/>\n<meta property=\"og:image\" content=\"https:\/\/mfwa.org\/wp-content\/uploads\/2016\/06\/Ellen_Johnson_Sirleaf_February_2015.jpg\" \/>\n\t<meta property=\"og:image:width\" content=\"770\" \/>\n\t<meta property=\"og:image:height\" content=\"1140\" \/>\n\t<meta property=\"og:image:type\" content=\"image\/jpeg\" \/>\n<meta name=\"twitter:card\" content=\"summary_large_image\" \/>\n<meta name=\"twitter:site\" content=\"@TheMFWA\" \/>\n<meta name=\"twitter:label1\" content=\"Est. reading time\" \/>\n\t<meta name=\"twitter:data1\" content=\"1 minute\" \/>\n<script type=\"application\/ld+json\" class=\"yoast-schema-graph\">{\"@context\":\"https:\\\/\\\/schema.org\",\"@graph\":[{\"@type\":\"WebPage\",\"@id\":\"https:\\\/\\\/mfwa.org\\\/country-highlights\\\/ecsoptag-congratulates-president-sirleaf-on-ecowas-chair-appointment\\\/\",\"url\":\"https:\\\/\\\/mfwa.org\\\/country-highlights\\\/ecsoptag-congratulates-president-sirleaf-on-ecowas-chair-appointment\\\/\",\"name\":\"ECSOPTAG F\u00e9licite la Pr\u00e9sidente Sirleaf pour sa Nomination \u00e0 la Pr\u00e9sidence de la CEDEAO - Media Foundation For West Africa\",\"isPartOf\":{\"@id\":\"https:\\\/\\\/mfwa.org\\\/#website\"},\"primaryImageOfPage\":{\"@id\":\"https:\\\/\\\/mfwa.org\\\/country-highlights\\\/ecsoptag-congratulates-president-sirleaf-on-ecowas-chair-appointment\\\/#primaryimage\"},\"image\":{\"@id\":\"https:\\\/\\\/mfwa.org\\\/country-highlights\\\/ecsoptag-congratulates-president-sirleaf-on-ecowas-chair-appointment\\\/#primaryimage\"},\"thumbnailUrl\":\"https:\\\/\\\/mfwa.org\\\/wp-content\\\/uploads\\\/2016\\\/06\\\/Ellen_Johnson_Sirleaf_February_2015.jpg\",\"datePublished\":\"2016-06-13T19:55:31+00:00\",\"dateModified\":\"2016-06-29T11:42:56+00:00\",\"breadcrumb\":{\"@id\":\"https:\\\/\\\/mfwa.org\\\/country-highlights\\\/ecsoptag-congratulates-president-sirleaf-on-ecowas-chair-appointment\\\/#breadcrumb\"},\"inLanguage\":\"fr-FR\",\"potentialAction\":[{\"@type\":\"ReadAction\",\"target\":[\"https:\\\/\\\/mfwa.org\\\/country-highlights\\\/ecsoptag-congratulates-president-sirleaf-on-ecowas-chair-appointment\\\/\"]}]},{\"@type\":\"ImageObject\",\"inLanguage\":\"fr-FR\",\"@id\":\"https:\\\/\\\/mfwa.org\\\/country-highlights\\\/ecsoptag-congratulates-president-sirleaf-on-ecowas-chair-appointment\\\/#primaryimage\",\"url\":\"https:\\\/\\\/mfwa.org\\\/wp-content\\\/uploads\\\/2016\\\/06\\\/Ellen_Johnson_Sirleaf_February_2015.jpg\",\"contentUrl\":\"https:\\\/\\\/mfwa.org\\\/wp-content\\\/uploads\\\/2016\\\/06\\\/Ellen_Johnson_Sirleaf_February_2015.jpg\",\"width\":770,\"height\":1140},{\"@type\":\"BreadcrumbList\",\"@id\":\"https:\\\/\\\/mfwa.org\\\/country-highlights\\\/ecsoptag-congratulates-president-sirleaf-on-ecowas-chair-appointment\\\/#breadcrumb\",\"itemListElement\":[{\"@type\":\"ListItem\",\"position\":1,\"name\":\"Home\",\"item\":\"https:\\\/\\\/mfwa.org\\\/fr\\\/\"},{\"@type\":\"ListItem\",\"position\":2,\"name\":\"Country Highlights\",\"item\":\"https:\\\/\\\/mfwa.org\\\/country-highlights\\\/\"},{\"@type\":\"ListItem\",\"position\":3,\"name\":\"ECSOPTAG F\u00e9licite la Pr\u00e9sidente Sirleaf pour sa Nomination \u00e0 la Pr\u00e9sidence de la CEDEAO\"}]},{\"@type\":\"WebSite\",\"@id\":\"https:\\\/\\\/mfwa.org\\\/#website\",\"url\":\"https:\\\/\\\/mfwa.org\\\/\",\"name\":\"Media Foundation For West Africa\",\"description\":\"Promoting Freedom of Expression and Democracy in West Africa\",\"publisher\":{\"@id\":\"https:\\\/\\\/mfwa.org\\\/#organization\"},\"potentialAction\":[{\"@type\":\"SearchAction\",\"target\":{\"@type\":\"EntryPoint\",\"urlTemplate\":\"https:\\\/\\\/mfwa.org\\\/?s={search_term_string}\"},\"query-input\":{\"@type\":\"PropertyValueSpecification\",\"valueRequired\":true,\"valueName\":\"search_term_string\"}}],\"inLanguage\":\"fr-FR\"},{\"@type\":\"Organization\",\"@id\":\"https:\\\/\\\/mfwa.org\\\/#organization\",\"name\":\"Media Foundation for West Africa\",\"url\":\"https:\\\/\\\/mfwa.org\\\/\",\"logo\":{\"@type\":\"ImageObject\",\"inLanguage\":\"fr-FR\",\"@id\":\"https:\\\/\\\/mfwa.org\\\/#\\\/schema\\\/logo\\\/image\\\/\",\"url\":\"https:\\\/\\\/www.mfwa.org\\\/wp-content\\\/uploads\\\/2016\\\/06\\\/MFWA-LOGO.png\",\"contentUrl\":\"https:\\\/\\\/www.mfwa.org\\\/wp-content\\\/uploads\\\/2016\\\/06\\\/MFWA-LOGO.png\",\"width\":180,\"height\":180,\"caption\":\"Media Foundation for West Africa\"},\"image\":{\"@id\":\"https:\\\/\\\/mfwa.org\\\/#\\\/schema\\\/logo\\\/image\\\/\"},\"sameAs\":[\"https:\\\/\\\/www.facebook.com\\\/themfwa\",\"https:\\\/\\\/x.com\\\/TheMFWA\",\"https:\\\/\\\/www.youtube.com\\\/channel\\\/UCF6HrPuXcV1K1Ed8AAq4Rdw\"]}]}<\/script>\n<!-- \/ Yoast SEO plugin. -->","yoast_head_json":{"title":"ECSOPTAG F\u00e9licite la Pr\u00e9sidente Sirleaf pour sa Nomination \u00e0 la Pr\u00e9sidence de la CEDEAO - Media Foundation For West Africa","robots":{"index":"index","follow":"follow","max-snippet":"max-snippet:-1","max-image-preview":"max-image-preview:large","max-video-preview":"max-video-preview:-1"},"canonical":"https:\/\/mfwa.org\/country-highlights\/ecsoptag-congratulates-president-sirleaf-on-ecowas-chair-appointment\/","og_locale":"fr_FR","og_type":"article","og_title":"ECSOPTAG F\u00e9licite la Pr\u00e9sidente Sirleaf pour sa Nomination \u00e0 la Pr\u00e9sidence de la CEDEAO - Media Foundation For West Africa","og_description":"La Plateforme des Organisations de la Soci\u00e9t\u00e9 Civile de la CEDEAO\u00a0 sur la Transparence et la Responsabilit\u00e9 dans","og_url":"https:\/\/mfwa.org\/country-highlights\/ecsoptag-congratulates-president-sirleaf-on-ecowas-chair-appointment\/","og_site_name":"Media Foundation For West Africa","article_publisher":"https:\/\/www.facebook.com\/themfwa","article_modified_time":"2016-06-29T11:42:56+00:00","og_image":[{"width":770,"height":1140,"url":"https:\/\/mfwa.org\/wp-content\/uploads\/2016\/06\/Ellen_Johnson_Sirleaf_February_2015.jpg","type":"image\/jpeg"}],"twitter_card":"summary_large_image","twitter_site":"@TheMFWA","twitter_misc":{"Est. reading time":"1 minute"},"schema":{"@context":"https:\/\/schema.org","@graph":[{"@type":"WebPage","@id":"https:\/\/mfwa.org\/country-highlights\/ecsoptag-congratulates-president-sirleaf-on-ecowas-chair-appointment\/","url":"https:\/\/mfwa.org\/country-highlights\/ecsoptag-congratulates-president-sirleaf-on-ecowas-chair-appointment\/","name":"ECSOPTAG F\u00e9licite la Pr\u00e9sidente Sirleaf pour sa Nomination \u00e0 la Pr\u00e9sidence de la CEDEAO - Media Foundation For West Africa","isPartOf":{"@id":"https:\/\/mfwa.org\/#website"},"primaryImageOfPage":{"@id":"https:\/\/mfwa.org\/country-highlights\/ecsoptag-congratulates-president-sirleaf-on-ecowas-chair-appointment\/#primaryimage"},"image":{"@id":"https:\/\/mfwa.org\/country-highlights\/ecsoptag-congratulates-president-sirleaf-on-ecowas-chair-appointment\/#primaryimage"},"thumbnailUrl":"https:\/\/mfwa.org\/wp-content\/uploads\/2016\/06\/Ellen_Johnson_Sirleaf_February_2015.jpg","datePublished":"2016-06-13T19:55:31+00:00","dateModified":"2016-06-29T11:42:56+00:00","breadcrumb":{"@id":"https:\/\/mfwa.org\/country-highlights\/ecsoptag-congratulates-president-sirleaf-on-ecowas-chair-appointment\/#breadcrumb"},"inLanguage":"fr-FR","potentialAction":[{"@type":"ReadAction","target":["https:\/\/mfwa.org\/country-highlights\/ecsoptag-congratulates-president-sirleaf-on-ecowas-chair-appointment\/"]}]},{"@type":"ImageObject","inLanguage":"fr-FR","@id":"https:\/\/mfwa.org\/country-highlights\/ecsoptag-congratulates-president-sirleaf-on-ecowas-chair-appointment\/#primaryimage","url":"https:\/\/mfwa.org\/wp-content\/uploads\/2016\/06\/Ellen_Johnson_Sirleaf_February_2015.jpg","contentUrl":"https:\/\/mfwa.org\/wp-content\/uploads\/2016\/06\/Ellen_Johnson_Sirleaf_February_2015.jpg","width":770,"height":1140},{"@type":"BreadcrumbList","@id":"https:\/\/mfwa.org\/country-highlights\/ecsoptag-congratulates-president-sirleaf-on-ecowas-chair-appointment\/#breadcrumb","itemListElement":[{"@type":"ListItem","position":1,"name":"Home","item":"https:\/\/mfwa.org\/fr\/"},{"@type":"ListItem","position":2,"name":"Country Highlights","item":"https:\/\/mfwa.org\/country-highlights\/"},{"@type":"ListItem","position":3,"name":"ECSOPTAG F\u00e9licite la Pr\u00e9sidente Sirleaf pour sa Nomination \u00e0 la Pr\u00e9sidence de la CEDEAO"}]},{"@type":"WebSite","@id":"https:\/\/mfwa.org\/#website","url":"https:\/\/mfwa.org\/","name":"Media Foundation For West Africa","description":"Promoting Freedom of Expression and Democracy in West Africa","publisher":{"@id":"https:\/\/mfwa.org\/#organization"},"potentialAction":[{"@type":"SearchAction","target":{"@type":"EntryPoint","urlTemplate":"https:\/\/mfwa.org\/?s={search_term_string}"},"query-input":{"@type":"PropertyValueSpecification","valueRequired":true,"valueName":"search_term_string"}}],"inLanguage":"fr-FR"},{"@type":"Organization","@id":"https:\/\/mfwa.org\/#organization","name":"Media Foundation for West Africa","url":"https:\/\/mfwa.org\/","logo":{"@type":"ImageObject","inLanguage":"fr-FR","@id":"https:\/\/mfwa.org\/#\/schema\/logo\/image\/","url":"https:\/\/www.mfwa.org\/wp-content\/uploads\/2016\/06\/MFWA-LOGO.png","contentUrl":"https:\/\/www.mfwa.org\/wp-content\/uploads\/2016\/06\/MFWA-LOGO.png","width":180,"height":180,"caption":"Media Foundation for West Africa"},"image":{"@id":"https:\/\/mfwa.org\/#\/schema\/logo\/image\/"},"sameAs":["https:\/\/www.facebook.com\/themfwa","https:\/\/x.com\/TheMFWA","https:\/\/www.youtube.com\/channel\/UCF6HrPuXcV1K1Ed8AAq4Rdw"]}]}},"_links":{"self":[{"href":"https:\/\/mfwa.org\/fr\/wp-json\/wp\/v2\/country-highlights\/7222","targetHints":{"allow":["GET"]}}],"collection":[{"href":"https:\/\/mfwa.org\/fr\/wp-json\/wp\/v2\/country-highlights"}],"about":[{"href":"https:\/\/mfwa.org\/fr\/wp-json\/wp\/v2\/types\/country-highlights"}],"author":[{"embeddable":true,"href":"https:\/\/mfwa.org\/fr\/wp-json\/wp\/v2\/users\/2"}],"replies":[{"embeddable":true,"href":"https:\/\/mfwa.org\/fr\/wp-json\/wp\/v2\/comments?post=7222"}],"wp:featuredmedia":[{"embeddable":true,"href":"https:\/\/mfwa.org\/fr\/wp-json\/wp\/v2\/media\/7198"}],"wp:attachment":[{"href":"https:\/\/mfwa.org\/fr\/wp-json\/wp\/v2\/media?parent=7222"}],"wp:term":[{"taxonomy":"category","embeddable":true,"href":"https:\/\/mfwa.org\/fr\/wp-json\/wp\/v2\/categories?post=7222"},{"taxonomy":"country","embeddable":true,"href":"https:\/\/mfwa.org\/fr\/wp-json\/wp\/v2\/country?post=7222"}],"curies":[{"name":"wp","href":"https:\/\/api.w.org\/{rel}","templated":true}]}}