{"id":50136,"date":"2026-02-18T10:51:54","date_gmt":"2026-02-18T10:51:54","guid":{"rendered":"https:\/\/mfwa.org\/?post_type=country-highlights&#038;p=50136"},"modified":"2026-02-18T17:53:54","modified_gmt":"2026-02-18T17:53:54","slug":"togo-un-journaliste-signale-des-menaces-apres-publication-dun-reportage-dinvestigation","status":"publish","type":"country-highlights","link":"https:\/\/mfwa.org\/fr\/country-highlights\/togo-un-journaliste-signale-des-menaces-apres-publication-dun-reportage-dinvestigation\/","title":{"rendered":"Togo: Un journaliste signale des menaces apr\u00e8s publication d\u2019un reportage d&#8217;investigation"},"content":{"rendered":"<p>Roger Amemavoh, journaliste et propri\u00e9taire du m\u00e9dia en ligne <em>Capture Media<\/em>, affirme faire l\u2019objet de menaces depuis la diffusion d&#8217;un de ses reportages sur une dispute de terre sur laquelle des constructions ont \u00e9t\u00e9 entam\u00e9es, dans le quartier de Late Kope dans la commune de Agoe-Nyive.<\/p>\n<p>Le <a href=\"https:\/\/vt.tiktok.com\/ZSmAqURjk\/\">reportage<\/a> fait \u00e9tat des travaux de construction r\u00e9cemment entam\u00e9s dans la zone, qui selon les habitants, perturbent leur mode de vie, particuli\u00e8rement celui des femmes, et poussent certaines familles \u00e0 quitter leurs demeures\u00a0\u00a0\u00a0\u00a0 .<\/p>\n<p>Le 16 f\u00e9vrier 2026, Amemavoh a publi\u00e9 une <a href=\"https:\/\/youtu.be\/0gKn1XYBW9w?si=jFv4RiQr_XQZmYdT\">vid\u00e9o<\/a> sur YouTube dans laquelle il affirme avoir re\u00e7u des messages l&#8217;avertissant d&#8217;un danger imminent. Il a partag\u00e9 des captures d&#8217;\u00e9cran de conversations dans lesquelles des connaissances l&#8217;ont averti que des personnalit\u00e9s influentes li\u00e9es au conflit Lat\u00e9 Kop\u00e9 \u00e9taient m\u00e9contentes de ses reportages et essayaient de le localiser.<\/p>\n<figure id=\"attachment_50117\" aria-describedby=\"caption-attachment-50117\" style=\"width: 461px\" class=\"wp-caption aligncenter\"><img fetchpriority=\"high\" decoding=\"async\" class=\"size-full wp-image-50117\" src=\"https:\/\/mfwa.org\/wp-content\/uploads\/2026\/02\/Conversation-between-Roger-and-a-friend-warning-him-that-people-are-after-him.jpg\" alt=\"\" width=\"461\" height=\"554\" srcset=\"https:\/\/mfwa.org\/wp-content\/uploads\/2026\/02\/Conversation-between-Roger-and-a-friend-warning-him-that-people-are-after-him.jpg 461w, https:\/\/mfwa.org\/wp-content\/uploads\/2026\/02\/Conversation-between-Roger-and-a-friend-warning-him-that-people-are-after-him-370x445.jpg 370w, https:\/\/mfwa.org\/wp-content\/uploads\/2026\/02\/Conversation-between-Roger-and-a-friend-warning-him-that-people-are-after-him-410x493.jpg 410w\" sizes=\"(max-width: 600px) 100vw, 461px\" \/><figcaption id=\"caption-attachment-50117\" class=\"wp-caption-text\"><em>Conversation entre Roger et un ami l\u2019avertissant <\/em><em>de menaces<\/em><\/figcaption><\/figure>\n<p>Le m\u00eame jour, dans une <a href=\"https:\/\/youtu.be\/hHSl7f9khb8?si=VszGveinN4C6mM13\">interview<\/a> accord\u00e9e au m\u00e9dia <em>Echo du Togo<\/em>, Amemavoh a r\u00e9v\u00e9l\u00e9 avoir \u00e9t\u00e9 convoqu\u00e9 par la Haute Autorit\u00e9 de l&#8217;Audiovisuel et de la Communication (HAAC), l&#8217;organe de r\u00e9gulation des m\u00e9dias au Togo. Selon le journaliste, la HAAC lui a adress\u00e9 des critiques sur sa couverture, estimant qu&#8217;il n&#8217;avait \u00e9cout\u00e9 qu&#8217;un seul camp. Il affirma \u00e9galement que cette rencontre avec le pr\u00e9sident de la HAAC s\u2019\u00e9tait limit\u00e9e \u00e0 un \u00e9change sur sa couverture m\u00e9diatique.<\/p>\n<p>Amemavoh a ajout\u00e9 que ses amis et ses proches l&#8217;avaient d\u00e9j\u00e0 pr\u00e9venu qu\u2019il serait convoqu\u00e9 par la HAAC. Ils lui auraient \u00e9galement conseill\u00e9 de se montrer discret car des officiels de haut rang le recherchaient. Ses inqui\u00e9tudes se sont accrues apr\u00e8s avoir re\u00e7u un autre message d&#8217;un ami l&#8217;incitant vivement \u00e0 quitter le pays.<\/p>\n<figure id=\"attachment_50119\" aria-describedby=\"caption-attachment-50119\" style=\"width: 233px\" class=\"wp-caption aligncenter\"><img decoding=\"async\" class=\"size-full wp-image-50119\" src=\"https:\/\/mfwa.org\/wp-content\/uploads\/2026\/02\/Conversation-between-Roger-and-a-friend-advising-him-to-flee-the-country.jpg\" alt=\"\" width=\"233\" height=\"242\" \/><figcaption id=\"caption-attachment-50119\" class=\"wp-caption-text\"><em>Capture d&#8217;\u00e9cran : Message re\u00e7u par Roger lui conseillant de quitter le Togo<\/em>\u00a0\u00a0\u00a0\u00a0<\/figcaption><\/figure>\n<p>Malgr\u00e9 ces avertissements, Amemavoh a d\u00e9clar\u00e9 qu&#8217;il avait l&#8217;intention de rester au Togo. \u00ab Je suis parmi ceux qui ont eu plusieurs occasions de quitter ce pays , mais qui ont choisi de rester par amour du pays.\u00a0 Alors je suis condamn\u00e9 \u00e0 me battre pour que l\u2019injustice cesse, pour que ce pays soit vivable pour nous tous \u00bb, d\u00e9clare Roger dans la <a href=\"https:\/\/youtu.be\/0gKn1XYBW9w?si=jFv4RiQr_XQZmYdT\">vid\u00e9o<\/a>.<\/p>\n<figure id=\"attachment_50121\" aria-describedby=\"caption-attachment-50121\" style=\"width: 214px\" class=\"wp-caption aligncenter\"><img decoding=\"async\" class=\"size-full wp-image-50121\" src=\"https:\/\/mfwa.org\/wp-content\/uploads\/2026\/02\/Statement-by-the-Union-of-Independent-Journalists-of-Togo-SYNJIT.jpg\" alt=\"\" width=\"214\" height=\"289\" \/><figcaption id=\"caption-attachment-50121\" class=\"wp-caption-text\"><em>D\u00e9claration du Syndicat National des Journalistes Ind<\/em><em>\u00e9<\/em><em>pend<\/em><em>a<\/em><em>nt du Togo<\/em><\/figcaption><\/figure>\n<p>\u00c0 la suite de ses d\u00e9clarations publiques, deux organisations professionnelles de m\u00e9dias ont exprim\u00e9 leur soutien. Le Syndicat des journalistes ind\u00e9pendants du Togo (SYNJIT) a d\u00e9nonc\u00e9 cette tentative de r\u00e9duction au silence\u00a0\u00a0\u00a0\u00a0 \u00a0du journaliste, tandis que l&#8217;Association des \u00e9diteurs \u00a0\u00a0\u00a0\u00a0\u00a0de la presse togolaise a exhort\u00e9\u00a0\u00a0\u00a0\u00a0 \u00a0les autorit\u00e9s \u00e0 garantir sa s\u00e9curit\u00e9 \u00ab \u00e0 tout moment\u00a0\u00a0\u00a0\u00a0 \u00a0et en toutes circonstances \u00bb.<\/p>\n<p>Le 17 f\u00e9vrier, le ministre de la Communication et le ministre de la S\u00e9curit\u00e9 ont publi\u00e9 une d\u00e9claration commune reconnaissant la gravit\u00e9 de la situation et affirmant que l&#8217;affaire \u00e9tait suivie de pr\u00e8s. Les minist\u00e8res ont r\u00e9affirm\u00e9 leur engagement \u00e0 garantir la s\u00e9curit\u00e9 des personnes et \u00e0 prot\u00e9ger les libert\u00e9s civiles conform\u00e9ment \u00e0 l&#8217;\u00e9tat de droit.<\/p>\n<figure id=\"attachment_50123\" aria-describedby=\"caption-attachment-50123\" style=\"width: 565px\" class=\"wp-caption aligncenter\"><img loading=\"lazy\" decoding=\"async\" class=\"size-full wp-image-50123\" src=\"https:\/\/mfwa.org\/wp-content\/uploads\/2026\/02\/Joint-statement-by-the-Minister-of-Security-and-the-Minister-for-Communication.jpg\" alt=\"\" width=\"565\" height=\"799\" srcset=\"https:\/\/mfwa.org\/wp-content\/uploads\/2026\/02\/Joint-statement-by-the-Minister-of-Security-and-the-Minister-for-Communication.jpg 565w, https:\/\/mfwa.org\/wp-content\/uploads\/2026\/02\/Joint-statement-by-the-Minister-of-Security-and-the-Minister-for-Communication-424x600.jpg 424w, https:\/\/mfwa.org\/wp-content\/uploads\/2026\/02\/Joint-statement-by-the-Minister-of-Security-and-the-Minister-for-Communication-370x523.jpg 370w, https:\/\/mfwa.org\/wp-content\/uploads\/2026\/02\/Joint-statement-by-the-Minister-of-Security-and-the-Minister-for-Communication-410x580.jpg 410w\" sizes=\"(max-width: 600px) 100vw, 565px\" \/><figcaption id=\"caption-attachment-50123\" class=\"wp-caption-text\"><em>D\u00e9claration conjointe du Ministre de la S\u00e9curit\u00e9 et du Ministre de la Communication<\/em><\/figcaption><\/figure>\n<p>La Fondation des m\u00e9dias pour l&#8217;Afrique de l&#8217;Ouest appr\u00e9cie la r\u00e9action des autorit\u00e9s et exprime son soutien \u00e0 Amemavoh. Les menaces contre les journalistes nuisent \u00e0 la libert\u00e9 de la presse. La MFWA exhorte les autorit\u00e9s \u00e0 garantir la s\u00e9curit\u00e9 du journaliste et \u00e0 respecter les obligations du Togo aux termes \u00a0de normes nationales et internationales visant \u00e0 prot\u00e9ger la libert\u00e9 d&#8217;expression.<\/p>\n","protected":false},"author":35394,"featured_media":50125,"comment_status":"closed","ping_status":"closed","template":"","categories":[254,311],"country":[253],"class_list":["post-50136","country-highlights","type-country-highlights","status-publish","has-post-thumbnail","hentry","category-free-expression-violations-fr","category-securite-des-journalistes","country-togo-fr"],"yoast_head":"<!-- This site is optimized with the Yoast SEO plugin v27.5 - https:\/\/yoast.com\/product\/yoast-seo-wordpress\/ -->\n<title>Togo: Un journaliste signale des menaces apr\u00e8s publication d\u2019un reportage d&#039;investigation - Media Foundation For West Africa<\/title>\n<meta name=\"robots\" content=\"index, follow, max-snippet:-1, max-image-preview:large, max-video-preview:-1\" \/>\n<link rel=\"canonical\" href=\"https:\/\/mfwa.org\/country-highlights\/togo-journalist-reports-threats-after-investigative-report\/\" \/>\n<meta property=\"og:locale\" content=\"fr_FR\" \/>\n<meta property=\"og:type\" content=\"article\" \/>\n<meta property=\"og:title\" content=\"Togo: Un journaliste signale des menaces apr\u00e8s publication d\u2019un reportage d&#039;investigation - Media Foundation For West Africa\" \/>\n<meta property=\"og:description\" content=\"Roger Amemavoh, journaliste et propri\u00e9taire du m\u00e9dia en ligne Capture Media, affirme faire l\u2019objet de menaces depuis la\" \/>\n<meta property=\"og:url\" content=\"https:\/\/mfwa.org\/country-highlights\/togo-journalist-reports-threats-after-investigative-report\/\" \/>\n<meta property=\"og:site_name\" content=\"Media Foundation For West Africa\" \/>\n<meta property=\"article:publisher\" content=\"https:\/\/www.facebook.com\/themfwa\" \/>\n<meta property=\"article:modified_time\" content=\"2026-02-18T17:53:54+00:00\" \/>\n<meta property=\"og:image\" content=\"https:\/\/mfwa.org\/wp-content\/uploads\/2026\/02\/Roger_Amemavoh-credit-le-defenseur-info.webp\" \/>\n\t<meta property=\"og:image:width\" content=\"840\" \/>\n\t<meta property=\"og:image:height\" content=\"630\" \/>\n\t<meta property=\"og:image:type\" content=\"image\/webp\" \/>\n<meta name=\"twitter:card\" content=\"summary_large_image\" \/>\n<meta name=\"twitter:site\" content=\"@TheMFWA\" \/>\n<meta name=\"twitter:label1\" content=\"Est. reading time\" \/>\n\t<meta name=\"twitter:data1\" content=\"3 minutes\" \/>\n<script type=\"application\/ld+json\" class=\"yoast-schema-graph\">{\"@context\":\"https:\\\/\\\/schema.org\",\"@graph\":[{\"@type\":\"WebPage\",\"@id\":\"https:\\\/\\\/mfwa.org\\\/country-highlights\\\/togo-journalist-reports-threats-after-investigative-report\\\/\",\"url\":\"https:\\\/\\\/mfwa.org\\\/country-highlights\\\/togo-journalist-reports-threats-after-investigative-report\\\/\",\"name\":\"Togo: Un journaliste signale des menaces apr\u00e8s publication d\u2019un reportage d'investigation - Media Foundation For West Africa\",\"isPartOf\":{\"@id\":\"https:\\\/\\\/mfwa.org\\\/#website\"},\"primaryImageOfPage\":{\"@id\":\"https:\\\/\\\/mfwa.org\\\/country-highlights\\\/togo-journalist-reports-threats-after-investigative-report\\\/#primaryimage\"},\"image\":{\"@id\":\"https:\\\/\\\/mfwa.org\\\/country-highlights\\\/togo-journalist-reports-threats-after-investigative-report\\\/#primaryimage\"},\"thumbnailUrl\":\"https:\\\/\\\/mfwa.org\\\/wp-content\\\/uploads\\\/2026\\\/02\\\/Roger_Amemavoh-credit-le-defenseur-info.webp\",\"datePublished\":\"2026-02-18T10:51:54+00:00\",\"dateModified\":\"2026-02-18T17:53:54+00:00\",\"breadcrumb\":{\"@id\":\"https:\\\/\\\/mfwa.org\\\/country-highlights\\\/togo-journalist-reports-threats-after-investigative-report\\\/#breadcrumb\"},\"inLanguage\":\"fr-FR\",\"potentialAction\":[{\"@type\":\"ReadAction\",\"target\":[\"https:\\\/\\\/mfwa.org\\\/country-highlights\\\/togo-journalist-reports-threats-after-investigative-report\\\/\"]}]},{\"@type\":\"ImageObject\",\"inLanguage\":\"fr-FR\",\"@id\":\"https:\\\/\\\/mfwa.org\\\/country-highlights\\\/togo-journalist-reports-threats-after-investigative-report\\\/#primaryimage\",\"url\":\"https:\\\/\\\/mfwa.org\\\/wp-content\\\/uploads\\\/2026\\\/02\\\/Roger_Amemavoh-credit-le-defenseur-info.webp\",\"contentUrl\":\"https:\\\/\\\/mfwa.org\\\/wp-content\\\/uploads\\\/2026\\\/02\\\/Roger_Amemavoh-credit-le-defenseur-info.webp\",\"width\":840,\"height\":630,\"caption\":\"Roger Amemavoh | Credit: Le Defenseur Info\"},{\"@type\":\"BreadcrumbList\",\"@id\":\"https:\\\/\\\/mfwa.org\\\/country-highlights\\\/togo-journalist-reports-threats-after-investigative-report\\\/#breadcrumb\",\"itemListElement\":[{\"@type\":\"ListItem\",\"position\":1,\"name\":\"Home\",\"item\":\"https:\\\/\\\/mfwa.org\\\/fr\\\/\"},{\"@type\":\"ListItem\",\"position\":2,\"name\":\"Country Highlights\",\"item\":\"https:\\\/\\\/mfwa.org\\\/country-highlights\\\/\"},{\"@type\":\"ListItem\",\"position\":3,\"name\":\"Togo: Un journaliste signale des menaces apr\u00e8s publication d\u2019un reportage d&#8217;investigation\"}]},{\"@type\":\"WebSite\",\"@id\":\"https:\\\/\\\/mfwa.org\\\/#website\",\"url\":\"https:\\\/\\\/mfwa.org\\\/\",\"name\":\"Media Foundation For West Africa\",\"description\":\"Promoting Freedom of Expression and Democracy in West Africa\",\"publisher\":{\"@id\":\"https:\\\/\\\/mfwa.org\\\/#organization\"},\"potentialAction\":[{\"@type\":\"SearchAction\",\"target\":{\"@type\":\"EntryPoint\",\"urlTemplate\":\"https:\\\/\\\/mfwa.org\\\/?s={search_term_string}\"},\"query-input\":{\"@type\":\"PropertyValueSpecification\",\"valueRequired\":true,\"valueName\":\"search_term_string\"}}],\"inLanguage\":\"fr-FR\"},{\"@type\":\"Organization\",\"@id\":\"https:\\\/\\\/mfwa.org\\\/#organization\",\"name\":\"Media Foundation for West Africa\",\"url\":\"https:\\\/\\\/mfwa.org\\\/\",\"logo\":{\"@type\":\"ImageObject\",\"inLanguage\":\"fr-FR\",\"@id\":\"https:\\\/\\\/mfwa.org\\\/#\\\/schema\\\/logo\\\/image\\\/\",\"url\":\"https:\\\/\\\/www.mfwa.org\\\/wp-content\\\/uploads\\\/2016\\\/06\\\/MFWA-LOGO.png\",\"contentUrl\":\"https:\\\/\\\/www.mfwa.org\\\/wp-content\\\/uploads\\\/2016\\\/06\\\/MFWA-LOGO.png\",\"width\":180,\"height\":180,\"caption\":\"Media Foundation for West Africa\"},\"image\":{\"@id\":\"https:\\\/\\\/mfwa.org\\\/#\\\/schema\\\/logo\\\/image\\\/\"},\"sameAs\":[\"https:\\\/\\\/www.facebook.com\\\/themfwa\",\"https:\\\/\\\/x.com\\\/TheMFWA\",\"https:\\\/\\\/www.youtube.com\\\/channel\\\/UCF6HrPuXcV1K1Ed8AAq4Rdw\"]}]}<\/script>\n<!-- \/ Yoast SEO plugin. -->","yoast_head_json":{"title":"Togo: Un journaliste signale des menaces apr\u00e8s publication d\u2019un reportage d'investigation - Media Foundation For West Africa","robots":{"index":"index","follow":"follow","max-snippet":"max-snippet:-1","max-image-preview":"max-image-preview:large","max-video-preview":"max-video-preview:-1"},"canonical":"https:\/\/mfwa.org\/country-highlights\/togo-journalist-reports-threats-after-investigative-report\/","og_locale":"fr_FR","og_type":"article","og_title":"Togo: Un journaliste signale des menaces apr\u00e8s publication d\u2019un reportage d'investigation - Media Foundation For West Africa","og_description":"Roger Amemavoh, journaliste et propri\u00e9taire du m\u00e9dia en ligne Capture Media, affirme faire l\u2019objet de menaces depuis la","og_url":"https:\/\/mfwa.org\/country-highlights\/togo-journalist-reports-threats-after-investigative-report\/","og_site_name":"Media Foundation For West Africa","article_publisher":"https:\/\/www.facebook.com\/themfwa","article_modified_time":"2026-02-18T17:53:54+00:00","og_image":[{"width":840,"height":630,"url":"https:\/\/mfwa.org\/wp-content\/uploads\/2026\/02\/Roger_Amemavoh-credit-le-defenseur-info.webp","type":"image\/webp"}],"twitter_card":"summary_large_image","twitter_site":"@TheMFWA","twitter_misc":{"Est. reading time":"3 minutes"},"schema":{"@context":"https:\/\/schema.org","@graph":[{"@type":"WebPage","@id":"https:\/\/mfwa.org\/country-highlights\/togo-journalist-reports-threats-after-investigative-report\/","url":"https:\/\/mfwa.org\/country-highlights\/togo-journalist-reports-threats-after-investigative-report\/","name":"Togo: Un journaliste signale des menaces apr\u00e8s publication d\u2019un reportage d'investigation - Media Foundation For West Africa","isPartOf":{"@id":"https:\/\/mfwa.org\/#website"},"primaryImageOfPage":{"@id":"https:\/\/mfwa.org\/country-highlights\/togo-journalist-reports-threats-after-investigative-report\/#primaryimage"},"image":{"@id":"https:\/\/mfwa.org\/country-highlights\/togo-journalist-reports-threats-after-investigative-report\/#primaryimage"},"thumbnailUrl":"https:\/\/mfwa.org\/wp-content\/uploads\/2026\/02\/Roger_Amemavoh-credit-le-defenseur-info.webp","datePublished":"2026-02-18T10:51:54+00:00","dateModified":"2026-02-18T17:53:54+00:00","breadcrumb":{"@id":"https:\/\/mfwa.org\/country-highlights\/togo-journalist-reports-threats-after-investigative-report\/#breadcrumb"},"inLanguage":"fr-FR","potentialAction":[{"@type":"ReadAction","target":["https:\/\/mfwa.org\/country-highlights\/togo-journalist-reports-threats-after-investigative-report\/"]}]},{"@type":"ImageObject","inLanguage":"fr-FR","@id":"https:\/\/mfwa.org\/country-highlights\/togo-journalist-reports-threats-after-investigative-report\/#primaryimage","url":"https:\/\/mfwa.org\/wp-content\/uploads\/2026\/02\/Roger_Amemavoh-credit-le-defenseur-info.webp","contentUrl":"https:\/\/mfwa.org\/wp-content\/uploads\/2026\/02\/Roger_Amemavoh-credit-le-defenseur-info.webp","width":840,"height":630,"caption":"Roger Amemavoh | Credit: Le Defenseur Info"},{"@type":"BreadcrumbList","@id":"https:\/\/mfwa.org\/country-highlights\/togo-journalist-reports-threats-after-investigative-report\/#breadcrumb","itemListElement":[{"@type":"ListItem","position":1,"name":"Home","item":"https:\/\/mfwa.org\/fr\/"},{"@type":"ListItem","position":2,"name":"Country Highlights","item":"https:\/\/mfwa.org\/country-highlights\/"},{"@type":"ListItem","position":3,"name":"Togo: Un journaliste signale des menaces apr\u00e8s publication d\u2019un reportage d&#8217;investigation"}]},{"@type":"WebSite","@id":"https:\/\/mfwa.org\/#website","url":"https:\/\/mfwa.org\/","name":"Media Foundation For West Africa","description":"Promoting Freedom of Expression and Democracy in West Africa","publisher":{"@id":"https:\/\/mfwa.org\/#organization"},"potentialAction":[{"@type":"SearchAction","target":{"@type":"EntryPoint","urlTemplate":"https:\/\/mfwa.org\/?s={search_term_string}"},"query-input":{"@type":"PropertyValueSpecification","valueRequired":true,"valueName":"search_term_string"}}],"inLanguage":"fr-FR"},{"@type":"Organization","@id":"https:\/\/mfwa.org\/#organization","name":"Media Foundation for West Africa","url":"https:\/\/mfwa.org\/","logo":{"@type":"ImageObject","inLanguage":"fr-FR","@id":"https:\/\/mfwa.org\/#\/schema\/logo\/image\/","url":"https:\/\/www.mfwa.org\/wp-content\/uploads\/2016\/06\/MFWA-LOGO.png","contentUrl":"https:\/\/www.mfwa.org\/wp-content\/uploads\/2016\/06\/MFWA-LOGO.png","width":180,"height":180,"caption":"Media Foundation for West Africa"},"image":{"@id":"https:\/\/mfwa.org\/#\/schema\/logo\/image\/"},"sameAs":["https:\/\/www.facebook.com\/themfwa","https:\/\/x.com\/TheMFWA","https:\/\/www.youtube.com\/channel\/UCF6HrPuXcV1K1Ed8AAq4Rdw"]}]}},"_links":{"self":[{"href":"https:\/\/mfwa.org\/fr\/wp-json\/wp\/v2\/country-highlights\/50136","targetHints":{"allow":["GET"]}}],"collection":[{"href":"https:\/\/mfwa.org\/fr\/wp-json\/wp\/v2\/country-highlights"}],"about":[{"href":"https:\/\/mfwa.org\/fr\/wp-json\/wp\/v2\/types\/country-highlights"}],"author":[{"embeddable":true,"href":"https:\/\/mfwa.org\/fr\/wp-json\/wp\/v2\/users\/35394"}],"replies":[{"embeddable":true,"href":"https:\/\/mfwa.org\/fr\/wp-json\/wp\/v2\/comments?post=50136"}],"wp:featuredmedia":[{"embeddable":true,"href":"https:\/\/mfwa.org\/fr\/wp-json\/wp\/v2\/media\/50125"}],"wp:attachment":[{"href":"https:\/\/mfwa.org\/fr\/wp-json\/wp\/v2\/media?parent=50136"}],"wp:term":[{"taxonomy":"category","embeddable":true,"href":"https:\/\/mfwa.org\/fr\/wp-json\/wp\/v2\/categories?post=50136"},{"taxonomy":"country","embeddable":true,"href":"https:\/\/mfwa.org\/fr\/wp-json\/wp\/v2\/country?post=50136"}],"curies":[{"name":"wp","href":"https:\/\/api.w.org\/{rel}","templated":true}]}}