{"id":49484,"date":"2025-01-01T17:34:13","date_gmt":"2025-01-01T17:34:13","guid":{"rendered":"https:\/\/mfwa.org\/?post_type=country-highlights&#038;p=49484"},"modified":"2025-12-19T17:03:37","modified_gmt":"2025-12-19T17:03:37","slug":"mali-joliba-tv-suspendue-pour-six-mois-un-militant-condamne-a-deux-ans-de-prison","status":"publish","type":"country-highlights","link":"https:\/\/mfwa.org\/fr\/country-highlights\/mali-joliba-tv-suspendue-pour-six-mois-un-militant-condamne-a-deux-ans-de-prison\/","title":{"rendered":"Mali: Joliba TV suspendue pour six mois, un militant condamn\u00e9 \u00e0 deux ans de prison"},"content":{"rendered":"<p style=\"text-align: justify;\"><span style=\"font-weight: 400;\">La cha\u00eene de t\u00e9l\u00e9vision priv\u00e9e malienne Joliba TV s&#8217;est vu infliger une suspension de six mois par les autorit\u00e9s maliennes pour des propos \u00ab hostiles \u00bb tenus par un invit\u00e9 \u00e0 l&#8217;encontre du Burkina Faso voisin. Aussi s\u00e9v\u00e8re soit-elle, cette suspension est en r\u00e9alit\u00e9 pr\u00e9sent\u00e9e comme un geste de g\u00e9n\u00e9rosit\u00e9 de la part des autorit\u00e9s, qui avaient initialement retir\u00e9 la licence de la cha\u00eene de t\u00e9l\u00e9vision pour une dur\u00e9e ind\u00e9termin\u00e9e.<\/span><\/p>\n<p style=\"text-align: justify;\"><span style=\"font-weight: 400;\">L&#8217;autorit\u00e9 de r\u00e9gulation des m\u00e9dias du Mali, la Haute Autorit\u00e9 de la communication (HAC), a retir\u00e9 la licence de Joliba TV le 26 novembre 2024. Cette d\u00e9cision faisait suite \u00e0 une requ\u00eate de l&#8217;autorit\u00e9 burkinab\u00e8 de r\u00e9gulation des m\u00e9dias, le Conseil sup\u00e9rieur de la communication (CSC). Dans une lettre dat\u00e9e du 12 novembre, le CSC reprochait \u00e0 la cha\u00eene d&#8217;avoir jet\u00e9 le discr\u00e9dit sur le gouvernement\u00a0 du Burkina Faso en contestant sa d\u00e9claration selon laquelle il avait d\u00e9jou\u00e9 une r\u00e9cente tentative de coup d&#8217;\u00c9tat.<\/span><\/p>\n<p style=\"text-align: justify;\"><span style=\"font-weight: 400;\">\u00c0 la suite d&#8217;un recours de la cha\u00eene, de n\u00e9gociations\u00a0 avec les autorit\u00e9s maliennes et des excuses adress\u00e9es au gouvernement burkinab\u00e8, Joliba TV a recouvr\u00e9 sa licence en contrepartie d&#8217;une suspension de six mois. <\/span><span style=\"font-weight: 400;\">Pendant ce temps, Issa Kaou N&#8217;Djim, l&#8217;activiste et invit\u00e9 qui avait critiqu\u00e9 la junte burkinab\u00e8 lors de la fameuse \u00e9mission, a \u00e9t\u00e9 condamn\u00e9 \u00e0 deux ans de prison, dont un avec sursis.<\/span><\/p>\n<p style=\"text-align: justify;\">N&#8217;Djim, qui est en prison depuis le 13 novembre 2024, a \u00e9t\u00e9 reconnu coupable d&#8217;\u00ab outrage public \u00e0 un chef d&#8217;\u00c9tat \u00e9tranger \u00bb et d&#8217;\u00ab insulte via les syst\u00e8mes d&#8217;information \u00bb, et condamn\u00e9 le 30 d\u00e9cembre 2024.<\/p>\n<p style=\"text-align: justify;\"><span style=\"font-weight: 400;\">Cette figure politico-m\u00e9diatique s&#8217;est \u00e9galement vu infliger une amende d\u2019un million de francs CFA (1 600 dollars) par le bureau national de lutte contre la cybercriminalit\u00e9. N&#8217;Djim avait auparavant soutenu le dirigeant malien Assimi Goita, avant de s&#8217;ali\u00e9ner la junte en appelant publiquement \u00e0 une fin rapide du r\u00e9gime militaire.<\/span><\/p>\n<p style=\"text-align: justify;\"><span style=\"font-weight: 400;\">La Fondation des M\u00e9dias pour l\u2019Afrique de l\u2019Ouest est profond\u00e9ment pr\u00e9occup\u00e9e par la suspension de Joliba TV et \u00e0 l\u2019emprisonnement de N\u2019Djim. La cha\u00eene est ainsi indirectement pouss\u00e9e \u00e0 censurer\u00a0 ses invit\u00e9s et ses journalistes, ce qui porte atteinte \u00e0 la libert\u00e9 de la presse et \u00e0 la libert\u00e9 d\u2019expression. Les <\/span><span style=\"font-weight: 400;\">six mois d\u2019interruption<\/span><span style=\"font-weight: 400;\"> d\u2019antenne repr\u00e9sentent non seulement une lourde perte financi\u00e8re pour la cha\u00eene, mais compromettent \u00e9galement le droit \u00e0 l\u2019information de ses t\u00e9l\u00e9spectateurs.<\/span><\/p>\n<p style=\"text-align: justify;\"><span style=\"font-weight: 400;\">Nous notons \u00e9galement avec regret que le tribunal a condamn\u00e9 N\u2019Djim \u00e0 deux ans de prison, soit une ann\u00e9e de plus que ce que le procureur avait requis. Ayant en outre pass\u00e9 deux mois en d\u00e9tention arbitraire, N\u2019Djim a d\u00e9j\u00e0 \u00e9t\u00e9 suffisamment puni pour des faits qui ne devraient constituer une infraction dans aucun syst\u00e8me d\u00e9mocratique. Nous appelons donc les autorit\u00e9s maliennes \u00e0 le lib\u00e9rer imm\u00e9diatement.<\/span><\/p>\n","protected":false},"author":35394,"featured_media":34595,"comment_status":"closed","ping_status":"closed","template":"","categories":[254],"country":[247],"class_list":["post-49484","country-highlights","type-country-highlights","status-publish","has-post-thumbnail","hentry","category-free-expression-violations-fr","country-mali-fr"],"yoast_head":"<!-- This site is optimized with the Yoast SEO plugin v27.5 - https:\/\/yoast.com\/product\/yoast-seo-wordpress\/ -->\n<title>Mali: Joliba TV suspendue pour six mois, un militant condamn\u00e9 \u00e0 deux ans de prison - Media Foundation For West Africa<\/title>\n<meta name=\"robots\" content=\"index, follow, max-snippet:-1, max-image-preview:large, max-video-preview:-1\" \/>\n<link rel=\"canonical\" href=\"https:\/\/mfwa.org\/country-highlights\/mali-joliba-tv-suspended-for-six-month-issa-kaou-ndjim-sentenced-to-two-years-in-prison-2\/\" \/>\n<meta property=\"og:locale\" content=\"fr_FR\" \/>\n<meta property=\"og:type\" content=\"article\" \/>\n<meta property=\"og:title\" content=\"Mali: Joliba TV suspendue pour six mois, un militant condamn\u00e9 \u00e0 deux ans de prison - Media Foundation For West Africa\" \/>\n<meta property=\"og:description\" content=\"La cha\u00eene de t\u00e9l\u00e9vision priv\u00e9e malienne Joliba TV s&#8217;est vu infliger une suspension de six mois par les\" \/>\n<meta property=\"og:url\" content=\"https:\/\/mfwa.org\/country-highlights\/mali-joliba-tv-suspended-for-six-month-issa-kaou-ndjim-sentenced-to-two-years-in-prison-2\/\" \/>\n<meta property=\"og:site_name\" content=\"Media Foundation For West Africa\" \/>\n<meta property=\"article:publisher\" content=\"https:\/\/www.facebook.com\/themfwa\" \/>\n<meta property=\"article:modified_time\" content=\"2025-12-19T17:03:37+00:00\" \/>\n<meta property=\"og:image\" content=\"https:\/\/mfwa.org\/wp-content\/uploads\/2025\/02\/Kaou-Djim-Ibrahima-Traore.jpg\" \/>\n\t<meta property=\"og:image:width\" content=\"650\" \/>\n\t<meta property=\"og:image:height\" content=\"373\" \/>\n\t<meta property=\"og:image:type\" content=\"image\/jpeg\" \/>\n<meta name=\"twitter:card\" content=\"summary_large_image\" \/>\n<meta name=\"twitter:site\" content=\"@TheMFWA\" \/>\n<meta name=\"twitter:label1\" content=\"Est. reading time\" \/>\n\t<meta name=\"twitter:data1\" content=\"2 minutes\" \/>\n<script type=\"application\/ld+json\" class=\"yoast-schema-graph\">{\"@context\":\"https:\\\/\\\/schema.org\",\"@graph\":[{\"@type\":\"WebPage\",\"@id\":\"https:\\\/\\\/mfwa.org\\\/country-highlights\\\/mali-joliba-tv-suspended-for-six-month-issa-kaou-ndjim-sentenced-to-two-years-in-prison-2\\\/\",\"url\":\"https:\\\/\\\/mfwa.org\\\/country-highlights\\\/mali-joliba-tv-suspended-for-six-month-issa-kaou-ndjim-sentenced-to-two-years-in-prison-2\\\/\",\"name\":\"Mali: Joliba TV suspendue pour six mois, un militant condamn\u00e9 \u00e0 deux ans de prison - Media Foundation For West Africa\",\"isPartOf\":{\"@id\":\"https:\\\/\\\/mfwa.org\\\/#website\"},\"primaryImageOfPage\":{\"@id\":\"https:\\\/\\\/mfwa.org\\\/country-highlights\\\/mali-joliba-tv-suspended-for-six-month-issa-kaou-ndjim-sentenced-to-two-years-in-prison-2\\\/#primaryimage\"},\"image\":{\"@id\":\"https:\\\/\\\/mfwa.org\\\/country-highlights\\\/mali-joliba-tv-suspended-for-six-month-issa-kaou-ndjim-sentenced-to-two-years-in-prison-2\\\/#primaryimage\"},\"thumbnailUrl\":\"https:\\\/\\\/mfwa.org\\\/wp-content\\\/uploads\\\/2025\\\/02\\\/Kaou-Djim-Ibrahima-Traore.jpg\",\"datePublished\":\"2025-01-01T17:34:13+00:00\",\"dateModified\":\"2025-12-19T17:03:37+00:00\",\"breadcrumb\":{\"@id\":\"https:\\\/\\\/mfwa.org\\\/country-highlights\\\/mali-joliba-tv-suspended-for-six-month-issa-kaou-ndjim-sentenced-to-two-years-in-prison-2\\\/#breadcrumb\"},\"inLanguage\":\"fr-FR\",\"potentialAction\":[{\"@type\":\"ReadAction\",\"target\":[\"https:\\\/\\\/mfwa.org\\\/country-highlights\\\/mali-joliba-tv-suspended-for-six-month-issa-kaou-ndjim-sentenced-to-two-years-in-prison-2\\\/\"]}]},{\"@type\":\"ImageObject\",\"inLanguage\":\"fr-FR\",\"@id\":\"https:\\\/\\\/mfwa.org\\\/country-highlights\\\/mali-joliba-tv-suspended-for-six-month-issa-kaou-ndjim-sentenced-to-two-years-in-prison-2\\\/#primaryimage\",\"url\":\"https:\\\/\\\/mfwa.org\\\/wp-content\\\/uploads\\\/2025\\\/02\\\/Kaou-Djim-Ibrahima-Traore.jpg\",\"contentUrl\":\"https:\\\/\\\/mfwa.org\\\/wp-content\\\/uploads\\\/2025\\\/02\\\/Kaou-Djim-Ibrahima-Traore.jpg\",\"width\":650,\"height\":373,\"caption\":\"Issa Kaou N\u2019Djim (\u00e0 droite) condamn\u00e9 par les autorit\u00e9s maliennes pour des propos tenus sur Joliba TV \u00e0 l\u2019encontre du gouvernement burkinab\u00e9 | Photo : MaliWeb\"},{\"@type\":\"BreadcrumbList\",\"@id\":\"https:\\\/\\\/mfwa.org\\\/country-highlights\\\/mali-joliba-tv-suspended-for-six-month-issa-kaou-ndjim-sentenced-to-two-years-in-prison-2\\\/#breadcrumb\",\"itemListElement\":[{\"@type\":\"ListItem\",\"position\":1,\"name\":\"Home\",\"item\":\"https:\\\/\\\/mfwa.org\\\/fr\\\/\"},{\"@type\":\"ListItem\",\"position\":2,\"name\":\"Country Highlights\",\"item\":\"https:\\\/\\\/mfwa.org\\\/country-highlights\\\/\"},{\"@type\":\"ListItem\",\"position\":3,\"name\":\"Mali: Joliba TV suspendue pour six mois, un militant condamn\u00e9 \u00e0 deux ans de prison\"}]},{\"@type\":\"WebSite\",\"@id\":\"https:\\\/\\\/mfwa.org\\\/#website\",\"url\":\"https:\\\/\\\/mfwa.org\\\/\",\"name\":\"Media Foundation For West Africa\",\"description\":\"Promoting Freedom of Expression and Democracy in West Africa\",\"publisher\":{\"@id\":\"https:\\\/\\\/mfwa.org\\\/#organization\"},\"potentialAction\":[{\"@type\":\"SearchAction\",\"target\":{\"@type\":\"EntryPoint\",\"urlTemplate\":\"https:\\\/\\\/mfwa.org\\\/?s={search_term_string}\"},\"query-input\":{\"@type\":\"PropertyValueSpecification\",\"valueRequired\":true,\"valueName\":\"search_term_string\"}}],\"inLanguage\":\"fr-FR\"},{\"@type\":\"Organization\",\"@id\":\"https:\\\/\\\/mfwa.org\\\/#organization\",\"name\":\"Media Foundation for West Africa\",\"url\":\"https:\\\/\\\/mfwa.org\\\/\",\"logo\":{\"@type\":\"ImageObject\",\"inLanguage\":\"fr-FR\",\"@id\":\"https:\\\/\\\/mfwa.org\\\/#\\\/schema\\\/logo\\\/image\\\/\",\"url\":\"https:\\\/\\\/www.mfwa.org\\\/wp-content\\\/uploads\\\/2016\\\/06\\\/MFWA-LOGO.png\",\"contentUrl\":\"https:\\\/\\\/www.mfwa.org\\\/wp-content\\\/uploads\\\/2016\\\/06\\\/MFWA-LOGO.png\",\"width\":180,\"height\":180,\"caption\":\"Media Foundation for West Africa\"},\"image\":{\"@id\":\"https:\\\/\\\/mfwa.org\\\/#\\\/schema\\\/logo\\\/image\\\/\"},\"sameAs\":[\"https:\\\/\\\/www.facebook.com\\\/themfwa\",\"https:\\\/\\\/x.com\\\/TheMFWA\",\"https:\\\/\\\/www.youtube.com\\\/channel\\\/UCF6HrPuXcV1K1Ed8AAq4Rdw\"]}]}<\/script>\n<!-- \/ Yoast SEO plugin. -->","yoast_head_json":{"title":"Mali: Joliba TV suspendue pour six mois, un militant condamn\u00e9 \u00e0 deux ans de prison - Media Foundation For West Africa","robots":{"index":"index","follow":"follow","max-snippet":"max-snippet:-1","max-image-preview":"max-image-preview:large","max-video-preview":"max-video-preview:-1"},"canonical":"https:\/\/mfwa.org\/country-highlights\/mali-joliba-tv-suspended-for-six-month-issa-kaou-ndjim-sentenced-to-two-years-in-prison-2\/","og_locale":"fr_FR","og_type":"article","og_title":"Mali: Joliba TV suspendue pour six mois, un militant condamn\u00e9 \u00e0 deux ans de prison - Media Foundation For West Africa","og_description":"La cha\u00eene de t\u00e9l\u00e9vision priv\u00e9e malienne Joliba TV s&#8217;est vu infliger une suspension de six mois par les","og_url":"https:\/\/mfwa.org\/country-highlights\/mali-joliba-tv-suspended-for-six-month-issa-kaou-ndjim-sentenced-to-two-years-in-prison-2\/","og_site_name":"Media Foundation For West Africa","article_publisher":"https:\/\/www.facebook.com\/themfwa","article_modified_time":"2025-12-19T17:03:37+00:00","og_image":[{"width":650,"height":373,"url":"https:\/\/mfwa.org\/wp-content\/uploads\/2025\/02\/Kaou-Djim-Ibrahima-Traore.jpg","type":"image\/jpeg"}],"twitter_card":"summary_large_image","twitter_site":"@TheMFWA","twitter_misc":{"Est. reading time":"2 minutes"},"schema":{"@context":"https:\/\/schema.org","@graph":[{"@type":"WebPage","@id":"https:\/\/mfwa.org\/country-highlights\/mali-joliba-tv-suspended-for-six-month-issa-kaou-ndjim-sentenced-to-two-years-in-prison-2\/","url":"https:\/\/mfwa.org\/country-highlights\/mali-joliba-tv-suspended-for-six-month-issa-kaou-ndjim-sentenced-to-two-years-in-prison-2\/","name":"Mali: Joliba TV suspendue pour six mois, un militant condamn\u00e9 \u00e0 deux ans de prison - Media Foundation For West Africa","isPartOf":{"@id":"https:\/\/mfwa.org\/#website"},"primaryImageOfPage":{"@id":"https:\/\/mfwa.org\/country-highlights\/mali-joliba-tv-suspended-for-six-month-issa-kaou-ndjim-sentenced-to-two-years-in-prison-2\/#primaryimage"},"image":{"@id":"https:\/\/mfwa.org\/country-highlights\/mali-joliba-tv-suspended-for-six-month-issa-kaou-ndjim-sentenced-to-two-years-in-prison-2\/#primaryimage"},"thumbnailUrl":"https:\/\/mfwa.org\/wp-content\/uploads\/2025\/02\/Kaou-Djim-Ibrahima-Traore.jpg","datePublished":"2025-01-01T17:34:13+00:00","dateModified":"2025-12-19T17:03:37+00:00","breadcrumb":{"@id":"https:\/\/mfwa.org\/country-highlights\/mali-joliba-tv-suspended-for-six-month-issa-kaou-ndjim-sentenced-to-two-years-in-prison-2\/#breadcrumb"},"inLanguage":"fr-FR","potentialAction":[{"@type":"ReadAction","target":["https:\/\/mfwa.org\/country-highlights\/mali-joliba-tv-suspended-for-six-month-issa-kaou-ndjim-sentenced-to-two-years-in-prison-2\/"]}]},{"@type":"ImageObject","inLanguage":"fr-FR","@id":"https:\/\/mfwa.org\/country-highlights\/mali-joliba-tv-suspended-for-six-month-issa-kaou-ndjim-sentenced-to-two-years-in-prison-2\/#primaryimage","url":"https:\/\/mfwa.org\/wp-content\/uploads\/2025\/02\/Kaou-Djim-Ibrahima-Traore.jpg","contentUrl":"https:\/\/mfwa.org\/wp-content\/uploads\/2025\/02\/Kaou-Djim-Ibrahima-Traore.jpg","width":650,"height":373,"caption":"Issa Kaou N\u2019Djim (\u00e0 droite) condamn\u00e9 par les autorit\u00e9s maliennes pour des propos tenus sur Joliba TV \u00e0 l\u2019encontre du gouvernement burkinab\u00e9 | Photo : MaliWeb"},{"@type":"BreadcrumbList","@id":"https:\/\/mfwa.org\/country-highlights\/mali-joliba-tv-suspended-for-six-month-issa-kaou-ndjim-sentenced-to-two-years-in-prison-2\/#breadcrumb","itemListElement":[{"@type":"ListItem","position":1,"name":"Home","item":"https:\/\/mfwa.org\/fr\/"},{"@type":"ListItem","position":2,"name":"Country Highlights","item":"https:\/\/mfwa.org\/country-highlights\/"},{"@type":"ListItem","position":3,"name":"Mali: Joliba TV suspendue pour six mois, un militant condamn\u00e9 \u00e0 deux ans de prison"}]},{"@type":"WebSite","@id":"https:\/\/mfwa.org\/#website","url":"https:\/\/mfwa.org\/","name":"Media Foundation For West Africa","description":"Promoting Freedom of Expression and Democracy in West Africa","publisher":{"@id":"https:\/\/mfwa.org\/#organization"},"potentialAction":[{"@type":"SearchAction","target":{"@type":"EntryPoint","urlTemplate":"https:\/\/mfwa.org\/?s={search_term_string}"},"query-input":{"@type":"PropertyValueSpecification","valueRequired":true,"valueName":"search_term_string"}}],"inLanguage":"fr-FR"},{"@type":"Organization","@id":"https:\/\/mfwa.org\/#organization","name":"Media Foundation for West Africa","url":"https:\/\/mfwa.org\/","logo":{"@type":"ImageObject","inLanguage":"fr-FR","@id":"https:\/\/mfwa.org\/#\/schema\/logo\/image\/","url":"https:\/\/www.mfwa.org\/wp-content\/uploads\/2016\/06\/MFWA-LOGO.png","contentUrl":"https:\/\/www.mfwa.org\/wp-content\/uploads\/2016\/06\/MFWA-LOGO.png","width":180,"height":180,"caption":"Media Foundation for West Africa"},"image":{"@id":"https:\/\/mfwa.org\/#\/schema\/logo\/image\/"},"sameAs":["https:\/\/www.facebook.com\/themfwa","https:\/\/x.com\/TheMFWA","https:\/\/www.youtube.com\/channel\/UCF6HrPuXcV1K1Ed8AAq4Rdw"]}]}},"_links":{"self":[{"href":"https:\/\/mfwa.org\/fr\/wp-json\/wp\/v2\/country-highlights\/49484","targetHints":{"allow":["GET"]}}],"collection":[{"href":"https:\/\/mfwa.org\/fr\/wp-json\/wp\/v2\/country-highlights"}],"about":[{"href":"https:\/\/mfwa.org\/fr\/wp-json\/wp\/v2\/types\/country-highlights"}],"author":[{"embeddable":true,"href":"https:\/\/mfwa.org\/fr\/wp-json\/wp\/v2\/users\/35394"}],"replies":[{"embeddable":true,"href":"https:\/\/mfwa.org\/fr\/wp-json\/wp\/v2\/comments?post=49484"}],"wp:featuredmedia":[{"embeddable":true,"href":"https:\/\/mfwa.org\/fr\/wp-json\/wp\/v2\/media\/34595"}],"wp:attachment":[{"href":"https:\/\/mfwa.org\/fr\/wp-json\/wp\/v2\/media?parent=49484"}],"wp:term":[{"taxonomy":"category","embeddable":true,"href":"https:\/\/mfwa.org\/fr\/wp-json\/wp\/v2\/categories?post=49484"},{"taxonomy":"country","embeddable":true,"href":"https:\/\/mfwa.org\/fr\/wp-json\/wp\/v2\/country?post=49484"}],"curies":[{"name":"wp","href":"https:\/\/api.w.org\/{rel}","templated":true}]}}