{"id":34629,"date":"2025-02-10T16:06:02","date_gmt":"2025-02-10T16:06:02","guid":{"rendered":"https:\/\/mfwa.org\/?post_type=country-highlights&#038;p=34629"},"modified":"2025-02-10T16:15:51","modified_gmt":"2025-02-10T16:15:51","slug":"mauritanie-nouvelle-impulsion-aux-medias-numeriques-et-a-la-liberte-dexpression-en-ligne","status":"publish","type":"country-highlights","link":"https:\/\/mfwa.org\/fr\/country-highlights\/mauritanie-nouvelle-impulsion-aux-medias-numeriques-et-a-la-liberte-dexpression-en-ligne\/","title":{"rendered":"Mauritanie: Nouvelle impulsion aux m\u00e9dias num\u00e9riques et \u00e0 la libert\u00e9 d&#8217;expression en ligne"},"content":{"rendered":"<p style=\"text-align: justify;\">Le 2 janvier, 2025 a\u00a0\u00e9t\u00e9 lanc\u00e9\u00a0dans la ville d&#8217;Atar un atelier de sensibilisation sur les m\u00e9dias num\u00e9riques et les r\u00e9seaux sociaux dans un nouvel \u00e9lan de promouvoir les m\u00e9dias num\u00e9riques, particuli\u00e8rement chez les femmes, et consolider la libert\u00e9 d&#8217;expression en Mauritanie.<\/p>\n<p style=\"text-align: justify;\">Organis\u00e9 par l&#8217;Union des Femmes des M\u00e9dias de Mauritanie (UFMM) en partenariat avec l&#8217;UNESCO, cet atelier, qui visait \u00e0 renforcer les capacit\u00e9s des propri\u00e9taires de plateformes num\u00e9riques, a r\u00e9uni divers acteurs des m\u00e9dias et de la soci\u00e9t\u00e9 civile.<\/p>\n<p style=\"text-align: justify;\">Les discussions ont port\u00e9 sur l&#8217;adoption de normes rigoureuses d&#8217;objectivit\u00e9, de neutralit\u00e9 et d&#8217;int\u00e9grit\u00e9 dans le traitement de l&#8217;information, tout en respectant la d\u00e9ontologie journalistique.<\/p>\n<p style=\"text-align: justify;\">L&#8217;atelier se concentre \u00e9galement sur l&#8217;importance de garantir la libert\u00e9 d&#8217;expression et d&#8217;assurer une circulation fiable de l&#8217;information, un enjeu crucial \u00e0 l&#8217;\u00e8re des m\u00e9dias num\u00e9riques.<\/p>\n<p style=\"text-align: justify;\">Dans son discours inaugural, M. El Alem Chemed, directeur de cabinet du Wali de l&#8217;Adrar, a soulign\u00e9 l&#8217;engagement du gouvernement \u00e0 d\u00e9velopper\u00a0des m\u00e9dias num\u00e9riques, illustr\u00e9 par la cr\u00e9ation d&#8217;un minist\u00e8re d\u00e9di\u00e9 \u00e0 la transformation num\u00e9rique, initiative visent, selon lui, \u00e0 am\u00e9liorer la gouvernance num\u00e9rique.<\/p>\n<p style=\"text-align: justify;\">Mme Emeima Mohamed Ahmed, pr\u00e9sidente de l&#8217;UFMM, a soulign\u00e9 que cet atelier s&#8217;inscrit dans le cadre d&#8217;un projet de partenariat avec l&#8217;UNESCO, dont 80 % des b\u00e9n\u00e9ficiaires sont des femmes.<\/p>\n<p style=\"text-align: justify;\">Lors de ces activit\u00e9s, un guide num\u00e9rique \u00e9labor\u00e9 par l&#8217;UNESCO a \u00e9t\u00e9 distribu\u00e9 aux participants. Ce document offre des outils pratiques pour une utilisation responsable des technologies de communication, tout en respectant l&#8217;\u00e9thique professionnelle, les valeurs soci\u00e9tales et les enseignements religieux.<\/p>\n<p style=\"text-align: justify;\">De son c\u00f4t\u00e9, M. Modi N&#8217;Diaye, pr\u00e9sident du Forum de la soci\u00e9t\u00e9 civile de l&#8217;Adrar, a soulign\u00e9 l&#8217;importance de cette initiative, tout en appelant \u00e0 une plus grande inclusion des femmes dans tous les aspects de la vie sociale et professionnelle.<\/p>\n<p style=\"text-align: justify;\">Ce premier atelier du genre dans la r\u00e9gion d&#8217;Atar constitue une \u00e9tape significative dans la promotion des pratiques m\u00e9diatiques responsables et l&#8217;am\u00e9lioration des capacit\u00e9s locales. Il ouvre la voie \u00e0 une meilleure compr\u00e9hension des enjeux li\u00e9s aux m\u00e9dias num\u00e9riques, tout en consolidant les bases d&#8217;une \u00e9thique journalistique et respectueuse des droits et valeurs de la soci\u00e9t\u00e9.<\/p>\n","protected":false},"author":35394,"featured_media":34624,"comment_status":"closed","ping_status":"closed","template":"","categories":[256,231],"country":[248],"class_list":["post-34629","country-highlights","type-country-highlights","status-publish","has-post-thumbnail","hentry","category-media-development-fr","category-digital-rights-fr","country-mauritanie"],"yoast_head":"<!-- This site is optimized with the Yoast SEO plugin v27.5 - https:\/\/yoast.com\/product\/yoast-seo-wordpress\/ -->\n<title>Mauritanie: Nouvelle impulsion aux m\u00e9dias num\u00e9riques et \u00e0 la libert\u00e9 d&#039;expression en ligne<\/title>\n<meta name=\"description\" content=\"Le 2 janvier, 2025 a\u00a0\u00e9t\u00e9 lanc\u00e9\u00a0dans la ville d&#039;Atar un atelier de sensibilisation sur les m\u00e9dias num\u00e9riques et les r\u00e9seaux sociaux dans un nouvel \u00e9lan de promouvoir les m\u00e9dias num\u00e9riques, particuli\u00e8rement chez les femmes, et consolider la libert\u00e9 d&#039;expression en Mauritanie.\" \/>\n<meta name=\"robots\" content=\"index, follow, max-snippet:-1, max-image-preview:large, max-video-preview:-1\" \/>\n<link rel=\"canonical\" href=\"https:\/\/mfwa.org\/fr\/country-highlights\/mauritanie-nouvelle-impulsion-aux-medias-numeriques-et-a-la-liberte-dexpression-en-ligne\/\" \/>\n<meta property=\"og:locale\" content=\"fr_FR\" \/>\n<meta property=\"og:type\" content=\"article\" \/>\n<meta property=\"og:title\" content=\"Mauritanie: Nouvelle impulsion aux m\u00e9dias num\u00e9riques et \u00e0 la libert\u00e9 d&#039;expression en ligne\" \/>\n<meta property=\"og:description\" content=\"Le 2 janvier, 2025 a\u00a0\u00e9t\u00e9 lanc\u00e9\u00a0dans la ville d&#039;Atar un atelier de sensibilisation sur les m\u00e9dias num\u00e9riques et les r\u00e9seaux sociaux dans un nouvel \u00e9lan de promouvoir les m\u00e9dias num\u00e9riques, particuli\u00e8rement chez les femmes, et consolider la libert\u00e9 d&#039;expression en Mauritanie.\" \/>\n<meta property=\"og:url\" content=\"https:\/\/mfwa.org\/fr\/country-highlights\/mauritanie-nouvelle-impulsion-aux-medias-numeriques-et-a-la-liberte-dexpression-en-ligne\/\" \/>\n<meta property=\"og:site_name\" content=\"Media Foundation For West Africa\" \/>\n<meta property=\"article:publisher\" content=\"https:\/\/www.facebook.com\/themfwa\" \/>\n<meta property=\"article:modified_time\" content=\"2025-02-10T16:15:51+00:00\" \/>\n<meta property=\"og:image\" content=\"https:\/\/mfwa.org\/wp-content\/uploads\/2025\/02\/Mauritania-conference.jpg\" \/>\n\t<meta property=\"og:image:width\" content=\"498\" \/>\n\t<meta property=\"og:image:height\" content=\"368\" \/>\n\t<meta property=\"og:image:type\" content=\"image\/jpeg\" \/>\n<meta name=\"twitter:card\" content=\"summary_large_image\" \/>\n<meta name=\"twitter:site\" content=\"@TheMFWA\" \/>\n<meta name=\"twitter:label1\" content=\"Est. reading time\" \/>\n\t<meta name=\"twitter:data1\" content=\"2 minutes\" \/>\n<script type=\"application\/ld+json\" class=\"yoast-schema-graph\">{\"@context\":\"https:\\\/\\\/schema.org\",\"@graph\":[{\"@type\":\"WebPage\",\"@id\":\"https:\\\/\\\/mfwa.org\\\/fr\\\/country-highlights\\\/mauritanie-nouvelle-impulsion-aux-medias-numeriques-et-a-la-liberte-dexpression-en-ligne\\\/\",\"url\":\"https:\\\/\\\/mfwa.org\\\/fr\\\/country-highlights\\\/mauritanie-nouvelle-impulsion-aux-medias-numeriques-et-a-la-liberte-dexpression-en-ligne\\\/\",\"name\":\"Mauritanie: Nouvelle impulsion aux m\u00e9dias num\u00e9riques et \u00e0 la libert\u00e9 d'expression en ligne\",\"isPartOf\":{\"@id\":\"https:\\\/\\\/mfwa.org\\\/#website\"},\"primaryImageOfPage\":{\"@id\":\"https:\\\/\\\/mfwa.org\\\/fr\\\/country-highlights\\\/mauritanie-nouvelle-impulsion-aux-medias-numeriques-et-a-la-liberte-dexpression-en-ligne\\\/#primaryimage\"},\"image\":{\"@id\":\"https:\\\/\\\/mfwa.org\\\/fr\\\/country-highlights\\\/mauritanie-nouvelle-impulsion-aux-medias-numeriques-et-a-la-liberte-dexpression-en-ligne\\\/#primaryimage\"},\"thumbnailUrl\":\"https:\\\/\\\/mfwa.org\\\/wp-content\\\/uploads\\\/2025\\\/02\\\/Mauritania-conference.jpg\",\"datePublished\":\"2025-02-10T16:06:02+00:00\",\"dateModified\":\"2025-02-10T16:15:51+00:00\",\"description\":\"Le 2 janvier, 2025 a\u00a0\u00e9t\u00e9 lanc\u00e9\u00a0dans la ville d'Atar un atelier de sensibilisation sur les m\u00e9dias num\u00e9riques et les r\u00e9seaux sociaux dans un nouvel \u00e9lan de promouvoir les m\u00e9dias num\u00e9riques, particuli\u00e8rement chez les femmes, et consolider la libert\u00e9 d'expression en Mauritanie.\",\"breadcrumb\":{\"@id\":\"https:\\\/\\\/mfwa.org\\\/fr\\\/country-highlights\\\/mauritanie-nouvelle-impulsion-aux-medias-numeriques-et-a-la-liberte-dexpression-en-ligne\\\/#breadcrumb\"},\"inLanguage\":\"fr-FR\",\"potentialAction\":[{\"@type\":\"ReadAction\",\"target\":[\"https:\\\/\\\/mfwa.org\\\/fr\\\/country-highlights\\\/mauritanie-nouvelle-impulsion-aux-medias-numeriques-et-a-la-liberte-dexpression-en-ligne\\\/\"]}]},{\"@type\":\"ImageObject\",\"inLanguage\":\"fr-FR\",\"@id\":\"https:\\\/\\\/mfwa.org\\\/fr\\\/country-highlights\\\/mauritanie-nouvelle-impulsion-aux-medias-numeriques-et-a-la-liberte-dexpression-en-ligne\\\/#primaryimage\",\"url\":\"https:\\\/\\\/mfwa.org\\\/wp-content\\\/uploads\\\/2025\\\/02\\\/Mauritania-conference.jpg\",\"contentUrl\":\"https:\\\/\\\/mfwa.org\\\/wp-content\\\/uploads\\\/2025\\\/02\\\/Mauritania-conference.jpg\",\"width\":498,\"height\":368,\"caption\":\"Participants \u00e0 l'atelier de sensibilisation sur les m\u00e9dias num\u00e9riques et les r\u00e9seaux sociaux| Source: Mauriweb\"},{\"@type\":\"BreadcrumbList\",\"@id\":\"https:\\\/\\\/mfwa.org\\\/fr\\\/country-highlights\\\/mauritanie-nouvelle-impulsion-aux-medias-numeriques-et-a-la-liberte-dexpression-en-ligne\\\/#breadcrumb\",\"itemListElement\":[{\"@type\":\"ListItem\",\"position\":1,\"name\":\"Home\",\"item\":\"https:\\\/\\\/mfwa.org\\\/fr\\\/\"},{\"@type\":\"ListItem\",\"position\":2,\"name\":\"Country Highlights\",\"item\":\"https:\\\/\\\/mfwa.org\\\/country-highlights\\\/\"},{\"@type\":\"ListItem\",\"position\":3,\"name\":\"Mauritanie: Nouvelle impulsion aux m\u00e9dias num\u00e9riques et \u00e0 la libert\u00e9 d&#8217;expression en ligne\"}]},{\"@type\":\"WebSite\",\"@id\":\"https:\\\/\\\/mfwa.org\\\/#website\",\"url\":\"https:\\\/\\\/mfwa.org\\\/\",\"name\":\"Media Foundation For West Africa\",\"description\":\"Promoting Freedom of Expression and Democracy in West Africa\",\"publisher\":{\"@id\":\"https:\\\/\\\/mfwa.org\\\/#organization\"},\"potentialAction\":[{\"@type\":\"SearchAction\",\"target\":{\"@type\":\"EntryPoint\",\"urlTemplate\":\"https:\\\/\\\/mfwa.org\\\/?s={search_term_string}\"},\"query-input\":{\"@type\":\"PropertyValueSpecification\",\"valueRequired\":true,\"valueName\":\"search_term_string\"}}],\"inLanguage\":\"fr-FR\"},{\"@type\":\"Organization\",\"@id\":\"https:\\\/\\\/mfwa.org\\\/#organization\",\"name\":\"Media Foundation for West Africa\",\"url\":\"https:\\\/\\\/mfwa.org\\\/\",\"logo\":{\"@type\":\"ImageObject\",\"inLanguage\":\"fr-FR\",\"@id\":\"https:\\\/\\\/mfwa.org\\\/#\\\/schema\\\/logo\\\/image\\\/\",\"url\":\"https:\\\/\\\/www.mfwa.org\\\/wp-content\\\/uploads\\\/2016\\\/06\\\/MFWA-LOGO.png\",\"contentUrl\":\"https:\\\/\\\/www.mfwa.org\\\/wp-content\\\/uploads\\\/2016\\\/06\\\/MFWA-LOGO.png\",\"width\":180,\"height\":180,\"caption\":\"Media Foundation for West Africa\"},\"image\":{\"@id\":\"https:\\\/\\\/mfwa.org\\\/#\\\/schema\\\/logo\\\/image\\\/\"},\"sameAs\":[\"https:\\\/\\\/www.facebook.com\\\/themfwa\",\"https:\\\/\\\/x.com\\\/TheMFWA\",\"https:\\\/\\\/www.youtube.com\\\/channel\\\/UCF6HrPuXcV1K1Ed8AAq4Rdw\"]}]}<\/script>\n<!-- \/ Yoast SEO plugin. -->","yoast_head_json":{"title":"Mauritanie: Nouvelle impulsion aux m\u00e9dias num\u00e9riques et \u00e0 la libert\u00e9 d'expression en ligne","description":"Le 2 janvier, 2025 a\u00a0\u00e9t\u00e9 lanc\u00e9\u00a0dans la ville d'Atar un atelier de sensibilisation sur les m\u00e9dias num\u00e9riques et les r\u00e9seaux sociaux dans un nouvel \u00e9lan de promouvoir les m\u00e9dias num\u00e9riques, particuli\u00e8rement chez les femmes, et consolider la libert\u00e9 d'expression en Mauritanie.","robots":{"index":"index","follow":"follow","max-snippet":"max-snippet:-1","max-image-preview":"max-image-preview:large","max-video-preview":"max-video-preview:-1"},"canonical":"https:\/\/mfwa.org\/fr\/country-highlights\/mauritanie-nouvelle-impulsion-aux-medias-numeriques-et-a-la-liberte-dexpression-en-ligne\/","og_locale":"fr_FR","og_type":"article","og_title":"Mauritanie: Nouvelle impulsion aux m\u00e9dias num\u00e9riques et \u00e0 la libert\u00e9 d'expression en ligne","og_description":"Le 2 janvier, 2025 a\u00a0\u00e9t\u00e9 lanc\u00e9\u00a0dans la ville d'Atar un atelier de sensibilisation sur les m\u00e9dias num\u00e9riques et les r\u00e9seaux sociaux dans un nouvel \u00e9lan de promouvoir les m\u00e9dias num\u00e9riques, particuli\u00e8rement chez les femmes, et consolider la libert\u00e9 d'expression en Mauritanie.","og_url":"https:\/\/mfwa.org\/fr\/country-highlights\/mauritanie-nouvelle-impulsion-aux-medias-numeriques-et-a-la-liberte-dexpression-en-ligne\/","og_site_name":"Media Foundation For West Africa","article_publisher":"https:\/\/www.facebook.com\/themfwa","article_modified_time":"2025-02-10T16:15:51+00:00","og_image":[{"width":498,"height":368,"url":"https:\/\/mfwa.org\/wp-content\/uploads\/2025\/02\/Mauritania-conference.jpg","type":"image\/jpeg"}],"twitter_card":"summary_large_image","twitter_site":"@TheMFWA","twitter_misc":{"Est. reading time":"2 minutes"},"schema":{"@context":"https:\/\/schema.org","@graph":[{"@type":"WebPage","@id":"https:\/\/mfwa.org\/fr\/country-highlights\/mauritanie-nouvelle-impulsion-aux-medias-numeriques-et-a-la-liberte-dexpression-en-ligne\/","url":"https:\/\/mfwa.org\/fr\/country-highlights\/mauritanie-nouvelle-impulsion-aux-medias-numeriques-et-a-la-liberte-dexpression-en-ligne\/","name":"Mauritanie: Nouvelle impulsion aux m\u00e9dias num\u00e9riques et \u00e0 la libert\u00e9 d'expression en ligne","isPartOf":{"@id":"https:\/\/mfwa.org\/#website"},"primaryImageOfPage":{"@id":"https:\/\/mfwa.org\/fr\/country-highlights\/mauritanie-nouvelle-impulsion-aux-medias-numeriques-et-a-la-liberte-dexpression-en-ligne\/#primaryimage"},"image":{"@id":"https:\/\/mfwa.org\/fr\/country-highlights\/mauritanie-nouvelle-impulsion-aux-medias-numeriques-et-a-la-liberte-dexpression-en-ligne\/#primaryimage"},"thumbnailUrl":"https:\/\/mfwa.org\/wp-content\/uploads\/2025\/02\/Mauritania-conference.jpg","datePublished":"2025-02-10T16:06:02+00:00","dateModified":"2025-02-10T16:15:51+00:00","description":"Le 2 janvier, 2025 a\u00a0\u00e9t\u00e9 lanc\u00e9\u00a0dans la ville d'Atar un atelier de sensibilisation sur les m\u00e9dias num\u00e9riques et les r\u00e9seaux sociaux dans un nouvel \u00e9lan de promouvoir les m\u00e9dias num\u00e9riques, particuli\u00e8rement chez les femmes, et consolider la libert\u00e9 d'expression en Mauritanie.","breadcrumb":{"@id":"https:\/\/mfwa.org\/fr\/country-highlights\/mauritanie-nouvelle-impulsion-aux-medias-numeriques-et-a-la-liberte-dexpression-en-ligne\/#breadcrumb"},"inLanguage":"fr-FR","potentialAction":[{"@type":"ReadAction","target":["https:\/\/mfwa.org\/fr\/country-highlights\/mauritanie-nouvelle-impulsion-aux-medias-numeriques-et-a-la-liberte-dexpression-en-ligne\/"]}]},{"@type":"ImageObject","inLanguage":"fr-FR","@id":"https:\/\/mfwa.org\/fr\/country-highlights\/mauritanie-nouvelle-impulsion-aux-medias-numeriques-et-a-la-liberte-dexpression-en-ligne\/#primaryimage","url":"https:\/\/mfwa.org\/wp-content\/uploads\/2025\/02\/Mauritania-conference.jpg","contentUrl":"https:\/\/mfwa.org\/wp-content\/uploads\/2025\/02\/Mauritania-conference.jpg","width":498,"height":368,"caption":"Participants \u00e0 l'atelier de sensibilisation sur les m\u00e9dias num\u00e9riques et les r\u00e9seaux sociaux| Source: Mauriweb"},{"@type":"BreadcrumbList","@id":"https:\/\/mfwa.org\/fr\/country-highlights\/mauritanie-nouvelle-impulsion-aux-medias-numeriques-et-a-la-liberte-dexpression-en-ligne\/#breadcrumb","itemListElement":[{"@type":"ListItem","position":1,"name":"Home","item":"https:\/\/mfwa.org\/fr\/"},{"@type":"ListItem","position":2,"name":"Country Highlights","item":"https:\/\/mfwa.org\/country-highlights\/"},{"@type":"ListItem","position":3,"name":"Mauritanie: Nouvelle impulsion aux m\u00e9dias num\u00e9riques et \u00e0 la libert\u00e9 d&#8217;expression en ligne"}]},{"@type":"WebSite","@id":"https:\/\/mfwa.org\/#website","url":"https:\/\/mfwa.org\/","name":"Media Foundation For West Africa","description":"Promoting Freedom of Expression and Democracy in West Africa","publisher":{"@id":"https:\/\/mfwa.org\/#organization"},"potentialAction":[{"@type":"SearchAction","target":{"@type":"EntryPoint","urlTemplate":"https:\/\/mfwa.org\/?s={search_term_string}"},"query-input":{"@type":"PropertyValueSpecification","valueRequired":true,"valueName":"search_term_string"}}],"inLanguage":"fr-FR"},{"@type":"Organization","@id":"https:\/\/mfwa.org\/#organization","name":"Media Foundation for West Africa","url":"https:\/\/mfwa.org\/","logo":{"@type":"ImageObject","inLanguage":"fr-FR","@id":"https:\/\/mfwa.org\/#\/schema\/logo\/image\/","url":"https:\/\/www.mfwa.org\/wp-content\/uploads\/2016\/06\/MFWA-LOGO.png","contentUrl":"https:\/\/www.mfwa.org\/wp-content\/uploads\/2016\/06\/MFWA-LOGO.png","width":180,"height":180,"caption":"Media Foundation for West Africa"},"image":{"@id":"https:\/\/mfwa.org\/#\/schema\/logo\/image\/"},"sameAs":["https:\/\/www.facebook.com\/themfwa","https:\/\/x.com\/TheMFWA","https:\/\/www.youtube.com\/channel\/UCF6HrPuXcV1K1Ed8AAq4Rdw"]}]}},"_links":{"self":[{"href":"https:\/\/mfwa.org\/fr\/wp-json\/wp\/v2\/country-highlights\/34629","targetHints":{"allow":["GET"]}}],"collection":[{"href":"https:\/\/mfwa.org\/fr\/wp-json\/wp\/v2\/country-highlights"}],"about":[{"href":"https:\/\/mfwa.org\/fr\/wp-json\/wp\/v2\/types\/country-highlights"}],"author":[{"embeddable":true,"href":"https:\/\/mfwa.org\/fr\/wp-json\/wp\/v2\/users\/35394"}],"replies":[{"embeddable":true,"href":"https:\/\/mfwa.org\/fr\/wp-json\/wp\/v2\/comments?post=34629"}],"wp:featuredmedia":[{"embeddable":true,"href":"https:\/\/mfwa.org\/fr\/wp-json\/wp\/v2\/media\/34624"}],"wp:attachment":[{"href":"https:\/\/mfwa.org\/fr\/wp-json\/wp\/v2\/media?parent=34629"}],"wp:term":[{"taxonomy":"category","embeddable":true,"href":"https:\/\/mfwa.org\/fr\/wp-json\/wp\/v2\/categories?post=34629"},{"taxonomy":"country","embeddable":true,"href":"https:\/\/mfwa.org\/fr\/wp-json\/wp\/v2\/country?post=34629"}],"curies":[{"name":"wp","href":"https:\/\/api.w.org\/{rel}","templated":true}]}}