{"id":28631,"date":"2023-07-21T14:34:21","date_gmt":"2023-07-21T14:34:21","guid":{"rendered":"https:\/\/www.mfwa.org\/?post_type=country-highlights&#038;p=28631"},"modified":"2023-07-21T14:36:05","modified_gmt":"2023-07-21T14:36:05","slug":"les-autorites-ghaneennes-continuent-de-harceler-le-journaliste-noah-dameh","status":"publish","type":"country-highlights","link":"https:\/\/mfwa.org\/fr\/country-highlights\/les-autorites-ghaneennes-continuent-de-harceler-le-journaliste-noah-dameh\/","title":{"rendered":"Les autorit\u00e9s ghan\u00e9ennes continuent de harceler le journaliste Noah Dameh"},"content":{"rendered":"<p style=\"text-align: justify;\">Un rebondissement \u00e9trange s\u2019est produit dans le proc\u00e8s en cours d\u2019un journaliste ghan\u00e9en, Noah Narh Dameh, le lundi 3 juillet 2023, lorsque le tribunal dans lequel il comparait depuis Mars 2023 l\u2019a accus\u00e9 d&#8217;usurpation d&#8217;identit\u00e9.<\/p>\n<p style=\"text-align: justify;\">La juge qui pr\u00e9side le tribunal de premi\u00e8re instance de Tema, Benedicta Antwi, a menac\u00e9 de d\u00e9livrer un mandat d&#8217;arr\u00eat contre Dameh apr\u00e8s ne pas l&#8217;avoir reconnu lorsqu&#8217;il a enlev\u00e9 son cache-nez. Cette d\u00e9cision fait suite \u00e0 l&#8217;affirmation du plaignant, Bernard Korley, selon laquelle quelqu&#8217;un d&#8217;autre, et non Noah Dameh, qui s&#8217;est pr\u00e9sent\u00e9 au tribunal portant un cache-nez, usurpait l&#8217;identit\u00e9 du journaliste. Pour des raisons inconnues, les greffiers et la police qui connaissaient le journaliste n\u2019ont pas confirm\u00e9 son identit\u00e9 au juge.<\/p>\n<p style=\"text-align: justify;\">Dameh, encercl\u00e9 par des policiers, se retrouve ainsi \u00e0 devoir prouver son identit\u00e9 \u00e0 la cour. Le journaliste a pu expliquer qu&#8217;il avait \u00e9t\u00e9 plac\u00e9 en d\u00e9tention provisoire quelques semaines auparavant par la m\u00eame juge dans le m\u00eame tribunal, et a mentionn\u00e9 les noms de ses avocats et de la salle d\u2019audience.<\/p>\n<p style=\"text-align: justify;\">Il a fallu l\u2019intervention d\u2019un officier de la police judiciaire, l&#8217;inspecteur Derick Debrah, qui est arriv\u00e9 quelques heures plus tard pour v\u00e9rifier l&#8217;identit\u00e9 de Noah. Son intervention a incit\u00e9 le plaignant, qui avait accus\u00e9 le journaliste d&#8217;usurpation d&#8217;identit\u00e9, \u00e0 reconna\u00eetre son authenticit\u00e9. Dameh, qui est le coordinateur adjoint de la station Radio Ada, doit compara\u00eetre \u00e0 nouveau devant le tribunal le 31 juillet 2023.<\/p>\n<p style=\"text-align: justify;\">Contact\u00e9 par la Fondation des m\u00e9dias pour l&#8217;Afrique de l&#8217;Ouest (MFWA), Noah a fait part de son \u00e9tonnement face aux all\u00e9gations des plaignants, de la juge et des greffiers, qui ont affirm\u00e9 qu&#8217;il n&#8217;\u00e9tait pas la personne qu&#8217;il pr\u00e9tendait \u00eatre.<\/p>\n<p style=\"text-align: justify;\">\u00ab\u00a0J&#8217;ai \u00e9t\u00e9 surpris. Je n&#8217;ai m\u00eame pas \u00e9t\u00e9 autoris\u00e9 \u00e0 m&#8217;exprimer ni \u00e0 d\u00e9cliner mon identit\u00e9. Qu&#8217;arriverait-il si l&#8217;enqu\u00eateur qui est venu plus tard pr\u00e9tendait lui aussi que je n&#8217;\u00e9tais pas Noah Dameh ?\u00a0\u00bb, s&#8217;est-il interrog\u00e9.<\/p>\n<p style=\"text-align: justify;\">Le journaliste s&#8217;attendait \u00e0 ce que le juge demande des \u00e9l\u00e9ments de preuve pour confirmer son identit\u00e9. Malheureusement, il n&#8217;a pas eu l&#8217;opportunit\u00e9 de s&#8217;exprimer ou de pr\u00e9senter sa pi\u00e8ce d&#8217;identit\u00e9.<\/p>\n<p style=\"text-align: justify;\">Cet incident fait suite \u00e0 une pr\u00e9c\u00e9dente mise en d\u00e9tention provisoire du journaliste pour publication de fausses informations en mars 2023 par le tribunal de Tema. Les chefs d&#8217;accusation proviennent d&#8217;une plainte pour diffamation d\u00e9pos\u00e9e par ElectroChem Ghana Limited (EGL), une soci\u00e9t\u00e9 d&#8217;extraction de sel bas\u00e9e \u00e0 Ada. La plainte a fait suite \u00e0 une publication sur Facebook dans laquelle le journaliste all\u00e9guait des abus commis par des officier de police \u00e0 l&#8217;encontre d&#8217;un certain Benjamin Anim sur instigation pr\u00e9sum\u00e9e du propri\u00e9taire d&#8217;EGL, Daniel Mckorley.<\/p>\n<p style=\"text-align: justify;\">Bien que l&#8217;affaire ait \u00e9t\u00e9 class\u00e9e en d\u00e9cembre 2022, Dameh a \u00e9t\u00e9 de nouveau arr\u00eat\u00e9 pour publication de fausses informations et a \u00e9t\u00e9 plac\u00e9 en d\u00e9tention provisoire le 30 mars 2023. Le 5 avril 2023, la Media Foundation for West Africa (MFWA) a <a href=\"https:\/\/www.mfwa.org\/mfwa-petitions-ghanas-attorney-general-over-detained-journalist-noah-dameh\/\">demand\u00e9<\/a> l&#8217;intervention du procureur g\u00e9n\u00e9ral du Ghana pour mettre fin aux poursuites contre le journaliste.<\/p>\n<p style=\"text-align: justify;\">La MFWA r\u00e9it\u00e8re son appel aux autorit\u00e9s de mettre fin \u00e0 la pers\u00e9cution de Noah Dameh pour avoir d\u00e9nonc\u00e9 les violations des droits de l&#8217;homme. Nous continuons \u00e0 suivre la situation de pr\u00e8s, afin de souligner le besoin d&#8217;\u00e9quit\u00e9.<\/p>\n","protected":false},"author":6,"featured_media":28629,"comment_status":"closed","ping_status":"closed","template":"","categories":[311],"country":[243],"class_list":["post-28631","country-highlights","type-country-highlights","status-publish","has-post-thumbnail","hentry","category-securite-des-journalistes","country-ghana-fr"],"yoast_head":"<!-- This site is optimized with the Yoast SEO plugin v27.5 - https:\/\/yoast.com\/product\/yoast-seo-wordpress\/ -->\n<title>Les autorit\u00e9s ghan\u00e9ennes continuent de harceler le journaliste Noah Dameh<\/title>\n<meta name=\"description\" content=\"Un rebondissement \u00e9trange s\u2019est produit dans le proc\u00e8s en cours d\u2019un journaliste ghan\u00e9en, Noah Narh Dameh, le lundi 3 juillet 2023, lorsque le tribunal dans lequel il comparait depuis Mars 2023 l\u2019a accus\u00e9 d&#039;usurpation d&#039;identit\u00e9.\" \/>\n<meta name=\"robots\" content=\"index, follow, max-snippet:-1, max-image-preview:large, max-video-preview:-1\" \/>\n<link rel=\"canonical\" href=\"https:\/\/mfwa.org\/fr\/country-highlights\/les-autorites-ghaneennes-continuent-de-harceler-le-journaliste-noah-dameh\/\" \/>\n<meta property=\"og:locale\" content=\"fr_FR\" \/>\n<meta property=\"og:type\" content=\"article\" \/>\n<meta property=\"og:title\" content=\"Les autorit\u00e9s ghan\u00e9ennes continuent de harceler le journaliste Noah Dameh\" \/>\n<meta property=\"og:description\" content=\"Un rebondissement \u00e9trange s\u2019est produit dans le proc\u00e8s en cours d\u2019un journaliste ghan\u00e9en, Noah Narh Dameh, le lundi 3 juillet 2023, lorsque le tribunal dans lequel il comparait depuis Mars 2023 l\u2019a accus\u00e9 d&#039;usurpation d&#039;identit\u00e9.\" \/>\n<meta property=\"og:url\" content=\"https:\/\/mfwa.org\/fr\/country-highlights\/les-autorites-ghaneennes-continuent-de-harceler-le-journaliste-noah-dameh\/\" \/>\n<meta property=\"og:site_name\" content=\"Media Foundation For West Africa\" \/>\n<meta property=\"article:publisher\" content=\"https:\/\/www.facebook.com\/themfwa\" \/>\n<meta property=\"article:modified_time\" content=\"2023-07-21T14:36:05+00:00\" \/>\n<meta property=\"og:image\" content=\"https:\/\/mfwa.org\/wp-content\/uploads\/2023\/07\/Noah-Dameh1-scaled.jpg\" \/>\n\t<meta property=\"og:image:width\" content=\"2560\" \/>\n\t<meta property=\"og:image:height\" content=\"2158\" \/>\n\t<meta property=\"og:image:type\" content=\"image\/jpeg\" \/>\n<meta name=\"twitter:card\" content=\"summary_large_image\" \/>\n<meta name=\"twitter:site\" content=\"@TheMFWA\" \/>\n<meta name=\"twitter:label1\" content=\"Est. reading time\" \/>\n\t<meta name=\"twitter:data1\" content=\"3 minutes\" \/>\n<script type=\"application\/ld+json\" class=\"yoast-schema-graph\">{\"@context\":\"https:\\\/\\\/schema.org\",\"@graph\":[{\"@type\":\"WebPage\",\"@id\":\"https:\\\/\\\/mfwa.org\\\/fr\\\/country-highlights\\\/les-autorites-ghaneennes-continuent-de-harceler-le-journaliste-noah-dameh\\\/\",\"url\":\"https:\\\/\\\/mfwa.org\\\/fr\\\/country-highlights\\\/les-autorites-ghaneennes-continuent-de-harceler-le-journaliste-noah-dameh\\\/\",\"name\":\"Les autorit\u00e9s ghan\u00e9ennes continuent de harceler le journaliste Noah Dameh\",\"isPartOf\":{\"@id\":\"https:\\\/\\\/mfwa.org\\\/#website\"},\"primaryImageOfPage\":{\"@id\":\"https:\\\/\\\/mfwa.org\\\/fr\\\/country-highlights\\\/les-autorites-ghaneennes-continuent-de-harceler-le-journaliste-noah-dameh\\\/#primaryimage\"},\"image\":{\"@id\":\"https:\\\/\\\/mfwa.org\\\/fr\\\/country-highlights\\\/les-autorites-ghaneennes-continuent-de-harceler-le-journaliste-noah-dameh\\\/#primaryimage\"},\"thumbnailUrl\":\"https:\\\/\\\/mfwa.org\\\/wp-content\\\/uploads\\\/2023\\\/07\\\/Noah-Dameh1-scaled.jpg\",\"datePublished\":\"2023-07-21T14:34:21+00:00\",\"dateModified\":\"2023-07-21T14:36:05+00:00\",\"description\":\"Un rebondissement \u00e9trange s\u2019est produit dans le proc\u00e8s en cours d\u2019un journaliste ghan\u00e9en, Noah Narh Dameh, le lundi 3 juillet 2023, lorsque le tribunal dans lequel il comparait depuis Mars 2023 l\u2019a accus\u00e9 d'usurpation d'identit\u00e9.\",\"breadcrumb\":{\"@id\":\"https:\\\/\\\/mfwa.org\\\/fr\\\/country-highlights\\\/les-autorites-ghaneennes-continuent-de-harceler-le-journaliste-noah-dameh\\\/#breadcrumb\"},\"inLanguage\":\"fr-FR\",\"potentialAction\":[{\"@type\":\"ReadAction\",\"target\":[\"https:\\\/\\\/mfwa.org\\\/fr\\\/country-highlights\\\/les-autorites-ghaneennes-continuent-de-harceler-le-journaliste-noah-dameh\\\/\"]}]},{\"@type\":\"ImageObject\",\"inLanguage\":\"fr-FR\",\"@id\":\"https:\\\/\\\/mfwa.org\\\/fr\\\/country-highlights\\\/les-autorites-ghaneennes-continuent-de-harceler-le-journaliste-noah-dameh\\\/#primaryimage\",\"url\":\"https:\\\/\\\/mfwa.org\\\/wp-content\\\/uploads\\\/2023\\\/07\\\/Noah-Dameh1-scaled.jpg\",\"contentUrl\":\"https:\\\/\\\/mfwa.org\\\/wp-content\\\/uploads\\\/2023\\\/07\\\/Noah-Dameh1-scaled.jpg\",\"width\":2560,\"height\":2158,\"caption\":\"Noah Dameh, le coordinateur adjoint de la station Radio Ada\"},{\"@type\":\"BreadcrumbList\",\"@id\":\"https:\\\/\\\/mfwa.org\\\/fr\\\/country-highlights\\\/les-autorites-ghaneennes-continuent-de-harceler-le-journaliste-noah-dameh\\\/#breadcrumb\",\"itemListElement\":[{\"@type\":\"ListItem\",\"position\":1,\"name\":\"Home\",\"item\":\"https:\\\/\\\/mfwa.org\\\/fr\\\/\"},{\"@type\":\"ListItem\",\"position\":2,\"name\":\"Country Highlights\",\"item\":\"https:\\\/\\\/mfwa.org\\\/country-highlights\\\/\"},{\"@type\":\"ListItem\",\"position\":3,\"name\":\"Les autorit\u00e9s ghan\u00e9ennes continuent de harceler le journaliste Noah Dameh\"}]},{\"@type\":\"WebSite\",\"@id\":\"https:\\\/\\\/mfwa.org\\\/#website\",\"url\":\"https:\\\/\\\/mfwa.org\\\/\",\"name\":\"Media Foundation For West Africa\",\"description\":\"Promoting Freedom of Expression and Democracy in West Africa\",\"publisher\":{\"@id\":\"https:\\\/\\\/mfwa.org\\\/#organization\"},\"potentialAction\":[{\"@type\":\"SearchAction\",\"target\":{\"@type\":\"EntryPoint\",\"urlTemplate\":\"https:\\\/\\\/mfwa.org\\\/?s={search_term_string}\"},\"query-input\":{\"@type\":\"PropertyValueSpecification\",\"valueRequired\":true,\"valueName\":\"search_term_string\"}}],\"inLanguage\":\"fr-FR\"},{\"@type\":\"Organization\",\"@id\":\"https:\\\/\\\/mfwa.org\\\/#organization\",\"name\":\"Media Foundation for West Africa\",\"url\":\"https:\\\/\\\/mfwa.org\\\/\",\"logo\":{\"@type\":\"ImageObject\",\"inLanguage\":\"fr-FR\",\"@id\":\"https:\\\/\\\/mfwa.org\\\/#\\\/schema\\\/logo\\\/image\\\/\",\"url\":\"https:\\\/\\\/www.mfwa.org\\\/wp-content\\\/uploads\\\/2016\\\/06\\\/MFWA-LOGO.png\",\"contentUrl\":\"https:\\\/\\\/www.mfwa.org\\\/wp-content\\\/uploads\\\/2016\\\/06\\\/MFWA-LOGO.png\",\"width\":180,\"height\":180,\"caption\":\"Media Foundation for West Africa\"},\"image\":{\"@id\":\"https:\\\/\\\/mfwa.org\\\/#\\\/schema\\\/logo\\\/image\\\/\"},\"sameAs\":[\"https:\\\/\\\/www.facebook.com\\\/themfwa\",\"https:\\\/\\\/x.com\\\/TheMFWA\",\"https:\\\/\\\/www.youtube.com\\\/channel\\\/UCF6HrPuXcV1K1Ed8AAq4Rdw\"]}]}<\/script>\n<!-- \/ Yoast SEO plugin. -->","yoast_head_json":{"title":"Les autorit\u00e9s ghan\u00e9ennes continuent de harceler le journaliste Noah Dameh","description":"Un rebondissement \u00e9trange s\u2019est produit dans le proc\u00e8s en cours d\u2019un journaliste ghan\u00e9en, Noah Narh Dameh, le lundi 3 juillet 2023, lorsque le tribunal dans lequel il comparait depuis Mars 2023 l\u2019a accus\u00e9 d'usurpation d'identit\u00e9.","robots":{"index":"index","follow":"follow","max-snippet":"max-snippet:-1","max-image-preview":"max-image-preview:large","max-video-preview":"max-video-preview:-1"},"canonical":"https:\/\/mfwa.org\/fr\/country-highlights\/les-autorites-ghaneennes-continuent-de-harceler-le-journaliste-noah-dameh\/","og_locale":"fr_FR","og_type":"article","og_title":"Les autorit\u00e9s ghan\u00e9ennes continuent de harceler le journaliste Noah Dameh","og_description":"Un rebondissement \u00e9trange s\u2019est produit dans le proc\u00e8s en cours d\u2019un journaliste ghan\u00e9en, Noah Narh Dameh, le lundi 3 juillet 2023, lorsque le tribunal dans lequel il comparait depuis Mars 2023 l\u2019a accus\u00e9 d'usurpation d'identit\u00e9.","og_url":"https:\/\/mfwa.org\/fr\/country-highlights\/les-autorites-ghaneennes-continuent-de-harceler-le-journaliste-noah-dameh\/","og_site_name":"Media Foundation For West Africa","article_publisher":"https:\/\/www.facebook.com\/themfwa","article_modified_time":"2023-07-21T14:36:05+00:00","og_image":[{"width":2560,"height":2158,"url":"https:\/\/mfwa.org\/wp-content\/uploads\/2023\/07\/Noah-Dameh1-scaled.jpg","type":"image\/jpeg"}],"twitter_card":"summary_large_image","twitter_site":"@TheMFWA","twitter_misc":{"Est. reading time":"3 minutes"},"schema":{"@context":"https:\/\/schema.org","@graph":[{"@type":"WebPage","@id":"https:\/\/mfwa.org\/fr\/country-highlights\/les-autorites-ghaneennes-continuent-de-harceler-le-journaliste-noah-dameh\/","url":"https:\/\/mfwa.org\/fr\/country-highlights\/les-autorites-ghaneennes-continuent-de-harceler-le-journaliste-noah-dameh\/","name":"Les autorit\u00e9s ghan\u00e9ennes continuent de harceler le journaliste Noah Dameh","isPartOf":{"@id":"https:\/\/mfwa.org\/#website"},"primaryImageOfPage":{"@id":"https:\/\/mfwa.org\/fr\/country-highlights\/les-autorites-ghaneennes-continuent-de-harceler-le-journaliste-noah-dameh\/#primaryimage"},"image":{"@id":"https:\/\/mfwa.org\/fr\/country-highlights\/les-autorites-ghaneennes-continuent-de-harceler-le-journaliste-noah-dameh\/#primaryimage"},"thumbnailUrl":"https:\/\/mfwa.org\/wp-content\/uploads\/2023\/07\/Noah-Dameh1-scaled.jpg","datePublished":"2023-07-21T14:34:21+00:00","dateModified":"2023-07-21T14:36:05+00:00","description":"Un rebondissement \u00e9trange s\u2019est produit dans le proc\u00e8s en cours d\u2019un journaliste ghan\u00e9en, Noah Narh Dameh, le lundi 3 juillet 2023, lorsque le tribunal dans lequel il comparait depuis Mars 2023 l\u2019a accus\u00e9 d'usurpation d'identit\u00e9.","breadcrumb":{"@id":"https:\/\/mfwa.org\/fr\/country-highlights\/les-autorites-ghaneennes-continuent-de-harceler-le-journaliste-noah-dameh\/#breadcrumb"},"inLanguage":"fr-FR","potentialAction":[{"@type":"ReadAction","target":["https:\/\/mfwa.org\/fr\/country-highlights\/les-autorites-ghaneennes-continuent-de-harceler-le-journaliste-noah-dameh\/"]}]},{"@type":"ImageObject","inLanguage":"fr-FR","@id":"https:\/\/mfwa.org\/fr\/country-highlights\/les-autorites-ghaneennes-continuent-de-harceler-le-journaliste-noah-dameh\/#primaryimage","url":"https:\/\/mfwa.org\/wp-content\/uploads\/2023\/07\/Noah-Dameh1-scaled.jpg","contentUrl":"https:\/\/mfwa.org\/wp-content\/uploads\/2023\/07\/Noah-Dameh1-scaled.jpg","width":2560,"height":2158,"caption":"Noah Dameh, le coordinateur adjoint de la station Radio Ada"},{"@type":"BreadcrumbList","@id":"https:\/\/mfwa.org\/fr\/country-highlights\/les-autorites-ghaneennes-continuent-de-harceler-le-journaliste-noah-dameh\/#breadcrumb","itemListElement":[{"@type":"ListItem","position":1,"name":"Home","item":"https:\/\/mfwa.org\/fr\/"},{"@type":"ListItem","position":2,"name":"Country Highlights","item":"https:\/\/mfwa.org\/country-highlights\/"},{"@type":"ListItem","position":3,"name":"Les autorit\u00e9s ghan\u00e9ennes continuent de harceler le journaliste Noah Dameh"}]},{"@type":"WebSite","@id":"https:\/\/mfwa.org\/#website","url":"https:\/\/mfwa.org\/","name":"Media Foundation For West Africa","description":"Promoting Freedom of Expression and Democracy in West Africa","publisher":{"@id":"https:\/\/mfwa.org\/#organization"},"potentialAction":[{"@type":"SearchAction","target":{"@type":"EntryPoint","urlTemplate":"https:\/\/mfwa.org\/?s={search_term_string}"},"query-input":{"@type":"PropertyValueSpecification","valueRequired":true,"valueName":"search_term_string"}}],"inLanguage":"fr-FR"},{"@type":"Organization","@id":"https:\/\/mfwa.org\/#organization","name":"Media Foundation for West Africa","url":"https:\/\/mfwa.org\/","logo":{"@type":"ImageObject","inLanguage":"fr-FR","@id":"https:\/\/mfwa.org\/#\/schema\/logo\/image\/","url":"https:\/\/www.mfwa.org\/wp-content\/uploads\/2016\/06\/MFWA-LOGO.png","contentUrl":"https:\/\/www.mfwa.org\/wp-content\/uploads\/2016\/06\/MFWA-LOGO.png","width":180,"height":180,"caption":"Media Foundation for West Africa"},"image":{"@id":"https:\/\/mfwa.org\/#\/schema\/logo\/image\/"},"sameAs":["https:\/\/www.facebook.com\/themfwa","https:\/\/x.com\/TheMFWA","https:\/\/www.youtube.com\/channel\/UCF6HrPuXcV1K1Ed8AAq4Rdw"]}]}},"_links":{"self":[{"href":"https:\/\/mfwa.org\/fr\/wp-json\/wp\/v2\/country-highlights\/28631","targetHints":{"allow":["GET"]}}],"collection":[{"href":"https:\/\/mfwa.org\/fr\/wp-json\/wp\/v2\/country-highlights"}],"about":[{"href":"https:\/\/mfwa.org\/fr\/wp-json\/wp\/v2\/types\/country-highlights"}],"author":[{"embeddable":true,"href":"https:\/\/mfwa.org\/fr\/wp-json\/wp\/v2\/users\/6"}],"replies":[{"embeddable":true,"href":"https:\/\/mfwa.org\/fr\/wp-json\/wp\/v2\/comments?post=28631"}],"wp:featuredmedia":[{"embeddable":true,"href":"https:\/\/mfwa.org\/fr\/wp-json\/wp\/v2\/media\/28629"}],"wp:attachment":[{"href":"https:\/\/mfwa.org\/fr\/wp-json\/wp\/v2\/media?parent=28631"}],"wp:term":[{"taxonomy":"category","embeddable":true,"href":"https:\/\/mfwa.org\/fr\/wp-json\/wp\/v2\/categories?post=28631"},{"taxonomy":"country","embeddable":true,"href":"https:\/\/mfwa.org\/fr\/wp-json\/wp\/v2\/country?post=28631"}],"curies":[{"name":"wp","href":"https:\/\/api.w.org\/{rel}","templated":true}]}}