{"id":28626,"date":"2023-07-11T10:19:24","date_gmt":"2023-07-11T10:19:24","guid":{"rendered":"https:\/\/www.mfwa.org\/?post_type=country-highlights&#038;p=28626"},"modified":"2023-07-21T10:22:28","modified_gmt":"2023-07-21T10:22:28","slug":"un-maire-menace-un-animateur-radio-pour-son-commentaire-publie-sur-facebook","status":"publish","type":"country-highlights","link":"https:\/\/mfwa.org\/fr\/country-highlights\/un-maire-menace-un-animateur-radio-pour-son-commentaire-publie-sur-facebook\/","title":{"rendered":"Un maire menace un animateur radio pour son commentaire publi\u00e9 sur Facebook"},"content":{"rendered":"<p style=\"font-weight: 400; text-align: justify;\">Un pr\u00e9sentateur de Source FM, une radio bas\u00e9e dans la municipalit\u00e9 de Bawku, dans la r\u00e9gion de l&#8217;Upper East au Ghana, a accus\u00e9 le Maire de la municipalit\u00e9, l&#8217;Honorable Hamza Amadu, d&#8217;avoir prof\u00e9r\u00e9 des menaces \u00e0 son encontre.<\/p>\n<p style=\"font-weight: 400; text-align: justify;\">Simon Alega Asimiga, le pr\u00e9sentateur radio, a d\u00e9clar\u00e9 \u00e0 la Fondation des m\u00e9dias pour l&#8217;Afrique de l&#8217;Ouest (MFWA) lors d&#8217;une conversation t\u00e9l\u00e9phonique que le maire l&#8217;a appel\u00e9 par t\u00e9l\u00e9phone, l&#8217;a r\u00e9primand\u00e9 et l&#8217;a menac\u00e9 : \u00ab\u00a0Je vais m&#8217;occuper de vous\u00a0\u00bb.<\/p>\n<p style=\"font-weight: 400; text-align: justify;\">La confrontation t\u00e9l\u00e9phonique faisait suite \u00e0 une publication sur Facebook et \u00e0 un commentaire d&#8217;Asimiga concernant une interview accord\u00e9e par le maire \u00e0 une autre station de radio bas\u00e9e \u00e0 Bawku, Gumah FM. Dans cette interview, qui a \u00e9galement \u00e9t\u00e9 diffus\u00e9e en direct sur Facebook, l&#8217;honorable Amadu aurait affirm\u00e9 \u00eatre le meilleur maire de Bawku de ces derni\u00e8res ann\u00e9es. Dans un bulletin d&#8217;information, puis sur son mur Facebook, M. Asimiga a mis en doute cette affirmation. Il a \u00e9galement accus\u00e9 le maire d&#8217;avoir d\u00e9m\u00e9nag\u00e9 \u00e0 Bolgatanga, la capitale r\u00e9gionale, et d&#8217;avoir \u00e9vit\u00e9 une question sur ce pr\u00e9tendu d\u00e9m\u00e9nagement au cours de l&#8217;interview sur Gumah FM.<\/p>\n<p style=\"font-weight: 400; text-align: justify;\">Agac\u00e9 par les commentaires du journaliste, l&#8217;Honorable Amadu a appel\u00e9 pour r\u00e9primander et menacer le journaliste. Le directeur de Source FM, Kimsa Salam Abdul Latif, a confirm\u00e9 l&#8217;appel de l&#8217;honorable Amadu \u00e0 Asimiga et s&#8217;est dit d\u00e9\u00e7u que le maire n\u2019ait pas jug\u00e9 bon de contacter la direction de la station pour lui faire part de ses plaintes, mais qu&#8217;il ait plut\u00f4t appel\u00e9 le journaliste pour l&#8217;intimider.<\/p>\n<p style=\"font-weight: 400; text-align: justify;\">Contact\u00e9, l&#8217;Honorable Amadu a d\u00e9clar\u00e9 \u00e0 la MFWA lors d&#8217;une conversation t\u00e9l\u00e9phonique qu&#8217;Asimiga avait mal interpr\u00e9t\u00e9 ses propos en affirmant qu&#8217;il pr\u00e9tendait \u00eatre le meilleur maire de Bawku, expliquant qu&#8217;il avait plut\u00f4t dit &#8220;Je veux \u00eatre per\u00e7u comme le meilleur maire de Bawku \u00e0 la fin de mon mandat&#8221;.<\/p>\n<p style=\"font-weight: 400; text-align: justify;\">En ce qui concerne l&#8217;all\u00e9gation d&#8217;Asimiga selon laquelle il aurait d\u00e9m\u00e9nag\u00e9 de Bawku \u00e0 Bolgatanga et face \u00e0 quelle question il se serait esquiv\u00e9 lors de son interview sur Gumah FM, le maire de Bawku a d\u00e9clar\u00e9 que cette question n&#8217;a jamais \u00e9t\u00e9 soulev\u00e9e dans l&#8217;interview.<\/p>\n<p style=\"font-weight: 400; text-align: justify;\">\u00ab\u00a0On ne peut pas dire que j&#8217;ai \u00e9vit\u00e9 une question que mon interlocuteur n&#8217;a pas pos\u00e9e\u00a0\u00bb, a r\u00e9fut\u00e9 l&#8217;Honorable Amadu.<\/p>\n<p style=\"font-weight: 400; text-align: justify;\">Il a toutefois admis avoir appel\u00e9 Asimiga sous le coup de la col\u00e8re pour le confronter au sujet de son reportage et de son post sur Facebook \u00e0 propos de l&#8217;interview sur Gumah FM. Lors de cet appel (dont l&#8217;enregistrement a \u00e9t\u00e9 transmis \u00e0 la MFWA), le maire a reproch\u00e9 au journaliste de le d\u00e9naturer, tout en mena\u00e7ant de &#8220;s&#8217;occuper&#8221; de lui et de le poursuivre en justice ou de le traduire devant la Commission nationale des m\u00e9dias (NMC), l&#8217;autorit\u00e9 de r\u00e9gulation des m\u00e9dias.<\/p>\n<p style=\"font-weight: 400; text-align: justify;\">L&#8217;honorable Amadu a d\u00e9clar\u00e9 \u00e0 la MFWA qu&#8217;il \u00e9tait en col\u00e8re parce que c&#8217;\u00e9tait la quatri\u00e8me fois qu&#8217;Asimiga faisait des commentaires n\u00e9gatifs \u00e0 son sujet. Il a toutefois ni\u00e9 avoir voulu blesser personnellement le journaliste, ajoutant qu&#8217;il avait clairement indiqu\u00e9 qu&#8217;il allait le tra\u00eener devant la NMC ou les tribunaux.<\/p>\n<p style=\"font-weight: 400; text-align: justify;\">Bien que la MFWA reconnaisse le droit de l&#8217;honorable Amadu de r\u00e9futer toute all\u00e9gation d\u00e9favorable port\u00e9e \u00e0 son encontre, il aurait d\u00fb utiliser les voies appropri\u00e9es telles qu&#8217;une r\u00e9plique formelle ou une plainte aupr\u00e8s des employeurs des journalistes ou la saisine de la NMC, comme il l&#8217;a lui-m\u00eame indiqu\u00e9. L&#8217;appel visant \u00e0 intimider les journalistes n&#8217;avait donc pas lieu d&#8217;\u00eatre.<\/p>\n<p style=\"text-align: justify;\"><span style=\"font-weight: 400;\">Nous exhortons les parties \u00e0 rechercher un r\u00e8glement n\u00e9goci\u00e9 de cette question. Par ailleurs, compte tenu de la situation s\u00e9curitaire instable \u00e0 Bawku et de la myriade de d\u00e9fis socio-\u00e9conomiques qui en d\u00e9coulent, nous encourageons les m\u00e9dias de Bawku \u00e0 faire preuve du plus haut niveau de professionnalisme et \u00e0 \u00eatre conscients du contexte dans lequel ils op\u00e8rent.<\/span><\/p>\n","protected":false},"author":12,"featured_media":28543,"comment_status":"closed","ping_status":"closed","template":"","categories":[311],"country":[243],"class_list":["post-28626","country-highlights","type-country-highlights","status-publish","has-post-thumbnail","hentry","category-securite-des-journalistes","country-ghana-fr"],"yoast_head":"<!-- This site is optimized with the Yoast SEO plugin v27.5 - https:\/\/yoast.com\/product\/yoast-seo-wordpress\/ -->\n<title>Un maire menace un animateur radio pour son commentaire publi\u00e9 sur Facebook - Media Foundation For West Africa<\/title>\n<meta name=\"robots\" content=\"index, follow, max-snippet:-1, max-image-preview:large, max-video-preview:-1\" \/>\n<link rel=\"canonical\" href=\"https:\/\/mfwa.org\/country-highlights\/mayor-threatens-radio-presenter\/\" \/>\n<meta property=\"og:locale\" content=\"fr_FR\" \/>\n<meta property=\"og:type\" content=\"article\" \/>\n<meta property=\"og:title\" content=\"Un maire menace un animateur radio pour son commentaire publi\u00e9 sur Facebook - Media Foundation For West Africa\" \/>\n<meta property=\"og:description\" content=\"Un pr\u00e9sentateur de Source FM, une radio bas\u00e9e dans la municipalit\u00e9 de Bawku, dans la r\u00e9gion de l&#8217;Upper\" \/>\n<meta property=\"og:url\" content=\"https:\/\/mfwa.org\/country-highlights\/mayor-threatens-radio-presenter\/\" \/>\n<meta property=\"og:site_name\" content=\"Media Foundation For West Africa\" \/>\n<meta property=\"article:publisher\" content=\"https:\/\/www.facebook.com\/themfwa\" \/>\n<meta property=\"article:modified_time\" content=\"2023-07-21T10:22:28+00:00\" \/>\n<meta property=\"og:image\" content=\"https:\/\/mfwa.org\/wp-content\/uploads\/2023\/07\/Screenshot-2023-07-11-at-10.14.31-AM.png\" \/>\n\t<meta property=\"og:image:width\" content=\"816\" \/>\n\t<meta property=\"og:image:height\" content=\"990\" \/>\n\t<meta property=\"og:image:type\" content=\"image\/png\" \/>\n<meta name=\"twitter:card\" content=\"summary_large_image\" \/>\n<meta name=\"twitter:site\" content=\"@TheMFWA\" \/>\n<meta name=\"twitter:label1\" content=\"Est. reading time\" \/>\n\t<meta name=\"twitter:data1\" content=\"3 minutes\" \/>\n<script type=\"application\/ld+json\" class=\"yoast-schema-graph\">{\"@context\":\"https:\\\/\\\/schema.org\",\"@graph\":[{\"@type\":\"WebPage\",\"@id\":\"https:\\\/\\\/mfwa.org\\\/country-highlights\\\/mayor-threatens-radio-presenter\\\/\",\"url\":\"https:\\\/\\\/mfwa.org\\\/country-highlights\\\/mayor-threatens-radio-presenter\\\/\",\"name\":\"Un maire menace un animateur radio pour son commentaire publi\u00e9 sur Facebook - Media Foundation For West Africa\",\"isPartOf\":{\"@id\":\"https:\\\/\\\/mfwa.org\\\/#website\"},\"primaryImageOfPage\":{\"@id\":\"https:\\\/\\\/mfwa.org\\\/country-highlights\\\/mayor-threatens-radio-presenter\\\/#primaryimage\"},\"image\":{\"@id\":\"https:\\\/\\\/mfwa.org\\\/country-highlights\\\/mayor-threatens-radio-presenter\\\/#primaryimage\"},\"thumbnailUrl\":\"https:\\\/\\\/mfwa.org\\\/wp-content\\\/uploads\\\/2023\\\/07\\\/Screenshot-2023-07-11-at-10.14.31-AM.png\",\"datePublished\":\"2023-07-11T10:19:24+00:00\",\"dateModified\":\"2023-07-21T10:22:28+00:00\",\"breadcrumb\":{\"@id\":\"https:\\\/\\\/mfwa.org\\\/country-highlights\\\/mayor-threatens-radio-presenter\\\/#breadcrumb\"},\"inLanguage\":\"fr-FR\",\"potentialAction\":[{\"@type\":\"ReadAction\",\"target\":[\"https:\\\/\\\/mfwa.org\\\/country-highlights\\\/mayor-threatens-radio-presenter\\\/\"]}]},{\"@type\":\"ImageObject\",\"inLanguage\":\"fr-FR\",\"@id\":\"https:\\\/\\\/mfwa.org\\\/country-highlights\\\/mayor-threatens-radio-presenter\\\/#primaryimage\",\"url\":\"https:\\\/\\\/mfwa.org\\\/wp-content\\\/uploads\\\/2023\\\/07\\\/Screenshot-2023-07-11-at-10.14.31-AM.png\",\"contentUrl\":\"https:\\\/\\\/mfwa.org\\\/wp-content\\\/uploads\\\/2023\\\/07\\\/Screenshot-2023-07-11-at-10.14.31-AM.png\",\"width\":816,\"height\":990},{\"@type\":\"BreadcrumbList\",\"@id\":\"https:\\\/\\\/mfwa.org\\\/country-highlights\\\/mayor-threatens-radio-presenter\\\/#breadcrumb\",\"itemListElement\":[{\"@type\":\"ListItem\",\"position\":1,\"name\":\"Home\",\"item\":\"https:\\\/\\\/mfwa.org\\\/fr\\\/\"},{\"@type\":\"ListItem\",\"position\":2,\"name\":\"Country Highlights\",\"item\":\"https:\\\/\\\/mfwa.org\\\/country-highlights\\\/\"},{\"@type\":\"ListItem\",\"position\":3,\"name\":\"Un maire menace un animateur radio pour son commentaire publi\u00e9 sur Facebook\"}]},{\"@type\":\"WebSite\",\"@id\":\"https:\\\/\\\/mfwa.org\\\/#website\",\"url\":\"https:\\\/\\\/mfwa.org\\\/\",\"name\":\"Media Foundation For West Africa\",\"description\":\"Promoting Freedom of Expression and Democracy in West Africa\",\"publisher\":{\"@id\":\"https:\\\/\\\/mfwa.org\\\/#organization\"},\"potentialAction\":[{\"@type\":\"SearchAction\",\"target\":{\"@type\":\"EntryPoint\",\"urlTemplate\":\"https:\\\/\\\/mfwa.org\\\/?s={search_term_string}\"},\"query-input\":{\"@type\":\"PropertyValueSpecification\",\"valueRequired\":true,\"valueName\":\"search_term_string\"}}],\"inLanguage\":\"fr-FR\"},{\"@type\":\"Organization\",\"@id\":\"https:\\\/\\\/mfwa.org\\\/#organization\",\"name\":\"Media Foundation for West Africa\",\"url\":\"https:\\\/\\\/mfwa.org\\\/\",\"logo\":{\"@type\":\"ImageObject\",\"inLanguage\":\"fr-FR\",\"@id\":\"https:\\\/\\\/mfwa.org\\\/#\\\/schema\\\/logo\\\/image\\\/\",\"url\":\"https:\\\/\\\/www.mfwa.org\\\/wp-content\\\/uploads\\\/2016\\\/06\\\/MFWA-LOGO.png\",\"contentUrl\":\"https:\\\/\\\/www.mfwa.org\\\/wp-content\\\/uploads\\\/2016\\\/06\\\/MFWA-LOGO.png\",\"width\":180,\"height\":180,\"caption\":\"Media Foundation for West Africa\"},\"image\":{\"@id\":\"https:\\\/\\\/mfwa.org\\\/#\\\/schema\\\/logo\\\/image\\\/\"},\"sameAs\":[\"https:\\\/\\\/www.facebook.com\\\/themfwa\",\"https:\\\/\\\/x.com\\\/TheMFWA\",\"https:\\\/\\\/www.youtube.com\\\/channel\\\/UCF6HrPuXcV1K1Ed8AAq4Rdw\"]}]}<\/script>\n<!-- \/ Yoast SEO plugin. -->","yoast_head_json":{"title":"Un maire menace un animateur radio pour son commentaire publi\u00e9 sur Facebook - Media Foundation For West Africa","robots":{"index":"index","follow":"follow","max-snippet":"max-snippet:-1","max-image-preview":"max-image-preview:large","max-video-preview":"max-video-preview:-1"},"canonical":"https:\/\/mfwa.org\/country-highlights\/mayor-threatens-radio-presenter\/","og_locale":"fr_FR","og_type":"article","og_title":"Un maire menace un animateur radio pour son commentaire publi\u00e9 sur Facebook - Media Foundation For West Africa","og_description":"Un pr\u00e9sentateur de Source FM, une radio bas\u00e9e dans la municipalit\u00e9 de Bawku, dans la r\u00e9gion de l&#8217;Upper","og_url":"https:\/\/mfwa.org\/country-highlights\/mayor-threatens-radio-presenter\/","og_site_name":"Media Foundation For West Africa","article_publisher":"https:\/\/www.facebook.com\/themfwa","article_modified_time":"2023-07-21T10:22:28+00:00","og_image":[{"width":816,"height":990,"url":"https:\/\/mfwa.org\/wp-content\/uploads\/2023\/07\/Screenshot-2023-07-11-at-10.14.31-AM.png","type":"image\/png"}],"twitter_card":"summary_large_image","twitter_site":"@TheMFWA","twitter_misc":{"Est. reading time":"3 minutes"},"schema":{"@context":"https:\/\/schema.org","@graph":[{"@type":"WebPage","@id":"https:\/\/mfwa.org\/country-highlights\/mayor-threatens-radio-presenter\/","url":"https:\/\/mfwa.org\/country-highlights\/mayor-threatens-radio-presenter\/","name":"Un maire menace un animateur radio pour son commentaire publi\u00e9 sur Facebook - Media Foundation For West Africa","isPartOf":{"@id":"https:\/\/mfwa.org\/#website"},"primaryImageOfPage":{"@id":"https:\/\/mfwa.org\/country-highlights\/mayor-threatens-radio-presenter\/#primaryimage"},"image":{"@id":"https:\/\/mfwa.org\/country-highlights\/mayor-threatens-radio-presenter\/#primaryimage"},"thumbnailUrl":"https:\/\/mfwa.org\/wp-content\/uploads\/2023\/07\/Screenshot-2023-07-11-at-10.14.31-AM.png","datePublished":"2023-07-11T10:19:24+00:00","dateModified":"2023-07-21T10:22:28+00:00","breadcrumb":{"@id":"https:\/\/mfwa.org\/country-highlights\/mayor-threatens-radio-presenter\/#breadcrumb"},"inLanguage":"fr-FR","potentialAction":[{"@type":"ReadAction","target":["https:\/\/mfwa.org\/country-highlights\/mayor-threatens-radio-presenter\/"]}]},{"@type":"ImageObject","inLanguage":"fr-FR","@id":"https:\/\/mfwa.org\/country-highlights\/mayor-threatens-radio-presenter\/#primaryimage","url":"https:\/\/mfwa.org\/wp-content\/uploads\/2023\/07\/Screenshot-2023-07-11-at-10.14.31-AM.png","contentUrl":"https:\/\/mfwa.org\/wp-content\/uploads\/2023\/07\/Screenshot-2023-07-11-at-10.14.31-AM.png","width":816,"height":990},{"@type":"BreadcrumbList","@id":"https:\/\/mfwa.org\/country-highlights\/mayor-threatens-radio-presenter\/#breadcrumb","itemListElement":[{"@type":"ListItem","position":1,"name":"Home","item":"https:\/\/mfwa.org\/fr\/"},{"@type":"ListItem","position":2,"name":"Country Highlights","item":"https:\/\/mfwa.org\/country-highlights\/"},{"@type":"ListItem","position":3,"name":"Un maire menace un animateur radio pour son commentaire publi\u00e9 sur Facebook"}]},{"@type":"WebSite","@id":"https:\/\/mfwa.org\/#website","url":"https:\/\/mfwa.org\/","name":"Media Foundation For West Africa","description":"Promoting Freedom of Expression and Democracy in West Africa","publisher":{"@id":"https:\/\/mfwa.org\/#organization"},"potentialAction":[{"@type":"SearchAction","target":{"@type":"EntryPoint","urlTemplate":"https:\/\/mfwa.org\/?s={search_term_string}"},"query-input":{"@type":"PropertyValueSpecification","valueRequired":true,"valueName":"search_term_string"}}],"inLanguage":"fr-FR"},{"@type":"Organization","@id":"https:\/\/mfwa.org\/#organization","name":"Media Foundation for West Africa","url":"https:\/\/mfwa.org\/","logo":{"@type":"ImageObject","inLanguage":"fr-FR","@id":"https:\/\/mfwa.org\/#\/schema\/logo\/image\/","url":"https:\/\/www.mfwa.org\/wp-content\/uploads\/2016\/06\/MFWA-LOGO.png","contentUrl":"https:\/\/www.mfwa.org\/wp-content\/uploads\/2016\/06\/MFWA-LOGO.png","width":180,"height":180,"caption":"Media Foundation for West Africa"},"image":{"@id":"https:\/\/mfwa.org\/#\/schema\/logo\/image\/"},"sameAs":["https:\/\/www.facebook.com\/themfwa","https:\/\/x.com\/TheMFWA","https:\/\/www.youtube.com\/channel\/UCF6HrPuXcV1K1Ed8AAq4Rdw"]}]}},"_links":{"self":[{"href":"https:\/\/mfwa.org\/fr\/wp-json\/wp\/v2\/country-highlights\/28626","targetHints":{"allow":["GET"]}}],"collection":[{"href":"https:\/\/mfwa.org\/fr\/wp-json\/wp\/v2\/country-highlights"}],"about":[{"href":"https:\/\/mfwa.org\/fr\/wp-json\/wp\/v2\/types\/country-highlights"}],"author":[{"embeddable":true,"href":"https:\/\/mfwa.org\/fr\/wp-json\/wp\/v2\/users\/12"}],"replies":[{"embeddable":true,"href":"https:\/\/mfwa.org\/fr\/wp-json\/wp\/v2\/comments?post=28626"}],"wp:featuredmedia":[{"embeddable":true,"href":"https:\/\/mfwa.org\/fr\/wp-json\/wp\/v2\/media\/28543"}],"wp:attachment":[{"href":"https:\/\/mfwa.org\/fr\/wp-json\/wp\/v2\/media?parent=28626"}],"wp:term":[{"taxonomy":"category","embeddable":true,"href":"https:\/\/mfwa.org\/fr\/wp-json\/wp\/v2\/categories?post=28626"},{"taxonomy":"country","embeddable":true,"href":"https:\/\/mfwa.org\/fr\/wp-json\/wp\/v2\/country?post=28626"}],"curies":[{"name":"wp","href":"https:\/\/api.w.org\/{rel}","templated":true}]}}