{"id":28074,"date":"2022-07-22T18:55:07","date_gmt":"2022-07-22T18:55:07","guid":{"rendered":"https:\/\/www.mfwa.org\/?post_type=country-highlights&#038;p=28074"},"modified":"2023-04-27T16:56:05","modified_gmt":"2023-04-27T16:56:05","slug":"nigeria-lipc-partenaire-de-mfwa-condamne-la-brutalisation-dun-journaliste","status":"publish","type":"country-highlights","link":"https:\/\/mfwa.org\/fr\/country-highlights\/nigeria-lipc-partenaire-de-mfwa-condamne-la-brutalisation-dun-journaliste\/","title":{"rendered":"Nigeria : L\u2019IPC, partenaire de MFWA, condamne la brutalisation d&#8217;un journaliste"},"content":{"rendered":"<p style=\"font-weight: 400; text-align: justify;\">L\u2019International Press Center (IPC), le partenaire de la Fondation des M\u00e9dias pour l\u2019Afrique de l\u2019Ouest, a condamn\u00e9 la brutalisation du journaliste Mathew Agbaje par la police de Lagos.<\/p>\n<p style=\"font-weight: 400; text-align: justify;\">Agbaje, un reporter du journal <em>The Punch,<\/em> aurait \u00e9t\u00e9 agress\u00e9 et brutalis\u00e9 \u00e0 l&#8217;arr\u00eat de bus de Berger, sur l&#8217;autoroute Lagos-Ibadan, le 20 juillet 2002, par cinq policiers qui seraient ill\u00e9galement de service.<\/p>\n<p style=\"font-weight: 400; text-align: justify;\">Les policiers \u00e9taient apparemment en train de malmener un chauffeur de bus, au moment o\u00f9 le journaliste se rendait au bureau. Il a d\u00e9cid\u00e9 d&#8217;enregistrer l&#8217;incident avec son t\u00e9l\u00e9phone mais les policiers se sont jet\u00e9s sur lui, l&#8217;ont frapp\u00e9, gifl\u00e9 et menott\u00e9 \u00e0 un bus bien qu&#8217;il se soit identifi\u00e9 comme journaliste.<\/p>\n<p style=\"font-weight: 400; text-align: justify;\">L&#8217;IPC a d\u00e9crit l&#8217;incident comme un \u00ab\u00a0acte abominable\u00a0\u00bb de la part des policiers dont la responsabilit\u00e9 est de prot\u00e9ger et de d\u00e9fendre la population au lieu de la brutaliser.<\/p>\n<p style=\"font-weight: 400; text-align: justify;\">Dans une d\u00e9claration, la responsable de la Libert\u00e9 de la Presse de l\u2019IPC, Melody Lawal, a d\u00e9clar\u00e9 que : \u00ab\u00a0L\u2019International Press Center (IPC) condamne l&#8217;agression du journaliste de <em>The Punch<\/em>, Matthew Agbaje, qui a \u00e9t\u00e9 menott\u00e9 \u00e0 un bus commercial, frapp\u00e9 et gifl\u00e9 pour avoir tent\u00e9 de d\u00e9noncer des policiers en ill\u00e9galement en service \u00e0 l&#8217;arr\u00eat de bus de Berger sur l&#8217;autoroute Lagos-Ibadan, le lundi 18 juillet 2022\u00a0\u00bb.<\/p>\n<p style=\"font-weight: 400; text-align: justify;\">\u00ab\u00a0Les rapports re\u00e7us par le bureau d&#8217;alerte de l&#8217;IPC indiquent qu&#8217;Agbaje se rendait \u00e0 son bureau lorsqu&#8217;il a vu des policiers, environ cinq d&#8217;entre eux, tra\u00eener un chauffeur de bus. Il \u00e9tait en train d&#8217;enregistrer l&#8217;incident avec son t\u00e9l\u00e9phone lorsque les policiers se sont jet\u00e9s sur lui, alors qu&#8217;il leur avait montr\u00e9 sa carte d&#8217;identit\u00e9\u00a0\u00bb.<\/p>\n<p style=\"font-weight: 400; text-align: justify;\">\u00a0\u00ab\u00a0L\u2019IPC condamne totalement cet acte abominable des agents de s\u00e9curit\u00e9 qui ont la responsabilit\u00e9 de prot\u00e9ger les vies et les biens. Les journalistes doivent \u00eatre trait\u00e9s avec dignit\u00e9 en raison de l&#8217;importante responsabilit\u00e9 qu&#8217;ils ont envers les citoyens et la soci\u00e9t\u00e9\u00a0\u00bb.<\/p>\n<p style=\"font-weight: 400; text-align: justify;\">\u00ab\u00a0L&#8217;IPC demande donc une action imm\u00e9diate contre les agents de la police impliqu\u00e9s. Le commissaire de police doit mener une enqu\u00eate approfondie sur cet incident et sur les autres activit\u00e9s ill\u00e9gales men\u00e9es par les officiers de police sur cette route. Les auteurs de ces actes devraient \u00eatre sanctionn\u00e9s comme il se doit\u00a0\u00bb.<\/p>\n<p style=\"font-weight: 400; text-align: justify;\">Un rapport trimestriel r\u00e9gional sur la libert\u00e9 d&#8217;expression par la Fondation des M\u00e9dias pour l&#8217;Afrique de l&#8217;Ouest (MFWA), publi\u00e9 par <em>SaharaReporters<\/em> en mai 2022 a montr\u00e9 que le Nigeria a enregistr\u00e9 5 cas de violations de la libert\u00e9 d&#8217;expression.<\/p>\n<p style=\"font-weight: 400; text-align: justify;\">Il place le Nigeria en deuxi\u00e8me position, derri\u00e8re le Ghana, en tant que pays le plus r\u00e9pressif d&#8217;Afrique de l&#8217;Ouest au cours du premier trimestre de 2022.<\/p>\n<p style=\"font-weight: 400; text-align: justify;\">Le rapport, qui couvre la p\u00e9riode janvier-mars 2022, montre que le Nigeria a enregistr\u00e9 trois attaques physiques contre des journalistes et deux attaques contre des maisons de presse. Ces violations ont \u00e9t\u00e9 class\u00e9es dans les cat\u00e9gories Arrestation\/D\u00e9tention et Saisie\/Destruction de biens.<\/p>\n<p style=\"font-weight: 400; text-align: justify;\">De m\u00eame, un rapport produit conjointement par la MFWA et la Nigeria Union of Journalists (NUJ) en 2021 a montr\u00e9 que le Nigeria a enregistr\u00e9 plus de 300 violations de la libert\u00e9 de la presse et de la libert\u00e9 d&#8217;expression au cours des quatre premi\u00e8res ann\u00e9es de la prise de pouvoir du pr\u00e9sident Muhammadu Buhari.<\/p>\n<p style=\"font-weight: 400; text-align: justify;\">Il est inqui\u00e9tant de constater que le Nigeria et la Guin\u00e9e-Bissau, pays en proie \u00e0 des troubles, se sont retrouv\u00e9s dans la m\u00eame position en mati\u00e8re de violation de la libert\u00e9 d&#8217;expression, m\u00eame sans guerre dans le pays.<\/p>\n<p style=\"font-weight: 400; text-align: justify;\">Pendant ce temps, le Ghana a enregistr\u00e9 11 violations, ce qui le place au premier rang des pays d&#8217;Afrique de l&#8217;Ouest ayant enregistr\u00e9 le plus grand nombre de violations de la libert\u00e9 de la presse et de la libert\u00e9 d&#8217;expression au cours de la p\u00e9riode consid\u00e9r\u00e9e.<\/p>\n<p style=\"font-weight: 400; text-align: justify;\">Au Nigeria et dans de nombreux autres pays d&#8217;Afrique de l&#8217;Ouest, les journalistes sont victimes d&#8217;attaques et d&#8217;intimidations de la part des agents de s\u00e9curit\u00e9, notamment la police et l&#8217;arm\u00e9e.<\/p>\n<p style=\"font-weight: 400; text-align: justify;\">Le 20 octobre 2020, lors de la manifestation nationale #EndSARS au Nigeria, des agents de la police nig\u00e9riane et des militaires ont agress\u00e9 physiquement des journalistes et endommag\u00e9 leurs gadgets \u00e0 Lagos, Abuja et dans certaines r\u00e9gions du pays.<\/p>\n<p style=\"font-weight: 400; text-align: justify;\">De m\u00eame, le 20 octobre 2021, des journalistes, dont un correspondant du Daily Post, Sikiru Obarayese, ont \u00e9t\u00e9 agress\u00e9s physiquement par la police au p\u00e9age de Lekki.<\/p>\n","protected":false},"author":12,"featured_media":26351,"comment_status":"closed","ping_status":"closed","template":"","categories":[311],"country":[250],"class_list":["post-28074","country-highlights","type-country-highlights","status-publish","has-post-thumbnail","hentry","category-securite-des-journalistes","country-nigeria-fr"],"yoast_head":"<!-- This site is optimized with the Yoast SEO plugin v27.4 - https:\/\/yoast.com\/product\/yoast-seo-wordpress\/ -->\n<title>Nigeria : L\u2019IPC, partenaire de MFWA, condamne la brutalisation d&#039;un journaliste - Media Foundation For West Africa<\/title>\n<meta name=\"robots\" content=\"index, follow, max-snippet:-1, max-image-preview:large, max-video-preview:-1\" \/>\n<link rel=\"canonical\" href=\"https:\/\/mfwa.org\/country-highlights\/nigeria-mfwa-partner-ipc-condemns-brutalization-of-journalist\/\" \/>\n<meta property=\"og:locale\" content=\"fr_FR\" \/>\n<meta property=\"og:type\" content=\"article\" \/>\n<meta property=\"og:title\" content=\"Nigeria : L\u2019IPC, partenaire de MFWA, condamne la brutalisation d&#039;un journaliste - Media Foundation For West Africa\" \/>\n<meta property=\"og:description\" content=\"L\u2019International Press Center (IPC), le partenaire de la Fondation des M\u00e9dias pour l\u2019Afrique de l\u2019Ouest, a condamn\u00e9 la\" \/>\n<meta property=\"og:url\" content=\"https:\/\/mfwa.org\/country-highlights\/nigeria-mfwa-partner-ipc-condemns-brutalization-of-journalist\/\" \/>\n<meta property=\"og:site_name\" content=\"Media Foundation For West Africa\" \/>\n<meta property=\"article:publisher\" content=\"https:\/\/www.facebook.com\/themfwa\" \/>\n<meta property=\"article:modified_time\" content=\"2023-04-27T16:56:05+00:00\" \/>\n<meta property=\"og:image\" content=\"https:\/\/mfwa.org\/wp-content\/uploads\/2022\/09\/Lagos-State-Police.jpg\" \/>\n\t<meta property=\"og:image:width\" content=\"810\" \/>\n\t<meta property=\"og:image:height\" content=\"550\" \/>\n\t<meta property=\"og:image:type\" content=\"image\/jpeg\" \/>\n<meta name=\"twitter:card\" content=\"summary_large_image\" \/>\n<meta name=\"twitter:site\" content=\"@TheMFWA\" \/>\n<meta name=\"twitter:label1\" content=\"Est. reading time\" \/>\n\t<meta name=\"twitter:data1\" content=\"4 minutes\" \/>\n<script type=\"application\/ld+json\" class=\"yoast-schema-graph\">{\"@context\":\"https:\\\/\\\/schema.org\",\"@graph\":[{\"@type\":\"WebPage\",\"@id\":\"https:\\\/\\\/mfwa.org\\\/country-highlights\\\/nigeria-mfwa-partner-ipc-condemns-brutalization-of-journalist\\\/\",\"url\":\"https:\\\/\\\/mfwa.org\\\/country-highlights\\\/nigeria-mfwa-partner-ipc-condemns-brutalization-of-journalist\\\/\",\"name\":\"Nigeria : L\u2019IPC, partenaire de MFWA, condamne la brutalisation d'un journaliste - Media Foundation For West Africa\",\"isPartOf\":{\"@id\":\"https:\\\/\\\/mfwa.org\\\/#website\"},\"primaryImageOfPage\":{\"@id\":\"https:\\\/\\\/mfwa.org\\\/country-highlights\\\/nigeria-mfwa-partner-ipc-condemns-brutalization-of-journalist\\\/#primaryimage\"},\"image\":{\"@id\":\"https:\\\/\\\/mfwa.org\\\/country-highlights\\\/nigeria-mfwa-partner-ipc-condemns-brutalization-of-journalist\\\/#primaryimage\"},\"thumbnailUrl\":\"https:\\\/\\\/mfwa.org\\\/wp-content\\\/uploads\\\/2022\\\/09\\\/Lagos-State-Police.jpg\",\"datePublished\":\"2022-07-22T18:55:07+00:00\",\"dateModified\":\"2023-04-27T16:56:05+00:00\",\"breadcrumb\":{\"@id\":\"https:\\\/\\\/mfwa.org\\\/country-highlights\\\/nigeria-mfwa-partner-ipc-condemns-brutalization-of-journalist\\\/#breadcrumb\"},\"inLanguage\":\"fr-FR\",\"potentialAction\":[{\"@type\":\"ReadAction\",\"target\":[\"https:\\\/\\\/mfwa.org\\\/country-highlights\\\/nigeria-mfwa-partner-ipc-condemns-brutalization-of-journalist\\\/\"]}]},{\"@type\":\"ImageObject\",\"inLanguage\":\"fr-FR\",\"@id\":\"https:\\\/\\\/mfwa.org\\\/country-highlights\\\/nigeria-mfwa-partner-ipc-condemns-brutalization-of-journalist\\\/#primaryimage\",\"url\":\"https:\\\/\\\/mfwa.org\\\/wp-content\\\/uploads\\\/2022\\\/09\\\/Lagos-State-Police.jpg\",\"contentUrl\":\"https:\\\/\\\/mfwa.org\\\/wp-content\\\/uploads\\\/2022\\\/09\\\/Lagos-State-Police.jpg\",\"width\":810,\"height\":550},{\"@type\":\"BreadcrumbList\",\"@id\":\"https:\\\/\\\/mfwa.org\\\/country-highlights\\\/nigeria-mfwa-partner-ipc-condemns-brutalization-of-journalist\\\/#breadcrumb\",\"itemListElement\":[{\"@type\":\"ListItem\",\"position\":1,\"name\":\"Home\",\"item\":\"https:\\\/\\\/mfwa.org\\\/fr\\\/\"},{\"@type\":\"ListItem\",\"position\":2,\"name\":\"Country Highlights\",\"item\":\"https:\\\/\\\/mfwa.org\\\/country-highlights\\\/\"},{\"@type\":\"ListItem\",\"position\":3,\"name\":\"Nigeria : L\u2019IPC, partenaire de MFWA, condamne la brutalisation d&#8217;un journaliste\"}]},{\"@type\":\"WebSite\",\"@id\":\"https:\\\/\\\/mfwa.org\\\/#website\",\"url\":\"https:\\\/\\\/mfwa.org\\\/\",\"name\":\"Media Foundation For West Africa\",\"description\":\"Promoting Freedom of Expression and Democracy in West Africa\",\"publisher\":{\"@id\":\"https:\\\/\\\/mfwa.org\\\/#organization\"},\"potentialAction\":[{\"@type\":\"SearchAction\",\"target\":{\"@type\":\"EntryPoint\",\"urlTemplate\":\"https:\\\/\\\/mfwa.org\\\/?s={search_term_string}\"},\"query-input\":{\"@type\":\"PropertyValueSpecification\",\"valueRequired\":true,\"valueName\":\"search_term_string\"}}],\"inLanguage\":\"fr-FR\"},{\"@type\":\"Organization\",\"@id\":\"https:\\\/\\\/mfwa.org\\\/#organization\",\"name\":\"Media Foundation for West Africa\",\"url\":\"https:\\\/\\\/mfwa.org\\\/\",\"logo\":{\"@type\":\"ImageObject\",\"inLanguage\":\"fr-FR\",\"@id\":\"https:\\\/\\\/mfwa.org\\\/#\\\/schema\\\/logo\\\/image\\\/\",\"url\":\"https:\\\/\\\/www.mfwa.org\\\/wp-content\\\/uploads\\\/2016\\\/06\\\/MFWA-LOGO.png\",\"contentUrl\":\"https:\\\/\\\/www.mfwa.org\\\/wp-content\\\/uploads\\\/2016\\\/06\\\/MFWA-LOGO.png\",\"width\":180,\"height\":180,\"caption\":\"Media Foundation for West Africa\"},\"image\":{\"@id\":\"https:\\\/\\\/mfwa.org\\\/#\\\/schema\\\/logo\\\/image\\\/\"},\"sameAs\":[\"https:\\\/\\\/www.facebook.com\\\/themfwa\",\"https:\\\/\\\/x.com\\\/TheMFWA\",\"https:\\\/\\\/www.youtube.com\\\/channel\\\/UCF6HrPuXcV1K1Ed8AAq4Rdw\"]}]}<\/script>\n<!-- \/ Yoast SEO plugin. -->","yoast_head_json":{"title":"Nigeria : L\u2019IPC, partenaire de MFWA, condamne la brutalisation d'un journaliste - Media Foundation For West Africa","robots":{"index":"index","follow":"follow","max-snippet":"max-snippet:-1","max-image-preview":"max-image-preview:large","max-video-preview":"max-video-preview:-1"},"canonical":"https:\/\/mfwa.org\/country-highlights\/nigeria-mfwa-partner-ipc-condemns-brutalization-of-journalist\/","og_locale":"fr_FR","og_type":"article","og_title":"Nigeria : L\u2019IPC, partenaire de MFWA, condamne la brutalisation d'un journaliste - Media Foundation For West Africa","og_description":"L\u2019International Press Center (IPC), le partenaire de la Fondation des M\u00e9dias pour l\u2019Afrique de l\u2019Ouest, a condamn\u00e9 la","og_url":"https:\/\/mfwa.org\/country-highlights\/nigeria-mfwa-partner-ipc-condemns-brutalization-of-journalist\/","og_site_name":"Media Foundation For West Africa","article_publisher":"https:\/\/www.facebook.com\/themfwa","article_modified_time":"2023-04-27T16:56:05+00:00","og_image":[{"width":810,"height":550,"url":"https:\/\/mfwa.org\/wp-content\/uploads\/2022\/09\/Lagos-State-Police.jpg","type":"image\/jpeg"}],"twitter_card":"summary_large_image","twitter_site":"@TheMFWA","twitter_misc":{"Est. reading time":"4 minutes"},"schema":{"@context":"https:\/\/schema.org","@graph":[{"@type":"WebPage","@id":"https:\/\/mfwa.org\/country-highlights\/nigeria-mfwa-partner-ipc-condemns-brutalization-of-journalist\/","url":"https:\/\/mfwa.org\/country-highlights\/nigeria-mfwa-partner-ipc-condemns-brutalization-of-journalist\/","name":"Nigeria : L\u2019IPC, partenaire de MFWA, condamne la brutalisation d'un journaliste - Media Foundation For West Africa","isPartOf":{"@id":"https:\/\/mfwa.org\/#website"},"primaryImageOfPage":{"@id":"https:\/\/mfwa.org\/country-highlights\/nigeria-mfwa-partner-ipc-condemns-brutalization-of-journalist\/#primaryimage"},"image":{"@id":"https:\/\/mfwa.org\/country-highlights\/nigeria-mfwa-partner-ipc-condemns-brutalization-of-journalist\/#primaryimage"},"thumbnailUrl":"https:\/\/mfwa.org\/wp-content\/uploads\/2022\/09\/Lagos-State-Police.jpg","datePublished":"2022-07-22T18:55:07+00:00","dateModified":"2023-04-27T16:56:05+00:00","breadcrumb":{"@id":"https:\/\/mfwa.org\/country-highlights\/nigeria-mfwa-partner-ipc-condemns-brutalization-of-journalist\/#breadcrumb"},"inLanguage":"fr-FR","potentialAction":[{"@type":"ReadAction","target":["https:\/\/mfwa.org\/country-highlights\/nigeria-mfwa-partner-ipc-condemns-brutalization-of-journalist\/"]}]},{"@type":"ImageObject","inLanguage":"fr-FR","@id":"https:\/\/mfwa.org\/country-highlights\/nigeria-mfwa-partner-ipc-condemns-brutalization-of-journalist\/#primaryimage","url":"https:\/\/mfwa.org\/wp-content\/uploads\/2022\/09\/Lagos-State-Police.jpg","contentUrl":"https:\/\/mfwa.org\/wp-content\/uploads\/2022\/09\/Lagos-State-Police.jpg","width":810,"height":550},{"@type":"BreadcrumbList","@id":"https:\/\/mfwa.org\/country-highlights\/nigeria-mfwa-partner-ipc-condemns-brutalization-of-journalist\/#breadcrumb","itemListElement":[{"@type":"ListItem","position":1,"name":"Home","item":"https:\/\/mfwa.org\/fr\/"},{"@type":"ListItem","position":2,"name":"Country Highlights","item":"https:\/\/mfwa.org\/country-highlights\/"},{"@type":"ListItem","position":3,"name":"Nigeria : L\u2019IPC, partenaire de MFWA, condamne la brutalisation d&#8217;un journaliste"}]},{"@type":"WebSite","@id":"https:\/\/mfwa.org\/#website","url":"https:\/\/mfwa.org\/","name":"Media Foundation For West Africa","description":"Promoting Freedom of Expression and Democracy in West Africa","publisher":{"@id":"https:\/\/mfwa.org\/#organization"},"potentialAction":[{"@type":"SearchAction","target":{"@type":"EntryPoint","urlTemplate":"https:\/\/mfwa.org\/?s={search_term_string}"},"query-input":{"@type":"PropertyValueSpecification","valueRequired":true,"valueName":"search_term_string"}}],"inLanguage":"fr-FR"},{"@type":"Organization","@id":"https:\/\/mfwa.org\/#organization","name":"Media Foundation for West Africa","url":"https:\/\/mfwa.org\/","logo":{"@type":"ImageObject","inLanguage":"fr-FR","@id":"https:\/\/mfwa.org\/#\/schema\/logo\/image\/","url":"https:\/\/www.mfwa.org\/wp-content\/uploads\/2016\/06\/MFWA-LOGO.png","contentUrl":"https:\/\/www.mfwa.org\/wp-content\/uploads\/2016\/06\/MFWA-LOGO.png","width":180,"height":180,"caption":"Media Foundation for West Africa"},"image":{"@id":"https:\/\/mfwa.org\/#\/schema\/logo\/image\/"},"sameAs":["https:\/\/www.facebook.com\/themfwa","https:\/\/x.com\/TheMFWA","https:\/\/www.youtube.com\/channel\/UCF6HrPuXcV1K1Ed8AAq4Rdw"]}]}},"_links":{"self":[{"href":"https:\/\/mfwa.org\/fr\/wp-json\/wp\/v2\/country-highlights\/28074","targetHints":{"allow":["GET"]}}],"collection":[{"href":"https:\/\/mfwa.org\/fr\/wp-json\/wp\/v2\/country-highlights"}],"about":[{"href":"https:\/\/mfwa.org\/fr\/wp-json\/wp\/v2\/types\/country-highlights"}],"author":[{"embeddable":true,"href":"https:\/\/mfwa.org\/fr\/wp-json\/wp\/v2\/users\/12"}],"replies":[{"embeddable":true,"href":"https:\/\/mfwa.org\/fr\/wp-json\/wp\/v2\/comments?post=28074"}],"wp:featuredmedia":[{"embeddable":true,"href":"https:\/\/mfwa.org\/fr\/wp-json\/wp\/v2\/media\/26351"}],"wp:attachment":[{"href":"https:\/\/mfwa.org\/fr\/wp-json\/wp\/v2\/media?parent=28074"}],"wp:term":[{"taxonomy":"category","embeddable":true,"href":"https:\/\/mfwa.org\/fr\/wp-json\/wp\/v2\/categories?post=28074"},{"taxonomy":"country","embeddable":true,"href":"https:\/\/mfwa.org\/fr\/wp-json\/wp\/v2\/country?post=28074"}],"curies":[{"name":"wp","href":"https:\/\/api.w.org\/{rel}","templated":true}]}}