{"id":19556,"date":"2020-09-07T09:38:00","date_gmt":"2020-09-07T09:38:00","guid":{"rendered":"https:\/\/www.mfwa.org\/?post_type=country-highlights&#038;p=19556"},"modified":"2020-09-07T09:38:00","modified_gmt":"2020-09-07T09:38:00","slug":"les-medias-et-la-covid-19-en-afrique-de-louest-cas-de-la-guinee","status":"publish","type":"country-highlights","link":"https:\/\/mfwa.org\/fr\/country-highlights\/les-medias-et-la-covid-19-en-afrique-de-louest-cas-de-la-guinee\/","title":{"rendered":"Les M\u00e9dias et la COVID-19 en Afrique de l\u2019Ouest \u2013 Cas de la Guin\u00e9e"},"content":{"rendered":"<p style=\"text-align: justify;\">L&#8217;\u00e9ruption de la pand\u00e9mie de Coronavirus en R\u00e9publique de Guin\u00e9e a mis un accent particulier sur le r\u00f4le crucial que joue les m\u00e9dias. En effet, dans le cadre de la lutte contre la pand\u00e9mie de COVID-19, les m\u00e9dias ont contribu\u00e9 \u00e0 informer, sensibiliser, et \u00e9duquer la population sur la maladie ainsi que sur les mesures adopt\u00e9es par le gouvernement pour la combattre.<\/p>\n<p style=\"text-align: justify;\">En d\u00e9pit de ce r\u00f4le les m\u00e9dias croupissent toujours sous les mesures adopt\u00e9es par le gouvernement dans le but limiter la propagation du virus. A la fin du mois de juin, selon l&#8217;Agence nationale de la s\u00e9curit\u00e9 sanitaire, la R\u00e9publique de Guin\u00e9e a enregistr\u00e9 plus de 4904 cas confirm\u00e9s de tests positifs au coronavirus avec plus de 3522 personnes gu\u00e9ries et 27 d\u00e9c\u00e8s hospitaliers.<\/p>\n<p style=\"text-align: justify;\">Au vu d&#8217;une meilleur maitrise de la vitesse de propagation du virus, le Pr\u00e9sident de la R\u00e9publique a all\u00e9g\u00e9 le 15 juin 2020 dans un discours \u00e0 la nation les mesures de l&#8217;\u00e9tat d&#8217;urgence sanitaire. Face \u00e0 ce rel\u00e2chement des mesures restrictives, l&#8217;on aurait esp\u00e9r\u00e9 observer une am\u00e9lioration de l&#8217;\u00e9tat des entreprises de presse. Cependant, les activit\u00e9s peinent \u00e0 d\u00e9coller et les m\u00e9dias en paient le prix fort.<\/p>\n<p style=\"text-align: justify;\">Le pr\u00e9sent rapport se veut une analyse de l&#8217;\u00e9tat des m\u00e9dias face \u00e0 la pand\u00e9mie de COVID-19 apr\u00e8s l\u2019all\u00e8gement des mesures restrictives. Ce rapport est le produit d&#8217;une collaboration entre l&#8217;Association Guin\u00e9enne des Editeurs de la Presse Ind\u00e9pendante (AGEPI) et la Fondation des M\u00e9dias pour l&#8217;Afrique de l&#8217;Ouest (MFWA). Il couvre la p\u00e9riode de mai \u00e0 juin et fait une \u00e9valuation de l&#8217;impact de la pand\u00e9mie de COVID-19 sur les m\u00e9dias en R\u00e9publique de Guin\u00e9e apr\u00e8s l\u2019all\u00e9gement des mesures restrictives anti-COVID-19.<\/p>\n<p style=\"text-align: justify;\">Cliquez\u00a0<a href=\"https:\/\/www.mfwa.org\/wp-content\/uploads\/2020\/09\/Guinea-May-June-final-1.pdf\">ici<\/a> pour lire la version compl\u00e8te du rapport.<\/p>\n","protected":false},"author":6,"featured_media":19531,"comment_status":"closed","ping_status":"closed","template":"","categories":[256],"country":[244],"class_list":["post-19556","country-highlights","type-country-highlights","status-publish","has-post-thumbnail","hentry","category-media-development-fr","country-guinee"],"yoast_head":"<!-- This site is optimized with the Yoast SEO plugin v27.5 - https:\/\/yoast.com\/product\/yoast-seo-wordpress\/ -->\n<title>Les M\u00e9dias et la COVID-19 en Afrique de l\u2019Ouest \u2013 Cas de la Guin\u00e9e - Media Foundation For West Africa<\/title>\n<meta name=\"robots\" content=\"index, follow, max-snippet:-1, max-image-preview:large, max-video-preview:-1\" \/>\n<link rel=\"canonical\" href=\"https:\/\/mfwa.org\/fr\/country-highlights\/les-medias-et-la-covid-19-en-afrique-de-louest-cas-de-la-guinee\/\" \/>\n<meta property=\"og:locale\" content=\"fr_FR\" \/>\n<meta property=\"og:type\" content=\"article\" \/>\n<meta property=\"og:title\" content=\"Les M\u00e9dias et la COVID-19 en Afrique de l\u2019Ouest \u2013 Cas de la Guin\u00e9e - Media Foundation For West Africa\" \/>\n<meta property=\"og:description\" content=\"L&#8217;\u00e9ruption de la pand\u00e9mie de Coronavirus en R\u00e9publique de Guin\u00e9e a mis un accent particulier sur le r\u00f4le\" \/>\n<meta property=\"og:url\" content=\"https:\/\/mfwa.org\/fr\/country-highlights\/les-medias-et-la-covid-19-en-afrique-de-louest-cas-de-la-guinee\/\" \/>\n<meta property=\"og:site_name\" content=\"Media Foundation For West Africa\" \/>\n<meta property=\"article:publisher\" content=\"https:\/\/www.facebook.com\/themfwa\" \/>\n<meta property=\"og:image\" content=\"https:\/\/mfwa.org\/wp-content\/uploads\/2020\/09\/covers-web-covid-02.jpg\" \/>\n\t<meta property=\"og:image:width\" content=\"2500\" \/>\n\t<meta property=\"og:image:height\" content=\"1667\" \/>\n\t<meta property=\"og:image:type\" content=\"image\/jpeg\" \/>\n<meta name=\"twitter:card\" content=\"summary_large_image\" \/>\n<meta name=\"twitter:site\" content=\"@TheMFWA\" \/>\n<meta name=\"twitter:label1\" content=\"Est. reading time\" \/>\n\t<meta name=\"twitter:data1\" content=\"2 minutes\" \/>\n<script type=\"application\/ld+json\" class=\"yoast-schema-graph\">{\"@context\":\"https:\\\/\\\/schema.org\",\"@graph\":[{\"@type\":\"WebPage\",\"@id\":\"https:\\\/\\\/mfwa.org\\\/fr\\\/country-highlights\\\/les-medias-et-la-covid-19-en-afrique-de-louest-cas-de-la-guinee\\\/\",\"url\":\"https:\\\/\\\/mfwa.org\\\/fr\\\/country-highlights\\\/les-medias-et-la-covid-19-en-afrique-de-louest-cas-de-la-guinee\\\/\",\"name\":\"Les M\u00e9dias et la COVID-19 en Afrique de l\u2019Ouest \u2013 Cas de la Guin\u00e9e - Media Foundation For West Africa\",\"isPartOf\":{\"@id\":\"https:\\\/\\\/mfwa.org\\\/#website\"},\"primaryImageOfPage\":{\"@id\":\"https:\\\/\\\/mfwa.org\\\/fr\\\/country-highlights\\\/les-medias-et-la-covid-19-en-afrique-de-louest-cas-de-la-guinee\\\/#primaryimage\"},\"image\":{\"@id\":\"https:\\\/\\\/mfwa.org\\\/fr\\\/country-highlights\\\/les-medias-et-la-covid-19-en-afrique-de-louest-cas-de-la-guinee\\\/#primaryimage\"},\"thumbnailUrl\":\"https:\\\/\\\/mfwa.org\\\/wp-content\\\/uploads\\\/2020\\\/09\\\/covers-web-covid-02.jpg\",\"datePublished\":\"2020-09-07T09:38:00+00:00\",\"breadcrumb\":{\"@id\":\"https:\\\/\\\/mfwa.org\\\/fr\\\/country-highlights\\\/les-medias-et-la-covid-19-en-afrique-de-louest-cas-de-la-guinee\\\/#breadcrumb\"},\"inLanguage\":\"fr-FR\",\"potentialAction\":[{\"@type\":\"ReadAction\",\"target\":[\"https:\\\/\\\/mfwa.org\\\/fr\\\/country-highlights\\\/les-medias-et-la-covid-19-en-afrique-de-louest-cas-de-la-guinee\\\/\"]}]},{\"@type\":\"ImageObject\",\"inLanguage\":\"fr-FR\",\"@id\":\"https:\\\/\\\/mfwa.org\\\/fr\\\/country-highlights\\\/les-medias-et-la-covid-19-en-afrique-de-louest-cas-de-la-guinee\\\/#primaryimage\",\"url\":\"https:\\\/\\\/mfwa.org\\\/wp-content\\\/uploads\\\/2020\\\/09\\\/covers-web-covid-02.jpg\",\"contentUrl\":\"https:\\\/\\\/mfwa.org\\\/wp-content\\\/uploads\\\/2020\\\/09\\\/covers-web-covid-02.jpg\",\"width\":2500,\"height\":1667},{\"@type\":\"BreadcrumbList\",\"@id\":\"https:\\\/\\\/mfwa.org\\\/fr\\\/country-highlights\\\/les-medias-et-la-covid-19-en-afrique-de-louest-cas-de-la-guinee\\\/#breadcrumb\",\"itemListElement\":[{\"@type\":\"ListItem\",\"position\":1,\"name\":\"Home\",\"item\":\"https:\\\/\\\/mfwa.org\\\/fr\\\/\"},{\"@type\":\"ListItem\",\"position\":2,\"name\":\"Country Highlights\",\"item\":\"https:\\\/\\\/mfwa.org\\\/country-highlights\\\/\"},{\"@type\":\"ListItem\",\"position\":3,\"name\":\"Les M\u00e9dias et la COVID-19 en Afrique de l\u2019Ouest \u2013 Cas de la Guin\u00e9e\"}]},{\"@type\":\"WebSite\",\"@id\":\"https:\\\/\\\/mfwa.org\\\/#website\",\"url\":\"https:\\\/\\\/mfwa.org\\\/\",\"name\":\"Media Foundation For West Africa\",\"description\":\"Promoting Freedom of Expression and Democracy in West Africa\",\"publisher\":{\"@id\":\"https:\\\/\\\/mfwa.org\\\/#organization\"},\"potentialAction\":[{\"@type\":\"SearchAction\",\"target\":{\"@type\":\"EntryPoint\",\"urlTemplate\":\"https:\\\/\\\/mfwa.org\\\/?s={search_term_string}\"},\"query-input\":{\"@type\":\"PropertyValueSpecification\",\"valueRequired\":true,\"valueName\":\"search_term_string\"}}],\"inLanguage\":\"fr-FR\"},{\"@type\":\"Organization\",\"@id\":\"https:\\\/\\\/mfwa.org\\\/#organization\",\"name\":\"Media Foundation for West Africa\",\"url\":\"https:\\\/\\\/mfwa.org\\\/\",\"logo\":{\"@type\":\"ImageObject\",\"inLanguage\":\"fr-FR\",\"@id\":\"https:\\\/\\\/mfwa.org\\\/#\\\/schema\\\/logo\\\/image\\\/\",\"url\":\"https:\\\/\\\/www.mfwa.org\\\/wp-content\\\/uploads\\\/2016\\\/06\\\/MFWA-LOGO.png\",\"contentUrl\":\"https:\\\/\\\/www.mfwa.org\\\/wp-content\\\/uploads\\\/2016\\\/06\\\/MFWA-LOGO.png\",\"width\":180,\"height\":180,\"caption\":\"Media Foundation for West Africa\"},\"image\":{\"@id\":\"https:\\\/\\\/mfwa.org\\\/#\\\/schema\\\/logo\\\/image\\\/\"},\"sameAs\":[\"https:\\\/\\\/www.facebook.com\\\/themfwa\",\"https:\\\/\\\/x.com\\\/TheMFWA\",\"https:\\\/\\\/www.youtube.com\\\/channel\\\/UCF6HrPuXcV1K1Ed8AAq4Rdw\"]}]}<\/script>\n<!-- \/ Yoast SEO plugin. -->","yoast_head_json":{"title":"Les M\u00e9dias et la COVID-19 en Afrique de l\u2019Ouest \u2013 Cas de la Guin\u00e9e - Media Foundation For West Africa","robots":{"index":"index","follow":"follow","max-snippet":"max-snippet:-1","max-image-preview":"max-image-preview:large","max-video-preview":"max-video-preview:-1"},"canonical":"https:\/\/mfwa.org\/fr\/country-highlights\/les-medias-et-la-covid-19-en-afrique-de-louest-cas-de-la-guinee\/","og_locale":"fr_FR","og_type":"article","og_title":"Les M\u00e9dias et la COVID-19 en Afrique de l\u2019Ouest \u2013 Cas de la Guin\u00e9e - Media Foundation For West Africa","og_description":"L&#8217;\u00e9ruption de la pand\u00e9mie de Coronavirus en R\u00e9publique de Guin\u00e9e a mis un accent particulier sur le r\u00f4le","og_url":"https:\/\/mfwa.org\/fr\/country-highlights\/les-medias-et-la-covid-19-en-afrique-de-louest-cas-de-la-guinee\/","og_site_name":"Media Foundation For West Africa","article_publisher":"https:\/\/www.facebook.com\/themfwa","og_image":[{"width":2500,"height":1667,"url":"https:\/\/mfwa.org\/wp-content\/uploads\/2020\/09\/covers-web-covid-02.jpg","type":"image\/jpeg"}],"twitter_card":"summary_large_image","twitter_site":"@TheMFWA","twitter_misc":{"Est. reading time":"2 minutes"},"schema":{"@context":"https:\/\/schema.org","@graph":[{"@type":"WebPage","@id":"https:\/\/mfwa.org\/fr\/country-highlights\/les-medias-et-la-covid-19-en-afrique-de-louest-cas-de-la-guinee\/","url":"https:\/\/mfwa.org\/fr\/country-highlights\/les-medias-et-la-covid-19-en-afrique-de-louest-cas-de-la-guinee\/","name":"Les M\u00e9dias et la COVID-19 en Afrique de l\u2019Ouest \u2013 Cas de la Guin\u00e9e - Media Foundation For West Africa","isPartOf":{"@id":"https:\/\/mfwa.org\/#website"},"primaryImageOfPage":{"@id":"https:\/\/mfwa.org\/fr\/country-highlights\/les-medias-et-la-covid-19-en-afrique-de-louest-cas-de-la-guinee\/#primaryimage"},"image":{"@id":"https:\/\/mfwa.org\/fr\/country-highlights\/les-medias-et-la-covid-19-en-afrique-de-louest-cas-de-la-guinee\/#primaryimage"},"thumbnailUrl":"https:\/\/mfwa.org\/wp-content\/uploads\/2020\/09\/covers-web-covid-02.jpg","datePublished":"2020-09-07T09:38:00+00:00","breadcrumb":{"@id":"https:\/\/mfwa.org\/fr\/country-highlights\/les-medias-et-la-covid-19-en-afrique-de-louest-cas-de-la-guinee\/#breadcrumb"},"inLanguage":"fr-FR","potentialAction":[{"@type":"ReadAction","target":["https:\/\/mfwa.org\/fr\/country-highlights\/les-medias-et-la-covid-19-en-afrique-de-louest-cas-de-la-guinee\/"]}]},{"@type":"ImageObject","inLanguage":"fr-FR","@id":"https:\/\/mfwa.org\/fr\/country-highlights\/les-medias-et-la-covid-19-en-afrique-de-louest-cas-de-la-guinee\/#primaryimage","url":"https:\/\/mfwa.org\/wp-content\/uploads\/2020\/09\/covers-web-covid-02.jpg","contentUrl":"https:\/\/mfwa.org\/wp-content\/uploads\/2020\/09\/covers-web-covid-02.jpg","width":2500,"height":1667},{"@type":"BreadcrumbList","@id":"https:\/\/mfwa.org\/fr\/country-highlights\/les-medias-et-la-covid-19-en-afrique-de-louest-cas-de-la-guinee\/#breadcrumb","itemListElement":[{"@type":"ListItem","position":1,"name":"Home","item":"https:\/\/mfwa.org\/fr\/"},{"@type":"ListItem","position":2,"name":"Country Highlights","item":"https:\/\/mfwa.org\/country-highlights\/"},{"@type":"ListItem","position":3,"name":"Les M\u00e9dias et la COVID-19 en Afrique de l\u2019Ouest \u2013 Cas de la Guin\u00e9e"}]},{"@type":"WebSite","@id":"https:\/\/mfwa.org\/#website","url":"https:\/\/mfwa.org\/","name":"Media Foundation For West Africa","description":"Promoting Freedom of Expression and Democracy in West Africa","publisher":{"@id":"https:\/\/mfwa.org\/#organization"},"potentialAction":[{"@type":"SearchAction","target":{"@type":"EntryPoint","urlTemplate":"https:\/\/mfwa.org\/?s={search_term_string}"},"query-input":{"@type":"PropertyValueSpecification","valueRequired":true,"valueName":"search_term_string"}}],"inLanguage":"fr-FR"},{"@type":"Organization","@id":"https:\/\/mfwa.org\/#organization","name":"Media Foundation for West Africa","url":"https:\/\/mfwa.org\/","logo":{"@type":"ImageObject","inLanguage":"fr-FR","@id":"https:\/\/mfwa.org\/#\/schema\/logo\/image\/","url":"https:\/\/www.mfwa.org\/wp-content\/uploads\/2016\/06\/MFWA-LOGO.png","contentUrl":"https:\/\/www.mfwa.org\/wp-content\/uploads\/2016\/06\/MFWA-LOGO.png","width":180,"height":180,"caption":"Media Foundation for West Africa"},"image":{"@id":"https:\/\/mfwa.org\/#\/schema\/logo\/image\/"},"sameAs":["https:\/\/www.facebook.com\/themfwa","https:\/\/x.com\/TheMFWA","https:\/\/www.youtube.com\/channel\/UCF6HrPuXcV1K1Ed8AAq4Rdw"]}]}},"_links":{"self":[{"href":"https:\/\/mfwa.org\/fr\/wp-json\/wp\/v2\/country-highlights\/19556","targetHints":{"allow":["GET"]}}],"collection":[{"href":"https:\/\/mfwa.org\/fr\/wp-json\/wp\/v2\/country-highlights"}],"about":[{"href":"https:\/\/mfwa.org\/fr\/wp-json\/wp\/v2\/types\/country-highlights"}],"author":[{"embeddable":true,"href":"https:\/\/mfwa.org\/fr\/wp-json\/wp\/v2\/users\/6"}],"replies":[{"embeddable":true,"href":"https:\/\/mfwa.org\/fr\/wp-json\/wp\/v2\/comments?post=19556"}],"wp:featuredmedia":[{"embeddable":true,"href":"https:\/\/mfwa.org\/fr\/wp-json\/wp\/v2\/media\/19531"}],"wp:attachment":[{"href":"https:\/\/mfwa.org\/fr\/wp-json\/wp\/v2\/media?parent=19556"}],"wp:term":[{"taxonomy":"category","embeddable":true,"href":"https:\/\/mfwa.org\/fr\/wp-json\/wp\/v2\/categories?post=19556"},{"taxonomy":"country","embeddable":true,"href":"https:\/\/mfwa.org\/fr\/wp-json\/wp\/v2\/country?post=19556"}],"curies":[{"name":"wp","href":"https:\/\/api.w.org\/{rel}","templated":true}]}}