{"id":18811,"date":"2020-06-10T13:26:15","date_gmt":"2020-06-10T13:26:15","guid":{"rendered":"https:\/\/www.mfwa.org\/?post_type=country-highlights&#038;p=18811"},"modified":"2020-06-10T14:09:40","modified_gmt":"2020-06-10T14:09:40","slug":"des-manifestants-attaquent-une-station-de-radio-saccagent-du-materiel","status":"publish","type":"country-highlights","link":"https:\/\/mfwa.org\/fr\/country-highlights\/des-manifestants-attaquent-une-station-de-radio-saccagent-du-materiel\/","title":{"rendered":"Des Manifestants Attaquent une Station de Radio, Saccagent du Mat\u00e9riel"},"content":{"rendered":"<p>Les autorit\u00e9s s\u00e9n\u00e9galaises doivent enqu\u00eater sur la violente attaque contre la station priv\u00e9e RFM Radio et veiller \u00e0 ce que les auteurs soient punis.<\/p>\n<p>Dans la nuit du 2 juin 2020, un groupe de manifestants contre les mesures restrictives de COVID-19, s&#8217;est attaqu\u00e9 au si\u00e8ge de la radio RFM bas\u00e9e \u00e0 Mback\u00e9, \u00e0 198 km de Dakar. Les protestataires ont endommag\u00e9 plusieurs \u00e9quipements de la station de radio qui appartient au c\u00e9l\u00e8bre chanteur et ancien ministre, Youssou N&#8217;Dour.<\/p>\n<p>Heureusement, aucune attaque physique contre des journalistes n&#8217;a \u00e9t\u00e9 signal\u00e9e. Les motifs de l\u2019attaque sur la station radio ne sont cependant pas clairs.<\/p>\n<p>Entre les 2 et 3 juin 2020, de violentes manifestations ont \u00e9clat\u00e9 \u00e0 travers le S\u00e9n\u00e9gal, les manifestants r\u00e9clamant un assouplissement de la mesure de contr\u00f4le COVID-19 qu&#8217;ils qualifient de trop restrictive. Le couvre-feu de 21h \u00e0 5h du matin en particulier a \u00e9t\u00e9 tr\u00e8s impopulaire.<\/p>\n<p>L&#8217;attaque contre la radio RFM a \u00e9t\u00e9 condamn\u00e9e par plusieurs organisations locales. Le Conseil s\u00e9n\u00e9galais des diffuseurs et \u00e9diteurs (CDEPS) a demand\u00e9 aux autorit\u00e9s d&#8217;enqu\u00eater sur ces attaques et de traduire les auteurs en justice.<\/p>\n<p>&#8220;Les responsables de cette attaque doivent \u00eatre retrouv\u00e9s et traduits en justice&#8221;, a publi\u00e9 le CDEPS dans un communiqu\u00e9 de presse.<\/p>\n<p>Le MFWA condamne l&#8217;attaque contre la radio RFM comme une atteinte \u00e0 la libert\u00e9 de la presse.&nbsp; Nous appelons donc les autorit\u00e9s \u00e0 enqu\u00eater sur l&#8217;incident et \u00e0 traduire les auteurs en justice.<\/p>\n<p>Nous demandons instamment \u00e0 la police de prot\u00e9ger les m\u00e9dias et les journalistes pendant ces manifestations et tout au long de cette p\u00e9riode d&#8217;urgence COVID-19.<\/p>\n","protected":false},"author":6,"featured_media":18806,"comment_status":"closed","ping_status":"closed","template":"","categories":[254],"country":[251],"class_list":["post-18811","country-highlights","type-country-highlights","status-publish","has-post-thumbnail","hentry","category-free-expression-violations-fr","country-senegal-fr"],"yoast_head":"<!-- This site is optimized with the Yoast SEO plugin v27.5 - https:\/\/yoast.com\/product\/yoast-seo-wordpress\/ -->\n<title>Des Manifestants Attaquent une Station de Radio, Saccagent du Mat\u00e9riel - Media Foundation For West Africa<\/title>\n<meta name=\"robots\" content=\"index, follow, max-snippet:-1, max-image-preview:large, max-video-preview:-1\" \/>\n<link rel=\"canonical\" href=\"https:\/\/mfwa.org\/fr\/country-highlights\/des-manifestants-attaquent-une-station-de-radio-saccagent-du-materiel\/\" \/>\n<meta property=\"og:locale\" content=\"fr_FR\" \/>\n<meta property=\"og:type\" content=\"article\" \/>\n<meta property=\"og:title\" content=\"Des Manifestants Attaquent une Station de Radio, Saccagent du Mat\u00e9riel - Media Foundation For West Africa\" \/>\n<meta property=\"og:description\" content=\"Les autorit\u00e9s s\u00e9n\u00e9galaises doivent enqu\u00eater sur la violente attaque contre la station priv\u00e9e RFM Radio et veiller \u00e0\" \/>\n<meta property=\"og:url\" content=\"https:\/\/mfwa.org\/fr\/country-highlights\/des-manifestants-attaquent-une-station-de-radio-saccagent-du-materiel\/\" \/>\n<meta property=\"og:site_name\" content=\"Media Foundation For West Africa\" \/>\n<meta property=\"article:publisher\" content=\"https:\/\/www.facebook.com\/themfwa\" \/>\n<meta property=\"article:modified_time\" content=\"2020-06-10T14:09:40+00:00\" \/>\n<meta property=\"og:image\" content=\"https:\/\/mfwa.org\/wp-content\/uploads\/2020\/06\/Rfm-300x187-1.jpg\" \/>\n\t<meta property=\"og:image:width\" content=\"300\" \/>\n\t<meta property=\"og:image:height\" content=\"187\" \/>\n\t<meta property=\"og:image:type\" content=\"image\/jpeg\" \/>\n<meta name=\"twitter:card\" content=\"summary_large_image\" \/>\n<meta name=\"twitter:site\" content=\"@TheMFWA\" \/>\n<meta name=\"twitter:label1\" content=\"Est. reading time\" \/>\n\t<meta name=\"twitter:data1\" content=\"1 minute\" \/>\n<script type=\"application\/ld+json\" class=\"yoast-schema-graph\">{\"@context\":\"https:\\\/\\\/schema.org\",\"@graph\":[{\"@type\":\"WebPage\",\"@id\":\"https:\\\/\\\/mfwa.org\\\/fr\\\/country-highlights\\\/des-manifestants-attaquent-une-station-de-radio-saccagent-du-materiel\\\/\",\"url\":\"https:\\\/\\\/mfwa.org\\\/fr\\\/country-highlights\\\/des-manifestants-attaquent-une-station-de-radio-saccagent-du-materiel\\\/\",\"name\":\"Des Manifestants Attaquent une Station de Radio, Saccagent du Mat\u00e9riel - Media Foundation For West Africa\",\"isPartOf\":{\"@id\":\"https:\\\/\\\/mfwa.org\\\/#website\"},\"primaryImageOfPage\":{\"@id\":\"https:\\\/\\\/mfwa.org\\\/fr\\\/country-highlights\\\/des-manifestants-attaquent-une-station-de-radio-saccagent-du-materiel\\\/#primaryimage\"},\"image\":{\"@id\":\"https:\\\/\\\/mfwa.org\\\/fr\\\/country-highlights\\\/des-manifestants-attaquent-une-station-de-radio-saccagent-du-materiel\\\/#primaryimage\"},\"thumbnailUrl\":\"https:\\\/\\\/mfwa.org\\\/wp-content\\\/uploads\\\/2020\\\/06\\\/Rfm-300x187-1.jpg\",\"datePublished\":\"2020-06-10T13:26:15+00:00\",\"dateModified\":\"2020-06-10T14:09:40+00:00\",\"breadcrumb\":{\"@id\":\"https:\\\/\\\/mfwa.org\\\/fr\\\/country-highlights\\\/des-manifestants-attaquent-une-station-de-radio-saccagent-du-materiel\\\/#breadcrumb\"},\"inLanguage\":\"fr-FR\",\"potentialAction\":[{\"@type\":\"ReadAction\",\"target\":[\"https:\\\/\\\/mfwa.org\\\/fr\\\/country-highlights\\\/des-manifestants-attaquent-une-station-de-radio-saccagent-du-materiel\\\/\"]}]},{\"@type\":\"ImageObject\",\"inLanguage\":\"fr-FR\",\"@id\":\"https:\\\/\\\/mfwa.org\\\/fr\\\/country-highlights\\\/des-manifestants-attaquent-une-station-de-radio-saccagent-du-materiel\\\/#primaryimage\",\"url\":\"https:\\\/\\\/mfwa.org\\\/wp-content\\\/uploads\\\/2020\\\/06\\\/Rfm-300x187-1.jpg\",\"contentUrl\":\"https:\\\/\\\/mfwa.org\\\/wp-content\\\/uploads\\\/2020\\\/06\\\/Rfm-300x187-1.jpg\",\"width\":300,\"height\":187},{\"@type\":\"BreadcrumbList\",\"@id\":\"https:\\\/\\\/mfwa.org\\\/fr\\\/country-highlights\\\/des-manifestants-attaquent-une-station-de-radio-saccagent-du-materiel\\\/#breadcrumb\",\"itemListElement\":[{\"@type\":\"ListItem\",\"position\":1,\"name\":\"Home\",\"item\":\"https:\\\/\\\/mfwa.org\\\/fr\\\/\"},{\"@type\":\"ListItem\",\"position\":2,\"name\":\"Country Highlights\",\"item\":\"https:\\\/\\\/mfwa.org\\\/country-highlights\\\/\"},{\"@type\":\"ListItem\",\"position\":3,\"name\":\"Des Manifestants Attaquent une Station de Radio, Saccagent du Mat\u00e9riel\"}]},{\"@type\":\"WebSite\",\"@id\":\"https:\\\/\\\/mfwa.org\\\/#website\",\"url\":\"https:\\\/\\\/mfwa.org\\\/\",\"name\":\"Media Foundation For West Africa\",\"description\":\"Promoting Freedom of Expression and Democracy in West Africa\",\"publisher\":{\"@id\":\"https:\\\/\\\/mfwa.org\\\/#organization\"},\"potentialAction\":[{\"@type\":\"SearchAction\",\"target\":{\"@type\":\"EntryPoint\",\"urlTemplate\":\"https:\\\/\\\/mfwa.org\\\/?s={search_term_string}\"},\"query-input\":{\"@type\":\"PropertyValueSpecification\",\"valueRequired\":true,\"valueName\":\"search_term_string\"}}],\"inLanguage\":\"fr-FR\"},{\"@type\":\"Organization\",\"@id\":\"https:\\\/\\\/mfwa.org\\\/#organization\",\"name\":\"Media Foundation for West Africa\",\"url\":\"https:\\\/\\\/mfwa.org\\\/\",\"logo\":{\"@type\":\"ImageObject\",\"inLanguage\":\"fr-FR\",\"@id\":\"https:\\\/\\\/mfwa.org\\\/#\\\/schema\\\/logo\\\/image\\\/\",\"url\":\"https:\\\/\\\/www.mfwa.org\\\/wp-content\\\/uploads\\\/2016\\\/06\\\/MFWA-LOGO.png\",\"contentUrl\":\"https:\\\/\\\/www.mfwa.org\\\/wp-content\\\/uploads\\\/2016\\\/06\\\/MFWA-LOGO.png\",\"width\":180,\"height\":180,\"caption\":\"Media Foundation for West Africa\"},\"image\":{\"@id\":\"https:\\\/\\\/mfwa.org\\\/#\\\/schema\\\/logo\\\/image\\\/\"},\"sameAs\":[\"https:\\\/\\\/www.facebook.com\\\/themfwa\",\"https:\\\/\\\/x.com\\\/TheMFWA\",\"https:\\\/\\\/www.youtube.com\\\/channel\\\/UCF6HrPuXcV1K1Ed8AAq4Rdw\"]}]}<\/script>\n<!-- \/ Yoast SEO plugin. -->","yoast_head_json":{"title":"Des Manifestants Attaquent une Station de Radio, Saccagent du Mat\u00e9riel - Media Foundation For West Africa","robots":{"index":"index","follow":"follow","max-snippet":"max-snippet:-1","max-image-preview":"max-image-preview:large","max-video-preview":"max-video-preview:-1"},"canonical":"https:\/\/mfwa.org\/fr\/country-highlights\/des-manifestants-attaquent-une-station-de-radio-saccagent-du-materiel\/","og_locale":"fr_FR","og_type":"article","og_title":"Des Manifestants Attaquent une Station de Radio, Saccagent du Mat\u00e9riel - Media Foundation For West Africa","og_description":"Les autorit\u00e9s s\u00e9n\u00e9galaises doivent enqu\u00eater sur la violente attaque contre la station priv\u00e9e RFM Radio et veiller \u00e0","og_url":"https:\/\/mfwa.org\/fr\/country-highlights\/des-manifestants-attaquent-une-station-de-radio-saccagent-du-materiel\/","og_site_name":"Media Foundation For West Africa","article_publisher":"https:\/\/www.facebook.com\/themfwa","article_modified_time":"2020-06-10T14:09:40+00:00","og_image":[{"width":300,"height":187,"url":"https:\/\/mfwa.org\/wp-content\/uploads\/2020\/06\/Rfm-300x187-1.jpg","type":"image\/jpeg"}],"twitter_card":"summary_large_image","twitter_site":"@TheMFWA","twitter_misc":{"Est. reading time":"1 minute"},"schema":{"@context":"https:\/\/schema.org","@graph":[{"@type":"WebPage","@id":"https:\/\/mfwa.org\/fr\/country-highlights\/des-manifestants-attaquent-une-station-de-radio-saccagent-du-materiel\/","url":"https:\/\/mfwa.org\/fr\/country-highlights\/des-manifestants-attaquent-une-station-de-radio-saccagent-du-materiel\/","name":"Des Manifestants Attaquent une Station de Radio, Saccagent du Mat\u00e9riel - Media Foundation For West Africa","isPartOf":{"@id":"https:\/\/mfwa.org\/#website"},"primaryImageOfPage":{"@id":"https:\/\/mfwa.org\/fr\/country-highlights\/des-manifestants-attaquent-une-station-de-radio-saccagent-du-materiel\/#primaryimage"},"image":{"@id":"https:\/\/mfwa.org\/fr\/country-highlights\/des-manifestants-attaquent-une-station-de-radio-saccagent-du-materiel\/#primaryimage"},"thumbnailUrl":"https:\/\/mfwa.org\/wp-content\/uploads\/2020\/06\/Rfm-300x187-1.jpg","datePublished":"2020-06-10T13:26:15+00:00","dateModified":"2020-06-10T14:09:40+00:00","breadcrumb":{"@id":"https:\/\/mfwa.org\/fr\/country-highlights\/des-manifestants-attaquent-une-station-de-radio-saccagent-du-materiel\/#breadcrumb"},"inLanguage":"fr-FR","potentialAction":[{"@type":"ReadAction","target":["https:\/\/mfwa.org\/fr\/country-highlights\/des-manifestants-attaquent-une-station-de-radio-saccagent-du-materiel\/"]}]},{"@type":"ImageObject","inLanguage":"fr-FR","@id":"https:\/\/mfwa.org\/fr\/country-highlights\/des-manifestants-attaquent-une-station-de-radio-saccagent-du-materiel\/#primaryimage","url":"https:\/\/mfwa.org\/wp-content\/uploads\/2020\/06\/Rfm-300x187-1.jpg","contentUrl":"https:\/\/mfwa.org\/wp-content\/uploads\/2020\/06\/Rfm-300x187-1.jpg","width":300,"height":187},{"@type":"BreadcrumbList","@id":"https:\/\/mfwa.org\/fr\/country-highlights\/des-manifestants-attaquent-une-station-de-radio-saccagent-du-materiel\/#breadcrumb","itemListElement":[{"@type":"ListItem","position":1,"name":"Home","item":"https:\/\/mfwa.org\/fr\/"},{"@type":"ListItem","position":2,"name":"Country Highlights","item":"https:\/\/mfwa.org\/country-highlights\/"},{"@type":"ListItem","position":3,"name":"Des Manifestants Attaquent une Station de Radio, Saccagent du Mat\u00e9riel"}]},{"@type":"WebSite","@id":"https:\/\/mfwa.org\/#website","url":"https:\/\/mfwa.org\/","name":"Media Foundation For West Africa","description":"Promoting Freedom of Expression and Democracy in West Africa","publisher":{"@id":"https:\/\/mfwa.org\/#organization"},"potentialAction":[{"@type":"SearchAction","target":{"@type":"EntryPoint","urlTemplate":"https:\/\/mfwa.org\/?s={search_term_string}"},"query-input":{"@type":"PropertyValueSpecification","valueRequired":true,"valueName":"search_term_string"}}],"inLanguage":"fr-FR"},{"@type":"Organization","@id":"https:\/\/mfwa.org\/#organization","name":"Media Foundation for West Africa","url":"https:\/\/mfwa.org\/","logo":{"@type":"ImageObject","inLanguage":"fr-FR","@id":"https:\/\/mfwa.org\/#\/schema\/logo\/image\/","url":"https:\/\/www.mfwa.org\/wp-content\/uploads\/2016\/06\/MFWA-LOGO.png","contentUrl":"https:\/\/www.mfwa.org\/wp-content\/uploads\/2016\/06\/MFWA-LOGO.png","width":180,"height":180,"caption":"Media Foundation for West Africa"},"image":{"@id":"https:\/\/mfwa.org\/#\/schema\/logo\/image\/"},"sameAs":["https:\/\/www.facebook.com\/themfwa","https:\/\/x.com\/TheMFWA","https:\/\/www.youtube.com\/channel\/UCF6HrPuXcV1K1Ed8AAq4Rdw"]}]}},"_links":{"self":[{"href":"https:\/\/mfwa.org\/fr\/wp-json\/wp\/v2\/country-highlights\/18811","targetHints":{"allow":["GET"]}}],"collection":[{"href":"https:\/\/mfwa.org\/fr\/wp-json\/wp\/v2\/country-highlights"}],"about":[{"href":"https:\/\/mfwa.org\/fr\/wp-json\/wp\/v2\/types\/country-highlights"}],"author":[{"embeddable":true,"href":"https:\/\/mfwa.org\/fr\/wp-json\/wp\/v2\/users\/6"}],"replies":[{"embeddable":true,"href":"https:\/\/mfwa.org\/fr\/wp-json\/wp\/v2\/comments?post=18811"}],"wp:featuredmedia":[{"embeddable":true,"href":"https:\/\/mfwa.org\/fr\/wp-json\/wp\/v2\/media\/18806"}],"wp:attachment":[{"href":"https:\/\/mfwa.org\/fr\/wp-json\/wp\/v2\/media?parent=18811"}],"wp:term":[{"taxonomy":"category","embeddable":true,"href":"https:\/\/mfwa.org\/fr\/wp-json\/wp\/v2\/categories?post=18811"},{"taxonomy":"country","embeddable":true,"href":"https:\/\/mfwa.org\/fr\/wp-json\/wp\/v2\/country?post=18811"}],"curies":[{"name":"wp","href":"https:\/\/api.w.org\/{rel}","templated":true}]}}