{"id":17234,"date":"2020-02-05T15:16:32","date_gmt":"2020-02-05T15:16:32","guid":{"rendered":"https:\/\/www.mfwa.org\/?post_type=country-highlights&#038;p=17234"},"modified":"2020-02-05T15:20:53","modified_gmt":"2020-02-05T15:20:53","slug":"la-mfwa-se-felicite-de-la-liberation-des-journalistes-arretes-pour-avoir-critique-le-gouvernement-sur-les-reseaux-sociaux","status":"publish","type":"country-highlights","link":"https:\/\/mfwa.org\/fr\/country-highlights\/la-mfwa-se-felicite-de-la-liberation-des-journalistes-arretes-pour-avoir-critique-le-gouvernement-sur-les-reseaux-sociaux\/","title":{"rendered":"La MFWA se F\u00e9licite de\u00a0 la Lib\u00e9ration des Journalistes Arr\u00eat\u00e9s pour Avoir Critiqu\u00e9 le Gouvernement sur les R\u00e9seaux Sociaux"},"content":{"rendered":"<p>La Fondation des M\u00e9dias pour l&#8217;Afrique de l&#8217;Ouest (MFWA) se f\u00e9licite de la lib\u00e9ration du blogueur Mohamed Ali Ould Abdel Aziz et des journalistes Abdou Ould Tajeddine et Cheikh Ould Mami et appelle les autorit\u00e9s mauritaniennes \u00e0 abandonner toutes les charges retenues contre eux.<\/p>\n<p>Les trois avaient \u00e9t\u00e9 arr\u00eat\u00e9s entre le 22 et le 26 janvier 2020 pour avoir produit et diffus\u00e9 une vid\u00e9o critiquant le pr\u00e9sident Mohamed Cheikh El Ghazouani et son gouvernement.<\/p>\n<p>Le blogueur Mohamed Ali Abdel Aziz a \u00e9t\u00e9 arr\u00eat\u00e9 par la police apr\u00e8s avoir publi\u00e9 la vid\u00e9o sur les m\u00e9dias sociaux. Il a \u00e9t\u00e9 d\u00e9tenu au si\u00e8ge de la s\u00e9curit\u00e9 des services de l&#8217;Etat, \u00e0 Nouakchott, la capitale de la Mauritanie. Suite \u00e0 son arrestation, le minist\u00e8re de la s\u00e9curit\u00e9 en Mauritanie a publi\u00e9 une d\u00e9claration, accusant le blogueur de cyber-d\u00e9lits.<\/p>\n<p>&#8220;[Mohamed Ali Adbedl Aiz] est accus\u00e9 d&#8217;avoir utilis\u00e9 un programme informatique pour produire et diffuser des enregistrements contenant des insultes et des appels au racisme et \u00e0 la haine en contradiction flagrante avec nos valeurs sociales, les enseignements de notre sainte religion et les lois en vigueur dans le pays&#8221;, disait\u00a0 le communiqu\u00e9.<\/p>\n<p>Le 22 janvier, les forces de s\u00e9curit\u00e9 ont retrouv\u00e9 et arr\u00eat\u00e9 Abdou Ould Tajeddine, un cameraman et producteur vid\u00e9o travaillant pour la cha\u00eene priv\u00e9e Sahel TV. Le 26 janvier 2020, une troisi\u00e8me personne, un journaliste ind\u00e9pendant, Cheikh Ould Mami, a \u00e9galement \u00e9t\u00e9 arr\u00eat\u00e9 en relation avec la production et la publication de la vid\u00e9o critique.<\/p>\n<p>Aziz, Tajeddine et Mami ont \u00e9t\u00e9 maintenus en d\u00e9tention jusqu&#8217;\u00e0 leur lib\u00e9ration le 27 janvier 2020. Le communiqu\u00e9 du gouvernement qui a annonc\u00e9 leur lib\u00e9ration n&#8217;a pas indiqu\u00e9 les conditions de leur remise en libert\u00e9 ni pr\u00e9cis\u00e9 l&#8217;\u00e9tat d&#8217;avancement de l&#8217;affaire.<\/p>\n<p>Le MFWA se f\u00e9licite de la lib\u00e9ration d&#8217;Abdel Azziz, Tajeddine et Mami et condamne leur arrestation en premier lieu. Nous consid\u00e9rons l&#8217;arrestation des journalistes comme une tentative d&#8217;intimidation et de d\u00e9couragement des critiques du r\u00e9gime. Nous demandons aux autorit\u00e9s mauritaniennes d&#8217;abandonner toutes les charges retenues contre les trois hommes et de cesser tout acte de harc\u00e8lement \u00e0 leur encontre.<\/p>\n","protected":false},"author":6,"featured_media":17232,"comment_status":"closed","ping_status":"closed","template":"","categories":[256,169,227],"country":[248],"class_list":["post-17234","country-highlights","type-country-highlights","status-publish","has-post-thumbnail","hentry","category-media-development-fr","category-digital-rights","category-free-expression-and-the-law-fr","country-mauritanie"],"yoast_head":"<!-- This site is optimized with the Yoast SEO plugin v27.5 - https:\/\/yoast.com\/product\/yoast-seo-wordpress\/ -->\n<title>La MFWA se F\u00e9licite de\u00a0 la Lib\u00e9ration des Journalistes Arr\u00eat\u00e9s pour Avoir Critiqu\u00e9 le Gouvernement sur les R\u00e9seaux Sociaux - Media Foundation For West Africa<\/title>\n<meta name=\"robots\" content=\"index, follow, max-snippet:-1, max-image-preview:large, max-video-preview:-1\" \/>\n<link rel=\"canonical\" href=\"https:\/\/mfwa.org\/country-highlights\/mfwa-welcomes-release-of-journalists-arrested-criticising-government-on-social-media\/\" \/>\n<meta property=\"og:locale\" content=\"fr_FR\" \/>\n<meta property=\"og:type\" content=\"article\" \/>\n<meta property=\"og:title\" content=\"La MFWA se F\u00e9licite de\u00a0 la Lib\u00e9ration des Journalistes Arr\u00eat\u00e9s pour Avoir Critiqu\u00e9 le Gouvernement sur les R\u00e9seaux Sociaux - Media Foundation For West Africa\" \/>\n<meta property=\"og:description\" content=\"La Fondation des M\u00e9dias pour l&#8217;Afrique de l&#8217;Ouest (MFWA) se f\u00e9licite de la lib\u00e9ration du blogueur Mohamed Ali\" \/>\n<meta property=\"og:url\" content=\"https:\/\/mfwa.org\/country-highlights\/mfwa-welcomes-release-of-journalists-arrested-criticising-government-on-social-media\/\" \/>\n<meta property=\"og:site_name\" content=\"Media Foundation For West Africa\" \/>\n<meta property=\"article:publisher\" content=\"https:\/\/www.facebook.com\/themfwa\" \/>\n<meta property=\"article:modified_time\" content=\"2020-02-05T15:20:53+00:00\" \/>\n<meta property=\"og:image\" content=\"https:\/\/mfwa.org\/wp-content\/uploads\/2020\/02\/cresahead.jpg\" \/>\n\t<meta property=\"og:image:width\" content=\"850\" \/>\n\t<meta property=\"og:image:height\" content=\"460\" \/>\n\t<meta property=\"og:image:type\" content=\"image\/jpeg\" \/>\n<meta name=\"twitter:card\" content=\"summary_large_image\" \/>\n<meta name=\"twitter:site\" content=\"@TheMFWA\" \/>\n<meta name=\"twitter:label1\" content=\"Est. reading time\" \/>\n\t<meta name=\"twitter:data1\" content=\"2 minutes\" \/>\n<script type=\"application\/ld+json\" class=\"yoast-schema-graph\">{\"@context\":\"https:\\\/\\\/schema.org\",\"@graph\":[{\"@type\":\"WebPage\",\"@id\":\"https:\\\/\\\/mfwa.org\\\/country-highlights\\\/mfwa-welcomes-release-of-journalists-arrested-criticising-government-on-social-media\\\/\",\"url\":\"https:\\\/\\\/mfwa.org\\\/country-highlights\\\/mfwa-welcomes-release-of-journalists-arrested-criticising-government-on-social-media\\\/\",\"name\":\"La MFWA se F\u00e9licite de\u00a0 la Lib\u00e9ration des Journalistes Arr\u00eat\u00e9s pour Avoir Critiqu\u00e9 le Gouvernement sur les R\u00e9seaux Sociaux - Media Foundation For West Africa\",\"isPartOf\":{\"@id\":\"https:\\\/\\\/mfwa.org\\\/#website\"},\"primaryImageOfPage\":{\"@id\":\"https:\\\/\\\/mfwa.org\\\/country-highlights\\\/mfwa-welcomes-release-of-journalists-arrested-criticising-government-on-social-media\\\/#primaryimage\"},\"image\":{\"@id\":\"https:\\\/\\\/mfwa.org\\\/country-highlights\\\/mfwa-welcomes-release-of-journalists-arrested-criticising-government-on-social-media\\\/#primaryimage\"},\"thumbnailUrl\":\"https:\\\/\\\/mfwa.org\\\/wp-content\\\/uploads\\\/2020\\\/02\\\/cresahead.jpg\",\"datePublished\":\"2020-02-05T15:16:32+00:00\",\"dateModified\":\"2020-02-05T15:20:53+00:00\",\"breadcrumb\":{\"@id\":\"https:\\\/\\\/mfwa.org\\\/country-highlights\\\/mfwa-welcomes-release-of-journalists-arrested-criticising-government-on-social-media\\\/#breadcrumb\"},\"inLanguage\":\"fr-FR\",\"potentialAction\":[{\"@type\":\"ReadAction\",\"target\":[\"https:\\\/\\\/mfwa.org\\\/country-highlights\\\/mfwa-welcomes-release-of-journalists-arrested-criticising-government-on-social-media\\\/\"]}]},{\"@type\":\"ImageObject\",\"inLanguage\":\"fr-FR\",\"@id\":\"https:\\\/\\\/mfwa.org\\\/country-highlights\\\/mfwa-welcomes-release-of-journalists-arrested-criticising-government-on-social-media\\\/#primaryimage\",\"url\":\"https:\\\/\\\/mfwa.org\\\/wp-content\\\/uploads\\\/2020\\\/02\\\/cresahead.jpg\",\"contentUrl\":\"https:\\\/\\\/mfwa.org\\\/wp-content\\\/uploads\\\/2020\\\/02\\\/cresahead.jpg\",\"width\":850,\"height\":460},{\"@type\":\"BreadcrumbList\",\"@id\":\"https:\\\/\\\/mfwa.org\\\/country-highlights\\\/mfwa-welcomes-release-of-journalists-arrested-criticising-government-on-social-media\\\/#breadcrumb\",\"itemListElement\":[{\"@type\":\"ListItem\",\"position\":1,\"name\":\"Home\",\"item\":\"https:\\\/\\\/mfwa.org\\\/fr\\\/\"},{\"@type\":\"ListItem\",\"position\":2,\"name\":\"Country Highlights\",\"item\":\"https:\\\/\\\/mfwa.org\\\/country-highlights\\\/\"},{\"@type\":\"ListItem\",\"position\":3,\"name\":\"La MFWA se F\u00e9licite de\u00a0 la Lib\u00e9ration des Journalistes Arr\u00eat\u00e9s pour Avoir Critiqu\u00e9 le Gouvernement sur les R\u00e9seaux Sociaux\"}]},{\"@type\":\"WebSite\",\"@id\":\"https:\\\/\\\/mfwa.org\\\/#website\",\"url\":\"https:\\\/\\\/mfwa.org\\\/\",\"name\":\"Media Foundation For West Africa\",\"description\":\"Promoting Freedom of Expression and Democracy in West Africa\",\"publisher\":{\"@id\":\"https:\\\/\\\/mfwa.org\\\/#organization\"},\"potentialAction\":[{\"@type\":\"SearchAction\",\"target\":{\"@type\":\"EntryPoint\",\"urlTemplate\":\"https:\\\/\\\/mfwa.org\\\/?s={search_term_string}\"},\"query-input\":{\"@type\":\"PropertyValueSpecification\",\"valueRequired\":true,\"valueName\":\"search_term_string\"}}],\"inLanguage\":\"fr-FR\"},{\"@type\":\"Organization\",\"@id\":\"https:\\\/\\\/mfwa.org\\\/#organization\",\"name\":\"Media Foundation for West Africa\",\"url\":\"https:\\\/\\\/mfwa.org\\\/\",\"logo\":{\"@type\":\"ImageObject\",\"inLanguage\":\"fr-FR\",\"@id\":\"https:\\\/\\\/mfwa.org\\\/#\\\/schema\\\/logo\\\/image\\\/\",\"url\":\"https:\\\/\\\/www.mfwa.org\\\/wp-content\\\/uploads\\\/2016\\\/06\\\/MFWA-LOGO.png\",\"contentUrl\":\"https:\\\/\\\/www.mfwa.org\\\/wp-content\\\/uploads\\\/2016\\\/06\\\/MFWA-LOGO.png\",\"width\":180,\"height\":180,\"caption\":\"Media Foundation for West Africa\"},\"image\":{\"@id\":\"https:\\\/\\\/mfwa.org\\\/#\\\/schema\\\/logo\\\/image\\\/\"},\"sameAs\":[\"https:\\\/\\\/www.facebook.com\\\/themfwa\",\"https:\\\/\\\/x.com\\\/TheMFWA\",\"https:\\\/\\\/www.youtube.com\\\/channel\\\/UCF6HrPuXcV1K1Ed8AAq4Rdw\"]}]}<\/script>\n<!-- \/ Yoast SEO plugin. -->","yoast_head_json":{"title":"La MFWA se F\u00e9licite de\u00a0 la Lib\u00e9ration des Journalistes Arr\u00eat\u00e9s pour Avoir Critiqu\u00e9 le Gouvernement sur les R\u00e9seaux Sociaux - Media Foundation For West Africa","robots":{"index":"index","follow":"follow","max-snippet":"max-snippet:-1","max-image-preview":"max-image-preview:large","max-video-preview":"max-video-preview:-1"},"canonical":"https:\/\/mfwa.org\/country-highlights\/mfwa-welcomes-release-of-journalists-arrested-criticising-government-on-social-media\/","og_locale":"fr_FR","og_type":"article","og_title":"La MFWA se F\u00e9licite de\u00a0 la Lib\u00e9ration des Journalistes Arr\u00eat\u00e9s pour Avoir Critiqu\u00e9 le Gouvernement sur les R\u00e9seaux Sociaux - Media Foundation For West Africa","og_description":"La Fondation des M\u00e9dias pour l&#8217;Afrique de l&#8217;Ouest (MFWA) se f\u00e9licite de la lib\u00e9ration du blogueur Mohamed Ali","og_url":"https:\/\/mfwa.org\/country-highlights\/mfwa-welcomes-release-of-journalists-arrested-criticising-government-on-social-media\/","og_site_name":"Media Foundation For West Africa","article_publisher":"https:\/\/www.facebook.com\/themfwa","article_modified_time":"2020-02-05T15:20:53+00:00","og_image":[{"width":850,"height":460,"url":"https:\/\/mfwa.org\/wp-content\/uploads\/2020\/02\/cresahead.jpg","type":"image\/jpeg"}],"twitter_card":"summary_large_image","twitter_site":"@TheMFWA","twitter_misc":{"Est. reading time":"2 minutes"},"schema":{"@context":"https:\/\/schema.org","@graph":[{"@type":"WebPage","@id":"https:\/\/mfwa.org\/country-highlights\/mfwa-welcomes-release-of-journalists-arrested-criticising-government-on-social-media\/","url":"https:\/\/mfwa.org\/country-highlights\/mfwa-welcomes-release-of-journalists-arrested-criticising-government-on-social-media\/","name":"La MFWA se F\u00e9licite de\u00a0 la Lib\u00e9ration des Journalistes Arr\u00eat\u00e9s pour Avoir Critiqu\u00e9 le Gouvernement sur les R\u00e9seaux Sociaux - Media Foundation For West Africa","isPartOf":{"@id":"https:\/\/mfwa.org\/#website"},"primaryImageOfPage":{"@id":"https:\/\/mfwa.org\/country-highlights\/mfwa-welcomes-release-of-journalists-arrested-criticising-government-on-social-media\/#primaryimage"},"image":{"@id":"https:\/\/mfwa.org\/country-highlights\/mfwa-welcomes-release-of-journalists-arrested-criticising-government-on-social-media\/#primaryimage"},"thumbnailUrl":"https:\/\/mfwa.org\/wp-content\/uploads\/2020\/02\/cresahead.jpg","datePublished":"2020-02-05T15:16:32+00:00","dateModified":"2020-02-05T15:20:53+00:00","breadcrumb":{"@id":"https:\/\/mfwa.org\/country-highlights\/mfwa-welcomes-release-of-journalists-arrested-criticising-government-on-social-media\/#breadcrumb"},"inLanguage":"fr-FR","potentialAction":[{"@type":"ReadAction","target":["https:\/\/mfwa.org\/country-highlights\/mfwa-welcomes-release-of-journalists-arrested-criticising-government-on-social-media\/"]}]},{"@type":"ImageObject","inLanguage":"fr-FR","@id":"https:\/\/mfwa.org\/country-highlights\/mfwa-welcomes-release-of-journalists-arrested-criticising-government-on-social-media\/#primaryimage","url":"https:\/\/mfwa.org\/wp-content\/uploads\/2020\/02\/cresahead.jpg","contentUrl":"https:\/\/mfwa.org\/wp-content\/uploads\/2020\/02\/cresahead.jpg","width":850,"height":460},{"@type":"BreadcrumbList","@id":"https:\/\/mfwa.org\/country-highlights\/mfwa-welcomes-release-of-journalists-arrested-criticising-government-on-social-media\/#breadcrumb","itemListElement":[{"@type":"ListItem","position":1,"name":"Home","item":"https:\/\/mfwa.org\/fr\/"},{"@type":"ListItem","position":2,"name":"Country Highlights","item":"https:\/\/mfwa.org\/country-highlights\/"},{"@type":"ListItem","position":3,"name":"La MFWA se F\u00e9licite de\u00a0 la Lib\u00e9ration des Journalistes Arr\u00eat\u00e9s pour Avoir Critiqu\u00e9 le Gouvernement sur les R\u00e9seaux Sociaux"}]},{"@type":"WebSite","@id":"https:\/\/mfwa.org\/#website","url":"https:\/\/mfwa.org\/","name":"Media Foundation For West Africa","description":"Promoting Freedom of Expression and Democracy in West Africa","publisher":{"@id":"https:\/\/mfwa.org\/#organization"},"potentialAction":[{"@type":"SearchAction","target":{"@type":"EntryPoint","urlTemplate":"https:\/\/mfwa.org\/?s={search_term_string}"},"query-input":{"@type":"PropertyValueSpecification","valueRequired":true,"valueName":"search_term_string"}}],"inLanguage":"fr-FR"},{"@type":"Organization","@id":"https:\/\/mfwa.org\/#organization","name":"Media Foundation for West Africa","url":"https:\/\/mfwa.org\/","logo":{"@type":"ImageObject","inLanguage":"fr-FR","@id":"https:\/\/mfwa.org\/#\/schema\/logo\/image\/","url":"https:\/\/www.mfwa.org\/wp-content\/uploads\/2016\/06\/MFWA-LOGO.png","contentUrl":"https:\/\/www.mfwa.org\/wp-content\/uploads\/2016\/06\/MFWA-LOGO.png","width":180,"height":180,"caption":"Media Foundation for West Africa"},"image":{"@id":"https:\/\/mfwa.org\/#\/schema\/logo\/image\/"},"sameAs":["https:\/\/www.facebook.com\/themfwa","https:\/\/x.com\/TheMFWA","https:\/\/www.youtube.com\/channel\/UCF6HrPuXcV1K1Ed8AAq4Rdw"]}]}},"_links":{"self":[{"href":"https:\/\/mfwa.org\/fr\/wp-json\/wp\/v2\/country-highlights\/17234","targetHints":{"allow":["GET"]}}],"collection":[{"href":"https:\/\/mfwa.org\/fr\/wp-json\/wp\/v2\/country-highlights"}],"about":[{"href":"https:\/\/mfwa.org\/fr\/wp-json\/wp\/v2\/types\/country-highlights"}],"author":[{"embeddable":true,"href":"https:\/\/mfwa.org\/fr\/wp-json\/wp\/v2\/users\/6"}],"replies":[{"embeddable":true,"href":"https:\/\/mfwa.org\/fr\/wp-json\/wp\/v2\/comments?post=17234"}],"wp:featuredmedia":[{"embeddable":true,"href":"https:\/\/mfwa.org\/fr\/wp-json\/wp\/v2\/media\/17232"}],"wp:attachment":[{"href":"https:\/\/mfwa.org\/fr\/wp-json\/wp\/v2\/media?parent=17234"}],"wp:term":[{"taxonomy":"category","embeddable":true,"href":"https:\/\/mfwa.org\/fr\/wp-json\/wp\/v2\/categories?post=17234"},{"taxonomy":"country","embeddable":true,"href":"https:\/\/mfwa.org\/fr\/wp-json\/wp\/v2\/country?post=17234"}],"curies":[{"name":"wp","href":"https:\/\/api.w.org\/{rel}","templated":true}]}}