{"id":16585,"date":"2019-11-14T09:04:45","date_gmt":"2019-11-14T09:04:45","guid":{"rendered":"http:\/\/www.mfwa.org\/?post_type=country-highlights&#038;p=16585"},"modified":"2019-11-14T09:04:45","modified_gmt":"2019-11-14T09:04:45","slug":"des-presumes-voyous-du-gouvernement-brutalisent-des-manifestants-et-un-journaliste","status":"publish","type":"country-highlights","link":"https:\/\/mfwa.org\/fr\/country-highlights\/des-presumes-voyous-du-gouvernement-brutalisent-des-manifestants-et-un-journaliste\/","title":{"rendered":"Des Pr\u00e9sum\u00e9s Voyous du Gouvernement Brutalisent des Manifestants et un Journaliste"},"content":{"rendered":"<p>Le 9 Novembre 2019, des voyous soup\u00e7onn\u00e9s d&#8217;\u00eatre des hommes de main du gouvernement de l&#8217;\u00c9tat d&#8217;Edo au Nigeria ont brutalis\u00e9 des manifestants antigouvernementaux et au moins un journaliste couvrant les attaques.<\/p>\n<p>La manifestation \u00e9tait organis\u00e9e par une organisation de la soci\u00e9t\u00e9 civile locale, Edo Civil Society Organisations (EDOCSOs). Des centaines de personnes ont particip\u00e9 \u00e0 la d\u00e9nonciation de la privatisation de l&#8217;H\u00f4pital Sp\u00e9cialis\u00e9 d\u2019Edo et de l&#8217;augmentation subs\u00e9quente des frais de consultation hospitali\u00e8re. Cependant, la foule a \u00e9t\u00e9 violemment dispers\u00e9e par des voyous qui sont arriv\u00e9s dans des v\u00e9hicules inconnus et v\u00eatus de t-shirts portant l&#8217;inscription &#8220;Vigilante Edo Government House&#8221;.<\/p>\n<p>Les bandits, dont certains portaient des armes, ont attaqu\u00e9 les manifestants et menac\u00e9 de tirer \u00e0 balles r\u00e9elles s&#8217;ils ne se dispersaient pas, cr\u00e9ant ainsi une ru\u00e9e qui a fait de nombreuses victimes.<\/p>\n<p>&#8220;Nous disons que l&#8217;h\u00f4pital sp\u00e9cialis\u00e9 de l&#8217;Etat d&#8217;Edo ne peut pas \u00eatre privatis\u00e9. Les soins de sant\u00e9 ne sont pas un privil\u00e8ge mais un droit &#8220;, a d\u00e9clar\u00e9 Leftist Omobude Agho, coordinateur g\u00e9n\u00e9ral des organisations de la soci\u00e9t\u00e9 civile d&#8217;Edo. &#8220;C&#8217;est inacceptable. Nous allions \u00e0 une manifestation pacifique jusqu&#8217;\u00e0 ce qu&#8217;une \u00e9quipe de jeunes gens portant des T-shirts, Edo Vigilante Government House, commenc\u00e8rent \u00e0 brandir toutes sortes de munitions, y compris des armes dans un v\u00e9hicule.<\/p>\n<p>Jomoh Ogirima, journaliste de la cha\u00eene de t\u00e9l\u00e9vision Rave Television, a \u00e9galement \u00e9t\u00e9 attaqu\u00e9 par les agresseurs alors qu&#8217;il couvrait l&#8217;incident. La cam\u00e9ra d&#8217;Origima a \u00e9t\u00e9 d\u00e9truite dans la m\u00eal\u00e9e.<\/p>\n<p>Cependant, le gouvernement de l&#8217;\u00c9tat s&#8217;est dissoci\u00e9 de la r\u00e9pression violente. Paul Ohonbamu, le commissaire d&#8217;\u00c9tat d&#8217;Edo charg\u00e9 de la communication et de l&#8217;orientation, a ni\u00e9 toute connaissance des auteurs de ces actes. Il s&#8217;est toutefois refus\u00e9 de condamner l&#8217;agression.<\/p>\n<p>La Fondation des\u00a0M\u00e9dias pour l&#8217;Afrique de l&#8217;Ouest (MFWA) condamne l&#8217;attaque gratuite contre cette manifestation pacifique. L&#8217;agression du journaliste est une violation flagrante de la libert\u00e9 de la presse et de la libert\u00e9 d&#8217;expression. La Constitution nig\u00e9riane garantit le droit de r\u00e9union et de manifestation pacifiques ainsi que la libert\u00e9 d&#8217;information et d&#8217;expression. Par cons\u00e9quent, nous demandons \u00e0 la s\u00e9curit\u00e9 de l&#8217;\u00c9tat de mener une enqu\u00eate sur la r\u00e9pression et de traduire les coupables en justice.<\/p>\n<p>&nbsp;<\/p>\n","protected":false},"author":6,"featured_media":16574,"comment_status":"closed","ping_status":"closed","template":"","categories":[254,311],"country":[250],"class_list":["post-16585","country-highlights","type-country-highlights","status-publish","has-post-thumbnail","hentry","category-free-expression-violations-fr","category-securite-des-journalistes","country-nigeria-fr"],"yoast_head":"<!-- This site is optimized with the Yoast SEO plugin v27.4 - https:\/\/yoast.com\/product\/yoast-seo-wordpress\/ -->\n<title>Des Pr\u00e9sum\u00e9s Voyous du Gouvernement Brutalisent des Manifestants et un Journaliste - Media Foundation For West Africa<\/title>\n<meta name=\"robots\" content=\"index, follow, max-snippet:-1, max-image-preview:large, max-video-preview:-1\" \/>\n<link rel=\"canonical\" href=\"https:\/\/mfwa.org\/fr\/country-highlights\/des-presumes-voyous-du-gouvernement-brutalisent-des-manifestants-et-un-journaliste\/\" \/>\n<meta property=\"og:locale\" content=\"fr_FR\" \/>\n<meta property=\"og:type\" content=\"article\" \/>\n<meta property=\"og:title\" content=\"Des Pr\u00e9sum\u00e9s Voyous du Gouvernement Brutalisent des Manifestants et un Journaliste - Media Foundation For West Africa\" \/>\n<meta property=\"og:description\" content=\"Le 9 Novembre 2019, des voyous soup\u00e7onn\u00e9s d&#8217;\u00eatre des hommes de main du gouvernement de l&#8217;\u00c9tat d&#8217;Edo au\" \/>\n<meta property=\"og:url\" content=\"https:\/\/mfwa.org\/fr\/country-highlights\/des-presumes-voyous-du-gouvernement-brutalisent-des-manifestants-et-un-journaliste\/\" \/>\n<meta property=\"og:site_name\" content=\"Media Foundation For West Africa\" \/>\n<meta property=\"article:publisher\" content=\"https:\/\/www.facebook.com\/themfwa\" \/>\n<meta property=\"og:image\" content=\"https:\/\/mfwa.org\/wp-content\/uploads\/2019\/11\/145052129.jpg\" \/>\n\t<meta property=\"og:image:width\" content=\"1000\" \/>\n\t<meta property=\"og:image:height\" content=\"561\" \/>\n\t<meta property=\"og:image:type\" content=\"image\/jpeg\" \/>\n<meta name=\"twitter:card\" content=\"summary_large_image\" \/>\n<meta name=\"twitter:site\" content=\"@TheMFWA\" \/>\n<meta name=\"twitter:label1\" content=\"Est. reading time\" \/>\n\t<meta name=\"twitter:data1\" content=\"2 minutes\" \/>\n<script type=\"application\/ld+json\" class=\"yoast-schema-graph\">{\"@context\":\"https:\\\/\\\/schema.org\",\"@graph\":[{\"@type\":\"WebPage\",\"@id\":\"https:\\\/\\\/mfwa.org\\\/fr\\\/country-highlights\\\/des-presumes-voyous-du-gouvernement-brutalisent-des-manifestants-et-un-journaliste\\\/\",\"url\":\"https:\\\/\\\/mfwa.org\\\/fr\\\/country-highlights\\\/des-presumes-voyous-du-gouvernement-brutalisent-des-manifestants-et-un-journaliste\\\/\",\"name\":\"Des Pr\u00e9sum\u00e9s Voyous du Gouvernement Brutalisent des Manifestants et un Journaliste - Media Foundation For West Africa\",\"isPartOf\":{\"@id\":\"https:\\\/\\\/mfwa.org\\\/#website\"},\"primaryImageOfPage\":{\"@id\":\"https:\\\/\\\/mfwa.org\\\/fr\\\/country-highlights\\\/des-presumes-voyous-du-gouvernement-brutalisent-des-manifestants-et-un-journaliste\\\/#primaryimage\"},\"image\":{\"@id\":\"https:\\\/\\\/mfwa.org\\\/fr\\\/country-highlights\\\/des-presumes-voyous-du-gouvernement-brutalisent-des-manifestants-et-un-journaliste\\\/#primaryimage\"},\"thumbnailUrl\":\"https:\\\/\\\/mfwa.org\\\/wp-content\\\/uploads\\\/2019\\\/11\\\/145052129.jpg\",\"datePublished\":\"2019-11-14T09:04:45+00:00\",\"breadcrumb\":{\"@id\":\"https:\\\/\\\/mfwa.org\\\/fr\\\/country-highlights\\\/des-presumes-voyous-du-gouvernement-brutalisent-des-manifestants-et-un-journaliste\\\/#breadcrumb\"},\"inLanguage\":\"fr-FR\",\"potentialAction\":[{\"@type\":\"ReadAction\",\"target\":[\"https:\\\/\\\/mfwa.org\\\/fr\\\/country-highlights\\\/des-presumes-voyous-du-gouvernement-brutalisent-des-manifestants-et-un-journaliste\\\/\"]}]},{\"@type\":\"ImageObject\",\"inLanguage\":\"fr-FR\",\"@id\":\"https:\\\/\\\/mfwa.org\\\/fr\\\/country-highlights\\\/des-presumes-voyous-du-gouvernement-brutalisent-des-manifestants-et-un-journaliste\\\/#primaryimage\",\"url\":\"https:\\\/\\\/mfwa.org\\\/wp-content\\\/uploads\\\/2019\\\/11\\\/145052129.jpg\",\"contentUrl\":\"https:\\\/\\\/mfwa.org\\\/wp-content\\\/uploads\\\/2019\\\/11\\\/145052129.jpg\",\"width\":1000,\"height\":561,\"caption\":\"Source: KERA\"},{\"@type\":\"BreadcrumbList\",\"@id\":\"https:\\\/\\\/mfwa.org\\\/fr\\\/country-highlights\\\/des-presumes-voyous-du-gouvernement-brutalisent-des-manifestants-et-un-journaliste\\\/#breadcrumb\",\"itemListElement\":[{\"@type\":\"ListItem\",\"position\":1,\"name\":\"Home\",\"item\":\"https:\\\/\\\/mfwa.org\\\/fr\\\/\"},{\"@type\":\"ListItem\",\"position\":2,\"name\":\"Country Highlights\",\"item\":\"https:\\\/\\\/mfwa.org\\\/country-highlights\\\/\"},{\"@type\":\"ListItem\",\"position\":3,\"name\":\"Des Pr\u00e9sum\u00e9s Voyous du Gouvernement Brutalisent des Manifestants et un Journaliste\"}]},{\"@type\":\"WebSite\",\"@id\":\"https:\\\/\\\/mfwa.org\\\/#website\",\"url\":\"https:\\\/\\\/mfwa.org\\\/\",\"name\":\"Media Foundation For West Africa\",\"description\":\"Promoting Freedom of Expression and Democracy in West Africa\",\"publisher\":{\"@id\":\"https:\\\/\\\/mfwa.org\\\/#organization\"},\"potentialAction\":[{\"@type\":\"SearchAction\",\"target\":{\"@type\":\"EntryPoint\",\"urlTemplate\":\"https:\\\/\\\/mfwa.org\\\/?s={search_term_string}\"},\"query-input\":{\"@type\":\"PropertyValueSpecification\",\"valueRequired\":true,\"valueName\":\"search_term_string\"}}],\"inLanguage\":\"fr-FR\"},{\"@type\":\"Organization\",\"@id\":\"https:\\\/\\\/mfwa.org\\\/#organization\",\"name\":\"Media Foundation for West Africa\",\"url\":\"https:\\\/\\\/mfwa.org\\\/\",\"logo\":{\"@type\":\"ImageObject\",\"inLanguage\":\"fr-FR\",\"@id\":\"https:\\\/\\\/mfwa.org\\\/#\\\/schema\\\/logo\\\/image\\\/\",\"url\":\"https:\\\/\\\/www.mfwa.org\\\/wp-content\\\/uploads\\\/2016\\\/06\\\/MFWA-LOGO.png\",\"contentUrl\":\"https:\\\/\\\/www.mfwa.org\\\/wp-content\\\/uploads\\\/2016\\\/06\\\/MFWA-LOGO.png\",\"width\":180,\"height\":180,\"caption\":\"Media Foundation for West Africa\"},\"image\":{\"@id\":\"https:\\\/\\\/mfwa.org\\\/#\\\/schema\\\/logo\\\/image\\\/\"},\"sameAs\":[\"https:\\\/\\\/www.facebook.com\\\/themfwa\",\"https:\\\/\\\/x.com\\\/TheMFWA\",\"https:\\\/\\\/www.youtube.com\\\/channel\\\/UCF6HrPuXcV1K1Ed8AAq4Rdw\"]}]}<\/script>\n<!-- \/ Yoast SEO plugin. -->","yoast_head_json":{"title":"Des Pr\u00e9sum\u00e9s Voyous du Gouvernement Brutalisent des Manifestants et un Journaliste - Media Foundation For West Africa","robots":{"index":"index","follow":"follow","max-snippet":"max-snippet:-1","max-image-preview":"max-image-preview:large","max-video-preview":"max-video-preview:-1"},"canonical":"https:\/\/mfwa.org\/fr\/country-highlights\/des-presumes-voyous-du-gouvernement-brutalisent-des-manifestants-et-un-journaliste\/","og_locale":"fr_FR","og_type":"article","og_title":"Des Pr\u00e9sum\u00e9s Voyous du Gouvernement Brutalisent des Manifestants et un Journaliste - Media Foundation For West Africa","og_description":"Le 9 Novembre 2019, des voyous soup\u00e7onn\u00e9s d&#8217;\u00eatre des hommes de main du gouvernement de l&#8217;\u00c9tat d&#8217;Edo au","og_url":"https:\/\/mfwa.org\/fr\/country-highlights\/des-presumes-voyous-du-gouvernement-brutalisent-des-manifestants-et-un-journaliste\/","og_site_name":"Media Foundation For West Africa","article_publisher":"https:\/\/www.facebook.com\/themfwa","og_image":[{"width":1000,"height":561,"url":"https:\/\/mfwa.org\/wp-content\/uploads\/2019\/11\/145052129.jpg","type":"image\/jpeg"}],"twitter_card":"summary_large_image","twitter_site":"@TheMFWA","twitter_misc":{"Est. reading time":"2 minutes"},"schema":{"@context":"https:\/\/schema.org","@graph":[{"@type":"WebPage","@id":"https:\/\/mfwa.org\/fr\/country-highlights\/des-presumes-voyous-du-gouvernement-brutalisent-des-manifestants-et-un-journaliste\/","url":"https:\/\/mfwa.org\/fr\/country-highlights\/des-presumes-voyous-du-gouvernement-brutalisent-des-manifestants-et-un-journaliste\/","name":"Des Pr\u00e9sum\u00e9s Voyous du Gouvernement Brutalisent des Manifestants et un Journaliste - Media Foundation For West Africa","isPartOf":{"@id":"https:\/\/mfwa.org\/#website"},"primaryImageOfPage":{"@id":"https:\/\/mfwa.org\/fr\/country-highlights\/des-presumes-voyous-du-gouvernement-brutalisent-des-manifestants-et-un-journaliste\/#primaryimage"},"image":{"@id":"https:\/\/mfwa.org\/fr\/country-highlights\/des-presumes-voyous-du-gouvernement-brutalisent-des-manifestants-et-un-journaliste\/#primaryimage"},"thumbnailUrl":"https:\/\/mfwa.org\/wp-content\/uploads\/2019\/11\/145052129.jpg","datePublished":"2019-11-14T09:04:45+00:00","breadcrumb":{"@id":"https:\/\/mfwa.org\/fr\/country-highlights\/des-presumes-voyous-du-gouvernement-brutalisent-des-manifestants-et-un-journaliste\/#breadcrumb"},"inLanguage":"fr-FR","potentialAction":[{"@type":"ReadAction","target":["https:\/\/mfwa.org\/fr\/country-highlights\/des-presumes-voyous-du-gouvernement-brutalisent-des-manifestants-et-un-journaliste\/"]}]},{"@type":"ImageObject","inLanguage":"fr-FR","@id":"https:\/\/mfwa.org\/fr\/country-highlights\/des-presumes-voyous-du-gouvernement-brutalisent-des-manifestants-et-un-journaliste\/#primaryimage","url":"https:\/\/mfwa.org\/wp-content\/uploads\/2019\/11\/145052129.jpg","contentUrl":"https:\/\/mfwa.org\/wp-content\/uploads\/2019\/11\/145052129.jpg","width":1000,"height":561,"caption":"Source: KERA"},{"@type":"BreadcrumbList","@id":"https:\/\/mfwa.org\/fr\/country-highlights\/des-presumes-voyous-du-gouvernement-brutalisent-des-manifestants-et-un-journaliste\/#breadcrumb","itemListElement":[{"@type":"ListItem","position":1,"name":"Home","item":"https:\/\/mfwa.org\/fr\/"},{"@type":"ListItem","position":2,"name":"Country Highlights","item":"https:\/\/mfwa.org\/country-highlights\/"},{"@type":"ListItem","position":3,"name":"Des Pr\u00e9sum\u00e9s Voyous du Gouvernement Brutalisent des Manifestants et un Journaliste"}]},{"@type":"WebSite","@id":"https:\/\/mfwa.org\/#website","url":"https:\/\/mfwa.org\/","name":"Media Foundation For West Africa","description":"Promoting Freedom of Expression and Democracy in West Africa","publisher":{"@id":"https:\/\/mfwa.org\/#organization"},"potentialAction":[{"@type":"SearchAction","target":{"@type":"EntryPoint","urlTemplate":"https:\/\/mfwa.org\/?s={search_term_string}"},"query-input":{"@type":"PropertyValueSpecification","valueRequired":true,"valueName":"search_term_string"}}],"inLanguage":"fr-FR"},{"@type":"Organization","@id":"https:\/\/mfwa.org\/#organization","name":"Media Foundation for West Africa","url":"https:\/\/mfwa.org\/","logo":{"@type":"ImageObject","inLanguage":"fr-FR","@id":"https:\/\/mfwa.org\/#\/schema\/logo\/image\/","url":"https:\/\/www.mfwa.org\/wp-content\/uploads\/2016\/06\/MFWA-LOGO.png","contentUrl":"https:\/\/www.mfwa.org\/wp-content\/uploads\/2016\/06\/MFWA-LOGO.png","width":180,"height":180,"caption":"Media Foundation for West Africa"},"image":{"@id":"https:\/\/mfwa.org\/#\/schema\/logo\/image\/"},"sameAs":["https:\/\/www.facebook.com\/themfwa","https:\/\/x.com\/TheMFWA","https:\/\/www.youtube.com\/channel\/UCF6HrPuXcV1K1Ed8AAq4Rdw"]}]}},"_links":{"self":[{"href":"https:\/\/mfwa.org\/fr\/wp-json\/wp\/v2\/country-highlights\/16585","targetHints":{"allow":["GET"]}}],"collection":[{"href":"https:\/\/mfwa.org\/fr\/wp-json\/wp\/v2\/country-highlights"}],"about":[{"href":"https:\/\/mfwa.org\/fr\/wp-json\/wp\/v2\/types\/country-highlights"}],"author":[{"embeddable":true,"href":"https:\/\/mfwa.org\/fr\/wp-json\/wp\/v2\/users\/6"}],"replies":[{"embeddable":true,"href":"https:\/\/mfwa.org\/fr\/wp-json\/wp\/v2\/comments?post=16585"}],"wp:featuredmedia":[{"embeddable":true,"href":"https:\/\/mfwa.org\/fr\/wp-json\/wp\/v2\/media\/16574"}],"wp:attachment":[{"href":"https:\/\/mfwa.org\/fr\/wp-json\/wp\/v2\/media?parent=16585"}],"wp:term":[{"taxonomy":"category","embeddable":true,"href":"https:\/\/mfwa.org\/fr\/wp-json\/wp\/v2\/categories?post=16585"},{"taxonomy":"country","embeddable":true,"href":"https:\/\/mfwa.org\/fr\/wp-json\/wp\/v2\/country?post=16585"}],"curies":[{"name":"wp","href":"https:\/\/api.w.org\/{rel}","templated":true}]}}