{"id":16019,"date":"2019-08-02T16:08:46","date_gmt":"2019-08-02T16:08:46","guid":{"rendered":"http:\/\/www.mfwa.org\/?post_type=country-highlights&#038;p=16019"},"modified":"2019-08-21T14:18:42","modified_gmt":"2019-08-21T14:18:42","slug":"des-voyous-brutalisent-des-journalistes-sur-les-ordres-dun-depute","status":"publish","type":"country-highlights","link":"https:\/\/mfwa.org\/fr\/country-highlights\/des-voyous-brutalisent-des-journalistes-sur-les-ordres-dun-depute\/","title":{"rendered":"Des Voyous Brutalisent des Journalistes sur les Ordres d\u2019un D\u00e9put\u00e9"},"content":{"rendered":"<p style=\"text-align: justify;\">Le 30 Juillet 2019, un groupe d&#8217;une vingtaine de journalistes ont \u00e9t\u00e9 battus par des voyous sur ordre d\u2019un d\u00e9put\u00e9 du Parlement de l&#8217;Etat d&#8217;Ebonyi, M. Nkemka Onuma, repr\u00e9sentant de la circonscription d&#8217;Afikpo South West.<\/p>\n<p style=\"text-align: justify;\">Les journalistes interviewaient un candidat, Stanley Okoro Emegha, dans le cadre de la couverture du processus de contr\u00f4le des candidats au poste de Commissaire \u00e0 l&#8217;Assembl\u00e9e d&#8217;\u00c9tat dans la capitale de l&#8217;\u00c9tat d\u2019Ebonyi, Abakaliki, lorsqu\u2019Onuma a brusquement interrompu et emmen\u00e9 la personne interrog\u00e9e. Lorsque les journalistes se sont ensuite adress\u00e9s au d\u00e9put\u00e9 pour exprimer leur m\u00e9contentement, il a menac\u00e9 de gifler leur porte-parole, Nwafor Samson du journal <em>Nigerian Pilot<\/em>.<\/p>\n<p style=\"text-align: justify;\">Selon Samson, qui s&#8217;est adress\u00e9 au <a href=\"https:\/\/dailypost.ng\/2019\/07\/31\/lawmaker-allegedly-ordered-thugs-beat-lock-journalists-ebonyi-assembly-photos\/\">Daily Post<\/a>, Nkema Onuma a appel\u00e9 ses voyous pour l&#8217;attaquer, lui et ses coll\u00e8gues, apr\u00e8s qu&#8217;il (Samson) l&#8217;ait accus\u00e9 de bluff.<\/p>\n<p style=\"text-align: justify;\">&#8220;Je lui ai dit que nous ne sommes pas arriv\u00e9s au point de gifler qui que ce soit, mais contre toute attente, ses voyous, au nombre d&#8217;une vingtaine, nous sont tomb\u00e9s dessus. C&#8217;\u00e9tait comme s&#8217;il \u00e9tait venu pr\u00e9parer \u00e0 nous attaquer.<\/p>\n<p style=\"text-align: justify;\">&#8220;Moi-m\u00eame et Ogochukwu Anioke du journal <em>The Nation<\/em> ont \u00e9t\u00e9 bless\u00e9s pendant l&#8217;attaque et nous avons perdu nos outils de travail pendant le processus &#8220;, raconte Samson.<\/p>\n<p style=\"text-align: justify;\">Grace Egbo, du journal nig\u00e9rian <em>Tribune<\/em>, qui est enceinte, a \u00e9galement d\u00e9clar\u00e9 avoir \u00e9t\u00e9 frapp\u00e9e sur le ventre.<\/p>\n<p style=\"text-align: justify;\">L&#8217;attaque a \u00e9t\u00e9 condamn\u00e9e par le Syndicat Nig\u00e9rian des Journalistes (NUJ) et la section d&#8217;\u00c9tat d&#8217;Ebonyi de l&#8217;Association des femmes journalistes du Nigeria (NAWOJ), qui a <a href=\"https:\/\/www.vanguardngr.com\/2019\/08\/women-journalists-to-stage-protest-against-ebonyi-lawmaker-that-hit-pregnant-colleague\/\">menac\u00e9 de protester<\/a> contre le l\u00e9gislateur.<\/p>\n<p style=\"text-align: justify;\">&#8220;C&#8217;est totalement inacceptable pour nous et nous exigeons que la chambre des d\u00e9put\u00e9s de l&#8217;\u00c9tat d&#8217;Ebonyi ne se contente pas de pr\u00e9senter des excuses aux personnes qui ont \u00e9t\u00e9 malmen\u00e9es, mais qu&#8217;elle veille \u00e9galement \u00e0 ce qu&#8217;elles soient soign\u00e9es \u00e0 l&#8217;h\u00f4pital &#8220;, a d\u00e9clar\u00e9 Chris Isiguzo, Pr\u00e9sident de la NUJ, dans une interview accord\u00e9e au <em>Daily Post.<\/em><\/p>\n<p style=\"text-align: justify;\">La MFWA condamne \u00e9galement l&#8217;agression dont ont \u00e9t\u00e9 victimes les journalistes dans l&#8217;exercice de leurs fonctions l\u00e9gitimes. Nous exhortons \u00e9galement les dirigeants de l&#8217;Assembl\u00e9e des d\u00e9put\u00e9s de l\u2019Etat d&#8217;Ebonyi \u00e0 enqu\u00eater sur cet incident et \u00e0 sanctionner Nkemka Onuma pour avoir agress\u00e9 leurs invit\u00e9s journalistes car ceci remet en cause l&#8217;image de la Chambre.<\/p>\n","protected":false},"author":6,"featured_media":14951,"comment_status":"closed","ping_status":"closed","template":"","categories":[314,254],"country":[250],"class_list":["post-16019","country-highlights","type-country-highlights","status-publish","has-post-thumbnail","hentry","category-freedom-of-expression","category-free-expression-violations-fr","country-nigeria-fr"],"yoast_head":"<!-- This site is optimized with the Yoast SEO plugin v27.5 - https:\/\/yoast.com\/product\/yoast-seo-wordpress\/ -->\n<title>Des Voyous Brutalisent des Journalistes sur les Ordres d\u2019un D\u00e9put\u00e9 - Media Foundation For West Africa<\/title>\n<meta name=\"robots\" content=\"index, follow, max-snippet:-1, max-image-preview:large, max-video-preview:-1\" \/>\n<link rel=\"canonical\" href=\"https:\/\/mfwa.org\/fr\/country-highlights\/des-voyous-brutalisent-des-journalistes-sur-les-ordres-dun-depute\/\" \/>\n<meta property=\"og:locale\" content=\"fr_FR\" \/>\n<meta property=\"og:type\" content=\"article\" \/>\n<meta property=\"og:title\" content=\"Des Voyous Brutalisent des Journalistes sur les Ordres d\u2019un D\u00e9put\u00e9 - Media Foundation For West Africa\" \/>\n<meta property=\"og:description\" content=\"Le 30 Juillet 2019, un groupe d&#8217;une vingtaine de journalistes ont \u00e9t\u00e9 battus par des voyous sur ordre\" \/>\n<meta property=\"og:url\" content=\"https:\/\/mfwa.org\/fr\/country-highlights\/des-voyous-brutalisent-des-journalistes-sur-les-ordres-dun-depute\/\" \/>\n<meta property=\"og:site_name\" content=\"Media Foundation For West Africa\" \/>\n<meta property=\"article:publisher\" content=\"https:\/\/www.facebook.com\/themfwa\" \/>\n<meta property=\"article:modified_time\" content=\"2019-08-21T14:18:42+00:00\" \/>\n<meta property=\"og:image\" content=\"https:\/\/mfwa.org\/wp-content\/uploads\/2019\/04\/hoodlums-696x365.jpg\" \/>\n\t<meta property=\"og:image:width\" content=\"696\" \/>\n\t<meta property=\"og:image:height\" content=\"365\" \/>\n\t<meta property=\"og:image:type\" content=\"image\/jpeg\" \/>\n<meta name=\"twitter:card\" content=\"summary_large_image\" \/>\n<meta name=\"twitter:site\" content=\"@TheMFWA\" \/>\n<meta name=\"twitter:label1\" content=\"Est. reading time\" \/>\n\t<meta name=\"twitter:data1\" content=\"2 minutes\" \/>\n<script type=\"application\/ld+json\" class=\"yoast-schema-graph\">{\"@context\":\"https:\\\/\\\/schema.org\",\"@graph\":[{\"@type\":\"WebPage\",\"@id\":\"https:\\\/\\\/mfwa.org\\\/fr\\\/country-highlights\\\/des-voyous-brutalisent-des-journalistes-sur-les-ordres-dun-depute\\\/\",\"url\":\"https:\\\/\\\/mfwa.org\\\/fr\\\/country-highlights\\\/des-voyous-brutalisent-des-journalistes-sur-les-ordres-dun-depute\\\/\",\"name\":\"Des Voyous Brutalisent des Journalistes sur les Ordres d\u2019un D\u00e9put\u00e9 - Media Foundation For West Africa\",\"isPartOf\":{\"@id\":\"https:\\\/\\\/mfwa.org\\\/#website\"},\"primaryImageOfPage\":{\"@id\":\"https:\\\/\\\/mfwa.org\\\/fr\\\/country-highlights\\\/des-voyous-brutalisent-des-journalistes-sur-les-ordres-dun-depute\\\/#primaryimage\"},\"image\":{\"@id\":\"https:\\\/\\\/mfwa.org\\\/fr\\\/country-highlights\\\/des-voyous-brutalisent-des-journalistes-sur-les-ordres-dun-depute\\\/#primaryimage\"},\"thumbnailUrl\":\"https:\\\/\\\/mfwa.org\\\/wp-content\\\/uploads\\\/2019\\\/04\\\/hoodlums-696x365.jpg\",\"datePublished\":\"2019-08-02T16:08:46+00:00\",\"dateModified\":\"2019-08-21T14:18:42+00:00\",\"breadcrumb\":{\"@id\":\"https:\\\/\\\/mfwa.org\\\/fr\\\/country-highlights\\\/des-voyous-brutalisent-des-journalistes-sur-les-ordres-dun-depute\\\/#breadcrumb\"},\"inLanguage\":\"fr-FR\",\"potentialAction\":[{\"@type\":\"ReadAction\",\"target\":[\"https:\\\/\\\/mfwa.org\\\/fr\\\/country-highlights\\\/des-voyous-brutalisent-des-journalistes-sur-les-ordres-dun-depute\\\/\"]}]},{\"@type\":\"ImageObject\",\"inLanguage\":\"fr-FR\",\"@id\":\"https:\\\/\\\/mfwa.org\\\/fr\\\/country-highlights\\\/des-voyous-brutalisent-des-journalistes-sur-les-ordres-dun-depute\\\/#primaryimage\",\"url\":\"https:\\\/\\\/mfwa.org\\\/wp-content\\\/uploads\\\/2019\\\/04\\\/hoodlums-696x365.jpg\",\"contentUrl\":\"https:\\\/\\\/mfwa.org\\\/wp-content\\\/uploads\\\/2019\\\/04\\\/hoodlums-696x365.jpg\",\"width\":696,\"height\":365},{\"@type\":\"BreadcrumbList\",\"@id\":\"https:\\\/\\\/mfwa.org\\\/fr\\\/country-highlights\\\/des-voyous-brutalisent-des-journalistes-sur-les-ordres-dun-depute\\\/#breadcrumb\",\"itemListElement\":[{\"@type\":\"ListItem\",\"position\":1,\"name\":\"Home\",\"item\":\"https:\\\/\\\/mfwa.org\\\/fr\\\/\"},{\"@type\":\"ListItem\",\"position\":2,\"name\":\"Country Highlights\",\"item\":\"https:\\\/\\\/mfwa.org\\\/country-highlights\\\/\"},{\"@type\":\"ListItem\",\"position\":3,\"name\":\"Des Voyous Brutalisent des Journalistes sur les Ordres d\u2019un D\u00e9put\u00e9\"}]},{\"@type\":\"WebSite\",\"@id\":\"https:\\\/\\\/mfwa.org\\\/#website\",\"url\":\"https:\\\/\\\/mfwa.org\\\/\",\"name\":\"Media Foundation For West Africa\",\"description\":\"Promoting Freedom of Expression and Democracy in West Africa\",\"publisher\":{\"@id\":\"https:\\\/\\\/mfwa.org\\\/#organization\"},\"potentialAction\":[{\"@type\":\"SearchAction\",\"target\":{\"@type\":\"EntryPoint\",\"urlTemplate\":\"https:\\\/\\\/mfwa.org\\\/?s={search_term_string}\"},\"query-input\":{\"@type\":\"PropertyValueSpecification\",\"valueRequired\":true,\"valueName\":\"search_term_string\"}}],\"inLanguage\":\"fr-FR\"},{\"@type\":\"Organization\",\"@id\":\"https:\\\/\\\/mfwa.org\\\/#organization\",\"name\":\"Media Foundation for West Africa\",\"url\":\"https:\\\/\\\/mfwa.org\\\/\",\"logo\":{\"@type\":\"ImageObject\",\"inLanguage\":\"fr-FR\",\"@id\":\"https:\\\/\\\/mfwa.org\\\/#\\\/schema\\\/logo\\\/image\\\/\",\"url\":\"https:\\\/\\\/www.mfwa.org\\\/wp-content\\\/uploads\\\/2016\\\/06\\\/MFWA-LOGO.png\",\"contentUrl\":\"https:\\\/\\\/www.mfwa.org\\\/wp-content\\\/uploads\\\/2016\\\/06\\\/MFWA-LOGO.png\",\"width\":180,\"height\":180,\"caption\":\"Media Foundation for West Africa\"},\"image\":{\"@id\":\"https:\\\/\\\/mfwa.org\\\/#\\\/schema\\\/logo\\\/image\\\/\"},\"sameAs\":[\"https:\\\/\\\/www.facebook.com\\\/themfwa\",\"https:\\\/\\\/x.com\\\/TheMFWA\",\"https:\\\/\\\/www.youtube.com\\\/channel\\\/UCF6HrPuXcV1K1Ed8AAq4Rdw\"]}]}<\/script>\n<!-- \/ Yoast SEO plugin. -->","yoast_head_json":{"title":"Des Voyous Brutalisent des Journalistes sur les Ordres d\u2019un D\u00e9put\u00e9 - Media Foundation For West Africa","robots":{"index":"index","follow":"follow","max-snippet":"max-snippet:-1","max-image-preview":"max-image-preview:large","max-video-preview":"max-video-preview:-1"},"canonical":"https:\/\/mfwa.org\/fr\/country-highlights\/des-voyous-brutalisent-des-journalistes-sur-les-ordres-dun-depute\/","og_locale":"fr_FR","og_type":"article","og_title":"Des Voyous Brutalisent des Journalistes sur les Ordres d\u2019un D\u00e9put\u00e9 - Media Foundation For West Africa","og_description":"Le 30 Juillet 2019, un groupe d&#8217;une vingtaine de journalistes ont \u00e9t\u00e9 battus par des voyous sur ordre","og_url":"https:\/\/mfwa.org\/fr\/country-highlights\/des-voyous-brutalisent-des-journalistes-sur-les-ordres-dun-depute\/","og_site_name":"Media Foundation For West Africa","article_publisher":"https:\/\/www.facebook.com\/themfwa","article_modified_time":"2019-08-21T14:18:42+00:00","og_image":[{"width":696,"height":365,"url":"https:\/\/mfwa.org\/wp-content\/uploads\/2019\/04\/hoodlums-696x365.jpg","type":"image\/jpeg"}],"twitter_card":"summary_large_image","twitter_site":"@TheMFWA","twitter_misc":{"Est. reading time":"2 minutes"},"schema":{"@context":"https:\/\/schema.org","@graph":[{"@type":"WebPage","@id":"https:\/\/mfwa.org\/fr\/country-highlights\/des-voyous-brutalisent-des-journalistes-sur-les-ordres-dun-depute\/","url":"https:\/\/mfwa.org\/fr\/country-highlights\/des-voyous-brutalisent-des-journalistes-sur-les-ordres-dun-depute\/","name":"Des Voyous Brutalisent des Journalistes sur les Ordres d\u2019un D\u00e9put\u00e9 - Media Foundation For West Africa","isPartOf":{"@id":"https:\/\/mfwa.org\/#website"},"primaryImageOfPage":{"@id":"https:\/\/mfwa.org\/fr\/country-highlights\/des-voyous-brutalisent-des-journalistes-sur-les-ordres-dun-depute\/#primaryimage"},"image":{"@id":"https:\/\/mfwa.org\/fr\/country-highlights\/des-voyous-brutalisent-des-journalistes-sur-les-ordres-dun-depute\/#primaryimage"},"thumbnailUrl":"https:\/\/mfwa.org\/wp-content\/uploads\/2019\/04\/hoodlums-696x365.jpg","datePublished":"2019-08-02T16:08:46+00:00","dateModified":"2019-08-21T14:18:42+00:00","breadcrumb":{"@id":"https:\/\/mfwa.org\/fr\/country-highlights\/des-voyous-brutalisent-des-journalistes-sur-les-ordres-dun-depute\/#breadcrumb"},"inLanguage":"fr-FR","potentialAction":[{"@type":"ReadAction","target":["https:\/\/mfwa.org\/fr\/country-highlights\/des-voyous-brutalisent-des-journalistes-sur-les-ordres-dun-depute\/"]}]},{"@type":"ImageObject","inLanguage":"fr-FR","@id":"https:\/\/mfwa.org\/fr\/country-highlights\/des-voyous-brutalisent-des-journalistes-sur-les-ordres-dun-depute\/#primaryimage","url":"https:\/\/mfwa.org\/wp-content\/uploads\/2019\/04\/hoodlums-696x365.jpg","contentUrl":"https:\/\/mfwa.org\/wp-content\/uploads\/2019\/04\/hoodlums-696x365.jpg","width":696,"height":365},{"@type":"BreadcrumbList","@id":"https:\/\/mfwa.org\/fr\/country-highlights\/des-voyous-brutalisent-des-journalistes-sur-les-ordres-dun-depute\/#breadcrumb","itemListElement":[{"@type":"ListItem","position":1,"name":"Home","item":"https:\/\/mfwa.org\/fr\/"},{"@type":"ListItem","position":2,"name":"Country Highlights","item":"https:\/\/mfwa.org\/country-highlights\/"},{"@type":"ListItem","position":3,"name":"Des Voyous Brutalisent des Journalistes sur les Ordres d\u2019un D\u00e9put\u00e9"}]},{"@type":"WebSite","@id":"https:\/\/mfwa.org\/#website","url":"https:\/\/mfwa.org\/","name":"Media Foundation For West Africa","description":"Promoting Freedom of Expression and Democracy in West Africa","publisher":{"@id":"https:\/\/mfwa.org\/#organization"},"potentialAction":[{"@type":"SearchAction","target":{"@type":"EntryPoint","urlTemplate":"https:\/\/mfwa.org\/?s={search_term_string}"},"query-input":{"@type":"PropertyValueSpecification","valueRequired":true,"valueName":"search_term_string"}}],"inLanguage":"fr-FR"},{"@type":"Organization","@id":"https:\/\/mfwa.org\/#organization","name":"Media Foundation for West Africa","url":"https:\/\/mfwa.org\/","logo":{"@type":"ImageObject","inLanguage":"fr-FR","@id":"https:\/\/mfwa.org\/#\/schema\/logo\/image\/","url":"https:\/\/www.mfwa.org\/wp-content\/uploads\/2016\/06\/MFWA-LOGO.png","contentUrl":"https:\/\/www.mfwa.org\/wp-content\/uploads\/2016\/06\/MFWA-LOGO.png","width":180,"height":180,"caption":"Media Foundation for West Africa"},"image":{"@id":"https:\/\/mfwa.org\/#\/schema\/logo\/image\/"},"sameAs":["https:\/\/www.facebook.com\/themfwa","https:\/\/x.com\/TheMFWA","https:\/\/www.youtube.com\/channel\/UCF6HrPuXcV1K1Ed8AAq4Rdw"]}]}},"_links":{"self":[{"href":"https:\/\/mfwa.org\/fr\/wp-json\/wp\/v2\/country-highlights\/16019","targetHints":{"allow":["GET"]}}],"collection":[{"href":"https:\/\/mfwa.org\/fr\/wp-json\/wp\/v2\/country-highlights"}],"about":[{"href":"https:\/\/mfwa.org\/fr\/wp-json\/wp\/v2\/types\/country-highlights"}],"author":[{"embeddable":true,"href":"https:\/\/mfwa.org\/fr\/wp-json\/wp\/v2\/users\/6"}],"replies":[{"embeddable":true,"href":"https:\/\/mfwa.org\/fr\/wp-json\/wp\/v2\/comments?post=16019"}],"wp:featuredmedia":[{"embeddable":true,"href":"https:\/\/mfwa.org\/fr\/wp-json\/wp\/v2\/media\/14951"}],"wp:attachment":[{"href":"https:\/\/mfwa.org\/fr\/wp-json\/wp\/v2\/media?parent=16019"}],"wp:term":[{"taxonomy":"category","embeddable":true,"href":"https:\/\/mfwa.org\/fr\/wp-json\/wp\/v2\/categories?post=16019"},{"taxonomy":"country","embeddable":true,"href":"https:\/\/mfwa.org\/fr\/wp-json\/wp\/v2\/country?post=16019"}],"curies":[{"name":"wp","href":"https:\/\/api.w.org\/{rel}","templated":true}]}}