{"id":14998,"date":"2019-04-03T11:07:07","date_gmt":"2019-04-03T11:07:07","guid":{"rendered":"http:\/\/www.mfwa.org\/?post_type=country-highlights&#038;p=14998"},"modified":"2019-04-28T21:22:12","modified_gmt":"2019-04-28T21:22:12","slug":"la-mfwa-condamne-lattaque-des-agents-de-sapeurs-pompiers-sur-une-station-de-radio-et-demande-justice","status":"publish","type":"country-highlights","link":"https:\/\/mfwa.org\/fr\/country-highlights\/la-mfwa-condamne-lattaque-des-agents-de-sapeurs-pompiers-sur-une-station-de-radio-et-demande-justice\/","title":{"rendered":"La MFWA Condamne l&#8217;Attaque des Agents de Sapeurs-Pompiers sur une Station de Radio et Demande Justice"},"content":{"rendered":"<p style=\"text-align: justify;\">La MFWA a condamn\u00e9 l&#8217;attaque contre les journalistes et d&#8217;autres membres du personnel de Dero FM par quelques agents du service national des sapeurs-pompiers du Ghana \u00e0 Nkoranza, dans la r\u00e9gion de Bono East, le 1<sup>er<\/sup> \u00a0Avril 2019.<\/p>\n<p style=\"text-align: justify;\">Selon les m\u00e9dias locaux, la station aurait envoy\u00e9 une alerte au service des sapeurs-pompiers sur un accident qui s&#8217;\u00e9tait produit sur une certaine route pour laquelle leur assistance \u00e9tait requise de toute urgence.<\/p>\n<p style=\"text-align: justify;\">Une \u00e9quipe de six sapeurs-pompiers a \u00e9t\u00e9 d\u00e9p\u00each\u00e9e sur ledit lieu et se sont rendue compte que l&#8217;alerte re\u00e7ue de la station \u00e9tait une fausse alerte. Constatant que la radio leur avait fait une farce du &#8220;Poisson d&#8217;Avril&#8221;, les policiers ont pris d&#8217;assaut les locaux de Dero FM et ont agress\u00e9 tous ceux \u00a0qu&#8217;ils voyaient. Ils ont \u00e9galement d\u00e9truit du mat\u00e9riel dans le studio.<\/p>\n<p style=\"text-align: justify;\">La direction de la radio a condamn\u00e9 l&#8217;attaque, et fait remarquer que le pr\u00e9sentateur a re\u00e7u les informations concernant le pr\u00e9tendu accident d&#8217;un auditeur qui avait appel\u00e9 \u00e0 plusieurs reprises.<\/p>\n<p style=\"text-align: justify;\">Le ministre adjoint ghan\u00e9en de la D\u00e9fense, le Major Derick Oduro, propri\u00e9taire de Dero FM, a d\u00e9clar\u00e9 en relayant ces informations au service des sapeurs-pompiers que la station de radio avait agi de mani\u00e8re responsable pour aider \u00e0 secourir les victimes pr\u00e9sum\u00e9es de l&#8217;accident. Le Major Oduro a promis de poursuivre l&#8217;affaire jusqu&#8217;\u00e0 ce que justice soit faite.<\/p>\n<p style=\"text-align: justify;\">&#8220;L\u2019incident malheureux a \u00e9t\u00e9 signal\u00e9 \u00e0 la police et nous esp\u00e9rons que des mesures seront prises. Nous ne laisserons pas cette affaire mourir; nous allons l\u2019a poursuivre jusqu&#8217;\u00e0 sa conclusion logique &#8220;, a d\u00e9clar\u00e9 le major Oduro.<\/p>\n<p style=\"text-align: justify;\">La MFWA estime que la conduite du personnel des services d&#8217;incendie n&#8217;est pas \u00e0 la hauteur du personnel de s\u00e9curit\u00e9 cens\u00e9 aider \u00e0 prot\u00e9ger des vies et des biens. M\u00eame si les agents du service des sapeurs-pompiers estiment que la station de radio a commis une erreur, ils ne peuvent se faire justice eux-m\u00eames.<\/p>\n<p style=\"text-align: justify;\">Nous appelons les autorit\u00e9s du service des sapeurs-pompiers \u00e0 enqu\u00eater sur cette affaire et \u00e0 punir les agents impliqu\u00e9s.<\/p>\n","protected":false},"author":6,"featured_media":14886,"comment_status":"closed","ping_status":"closed","template":"","categories":[314,254],"country":[243],"class_list":["post-14998","country-highlights","type-country-highlights","status-publish","has-post-thumbnail","hentry","category-freedom-of-expression","category-free-expression-violations-fr","country-ghana-fr"],"yoast_head":"<!-- This site is optimized with the Yoast SEO plugin v27.5 - https:\/\/yoast.com\/product\/yoast-seo-wordpress\/ -->\n<title>La MFWA Condamne l&#039;Attaque des Agents de Sapeurs-Pompiers sur une Station de Radio et Demande Justice - Media Foundation For West Africa<\/title>\n<meta name=\"robots\" content=\"index, follow, max-snippet:-1, max-image-preview:large, max-video-preview:-1\" \/>\n<link rel=\"canonical\" href=\"https:\/\/mfwa.org\/country-highlights\/mfwa-condemns-attack-on-radio-station-by-fire-service-personnel-calls-for-justice\/\" \/>\n<meta property=\"og:locale\" content=\"fr_FR\" \/>\n<meta property=\"og:type\" content=\"article\" \/>\n<meta property=\"og:title\" content=\"La MFWA Condamne l&#039;Attaque des Agents de Sapeurs-Pompiers sur une Station de Radio et Demande Justice - Media Foundation For West Africa\" \/>\n<meta property=\"og:description\" content=\"La MFWA a condamn\u00e9 l&#8217;attaque contre les journalistes et d&#8217;autres membres du personnel de Dero FM par quelques\" \/>\n<meta property=\"og:url\" content=\"https:\/\/mfwa.org\/country-highlights\/mfwa-condemns-attack-on-radio-station-by-fire-service-personnel-calls-for-justice\/\" \/>\n<meta property=\"og:site_name\" content=\"Media Foundation For West Africa\" \/>\n<meta property=\"article:publisher\" content=\"https:\/\/www.facebook.com\/themfwa\" \/>\n<meta property=\"article:modified_time\" content=\"2019-04-28T21:22:12+00:00\" \/>\n<meta property=\"og:image\" content=\"https:\/\/mfwa.org\/wp-content\/uploads\/2019\/04\/Fire-Service.jpg\" \/>\n\t<meta property=\"og:image:width\" content=\"2048\" \/>\n\t<meta property=\"og:image:height\" content=\"1429\" \/>\n\t<meta property=\"og:image:type\" content=\"image\/jpeg\" \/>\n<meta name=\"twitter:card\" content=\"summary_large_image\" \/>\n<meta name=\"twitter:site\" content=\"@TheMFWA\" \/>\n<meta name=\"twitter:label1\" content=\"Est. reading time\" \/>\n\t<meta name=\"twitter:data1\" content=\"2 minutes\" \/>\n<script type=\"application\/ld+json\" class=\"yoast-schema-graph\">{\"@context\":\"https:\\\/\\\/schema.org\",\"@graph\":[{\"@type\":\"WebPage\",\"@id\":\"https:\\\/\\\/mfwa.org\\\/country-highlights\\\/mfwa-condemns-attack-on-radio-station-by-fire-service-personnel-calls-for-justice\\\/\",\"url\":\"https:\\\/\\\/mfwa.org\\\/country-highlights\\\/mfwa-condemns-attack-on-radio-station-by-fire-service-personnel-calls-for-justice\\\/\",\"name\":\"La MFWA Condamne l'Attaque des Agents de Sapeurs-Pompiers sur une Station de Radio et Demande Justice - Media Foundation For West Africa\",\"isPartOf\":{\"@id\":\"https:\\\/\\\/mfwa.org\\\/#website\"},\"primaryImageOfPage\":{\"@id\":\"https:\\\/\\\/mfwa.org\\\/country-highlights\\\/mfwa-condemns-attack-on-radio-station-by-fire-service-personnel-calls-for-justice\\\/#primaryimage\"},\"image\":{\"@id\":\"https:\\\/\\\/mfwa.org\\\/country-highlights\\\/mfwa-condemns-attack-on-radio-station-by-fire-service-personnel-calls-for-justice\\\/#primaryimage\"},\"thumbnailUrl\":\"https:\\\/\\\/mfwa.org\\\/wp-content\\\/uploads\\\/2019\\\/04\\\/Fire-Service.jpg\",\"datePublished\":\"2019-04-03T11:07:07+00:00\",\"dateModified\":\"2019-04-28T21:22:12+00:00\",\"breadcrumb\":{\"@id\":\"https:\\\/\\\/mfwa.org\\\/country-highlights\\\/mfwa-condemns-attack-on-radio-station-by-fire-service-personnel-calls-for-justice\\\/#breadcrumb\"},\"inLanguage\":\"fr-FR\",\"potentialAction\":[{\"@type\":\"ReadAction\",\"target\":[\"https:\\\/\\\/mfwa.org\\\/country-highlights\\\/mfwa-condemns-attack-on-radio-station-by-fire-service-personnel-calls-for-justice\\\/\"]}]},{\"@type\":\"ImageObject\",\"inLanguage\":\"fr-FR\",\"@id\":\"https:\\\/\\\/mfwa.org\\\/country-highlights\\\/mfwa-condemns-attack-on-radio-station-by-fire-service-personnel-calls-for-justice\\\/#primaryimage\",\"url\":\"https:\\\/\\\/mfwa.org\\\/wp-content\\\/uploads\\\/2019\\\/04\\\/Fire-Service.jpg\",\"contentUrl\":\"https:\\\/\\\/mfwa.org\\\/wp-content\\\/uploads\\\/2019\\\/04\\\/Fire-Service.jpg\",\"width\":2048,\"height\":1429},{\"@type\":\"BreadcrumbList\",\"@id\":\"https:\\\/\\\/mfwa.org\\\/country-highlights\\\/mfwa-condemns-attack-on-radio-station-by-fire-service-personnel-calls-for-justice\\\/#breadcrumb\",\"itemListElement\":[{\"@type\":\"ListItem\",\"position\":1,\"name\":\"Home\",\"item\":\"https:\\\/\\\/mfwa.org\\\/fr\\\/\"},{\"@type\":\"ListItem\",\"position\":2,\"name\":\"Country Highlights\",\"item\":\"https:\\\/\\\/mfwa.org\\\/country-highlights\\\/\"},{\"@type\":\"ListItem\",\"position\":3,\"name\":\"La MFWA Condamne l&#8217;Attaque des Agents de Sapeurs-Pompiers sur une Station de Radio et Demande Justice\"}]},{\"@type\":\"WebSite\",\"@id\":\"https:\\\/\\\/mfwa.org\\\/#website\",\"url\":\"https:\\\/\\\/mfwa.org\\\/\",\"name\":\"Media Foundation For West Africa\",\"description\":\"Promoting Freedom of Expression and Democracy in West Africa\",\"publisher\":{\"@id\":\"https:\\\/\\\/mfwa.org\\\/#organization\"},\"potentialAction\":[{\"@type\":\"SearchAction\",\"target\":{\"@type\":\"EntryPoint\",\"urlTemplate\":\"https:\\\/\\\/mfwa.org\\\/?s={search_term_string}\"},\"query-input\":{\"@type\":\"PropertyValueSpecification\",\"valueRequired\":true,\"valueName\":\"search_term_string\"}}],\"inLanguage\":\"fr-FR\"},{\"@type\":\"Organization\",\"@id\":\"https:\\\/\\\/mfwa.org\\\/#organization\",\"name\":\"Media Foundation for West Africa\",\"url\":\"https:\\\/\\\/mfwa.org\\\/\",\"logo\":{\"@type\":\"ImageObject\",\"inLanguage\":\"fr-FR\",\"@id\":\"https:\\\/\\\/mfwa.org\\\/#\\\/schema\\\/logo\\\/image\\\/\",\"url\":\"https:\\\/\\\/www.mfwa.org\\\/wp-content\\\/uploads\\\/2016\\\/06\\\/MFWA-LOGO.png\",\"contentUrl\":\"https:\\\/\\\/www.mfwa.org\\\/wp-content\\\/uploads\\\/2016\\\/06\\\/MFWA-LOGO.png\",\"width\":180,\"height\":180,\"caption\":\"Media Foundation for West Africa\"},\"image\":{\"@id\":\"https:\\\/\\\/mfwa.org\\\/#\\\/schema\\\/logo\\\/image\\\/\"},\"sameAs\":[\"https:\\\/\\\/www.facebook.com\\\/themfwa\",\"https:\\\/\\\/x.com\\\/TheMFWA\",\"https:\\\/\\\/www.youtube.com\\\/channel\\\/UCF6HrPuXcV1K1Ed8AAq4Rdw\"]}]}<\/script>\n<!-- \/ Yoast SEO plugin. -->","yoast_head_json":{"title":"La MFWA Condamne l'Attaque des Agents de Sapeurs-Pompiers sur une Station de Radio et Demande Justice - Media Foundation For West Africa","robots":{"index":"index","follow":"follow","max-snippet":"max-snippet:-1","max-image-preview":"max-image-preview:large","max-video-preview":"max-video-preview:-1"},"canonical":"https:\/\/mfwa.org\/country-highlights\/mfwa-condemns-attack-on-radio-station-by-fire-service-personnel-calls-for-justice\/","og_locale":"fr_FR","og_type":"article","og_title":"La MFWA Condamne l'Attaque des Agents de Sapeurs-Pompiers sur une Station de Radio et Demande Justice - Media Foundation For West Africa","og_description":"La MFWA a condamn\u00e9 l&#8217;attaque contre les journalistes et d&#8217;autres membres du personnel de Dero FM par quelques","og_url":"https:\/\/mfwa.org\/country-highlights\/mfwa-condemns-attack-on-radio-station-by-fire-service-personnel-calls-for-justice\/","og_site_name":"Media Foundation For West Africa","article_publisher":"https:\/\/www.facebook.com\/themfwa","article_modified_time":"2019-04-28T21:22:12+00:00","og_image":[{"width":2048,"height":1429,"url":"https:\/\/mfwa.org\/wp-content\/uploads\/2019\/04\/Fire-Service.jpg","type":"image\/jpeg"}],"twitter_card":"summary_large_image","twitter_site":"@TheMFWA","twitter_misc":{"Est. reading time":"2 minutes"},"schema":{"@context":"https:\/\/schema.org","@graph":[{"@type":"WebPage","@id":"https:\/\/mfwa.org\/country-highlights\/mfwa-condemns-attack-on-radio-station-by-fire-service-personnel-calls-for-justice\/","url":"https:\/\/mfwa.org\/country-highlights\/mfwa-condemns-attack-on-radio-station-by-fire-service-personnel-calls-for-justice\/","name":"La MFWA Condamne l'Attaque des Agents de Sapeurs-Pompiers sur une Station de Radio et Demande Justice - Media Foundation For West Africa","isPartOf":{"@id":"https:\/\/mfwa.org\/#website"},"primaryImageOfPage":{"@id":"https:\/\/mfwa.org\/country-highlights\/mfwa-condemns-attack-on-radio-station-by-fire-service-personnel-calls-for-justice\/#primaryimage"},"image":{"@id":"https:\/\/mfwa.org\/country-highlights\/mfwa-condemns-attack-on-radio-station-by-fire-service-personnel-calls-for-justice\/#primaryimage"},"thumbnailUrl":"https:\/\/mfwa.org\/wp-content\/uploads\/2019\/04\/Fire-Service.jpg","datePublished":"2019-04-03T11:07:07+00:00","dateModified":"2019-04-28T21:22:12+00:00","breadcrumb":{"@id":"https:\/\/mfwa.org\/country-highlights\/mfwa-condemns-attack-on-radio-station-by-fire-service-personnel-calls-for-justice\/#breadcrumb"},"inLanguage":"fr-FR","potentialAction":[{"@type":"ReadAction","target":["https:\/\/mfwa.org\/country-highlights\/mfwa-condemns-attack-on-radio-station-by-fire-service-personnel-calls-for-justice\/"]}]},{"@type":"ImageObject","inLanguage":"fr-FR","@id":"https:\/\/mfwa.org\/country-highlights\/mfwa-condemns-attack-on-radio-station-by-fire-service-personnel-calls-for-justice\/#primaryimage","url":"https:\/\/mfwa.org\/wp-content\/uploads\/2019\/04\/Fire-Service.jpg","contentUrl":"https:\/\/mfwa.org\/wp-content\/uploads\/2019\/04\/Fire-Service.jpg","width":2048,"height":1429},{"@type":"BreadcrumbList","@id":"https:\/\/mfwa.org\/country-highlights\/mfwa-condemns-attack-on-radio-station-by-fire-service-personnel-calls-for-justice\/#breadcrumb","itemListElement":[{"@type":"ListItem","position":1,"name":"Home","item":"https:\/\/mfwa.org\/fr\/"},{"@type":"ListItem","position":2,"name":"Country Highlights","item":"https:\/\/mfwa.org\/country-highlights\/"},{"@type":"ListItem","position":3,"name":"La MFWA Condamne l&#8217;Attaque des Agents de Sapeurs-Pompiers sur une Station de Radio et Demande Justice"}]},{"@type":"WebSite","@id":"https:\/\/mfwa.org\/#website","url":"https:\/\/mfwa.org\/","name":"Media Foundation For West Africa","description":"Promoting Freedom of Expression and Democracy in West Africa","publisher":{"@id":"https:\/\/mfwa.org\/#organization"},"potentialAction":[{"@type":"SearchAction","target":{"@type":"EntryPoint","urlTemplate":"https:\/\/mfwa.org\/?s={search_term_string}"},"query-input":{"@type":"PropertyValueSpecification","valueRequired":true,"valueName":"search_term_string"}}],"inLanguage":"fr-FR"},{"@type":"Organization","@id":"https:\/\/mfwa.org\/#organization","name":"Media Foundation for West Africa","url":"https:\/\/mfwa.org\/","logo":{"@type":"ImageObject","inLanguage":"fr-FR","@id":"https:\/\/mfwa.org\/#\/schema\/logo\/image\/","url":"https:\/\/www.mfwa.org\/wp-content\/uploads\/2016\/06\/MFWA-LOGO.png","contentUrl":"https:\/\/www.mfwa.org\/wp-content\/uploads\/2016\/06\/MFWA-LOGO.png","width":180,"height":180,"caption":"Media Foundation for West Africa"},"image":{"@id":"https:\/\/mfwa.org\/#\/schema\/logo\/image\/"},"sameAs":["https:\/\/www.facebook.com\/themfwa","https:\/\/x.com\/TheMFWA","https:\/\/www.youtube.com\/channel\/UCF6HrPuXcV1K1Ed8AAq4Rdw"]}]}},"_links":{"self":[{"href":"https:\/\/mfwa.org\/fr\/wp-json\/wp\/v2\/country-highlights\/14998","targetHints":{"allow":["GET"]}}],"collection":[{"href":"https:\/\/mfwa.org\/fr\/wp-json\/wp\/v2\/country-highlights"}],"about":[{"href":"https:\/\/mfwa.org\/fr\/wp-json\/wp\/v2\/types\/country-highlights"}],"author":[{"embeddable":true,"href":"https:\/\/mfwa.org\/fr\/wp-json\/wp\/v2\/users\/6"}],"replies":[{"embeddable":true,"href":"https:\/\/mfwa.org\/fr\/wp-json\/wp\/v2\/comments?post=14998"}],"wp:featuredmedia":[{"embeddable":true,"href":"https:\/\/mfwa.org\/fr\/wp-json\/wp\/v2\/media\/14886"}],"wp:attachment":[{"href":"https:\/\/mfwa.org\/fr\/wp-json\/wp\/v2\/media?parent=14998"}],"wp:term":[{"taxonomy":"category","embeddable":true,"href":"https:\/\/mfwa.org\/fr\/wp-json\/wp\/v2\/categories?post=14998"},{"taxonomy":"country","embeddable":true,"href":"https:\/\/mfwa.org\/fr\/wp-json\/wp\/v2\/country?post=14998"}],"curies":[{"name":"wp","href":"https:\/\/api.w.org\/{rel}","templated":true}]}}