{"id":13784,"date":"2018-09-11T17:51:35","date_gmt":"2018-09-11T17:51:35","guid":{"rendered":"http:\/\/www.mfwa.org\/?post_type=country-highlights&#038;p=13784"},"modified":"2018-10-23T18:07:20","modified_gmt":"2018-10-23T18:07:20","slug":"un-gendarme-attaque-un-journaliste-pour-lavoir-photographie-sur-un-acte-dagression","status":"publish","type":"country-highlights","link":"https:\/\/mfwa.org\/fr\/country-highlights\/un-gendarme-attaque-un-journaliste-pour-lavoir-photographie-sur-un-acte-dagression\/","title":{"rendered":"Un Gendarme Attaque un Journaliste pour l\u2019Avoir Photographi\u00e9 sur un Acte d\u2019Agression"},"content":{"rendered":"<p style=\"text-align: justify;\">Un gendarme a physiquement agress\u00e9 un reporter de la presse <em>Le Quotidien<\/em> lors de sa mission de couverture \u00e0 la Cour de Justice \u00e0 Dakar au S\u00e9n\u00e9gal.<\/p>\n<p style=\"text-align: justify;\">Mamadou Sakine, le journaliste qui a pris les photos d\u2019un acte de violence perp\u00e9tr\u00e9 par un gendarme sur une femme en dehors de la cour du Tribunal d\u2019Appel le 3 Septembre 2018. Le gendarme a aper\u00e7u le journaliste en train de prendre des photos de son acte d\u2019agression et a saisi le t\u00e9l\u00e9phone. Lorsque Sakine a protest\u00e9 contre la saisie de son t\u00e9l\u00e9phone, l\u2019agent de force d l\u2019ordre lui a assen\u00e9 un coup sur la t\u00eate.<\/p>\n<p style=\"text-align: justify;\">Le gendarme lui a cependant remis le t\u00e9l\u00e9phone apr\u00e8s une lev\u00e9e de protestations de la part des autres journalistes pr\u00e9sents.<\/p>\n<p style=\"text-align: justify;\">Le journaliste a re\u00e7u des traitements dans un h\u00f4pital et s\u2019est vu d\u00e9livr\u00e9 un rapport m\u00e9dical attestant de la violence et des suites de traumatismes dues \u00e0 l\u2019agression qui fait une entaille de 3 centim\u00e8tre sur sa l\u00e8vre sup\u00e9rieur.<\/p>\n<p style=\"text-align: justify;\">Selon le correspondent de la MFWA au S\u00e9n\u00e9gal, <em>Le Quotidien<\/em> s\u2019est indign\u00e9 dans un article publi\u00e9 au lendemain de l\u2019incident en condamnant l\u2019agression contre son reporter et a jur\u00e9 de porter plainte contre l\u2019agent de force de l\u2019ordre en question.<\/p>\n<p style=\"text-align: justify;\">\u2033Nous n\u2019allons pas nous laisser intimider et menacer par personne. Et vu que certains de ces agents de l\u2019ordre ne semblent pas comprendre leur r\u00f4le, <em>Le Quotidien <\/em>ne va pas s\u2019arr\u00eater l\u00e0, ce matin, une plainte sera d\u00e9pos\u00e9e contre l\u2019agresseur \u2033, a dit Le Quotidien.<\/p>\n<p style=\"text-align: justify;\">La MFWA condamne l\u2019agression sur Sakine qui ne faisait que remplir ses obligations l\u00e9gitimes de journaliste. Nous exhortons la Direction du <em>Quotidien<\/em> de porter plainte contre le gendarme agresseur et demandons aux autorit\u00e9s de la Gendarmerie Nationale d\u2019amener le gendarme fautif \u00e0 faire face \u00e0 la rigueur de la loi.<\/p>\n","protected":false},"author":6,"featured_media":13628,"comment_status":"closed","ping_status":"closed","template":"","categories":[311],"country":[251],"class_list":["post-13784","country-highlights","type-country-highlights","status-publish","has-post-thumbnail","hentry","category-securite-des-journalistes","country-senegal-fr"],"yoast_head":"<!-- This site is optimized with the Yoast SEO plugin v27.5 - https:\/\/yoast.com\/product\/yoast-seo-wordpress\/ -->\n<title>Un Gendarme Attaque un Journaliste pour l\u2019Avoir Photographi\u00e9 sur un Acte d\u2019Agression - Media Foundation For West Africa<\/title>\n<meta name=\"robots\" content=\"index, follow, max-snippet:-1, max-image-preview:large, max-video-preview:-1\" \/>\n<link rel=\"canonical\" href=\"https:\/\/mfwa.org\/fr\/country-highlights\/un-gendarme-attaque-un-journaliste-pour-lavoir-photographie-sur-un-acte-dagression\/\" \/>\n<meta property=\"og:locale\" content=\"fr_FR\" \/>\n<meta property=\"og:type\" content=\"article\" \/>\n<meta property=\"og:title\" content=\"Un Gendarme Attaque un Journaliste pour l\u2019Avoir Photographi\u00e9 sur un Acte d\u2019Agression - Media Foundation For West Africa\" \/>\n<meta property=\"og:description\" content=\"Un gendarme a physiquement agress\u00e9 un reporter de la presse Le Quotidien lors de sa mission de couverture\" \/>\n<meta property=\"og:url\" content=\"https:\/\/mfwa.org\/fr\/country-highlights\/un-gendarme-attaque-un-journaliste-pour-lavoir-photographie-sur-un-acte-dagression\/\" \/>\n<meta property=\"og:site_name\" content=\"Media Foundation For West Africa\" \/>\n<meta property=\"article:publisher\" content=\"https:\/\/www.facebook.com\/themfwa\" \/>\n<meta property=\"article:modified_time\" content=\"2018-10-23T18:07:20+00:00\" \/>\n<meta property=\"og:image\" content=\"https:\/\/mfwa.org\/wp-content\/uploads\/2018\/09\/mamadou-sakine.jpg\" \/>\n\t<meta property=\"og:image:width\" content=\"900\" \/>\n\t<meta property=\"og:image:height\" content=\"892\" \/>\n\t<meta property=\"og:image:type\" content=\"image\/jpeg\" \/>\n<meta name=\"twitter:card\" content=\"summary_large_image\" \/>\n<meta name=\"twitter:site\" content=\"@TheMFWA\" \/>\n<meta name=\"twitter:label1\" content=\"Est. reading time\" \/>\n\t<meta name=\"twitter:data1\" content=\"2 minutes\" \/>\n<script type=\"application\/ld+json\" class=\"yoast-schema-graph\">{\"@context\":\"https:\\\/\\\/schema.org\",\"@graph\":[{\"@type\":\"WebPage\",\"@id\":\"https:\\\/\\\/mfwa.org\\\/fr\\\/country-highlights\\\/un-gendarme-attaque-un-journaliste-pour-lavoir-photographie-sur-un-acte-dagression\\\/\",\"url\":\"https:\\\/\\\/mfwa.org\\\/fr\\\/country-highlights\\\/un-gendarme-attaque-un-journaliste-pour-lavoir-photographie-sur-un-acte-dagression\\\/\",\"name\":\"Un Gendarme Attaque un Journaliste pour l\u2019Avoir Photographi\u00e9 sur un Acte d\u2019Agression - Media Foundation For West Africa\",\"isPartOf\":{\"@id\":\"https:\\\/\\\/mfwa.org\\\/#website\"},\"primaryImageOfPage\":{\"@id\":\"https:\\\/\\\/mfwa.org\\\/fr\\\/country-highlights\\\/un-gendarme-attaque-un-journaliste-pour-lavoir-photographie-sur-un-acte-dagression\\\/#primaryimage\"},\"image\":{\"@id\":\"https:\\\/\\\/mfwa.org\\\/fr\\\/country-highlights\\\/un-gendarme-attaque-un-journaliste-pour-lavoir-photographie-sur-un-acte-dagression\\\/#primaryimage\"},\"thumbnailUrl\":\"https:\\\/\\\/mfwa.org\\\/wp-content\\\/uploads\\\/2018\\\/09\\\/mamadou-sakine.jpg\",\"datePublished\":\"2018-09-11T17:51:35+00:00\",\"dateModified\":\"2018-10-23T18:07:20+00:00\",\"breadcrumb\":{\"@id\":\"https:\\\/\\\/mfwa.org\\\/fr\\\/country-highlights\\\/un-gendarme-attaque-un-journaliste-pour-lavoir-photographie-sur-un-acte-dagression\\\/#breadcrumb\"},\"inLanguage\":\"fr-FR\",\"potentialAction\":[{\"@type\":\"ReadAction\",\"target\":[\"https:\\\/\\\/mfwa.org\\\/fr\\\/country-highlights\\\/un-gendarme-attaque-un-journaliste-pour-lavoir-photographie-sur-un-acte-dagression\\\/\"]}]},{\"@type\":\"ImageObject\",\"inLanguage\":\"fr-FR\",\"@id\":\"https:\\\/\\\/mfwa.org\\\/fr\\\/country-highlights\\\/un-gendarme-attaque-un-journaliste-pour-lavoir-photographie-sur-un-acte-dagression\\\/#primaryimage\",\"url\":\"https:\\\/\\\/mfwa.org\\\/wp-content\\\/uploads\\\/2018\\\/09\\\/mamadou-sakine.jpg\",\"contentUrl\":\"https:\\\/\\\/mfwa.org\\\/wp-content\\\/uploads\\\/2018\\\/09\\\/mamadou-sakine.jpg\",\"width\":900,\"height\":892,\"caption\":\"Mamadou Sakine- Journaliste, Le Quotidien\"},{\"@type\":\"BreadcrumbList\",\"@id\":\"https:\\\/\\\/mfwa.org\\\/fr\\\/country-highlights\\\/un-gendarme-attaque-un-journaliste-pour-lavoir-photographie-sur-un-acte-dagression\\\/#breadcrumb\",\"itemListElement\":[{\"@type\":\"ListItem\",\"position\":1,\"name\":\"Home\",\"item\":\"https:\\\/\\\/mfwa.org\\\/fr\\\/\"},{\"@type\":\"ListItem\",\"position\":2,\"name\":\"Country Highlights\",\"item\":\"https:\\\/\\\/mfwa.org\\\/country-highlights\\\/\"},{\"@type\":\"ListItem\",\"position\":3,\"name\":\"Un Gendarme Attaque un Journaliste pour l\u2019Avoir Photographi\u00e9 sur un Acte d\u2019Agression\"}]},{\"@type\":\"WebSite\",\"@id\":\"https:\\\/\\\/mfwa.org\\\/#website\",\"url\":\"https:\\\/\\\/mfwa.org\\\/\",\"name\":\"Media Foundation For West Africa\",\"description\":\"Promoting Freedom of Expression and Democracy in West Africa\",\"publisher\":{\"@id\":\"https:\\\/\\\/mfwa.org\\\/#organization\"},\"potentialAction\":[{\"@type\":\"SearchAction\",\"target\":{\"@type\":\"EntryPoint\",\"urlTemplate\":\"https:\\\/\\\/mfwa.org\\\/?s={search_term_string}\"},\"query-input\":{\"@type\":\"PropertyValueSpecification\",\"valueRequired\":true,\"valueName\":\"search_term_string\"}}],\"inLanguage\":\"fr-FR\"},{\"@type\":\"Organization\",\"@id\":\"https:\\\/\\\/mfwa.org\\\/#organization\",\"name\":\"Media Foundation for West Africa\",\"url\":\"https:\\\/\\\/mfwa.org\\\/\",\"logo\":{\"@type\":\"ImageObject\",\"inLanguage\":\"fr-FR\",\"@id\":\"https:\\\/\\\/mfwa.org\\\/#\\\/schema\\\/logo\\\/image\\\/\",\"url\":\"https:\\\/\\\/www.mfwa.org\\\/wp-content\\\/uploads\\\/2016\\\/06\\\/MFWA-LOGO.png\",\"contentUrl\":\"https:\\\/\\\/www.mfwa.org\\\/wp-content\\\/uploads\\\/2016\\\/06\\\/MFWA-LOGO.png\",\"width\":180,\"height\":180,\"caption\":\"Media Foundation for West Africa\"},\"image\":{\"@id\":\"https:\\\/\\\/mfwa.org\\\/#\\\/schema\\\/logo\\\/image\\\/\"},\"sameAs\":[\"https:\\\/\\\/www.facebook.com\\\/themfwa\",\"https:\\\/\\\/x.com\\\/TheMFWA\",\"https:\\\/\\\/www.youtube.com\\\/channel\\\/UCF6HrPuXcV1K1Ed8AAq4Rdw\"]}]}<\/script>\n<!-- \/ Yoast SEO plugin. -->","yoast_head_json":{"title":"Un Gendarme Attaque un Journaliste pour l\u2019Avoir Photographi\u00e9 sur un Acte d\u2019Agression - Media Foundation For West Africa","robots":{"index":"index","follow":"follow","max-snippet":"max-snippet:-1","max-image-preview":"max-image-preview:large","max-video-preview":"max-video-preview:-1"},"canonical":"https:\/\/mfwa.org\/fr\/country-highlights\/un-gendarme-attaque-un-journaliste-pour-lavoir-photographie-sur-un-acte-dagression\/","og_locale":"fr_FR","og_type":"article","og_title":"Un Gendarme Attaque un Journaliste pour l\u2019Avoir Photographi\u00e9 sur un Acte d\u2019Agression - Media Foundation For West Africa","og_description":"Un gendarme a physiquement agress\u00e9 un reporter de la presse Le Quotidien lors de sa mission de couverture","og_url":"https:\/\/mfwa.org\/fr\/country-highlights\/un-gendarme-attaque-un-journaliste-pour-lavoir-photographie-sur-un-acte-dagression\/","og_site_name":"Media Foundation For West Africa","article_publisher":"https:\/\/www.facebook.com\/themfwa","article_modified_time":"2018-10-23T18:07:20+00:00","og_image":[{"width":900,"height":892,"url":"https:\/\/mfwa.org\/wp-content\/uploads\/2018\/09\/mamadou-sakine.jpg","type":"image\/jpeg"}],"twitter_card":"summary_large_image","twitter_site":"@TheMFWA","twitter_misc":{"Est. reading time":"2 minutes"},"schema":{"@context":"https:\/\/schema.org","@graph":[{"@type":"WebPage","@id":"https:\/\/mfwa.org\/fr\/country-highlights\/un-gendarme-attaque-un-journaliste-pour-lavoir-photographie-sur-un-acte-dagression\/","url":"https:\/\/mfwa.org\/fr\/country-highlights\/un-gendarme-attaque-un-journaliste-pour-lavoir-photographie-sur-un-acte-dagression\/","name":"Un Gendarme Attaque un Journaliste pour l\u2019Avoir Photographi\u00e9 sur un Acte d\u2019Agression - Media Foundation For West Africa","isPartOf":{"@id":"https:\/\/mfwa.org\/#website"},"primaryImageOfPage":{"@id":"https:\/\/mfwa.org\/fr\/country-highlights\/un-gendarme-attaque-un-journaliste-pour-lavoir-photographie-sur-un-acte-dagression\/#primaryimage"},"image":{"@id":"https:\/\/mfwa.org\/fr\/country-highlights\/un-gendarme-attaque-un-journaliste-pour-lavoir-photographie-sur-un-acte-dagression\/#primaryimage"},"thumbnailUrl":"https:\/\/mfwa.org\/wp-content\/uploads\/2018\/09\/mamadou-sakine.jpg","datePublished":"2018-09-11T17:51:35+00:00","dateModified":"2018-10-23T18:07:20+00:00","breadcrumb":{"@id":"https:\/\/mfwa.org\/fr\/country-highlights\/un-gendarme-attaque-un-journaliste-pour-lavoir-photographie-sur-un-acte-dagression\/#breadcrumb"},"inLanguage":"fr-FR","potentialAction":[{"@type":"ReadAction","target":["https:\/\/mfwa.org\/fr\/country-highlights\/un-gendarme-attaque-un-journaliste-pour-lavoir-photographie-sur-un-acte-dagression\/"]}]},{"@type":"ImageObject","inLanguage":"fr-FR","@id":"https:\/\/mfwa.org\/fr\/country-highlights\/un-gendarme-attaque-un-journaliste-pour-lavoir-photographie-sur-un-acte-dagression\/#primaryimage","url":"https:\/\/mfwa.org\/wp-content\/uploads\/2018\/09\/mamadou-sakine.jpg","contentUrl":"https:\/\/mfwa.org\/wp-content\/uploads\/2018\/09\/mamadou-sakine.jpg","width":900,"height":892,"caption":"Mamadou Sakine- Journaliste, Le Quotidien"},{"@type":"BreadcrumbList","@id":"https:\/\/mfwa.org\/fr\/country-highlights\/un-gendarme-attaque-un-journaliste-pour-lavoir-photographie-sur-un-acte-dagression\/#breadcrumb","itemListElement":[{"@type":"ListItem","position":1,"name":"Home","item":"https:\/\/mfwa.org\/fr\/"},{"@type":"ListItem","position":2,"name":"Country Highlights","item":"https:\/\/mfwa.org\/country-highlights\/"},{"@type":"ListItem","position":3,"name":"Un Gendarme Attaque un Journaliste pour l\u2019Avoir Photographi\u00e9 sur un Acte d\u2019Agression"}]},{"@type":"WebSite","@id":"https:\/\/mfwa.org\/#website","url":"https:\/\/mfwa.org\/","name":"Media Foundation For West Africa","description":"Promoting Freedom of Expression and Democracy in West Africa","publisher":{"@id":"https:\/\/mfwa.org\/#organization"},"potentialAction":[{"@type":"SearchAction","target":{"@type":"EntryPoint","urlTemplate":"https:\/\/mfwa.org\/?s={search_term_string}"},"query-input":{"@type":"PropertyValueSpecification","valueRequired":true,"valueName":"search_term_string"}}],"inLanguage":"fr-FR"},{"@type":"Organization","@id":"https:\/\/mfwa.org\/#organization","name":"Media Foundation for West Africa","url":"https:\/\/mfwa.org\/","logo":{"@type":"ImageObject","inLanguage":"fr-FR","@id":"https:\/\/mfwa.org\/#\/schema\/logo\/image\/","url":"https:\/\/www.mfwa.org\/wp-content\/uploads\/2016\/06\/MFWA-LOGO.png","contentUrl":"https:\/\/www.mfwa.org\/wp-content\/uploads\/2016\/06\/MFWA-LOGO.png","width":180,"height":180,"caption":"Media Foundation for West Africa"},"image":{"@id":"https:\/\/mfwa.org\/#\/schema\/logo\/image\/"},"sameAs":["https:\/\/www.facebook.com\/themfwa","https:\/\/x.com\/TheMFWA","https:\/\/www.youtube.com\/channel\/UCF6HrPuXcV1K1Ed8AAq4Rdw"]}]}},"_links":{"self":[{"href":"https:\/\/mfwa.org\/fr\/wp-json\/wp\/v2\/country-highlights\/13784","targetHints":{"allow":["GET"]}}],"collection":[{"href":"https:\/\/mfwa.org\/fr\/wp-json\/wp\/v2\/country-highlights"}],"about":[{"href":"https:\/\/mfwa.org\/fr\/wp-json\/wp\/v2\/types\/country-highlights"}],"author":[{"embeddable":true,"href":"https:\/\/mfwa.org\/fr\/wp-json\/wp\/v2\/users\/6"}],"replies":[{"embeddable":true,"href":"https:\/\/mfwa.org\/fr\/wp-json\/wp\/v2\/comments?post=13784"}],"wp:featuredmedia":[{"embeddable":true,"href":"https:\/\/mfwa.org\/fr\/wp-json\/wp\/v2\/media\/13628"}],"wp:attachment":[{"href":"https:\/\/mfwa.org\/fr\/wp-json\/wp\/v2\/media?parent=13784"}],"wp:term":[{"taxonomy":"category","embeddable":true,"href":"https:\/\/mfwa.org\/fr\/wp-json\/wp\/v2\/categories?post=13784"},{"taxonomy":"country","embeddable":true,"href":"https:\/\/mfwa.org\/fr\/wp-json\/wp\/v2\/country?post=13784"}],"curies":[{"name":"wp","href":"https:\/\/api.w.org\/{rel}","templated":true}]}}