{"id":12747,"date":"2018-05-31T17:13:19","date_gmt":"2018-05-31T17:13:19","guid":{"rendered":"http:\/\/www.mfwa.org\/?post_type=country-highlights&#038;p=12747"},"modified":"2018-06-04T17:43:06","modified_gmt":"2018-06-04T17:43:06","slug":"journaliste-dinvestigation-menace-pour-son-article-critique","status":"publish","type":"country-highlights","link":"https:\/\/mfwa.org\/fr\/country-highlights\/journaliste-dinvestigation-menace-pour-son-article-critique\/","title":{"rendered":"Journaliste d\u2019Investigation Menac\u00e9 pour son Article Critique"},"content":{"rendered":"<p style=\"text-align: justify;\">Le fr\u00e8re du Vice-Pr\u00e9sident de la Chambre des Repr\u00e9sentants du Nigeria a menac\u00e9 d\u2019agresser Mojeed Alabi, un reporter du journal New Telegraph.<\/p>\n<p style=\"text-align: justify;\">La menace fait suite \u00e0 l\u2019article d\u2019investigation publi\u00e9 le 24 Mai 2018 sous le titre: D\u00e9masqu\u00e9! Le Vice-Pr\u00e9sident du Parlement du Nigeria dans une Escroquerie de 1.1 Milliards de Naira de Contrat Hydraulique (en Anglais: Exposed\u00a0! Nigeria\u2019s Deputy Speaker in N 1.1 bn Water Contract Scam).<\/p>\n<p style=\"text-align: justify;\">L\u2019article exclusif pr\u00e9tend que Lasun Yusuff a viol\u00e9 la Loi sur la Passation de March\u00e9 Public et le Code de Conduite des responsables publics dans le cadre de deux petits projet d\u2019hydraulique.<\/p>\n<p style=\"text-align: justify;\">Selon les m\u00e9dias, le jour o\u00f9 l\u2019article a \u00e9t\u00e9 publi\u00e9, Adelani Yusuff, le fr\u00e8re du Vice-Pr\u00e9sident de l\u2019Assembl\u00e9e est venu en fureur au domicile familiale du journaliste d\u2019investigation \u00e0 Jagun Compound, Ilobu. D\u2019apr\u00e8s les m\u00e9dias, Alabi n\u2019\u00e9tait pas \u00e0 la maison en ce moment, donc Yusuff a laiss\u00e9 un message de menace \u00e0 son intention. Yusuff a dit \u00e0 la famille du journaliste qu\u2019il va en &#8220;d\u00e9coudre avec lui&#8221;.<\/p>\n<p style=\"text-align: justify;\">Par cons\u00e9quent la famille a port\u00e9 plainte \u00e0 la police.<\/p>\n<p style=\"text-align: justify;\">Le Charg\u00e9 de Relations Publiques de la Station de Police de l\u2019Etat d\u2019Osun, Folashade Odoro, que la police avait convoqu\u00e9 Adelani Yusuff pour faire une d\u00e9position suite \u00e0 la plainte de la famille du journaliste.<\/p>\n<p style=\"text-align: justify;\">\u00abJe vous assure aussi que les mesures ad\u00e9quates ont \u00e9t\u00e9 prises pour pr\u00e9venir n\u2019importe quelle situation f\u00e2cheuse\u00a0\u00bb, a ajout\u00e9 l\u2019officier de police.<\/p>\n<p style=\"text-align: justify;\">La MFWA est pr\u00e9occup\u00e9e \u00e0 propos de la menace prof\u00e9r\u00e9e contre Mojeed Alabi. Nous f\u00e9licitons la famille du journaliste d\u2019investigation pour avoir saisi les autorit\u00e9s de l\u2019affaire et exhortons la police \u00e0 prendre les mesures pour assurer la s\u00e9curit\u00e9 d\u2019Alabi.<\/p>\n","protected":false},"author":2,"featured_media":12707,"comment_status":"closed","ping_status":"closed","template":"","categories":[254],"country":[250],"class_list":["post-12747","country-highlights","type-country-highlights","status-publish","has-post-thumbnail","hentry","category-free-expression-violations-fr","country-nigeria-fr"],"yoast_head":"<!-- This site is optimized with the Yoast SEO plugin v27.5 - https:\/\/yoast.com\/product\/yoast-seo-wordpress\/ -->\n<title>Journaliste d\u2019Investigation Menac\u00e9 pour son Article Critique - Media Foundation For West Africa<\/title>\n<meta name=\"robots\" content=\"index, follow, max-snippet:-1, max-image-preview:large, max-video-preview:-1\" \/>\n<link rel=\"canonical\" href=\"https:\/\/mfwa.org\/country-highlights\/investigative-journalist-threatened-for-critical-story\/\" \/>\n<meta property=\"og:locale\" content=\"fr_FR\" \/>\n<meta property=\"og:type\" content=\"article\" \/>\n<meta property=\"og:title\" content=\"Journaliste d\u2019Investigation Menac\u00e9 pour son Article Critique - Media Foundation For West Africa\" \/>\n<meta property=\"og:description\" content=\"Le fr\u00e8re du Vice-Pr\u00e9sident de la Chambre des Repr\u00e9sentants du Nigeria a menac\u00e9 d\u2019agresser Mojeed Alabi, un reporter\" \/>\n<meta property=\"og:url\" content=\"https:\/\/mfwa.org\/country-highlights\/investigative-journalist-threatened-for-critical-story\/\" \/>\n<meta property=\"og:site_name\" content=\"Media Foundation For West Africa\" \/>\n<meta property=\"article:publisher\" content=\"https:\/\/www.facebook.com\/themfwa\" \/>\n<meta property=\"article:modified_time\" content=\"2018-06-04T17:43:06+00:00\" \/>\n<meta property=\"og:image\" content=\"https:\/\/mfwa.org\/wp-content\/uploads\/2018\/05\/Mojeed-Alabi.jpg\" \/>\n\t<meta property=\"og:image:width\" content=\"327\" \/>\n\t<meta property=\"og:image:height\" content=\"215\" \/>\n\t<meta property=\"og:image:type\" content=\"image\/jpeg\" \/>\n<meta name=\"twitter:card\" content=\"summary_large_image\" \/>\n<meta name=\"twitter:site\" content=\"@TheMFWA\" \/>\n<meta name=\"twitter:label1\" content=\"Est. reading time\" \/>\n\t<meta name=\"twitter:data1\" content=\"2 minutes\" \/>\n<script type=\"application\/ld+json\" class=\"yoast-schema-graph\">{\"@context\":\"https:\\\/\\\/schema.org\",\"@graph\":[{\"@type\":\"WebPage\",\"@id\":\"https:\\\/\\\/mfwa.org\\\/country-highlights\\\/investigative-journalist-threatened-for-critical-story\\\/\",\"url\":\"https:\\\/\\\/mfwa.org\\\/country-highlights\\\/investigative-journalist-threatened-for-critical-story\\\/\",\"name\":\"Journaliste d\u2019Investigation Menac\u00e9 pour son Article Critique - Media Foundation For West Africa\",\"isPartOf\":{\"@id\":\"https:\\\/\\\/mfwa.org\\\/#website\"},\"primaryImageOfPage\":{\"@id\":\"https:\\\/\\\/mfwa.org\\\/country-highlights\\\/investigative-journalist-threatened-for-critical-story\\\/#primaryimage\"},\"image\":{\"@id\":\"https:\\\/\\\/mfwa.org\\\/country-highlights\\\/investigative-journalist-threatened-for-critical-story\\\/#primaryimage\"},\"thumbnailUrl\":\"https:\\\/\\\/mfwa.org\\\/wp-content\\\/uploads\\\/2018\\\/05\\\/Mojeed-Alabi.jpg\",\"datePublished\":\"2018-05-31T17:13:19+00:00\",\"dateModified\":\"2018-06-04T17:43:06+00:00\",\"breadcrumb\":{\"@id\":\"https:\\\/\\\/mfwa.org\\\/country-highlights\\\/investigative-journalist-threatened-for-critical-story\\\/#breadcrumb\"},\"inLanguage\":\"fr-FR\",\"potentialAction\":[{\"@type\":\"ReadAction\",\"target\":[\"https:\\\/\\\/mfwa.org\\\/country-highlights\\\/investigative-journalist-threatened-for-critical-story\\\/\"]}]},{\"@type\":\"ImageObject\",\"inLanguage\":\"fr-FR\",\"@id\":\"https:\\\/\\\/mfwa.org\\\/country-highlights\\\/investigative-journalist-threatened-for-critical-story\\\/#primaryimage\",\"url\":\"https:\\\/\\\/mfwa.org\\\/wp-content\\\/uploads\\\/2018\\\/05\\\/Mojeed-Alabi.jpg\",\"contentUrl\":\"https:\\\/\\\/mfwa.org\\\/wp-content\\\/uploads\\\/2018\\\/05\\\/Mojeed-Alabi.jpg\",\"width\":327,\"height\":215,\"caption\":\"Mojeed Alabi\"},{\"@type\":\"BreadcrumbList\",\"@id\":\"https:\\\/\\\/mfwa.org\\\/country-highlights\\\/investigative-journalist-threatened-for-critical-story\\\/#breadcrumb\",\"itemListElement\":[{\"@type\":\"ListItem\",\"position\":1,\"name\":\"Home\",\"item\":\"https:\\\/\\\/mfwa.org\\\/fr\\\/\"},{\"@type\":\"ListItem\",\"position\":2,\"name\":\"Country Highlights\",\"item\":\"https:\\\/\\\/mfwa.org\\\/country-highlights\\\/\"},{\"@type\":\"ListItem\",\"position\":3,\"name\":\"Journaliste d\u2019Investigation Menac\u00e9 pour son Article Critique\"}]},{\"@type\":\"WebSite\",\"@id\":\"https:\\\/\\\/mfwa.org\\\/#website\",\"url\":\"https:\\\/\\\/mfwa.org\\\/\",\"name\":\"Media Foundation For West Africa\",\"description\":\"Promoting Freedom of Expression and Democracy in West Africa\",\"publisher\":{\"@id\":\"https:\\\/\\\/mfwa.org\\\/#organization\"},\"potentialAction\":[{\"@type\":\"SearchAction\",\"target\":{\"@type\":\"EntryPoint\",\"urlTemplate\":\"https:\\\/\\\/mfwa.org\\\/?s={search_term_string}\"},\"query-input\":{\"@type\":\"PropertyValueSpecification\",\"valueRequired\":true,\"valueName\":\"search_term_string\"}}],\"inLanguage\":\"fr-FR\"},{\"@type\":\"Organization\",\"@id\":\"https:\\\/\\\/mfwa.org\\\/#organization\",\"name\":\"Media Foundation for West Africa\",\"url\":\"https:\\\/\\\/mfwa.org\\\/\",\"logo\":{\"@type\":\"ImageObject\",\"inLanguage\":\"fr-FR\",\"@id\":\"https:\\\/\\\/mfwa.org\\\/#\\\/schema\\\/logo\\\/image\\\/\",\"url\":\"https:\\\/\\\/www.mfwa.org\\\/wp-content\\\/uploads\\\/2016\\\/06\\\/MFWA-LOGO.png\",\"contentUrl\":\"https:\\\/\\\/www.mfwa.org\\\/wp-content\\\/uploads\\\/2016\\\/06\\\/MFWA-LOGO.png\",\"width\":180,\"height\":180,\"caption\":\"Media Foundation for West Africa\"},\"image\":{\"@id\":\"https:\\\/\\\/mfwa.org\\\/#\\\/schema\\\/logo\\\/image\\\/\"},\"sameAs\":[\"https:\\\/\\\/www.facebook.com\\\/themfwa\",\"https:\\\/\\\/x.com\\\/TheMFWA\",\"https:\\\/\\\/www.youtube.com\\\/channel\\\/UCF6HrPuXcV1K1Ed8AAq4Rdw\"]}]}<\/script>\n<!-- \/ Yoast SEO plugin. -->","yoast_head_json":{"title":"Journaliste d\u2019Investigation Menac\u00e9 pour son Article Critique - Media Foundation For West Africa","robots":{"index":"index","follow":"follow","max-snippet":"max-snippet:-1","max-image-preview":"max-image-preview:large","max-video-preview":"max-video-preview:-1"},"canonical":"https:\/\/mfwa.org\/country-highlights\/investigative-journalist-threatened-for-critical-story\/","og_locale":"fr_FR","og_type":"article","og_title":"Journaliste d\u2019Investigation Menac\u00e9 pour son Article Critique - Media Foundation For West Africa","og_description":"Le fr\u00e8re du Vice-Pr\u00e9sident de la Chambre des Repr\u00e9sentants du Nigeria a menac\u00e9 d\u2019agresser Mojeed Alabi, un reporter","og_url":"https:\/\/mfwa.org\/country-highlights\/investigative-journalist-threatened-for-critical-story\/","og_site_name":"Media Foundation For West Africa","article_publisher":"https:\/\/www.facebook.com\/themfwa","article_modified_time":"2018-06-04T17:43:06+00:00","og_image":[{"width":327,"height":215,"url":"https:\/\/mfwa.org\/wp-content\/uploads\/2018\/05\/Mojeed-Alabi.jpg","type":"image\/jpeg"}],"twitter_card":"summary_large_image","twitter_site":"@TheMFWA","twitter_misc":{"Est. reading time":"2 minutes"},"schema":{"@context":"https:\/\/schema.org","@graph":[{"@type":"WebPage","@id":"https:\/\/mfwa.org\/country-highlights\/investigative-journalist-threatened-for-critical-story\/","url":"https:\/\/mfwa.org\/country-highlights\/investigative-journalist-threatened-for-critical-story\/","name":"Journaliste d\u2019Investigation Menac\u00e9 pour son Article Critique - Media Foundation For West Africa","isPartOf":{"@id":"https:\/\/mfwa.org\/#website"},"primaryImageOfPage":{"@id":"https:\/\/mfwa.org\/country-highlights\/investigative-journalist-threatened-for-critical-story\/#primaryimage"},"image":{"@id":"https:\/\/mfwa.org\/country-highlights\/investigative-journalist-threatened-for-critical-story\/#primaryimage"},"thumbnailUrl":"https:\/\/mfwa.org\/wp-content\/uploads\/2018\/05\/Mojeed-Alabi.jpg","datePublished":"2018-05-31T17:13:19+00:00","dateModified":"2018-06-04T17:43:06+00:00","breadcrumb":{"@id":"https:\/\/mfwa.org\/country-highlights\/investigative-journalist-threatened-for-critical-story\/#breadcrumb"},"inLanguage":"fr-FR","potentialAction":[{"@type":"ReadAction","target":["https:\/\/mfwa.org\/country-highlights\/investigative-journalist-threatened-for-critical-story\/"]}]},{"@type":"ImageObject","inLanguage":"fr-FR","@id":"https:\/\/mfwa.org\/country-highlights\/investigative-journalist-threatened-for-critical-story\/#primaryimage","url":"https:\/\/mfwa.org\/wp-content\/uploads\/2018\/05\/Mojeed-Alabi.jpg","contentUrl":"https:\/\/mfwa.org\/wp-content\/uploads\/2018\/05\/Mojeed-Alabi.jpg","width":327,"height":215,"caption":"Mojeed Alabi"},{"@type":"BreadcrumbList","@id":"https:\/\/mfwa.org\/country-highlights\/investigative-journalist-threatened-for-critical-story\/#breadcrumb","itemListElement":[{"@type":"ListItem","position":1,"name":"Home","item":"https:\/\/mfwa.org\/fr\/"},{"@type":"ListItem","position":2,"name":"Country Highlights","item":"https:\/\/mfwa.org\/country-highlights\/"},{"@type":"ListItem","position":3,"name":"Journaliste d\u2019Investigation Menac\u00e9 pour son Article Critique"}]},{"@type":"WebSite","@id":"https:\/\/mfwa.org\/#website","url":"https:\/\/mfwa.org\/","name":"Media Foundation For West Africa","description":"Promoting Freedom of Expression and Democracy in West Africa","publisher":{"@id":"https:\/\/mfwa.org\/#organization"},"potentialAction":[{"@type":"SearchAction","target":{"@type":"EntryPoint","urlTemplate":"https:\/\/mfwa.org\/?s={search_term_string}"},"query-input":{"@type":"PropertyValueSpecification","valueRequired":true,"valueName":"search_term_string"}}],"inLanguage":"fr-FR"},{"@type":"Organization","@id":"https:\/\/mfwa.org\/#organization","name":"Media Foundation for West Africa","url":"https:\/\/mfwa.org\/","logo":{"@type":"ImageObject","inLanguage":"fr-FR","@id":"https:\/\/mfwa.org\/#\/schema\/logo\/image\/","url":"https:\/\/www.mfwa.org\/wp-content\/uploads\/2016\/06\/MFWA-LOGO.png","contentUrl":"https:\/\/www.mfwa.org\/wp-content\/uploads\/2016\/06\/MFWA-LOGO.png","width":180,"height":180,"caption":"Media Foundation for West Africa"},"image":{"@id":"https:\/\/mfwa.org\/#\/schema\/logo\/image\/"},"sameAs":["https:\/\/www.facebook.com\/themfwa","https:\/\/x.com\/TheMFWA","https:\/\/www.youtube.com\/channel\/UCF6HrPuXcV1K1Ed8AAq4Rdw"]}]}},"_links":{"self":[{"href":"https:\/\/mfwa.org\/fr\/wp-json\/wp\/v2\/country-highlights\/12747","targetHints":{"allow":["GET"]}}],"collection":[{"href":"https:\/\/mfwa.org\/fr\/wp-json\/wp\/v2\/country-highlights"}],"about":[{"href":"https:\/\/mfwa.org\/fr\/wp-json\/wp\/v2\/types\/country-highlights"}],"author":[{"embeddable":true,"href":"https:\/\/mfwa.org\/fr\/wp-json\/wp\/v2\/users\/2"}],"replies":[{"embeddable":true,"href":"https:\/\/mfwa.org\/fr\/wp-json\/wp\/v2\/comments?post=12747"}],"wp:featuredmedia":[{"embeddable":true,"href":"https:\/\/mfwa.org\/fr\/wp-json\/wp\/v2\/media\/12707"}],"wp:attachment":[{"href":"https:\/\/mfwa.org\/fr\/wp-json\/wp\/v2\/media?parent=12747"}],"wp:term":[{"taxonomy":"category","embeddable":true,"href":"https:\/\/mfwa.org\/fr\/wp-json\/wp\/v2\/categories?post=12747"},{"taxonomy":"country","embeddable":true,"href":"https:\/\/mfwa.org\/fr\/wp-json\/wp\/v2\/country?post=12747"}],"curies":[{"name":"wp","href":"https:\/\/api.w.org\/{rel}","templated":true}]}}