{"id":11909,"date":"2018-01-08T16:27:13","date_gmt":"2018-01-08T16:27:13","guid":{"rendered":"http:\/\/www.mfwa.org\/?post_type=country-highlights&#038;p=11909"},"modified":"2018-01-18T16:25:10","modified_gmt":"2018-01-18T16:25:10","slug":"la-police-agresse-un-journaliste-couvrant-un-proces-en-justice","status":"publish","type":"country-highlights","link":"https:\/\/mfwa.org\/fr\/country-highlights\/la-police-agresse-un-journaliste-couvrant-un-proces-en-justice\/","title":{"rendered":"La Police Agresse un Journaliste Couvrant un Proc\u00e8s en Justice"},"content":{"rendered":"<p style=\"text-align: justify;\">Un journaliste qui couvrait l\u2019audience d\u2019un proc\u00e8s \u00e0 Dakar au S\u00e9n\u00e9gal, a \u00e9t\u00e9 physiquement agress\u00e9 par la police.<\/p>\n<p style=\"text-align: justify;\">Sell\u00e9 Mbaye, un cameraman du journal en ligne Dakaractu.com \u00e9tait en train couvrir le proc\u00e8s \u00e0 la Haute Cour de Dakar le 3 Janvier 2018 lorsqu\u2019un policier s\u2019est jet\u00e9 sur lui. Le proc\u00e8s portait sur le maire de Dakar qui est accus\u00e9 de d\u00e9tournement de fonds publics.<\/p>\n<p style=\"text-align: justify;\">Le partenaire de la MFWA au S\u00e9n\u00e9gal, la Convention des Jeunes Reporters du S\u00e9n\u00e9gal (CJRS) a rapport\u00e9 l\u2019incident le 4 Janvier et a dit\u00a0: \u00abSelle Mbaye, a \u00e9t\u00e9 bouscul\u00e9 avant d\u2019\u00eatre mis dans le fourgon de la police alors qu\u2019il respect\u00e9 les consignes de s\u00e9curit\u00e9 pour la retransmission en direct du proc\u00e8s du d\u00e9put\u00e9-maire de Dakar, Khalifa Sall\u00bb.<\/p>\n<p style=\"text-align: justify;\">Des images de l\u2019agression ont fait le tour de la toile au S\u00e9n\u00e9gal, montrant un policer abusant Mbaye en l\u2019agrippant aux colles de sa chemise et le bousculant plusieurs fois. Le journaliste a \u00e9t\u00e9 aussi d\u00e9tenu bri\u00e8vement dans le fourgon de la police avant d\u2019\u00eatre rel\u00e2ch\u00e9.<\/p>\n<p style=\"text-align: justify;\">La brutalit\u00e9 de la police contre le journaliste a g\u00e9n\u00e9r\u00e9 une vague de condamnation de la part des groupes de d\u00e9fense de la libert\u00e9 d\u2019expression et de la presse. Cependant, il n\u2019y a eu aucune d\u00e9claration de la part de la police sur l\u2019incident.<\/p>\n<p style=\"text-align: justify;\">La MFWA condamne cette attaque sur un journaliste qui \u00e9tait en train d\u2019accomplir son devoir d\u2019information de la population. Nous nous joignons \u00e0 notre organisation partenaire au S\u00e9n\u00e9gal\u00a0; CJRS, en demandant au service de la police S\u00e9n\u00e9galaise d\u2019investiguer l\u2019affaire et de punir l\u2019agent de police responsable de ce abus sur le journaliste.<\/p>\n","protected":false},"author":2,"featured_media":11910,"comment_status":"closed","ping_status":"closed","template":"","categories":[254],"country":[251],"class_list":["post-11909","country-highlights","type-country-highlights","status-publish","has-post-thumbnail","hentry","category-free-expression-violations-fr","country-senegal-fr"],"yoast_head":"<!-- This site is optimized with the Yoast SEO plugin v27.5 - https:\/\/yoast.com\/product\/yoast-seo-wordpress\/ -->\n<title>La Police Agresse un Journaliste Couvrant un Proc\u00e8s en Justice - Media Foundation For West Africa<\/title>\n<meta name=\"robots\" content=\"index, follow, max-snippet:-1, max-image-preview:large, max-video-preview:-1\" \/>\n<link rel=\"canonical\" href=\"https:\/\/mfwa.org\/country-highlights\/police-assault-journalist-covering-court-proceedings\/\" \/>\n<meta property=\"og:locale\" content=\"fr_FR\" \/>\n<meta property=\"og:type\" content=\"article\" \/>\n<meta property=\"og:title\" content=\"La Police Agresse un Journaliste Couvrant un Proc\u00e8s en Justice - Media Foundation For West Africa\" \/>\n<meta property=\"og:description\" content=\"Un journaliste qui couvrait l\u2019audience d\u2019un proc\u00e8s \u00e0 Dakar au S\u00e9n\u00e9gal, a \u00e9t\u00e9 physiquement agress\u00e9 par la police.\" \/>\n<meta property=\"og:url\" content=\"https:\/\/mfwa.org\/country-highlights\/police-assault-journalist-covering-court-proceedings\/\" \/>\n<meta property=\"og:site_name\" content=\"Media Foundation For West Africa\" \/>\n<meta property=\"article:publisher\" content=\"https:\/\/www.facebook.com\/themfwa\" \/>\n<meta property=\"article:modified_time\" content=\"2018-01-18T16:25:10+00:00\" \/>\n<meta property=\"og:image\" content=\"https:\/\/mfwa.org\/wp-content\/uploads\/2018\/01\/senegal.jpeg\" \/>\n\t<meta property=\"og:image:width\" content=\"1280\" \/>\n\t<meta property=\"og:image:height\" content=\"720\" \/>\n\t<meta property=\"og:image:type\" content=\"image\/jpeg\" \/>\n<meta name=\"twitter:card\" content=\"summary_large_image\" \/>\n<meta name=\"twitter:site\" content=\"@TheMFWA\" \/>\n<meta name=\"twitter:label1\" content=\"Est. reading time\" \/>\n\t<meta name=\"twitter:data1\" content=\"2 minutes\" \/>\n<script type=\"application\/ld+json\" class=\"yoast-schema-graph\">{\"@context\":\"https:\\\/\\\/schema.org\",\"@graph\":[{\"@type\":\"WebPage\",\"@id\":\"https:\\\/\\\/mfwa.org\\\/country-highlights\\\/police-assault-journalist-covering-court-proceedings\\\/\",\"url\":\"https:\\\/\\\/mfwa.org\\\/country-highlights\\\/police-assault-journalist-covering-court-proceedings\\\/\",\"name\":\"La Police Agresse un Journaliste Couvrant un Proc\u00e8s en Justice - Media Foundation For West Africa\",\"isPartOf\":{\"@id\":\"https:\\\/\\\/mfwa.org\\\/#website\"},\"primaryImageOfPage\":{\"@id\":\"https:\\\/\\\/mfwa.org\\\/country-highlights\\\/police-assault-journalist-covering-court-proceedings\\\/#primaryimage\"},\"image\":{\"@id\":\"https:\\\/\\\/mfwa.org\\\/country-highlights\\\/police-assault-journalist-covering-court-proceedings\\\/#primaryimage\"},\"thumbnailUrl\":\"https:\\\/\\\/mfwa.org\\\/wp-content\\\/uploads\\\/2018\\\/01\\\/senegal.jpeg\",\"datePublished\":\"2018-01-08T16:27:13+00:00\",\"dateModified\":\"2018-01-18T16:25:10+00:00\",\"breadcrumb\":{\"@id\":\"https:\\\/\\\/mfwa.org\\\/country-highlights\\\/police-assault-journalist-covering-court-proceedings\\\/#breadcrumb\"},\"inLanguage\":\"fr-FR\",\"potentialAction\":[{\"@type\":\"ReadAction\",\"target\":[\"https:\\\/\\\/mfwa.org\\\/country-highlights\\\/police-assault-journalist-covering-court-proceedings\\\/\"]}]},{\"@type\":\"ImageObject\",\"inLanguage\":\"fr-FR\",\"@id\":\"https:\\\/\\\/mfwa.org\\\/country-highlights\\\/police-assault-journalist-covering-court-proceedings\\\/#primaryimage\",\"url\":\"https:\\\/\\\/mfwa.org\\\/wp-content\\\/uploads\\\/2018\\\/01\\\/senegal.jpeg\",\"contentUrl\":\"https:\\\/\\\/mfwa.org\\\/wp-content\\\/uploads\\\/2018\\\/01\\\/senegal.jpeg\",\"width\":1280,\"height\":720},{\"@type\":\"BreadcrumbList\",\"@id\":\"https:\\\/\\\/mfwa.org\\\/country-highlights\\\/police-assault-journalist-covering-court-proceedings\\\/#breadcrumb\",\"itemListElement\":[{\"@type\":\"ListItem\",\"position\":1,\"name\":\"Home\",\"item\":\"https:\\\/\\\/mfwa.org\\\/fr\\\/\"},{\"@type\":\"ListItem\",\"position\":2,\"name\":\"Country Highlights\",\"item\":\"https:\\\/\\\/mfwa.org\\\/country-highlights\\\/\"},{\"@type\":\"ListItem\",\"position\":3,\"name\":\"La Police Agresse un Journaliste Couvrant un Proc\u00e8s en Justice\"}]},{\"@type\":\"WebSite\",\"@id\":\"https:\\\/\\\/mfwa.org\\\/#website\",\"url\":\"https:\\\/\\\/mfwa.org\\\/\",\"name\":\"Media Foundation For West Africa\",\"description\":\"Promoting Freedom of Expression and Democracy in West Africa\",\"publisher\":{\"@id\":\"https:\\\/\\\/mfwa.org\\\/#organization\"},\"potentialAction\":[{\"@type\":\"SearchAction\",\"target\":{\"@type\":\"EntryPoint\",\"urlTemplate\":\"https:\\\/\\\/mfwa.org\\\/?s={search_term_string}\"},\"query-input\":{\"@type\":\"PropertyValueSpecification\",\"valueRequired\":true,\"valueName\":\"search_term_string\"}}],\"inLanguage\":\"fr-FR\"},{\"@type\":\"Organization\",\"@id\":\"https:\\\/\\\/mfwa.org\\\/#organization\",\"name\":\"Media Foundation for West Africa\",\"url\":\"https:\\\/\\\/mfwa.org\\\/\",\"logo\":{\"@type\":\"ImageObject\",\"inLanguage\":\"fr-FR\",\"@id\":\"https:\\\/\\\/mfwa.org\\\/#\\\/schema\\\/logo\\\/image\\\/\",\"url\":\"https:\\\/\\\/www.mfwa.org\\\/wp-content\\\/uploads\\\/2016\\\/06\\\/MFWA-LOGO.png\",\"contentUrl\":\"https:\\\/\\\/www.mfwa.org\\\/wp-content\\\/uploads\\\/2016\\\/06\\\/MFWA-LOGO.png\",\"width\":180,\"height\":180,\"caption\":\"Media Foundation for West Africa\"},\"image\":{\"@id\":\"https:\\\/\\\/mfwa.org\\\/#\\\/schema\\\/logo\\\/image\\\/\"},\"sameAs\":[\"https:\\\/\\\/www.facebook.com\\\/themfwa\",\"https:\\\/\\\/x.com\\\/TheMFWA\",\"https:\\\/\\\/www.youtube.com\\\/channel\\\/UCF6HrPuXcV1K1Ed8AAq4Rdw\"]}]}<\/script>\n<!-- \/ Yoast SEO plugin. -->","yoast_head_json":{"title":"La Police Agresse un Journaliste Couvrant un Proc\u00e8s en Justice - Media Foundation For West Africa","robots":{"index":"index","follow":"follow","max-snippet":"max-snippet:-1","max-image-preview":"max-image-preview:large","max-video-preview":"max-video-preview:-1"},"canonical":"https:\/\/mfwa.org\/country-highlights\/police-assault-journalist-covering-court-proceedings\/","og_locale":"fr_FR","og_type":"article","og_title":"La Police Agresse un Journaliste Couvrant un Proc\u00e8s en Justice - Media Foundation For West Africa","og_description":"Un journaliste qui couvrait l\u2019audience d\u2019un proc\u00e8s \u00e0 Dakar au S\u00e9n\u00e9gal, a \u00e9t\u00e9 physiquement agress\u00e9 par la police.","og_url":"https:\/\/mfwa.org\/country-highlights\/police-assault-journalist-covering-court-proceedings\/","og_site_name":"Media Foundation For West Africa","article_publisher":"https:\/\/www.facebook.com\/themfwa","article_modified_time":"2018-01-18T16:25:10+00:00","og_image":[{"width":1280,"height":720,"url":"https:\/\/mfwa.org\/wp-content\/uploads\/2018\/01\/senegal.jpeg","type":"image\/jpeg"}],"twitter_card":"summary_large_image","twitter_site":"@TheMFWA","twitter_misc":{"Est. reading time":"2 minutes"},"schema":{"@context":"https:\/\/schema.org","@graph":[{"@type":"WebPage","@id":"https:\/\/mfwa.org\/country-highlights\/police-assault-journalist-covering-court-proceedings\/","url":"https:\/\/mfwa.org\/country-highlights\/police-assault-journalist-covering-court-proceedings\/","name":"La Police Agresse un Journaliste Couvrant un Proc\u00e8s en Justice - Media Foundation For West Africa","isPartOf":{"@id":"https:\/\/mfwa.org\/#website"},"primaryImageOfPage":{"@id":"https:\/\/mfwa.org\/country-highlights\/police-assault-journalist-covering-court-proceedings\/#primaryimage"},"image":{"@id":"https:\/\/mfwa.org\/country-highlights\/police-assault-journalist-covering-court-proceedings\/#primaryimage"},"thumbnailUrl":"https:\/\/mfwa.org\/wp-content\/uploads\/2018\/01\/senegal.jpeg","datePublished":"2018-01-08T16:27:13+00:00","dateModified":"2018-01-18T16:25:10+00:00","breadcrumb":{"@id":"https:\/\/mfwa.org\/country-highlights\/police-assault-journalist-covering-court-proceedings\/#breadcrumb"},"inLanguage":"fr-FR","potentialAction":[{"@type":"ReadAction","target":["https:\/\/mfwa.org\/country-highlights\/police-assault-journalist-covering-court-proceedings\/"]}]},{"@type":"ImageObject","inLanguage":"fr-FR","@id":"https:\/\/mfwa.org\/country-highlights\/police-assault-journalist-covering-court-proceedings\/#primaryimage","url":"https:\/\/mfwa.org\/wp-content\/uploads\/2018\/01\/senegal.jpeg","contentUrl":"https:\/\/mfwa.org\/wp-content\/uploads\/2018\/01\/senegal.jpeg","width":1280,"height":720},{"@type":"BreadcrumbList","@id":"https:\/\/mfwa.org\/country-highlights\/police-assault-journalist-covering-court-proceedings\/#breadcrumb","itemListElement":[{"@type":"ListItem","position":1,"name":"Home","item":"https:\/\/mfwa.org\/fr\/"},{"@type":"ListItem","position":2,"name":"Country Highlights","item":"https:\/\/mfwa.org\/country-highlights\/"},{"@type":"ListItem","position":3,"name":"La Police Agresse un Journaliste Couvrant un Proc\u00e8s en Justice"}]},{"@type":"WebSite","@id":"https:\/\/mfwa.org\/#website","url":"https:\/\/mfwa.org\/","name":"Media Foundation For West Africa","description":"Promoting Freedom of Expression and Democracy in West Africa","publisher":{"@id":"https:\/\/mfwa.org\/#organization"},"potentialAction":[{"@type":"SearchAction","target":{"@type":"EntryPoint","urlTemplate":"https:\/\/mfwa.org\/?s={search_term_string}"},"query-input":{"@type":"PropertyValueSpecification","valueRequired":true,"valueName":"search_term_string"}}],"inLanguage":"fr-FR"},{"@type":"Organization","@id":"https:\/\/mfwa.org\/#organization","name":"Media Foundation for West Africa","url":"https:\/\/mfwa.org\/","logo":{"@type":"ImageObject","inLanguage":"fr-FR","@id":"https:\/\/mfwa.org\/#\/schema\/logo\/image\/","url":"https:\/\/www.mfwa.org\/wp-content\/uploads\/2016\/06\/MFWA-LOGO.png","contentUrl":"https:\/\/www.mfwa.org\/wp-content\/uploads\/2016\/06\/MFWA-LOGO.png","width":180,"height":180,"caption":"Media Foundation for West Africa"},"image":{"@id":"https:\/\/mfwa.org\/#\/schema\/logo\/image\/"},"sameAs":["https:\/\/www.facebook.com\/themfwa","https:\/\/x.com\/TheMFWA","https:\/\/www.youtube.com\/channel\/UCF6HrPuXcV1K1Ed8AAq4Rdw"]}]}},"_links":{"self":[{"href":"https:\/\/mfwa.org\/fr\/wp-json\/wp\/v2\/country-highlights\/11909","targetHints":{"allow":["GET"]}}],"collection":[{"href":"https:\/\/mfwa.org\/fr\/wp-json\/wp\/v2\/country-highlights"}],"about":[{"href":"https:\/\/mfwa.org\/fr\/wp-json\/wp\/v2\/types\/country-highlights"}],"author":[{"embeddable":true,"href":"https:\/\/mfwa.org\/fr\/wp-json\/wp\/v2\/users\/2"}],"replies":[{"embeddable":true,"href":"https:\/\/mfwa.org\/fr\/wp-json\/wp\/v2\/comments?post=11909"}],"wp:featuredmedia":[{"embeddable":true,"href":"https:\/\/mfwa.org\/fr\/wp-json\/wp\/v2\/media\/11910"}],"wp:attachment":[{"href":"https:\/\/mfwa.org\/fr\/wp-json\/wp\/v2\/media?parent=11909"}],"wp:term":[{"taxonomy":"category","embeddable":true,"href":"https:\/\/mfwa.org\/fr\/wp-json\/wp\/v2\/categories?post=11909"},{"taxonomy":"country","embeddable":true,"href":"https:\/\/mfwa.org\/fr\/wp-json\/wp\/v2\/country?post=11909"}],"curies":[{"name":"wp","href":"https:\/\/api.w.org\/{rel}","templated":true}]}}